{"id":68670,"date":"2022-10-26T20:03:52","date_gmt":"2022-10-26T18:03:52","guid":{"rendered":"https:\/\/puntohabitat.es\/blog\/"},"modified":"2025-08-06T10:11:50","modified_gmt":"2025-08-06T08:11:50","slug":"blog","status":"publish","type":"page","link":"https:\/\/puntohabitat.es\/ca\/blog\/","title":{"rendered":"Blog"},"content":{"rendered":"\t\t<div data-elementor-type=\"wp-page\" data-elementor-id=\"68670\" class=\"elementor elementor-68670 elementor-60370\" data-elementor-post-type=\"page\">\n\t\t\t\t\t\t<section data-particle_enable=\"false\" data-particle-mobile-disabled=\"false\" class=\"elementor-section elementor-top-section elementor-element elementor-element-433c39fd elementor-section-height-min-height elementor-section-boxed elementor-section-height-default elementor-section-items-middle\" data-id=\"433c39fd\" data-element_type=\"section\" data-e-type=\"section\" data-settings=\"{&quot;background_background&quot;:&quot;classic&quot;}\">\n\t\t\t\t\t\t\t<div class=\"elementor-background-overlay\"><\/div>\n\t\t\t\t\t\t\t<div class=\"elementor-container elementor-column-gap-default\">\n\t\t\t\t\t<div class=\"elementor-column elementor-col-100 elementor-top-column elementor-element elementor-element-5714727a\" data-id=\"5714727a\" data-element_type=\"column\" data-e-type=\"column\">\n\t\t\t<div class=\"elementor-widget-wrap elementor-element-populated\">\n\t\t\t\t\t\t<div class=\"elementor-element elementor-element-25bf4c7a elementor-widget elementor-widget-heading\" data-id=\"25bf4c7a\" data-element_type=\"widget\" data-e-type=\"widget\" data-widget_type=\"heading.default\">\n\t\t\t\t<div class=\"elementor-widget-container\">\n\t\t\t\t\t<h1 class=\"elementor-heading-title elementor-size-default\">Blog Immobiliari Barcelona<\/h1>\t\t\t\t<\/div>\n\t\t\t\t<\/div>\n\t\t\t\t<div class=\"elementor-element elementor-element-bf056b9 elementor-widget elementor-widget-heading\" data-id=\"bf056b9\" data-element_type=\"widget\" data-e-type=\"widget\" data-widget_type=\"heading.default\">\n\t\t\t\t<div class=\"elementor-widget-container\">\n\t\t\t\t\t<h2 class=\"elementor-heading-title elementor-size-default\">Guies, novetats i consells per a propietaris, compradors i llogaters<\/h2>\t\t\t\t<\/div>\n\t\t\t\t<\/div>\n\t\t\t\t<div class=\"elementor-element elementor-element-b25737e elementor-widget elementor-widget-html\" data-id=\"b25737e\" data-element_type=\"widget\" data-e-type=\"widget\" data-widget_type=\"html.default\">\n\t\t\t\t<div class=\"elementor-widget-container\">\n\t\t\t\t\t<style>\r\n  .category-buttons {\r\n    display: flex;\r\n    flex-wrap: wrap;\r\n    justify-content: center;\r\n    gap: 16px;\r\n    margin-top: 40px;\r\n  }\r\n  .category-buttons a {\r\n    font-family: 'Inter', sans-serif;\r\n    background: rgba(255, 255, 255, 0.85);\r\n    color: #333;\r\n    padding: 14px 28px;\r\n    border-radius: 999px;\r\n    text-decoration: none;\r\n    font-weight: 600;\r\n    border: 1px solid #ddd;\r\n    transition: all 0.25s ease;\r\n  }\r\n  .category-buttons a:hover {\r\n    transform: translateY(-5px);\r\n    box-shadow: 0 10px 20px rgba(0, 0, 0, 0.1);\r\n    background-color: #ffffff;\r\n    border-color: #bbb;\r\n  }\r\n<\/style><br><br><div class=\"category-buttons\">\r\n  <a href=\"\/categories\/lloguer\">Lloguer<\/a>\r\n  <a href=\"\/categories\/venda\">Venda<\/a>\r\n  <a href=\"\/categories\/juridic\">Jur\u00eddic<\/a>\r\n  <a href=\"\/categories\/fiscalitat\">Fiscalitat<\/a>\r\n  <a href=\"\/categories\/viure-a-barcelona\">Viure a Barcelona<\/a>\r\n<\/div><br>\t\t\t\t<\/div>\n\t\t\t\t<\/div>\n\t\t\t\t<div class=\"elementor-element elementor-element-702d9f1 elementor-widget elementor-widget-text-editor\" data-id=\"702d9f1\" data-element_type=\"widget\" data-e-type=\"widget\" data-widget_type=\"text-editor.default\">\n\t\t\t\t<div class=\"elementor-widget-container\">\n\t\t\t\t\t\t\t\t\t<p style=\"text-align: center;\">Mantingues-te al dia amb l&#8217;actualitat del mercat immobiliari a Barcelona i Espanya<\/p>\n\t\t\t\t\t\t\t\t<\/div>\n\t\t\t\t<\/div>\n\t\t\t\t\t<\/div>\n\t\t<\/div>\n\t\t\t\t\t<\/div>\n\t\t<\/section>\n\t\t\t\t<section data-particle_enable=\"false\" data-particle-mobile-disabled=\"false\" class=\"elementor-section elementor-top-section elementor-element elementor-element-61353212 elementor-section-boxed elementor-section-height-default elementor-section-height-default\" data-id=\"61353212\" data-element_type=\"section\" data-e-type=\"section\" data-settings=\"{&quot;background_background&quot;:&quot;classic&quot;}\">\n\t\t\t\t\t\t<div class=\"elementor-container elementor-column-gap-default\">\n\t\t\t\t\t<div class=\"elementor-column elementor-col-100 elementor-top-column elementor-element elementor-element-3b27ff75\" data-id=\"3b27ff75\" data-element_type=\"column\" data-e-type=\"column\">\n\t\t\t<div class=\"elementor-widget-wrap elementor-element-populated\">\n\t\t\t\t\t\t<div class=\"elementor-element elementor-element-11b43be elementor-grid-3 elementor-grid-tablet-2 elementor-grid-mobile-1 elementor-posts--thumbnail-top elementor-posts--show-avatar elementor-card-shadow-yes elementor-posts__hover-gradient elementor-widget elementor-widget-posts\" data-id=\"11b43be\" data-element_type=\"widget\" data-e-type=\"widget\" data-settings=\"{&quot;pagination_type&quot;:&quot;load_more_infinite_scroll&quot;,&quot;cards_columns&quot;:&quot;3&quot;,&quot;cards_columns_tablet&quot;:&quot;2&quot;,&quot;cards_columns_mobile&quot;:&quot;1&quot;,&quot;cards_row_gap&quot;:{&quot;unit&quot;:&quot;px&quot;,&quot;size&quot;:35,&quot;sizes&quot;:[]},&quot;cards_row_gap_tablet&quot;:{&quot;unit&quot;:&quot;px&quot;,&quot;size&quot;:&quot;&quot;,&quot;sizes&quot;:[]},&quot;cards_row_gap_mobile&quot;:{&quot;unit&quot;:&quot;px&quot;,&quot;size&quot;:&quot;&quot;,&quot;sizes&quot;:[]},&quot;load_more_spinner&quot;:{&quot;value&quot;:&quot;fas fa-spinner&quot;,&quot;library&quot;:&quot;fa-solid&quot;}}\" data-widget_type=\"posts.cards\">\n\t\t\t\t<div class=\"elementor-widget-container\">\n\t\t\t\t\t\t\t<div class=\"elementor-posts-container elementor-posts elementor-posts--skin-cards elementor-grid\" role=\"list\">\n\t\t\t\t<article class=\"elementor-post elementor-grid-item post-91653 post type-post status-publish format-standard has-post-thumbnail hentry category-alquiler category-legal tag-immobiliaria-lloguer-barcelona tag-lloguer-barcelona\" role=\"listitem\">\n\t\t\t<div class=\"elementor-post__card\">\n\t\t\t\t<a class=\"elementor-post__thumbnail__link\" href=\"https:\/\/puntohabitat.es\/ca\/llei-lloguer-temporal\/\" tabindex=\"-1\" target=\"_blank\"><div class=\"elementor-post__thumbnail\"><img fetchpriority=\"high\" decoding=\"async\" width=\"300\" height=\"200\" src=\"https:\/\/puntohabitat.es\/wp-content\/uploads\/2025\/12\/Nueva-Ley-Alquiler-Temporal-Catalunya--300x200.webp\" class=\"attachment-medium size-medium wp-image-91483\" alt=\"Nueva Ley Alquiler Temporal Catalunya\" srcset=\"https:\/\/puntohabitat.es\/wp-content\/uploads\/2025\/12\/Nueva-Ley-Alquiler-Temporal-Catalunya--300x200.webp 300w, https:\/\/puntohabitat.es\/wp-content\/uploads\/2025\/12\/Nueva-Ley-Alquiler-Temporal-Catalunya--1024x683.webp 1024w, https:\/\/puntohabitat.es\/wp-content\/uploads\/2025\/12\/Nueva-Ley-Alquiler-Temporal-Catalunya--768x512.webp 768w, https:\/\/puntohabitat.es\/wp-content\/uploads\/2025\/12\/Nueva-Ley-Alquiler-Temporal-Catalunya--1170x785.webp 1170w, https:\/\/puntohabitat.es\/wp-content\/uploads\/2025\/12\/Nueva-Ley-Alquiler-Temporal-Catalunya--900x600.webp 900w, https:\/\/puntohabitat.es\/wp-content\/uploads\/2025\/12\/Nueva-Ley-Alquiler-Temporal-Catalunya--496x331.webp 496w, https:\/\/puntohabitat.es\/wp-content\/uploads\/2025\/12\/Nueva-Ley-Alquiler-Temporal-Catalunya-.webp 1200w\" sizes=\"(max-width: 300px) 100vw, 300px\" \/><\/div><\/a>\n\t\t\t\t<div class=\"elementor-post__badge\">Alquiler<\/div>\n\t\t\t\t<div class=\"elementor-post__avatar\">\n\t\t\t\t\t<\/div>\n\t\t\t\t<div class=\"elementor-post__text\">\n\t\t\t\t<h3 class=\"elementor-post__title\">\n\t\t\t<a href=\"https:\/\/puntohabitat.es\/ca\/llei-lloguer-temporal\/\" target=&quot;_blank&quot;>\n\t\t\t\tLLei del lloguer temporal a Barcelona y Catalunya\t\t\t<\/a>\n\t\t<\/h3>\n\t\t\t\t<div class=\"elementor-post__excerpt\">\n\t\t\t<p>El Parlament de Catalunya va aprovar el passat 18 de desembre de 2025 la Llei d\u2019adopci\u00f3 de mesures urgents en<\/p>\n\t\t<\/div>\n\t\t\n\t\t<a class=\"elementor-post__read-more\" href=\"https:\/\/puntohabitat.es\/ca\/llei-lloguer-temporal\/\" aria-label=\"Read more about LLei del lloguer temporal a Barcelona y Catalunya\" tabindex=\"-1\" target=\"_blank\">\n\t\t\tLlegir m\u00e9s \u00bb\t\t<\/a>\n\n\t\t\t\t<\/div>\n\t\t\t\t<div class=\"elementor-post__meta-data\">\n\t\t\t\t\t<span class=\"elementor-post-date\">\n\t\t\t21 de desembre de 2025\t\t<\/span>\n\t\t\t\t<\/div>\n\t\t\t\t\t<\/div>\n\t\t<\/article>\n\t\t\t\t<article class=\"elementor-post elementor-grid-item post-90481 post type-post status-publish format-standard has-post-thumbnail hentry category-venda category-viure-a-barcelona tag-barcelona-ca tag-valoracio-pis tag-vendre-pis tag-viure-a-barcelona\" role=\"listitem\">\n\t\t\t<div class=\"elementor-post__card\">\n\t\t\t\t<a class=\"elementor-post__thumbnail__link\" href=\"https:\/\/puntohabitat.es\/ca\/bombolla-immobiliaria-barcelona-2025\/\" tabindex=\"-1\" target=\"_blank\"><div class=\"elementor-post__thumbnail\"><img decoding=\"async\" width=\"300\" height=\"200\" src=\"https:\/\/puntohabitat.es\/wp-content\/uploads\/2025\/08\/20250822_1633_Barcelona-y-Burbuja-Inmobiliaria_simple_compose_01k3932jjyf0xvg8rnd9ck452r-300x200.webp\" class=\"attachment-medium size-medium wp-image-90357\" alt=\"Tr\u00e1mites vender piso Barcelona\" srcset=\"https:\/\/puntohabitat.es\/wp-content\/uploads\/2025\/08\/20250822_1633_Barcelona-y-Burbuja-Inmobiliaria_simple_compose_01k3932jjyf0xvg8rnd9ck452r-300x200.webp 300w, https:\/\/puntohabitat.es\/wp-content\/uploads\/2025\/08\/20250822_1633_Barcelona-y-Burbuja-Inmobiliaria_simple_compose_01k3932jjyf0xvg8rnd9ck452r-768x512.webp 768w, https:\/\/puntohabitat.es\/wp-content\/uploads\/2025\/08\/20250822_1633_Barcelona-y-Burbuja-Inmobiliaria_simple_compose_01k3932jjyf0xvg8rnd9ck452r-1024x683.webp 1024w, https:\/\/puntohabitat.es\/wp-content\/uploads\/2025\/08\/20250822_1633_Barcelona-y-Burbuja-Inmobiliaria_simple_compose_01k3932jjyf0xvg8rnd9ck452r-1170x785.webp 1170w, https:\/\/puntohabitat.es\/wp-content\/uploads\/2025\/08\/20250822_1633_Barcelona-y-Burbuja-Inmobiliaria_simple_compose_01k3932jjyf0xvg8rnd9ck452r-900x600.webp 900w, https:\/\/puntohabitat.es\/wp-content\/uploads\/2025\/08\/20250822_1633_Barcelona-y-Burbuja-Inmobiliaria_simple_compose_01k3932jjyf0xvg8rnd9ck452r-496x331.webp 496w, https:\/\/puntohabitat.es\/wp-content\/uploads\/2025\/08\/20250822_1633_Barcelona-y-Burbuja-Inmobiliaria_simple_compose_01k3932jjyf0xvg8rnd9ck452r.webp 1200w\" sizes=\"(max-width: 300px) 100vw, 300px\" \/><\/div><\/a>\n\t\t\t\t<div class=\"elementor-post__badge\">Venda<\/div>\n\t\t\t\t<div class=\"elementor-post__avatar\">\n\t\t\t\t\t<\/div>\n\t\t\t\t<div class=\"elementor-post__text\">\n\t\t\t\t<h3 class=\"elementor-post__title\">\n\t\t\t<a href=\"https:\/\/puntohabitat.es\/ca\/bombolla-immobiliaria-barcelona-2025\/\" target=&quot;_blank&quot;>\n\t\t\t\tBarcelona viu una nova bombolla immobili\u00e0ria?\t\t\t<\/a>\n\t\t<\/h3>\n\t\t\t\t<div class=\"elementor-post__excerpt\">\n\t\t\t<p>Estem davant d\u2019una nova bombolla immobili\u00e0ria a Barcelona o davant d\u2019un cicle d\u2019estabilitzaci\u00f3 de preus? En els darrers anys, el<\/p>\n\t\t<\/div>\n\t\t\n\t\t<a class=\"elementor-post__read-more\" href=\"https:\/\/puntohabitat.es\/ca\/bombolla-immobiliaria-barcelona-2025\/\" aria-label=\"Read more about Barcelona viu una nova bombolla immobili\u00e0ria?\" tabindex=\"-1\" target=\"_blank\">\n\t\t\tLlegir m\u00e9s \u00bb\t\t<\/a>\n\n\t\t\t\t<\/div>\n\t\t\t\t<div class=\"elementor-post__meta-data\">\n\t\t\t\t\t<span class=\"elementor-post-date\">\n\t\t\t22 d'agost de 2025\t\t<\/span>\n\t\t\t\t<\/div>\n\t\t\t\t\t<\/div>\n\t\t<\/article>\n\t\t\t\t<article class=\"elementor-post elementor-grid-item post-89553 post type-post status-publish format-standard has-post-thumbnail hentry category-lloguer tag-immobiliaria-lloguer-barcelona tag-lloguer-barcelona\" role=\"listitem\">\n\t\t\t<div class=\"elementor-post__card\">\n\t\t\t\t<a class=\"elementor-post__thumbnail__link\" href=\"https:\/\/puntohabitat.es\/ca\/com-actualitzar-la-renda-del-lloguer-el-2025\/\" tabindex=\"-1\" target=\"_blank\"><div class=\"elementor-post__thumbnail\"><img decoding=\"async\" width=\"300\" height=\"200\" src=\"https:\/\/puntohabitat.es\/wp-content\/uploads\/2025\/08\/AdobeStock_325588734-300x200.webp\" class=\"attachment-medium size-medium wp-image-89525\" alt=\"\" srcset=\"https:\/\/puntohabitat.es\/wp-content\/uploads\/2025\/08\/AdobeStock_325588734-300x200.webp 300w, https:\/\/puntohabitat.es\/wp-content\/uploads\/2025\/08\/AdobeStock_325588734-768x512.webp 768w, https:\/\/puntohabitat.es\/wp-content\/uploads\/2025\/08\/AdobeStock_325588734-1024x683.webp 1024w, https:\/\/puntohabitat.es\/wp-content\/uploads\/2025\/08\/AdobeStock_325588734-1170x785.webp 1170w, https:\/\/puntohabitat.es\/wp-content\/uploads\/2025\/08\/AdobeStock_325588734-900x600.webp 900w, https:\/\/puntohabitat.es\/wp-content\/uploads\/2025\/08\/AdobeStock_325588734-496x331.webp 496w, https:\/\/puntohabitat.es\/wp-content\/uploads\/2025\/08\/AdobeStock_325588734.webp 1200w\" sizes=\"(max-width: 300px) 100vw, 300px\" \/><\/div><\/a>\n\t\t\t\t<div class=\"elementor-post__badge\">Lloguer<\/div>\n\t\t\t\t<div class=\"elementor-post__avatar\">\n\t\t\t\t\t<\/div>\n\t\t\t\t<div class=\"elementor-post__text\">\n\t\t\t\t<h3 class=\"elementor-post__title\">\n\t\t\t<a href=\"https:\/\/puntohabitat.es\/ca\/com-actualitzar-la-renda-del-lloguer-el-2025\/\" target=&quot;_blank&quot;>\n\t\t\t\tCom actualitzar la renda del lloguer el 2025\t\t\t<\/a>\n\t\t<\/h3>\n\t\t\t\t<div class=\"elementor-post__excerpt\">\n\t\t\t<p>Com saber quant pujar\u00e0 el teu lloguer aquest any? Sabies que la pujada m\u00e0xima del teu lloguer dep\u00e8n de quan<\/p>\n\t\t<\/div>\n\t\t\n\t\t<a class=\"elementor-post__read-more\" href=\"https:\/\/puntohabitat.es\/ca\/com-actualitzar-la-renda-del-lloguer-el-2025\/\" aria-label=\"Read more about Com actualitzar la renda del lloguer el 2025\" tabindex=\"-1\" target=\"_blank\">\n\t\t\tLlegir m\u00e9s \u00bb\t\t<\/a>\n\n\t\t\t\t<\/div>\n\t\t\t\t<div class=\"elementor-post__meta-data\">\n\t\t\t\t\t<span class=\"elementor-post-date\">\n\t\t\t1 d'agost de 2025\t\t<\/span>\n\t\t\t\t<\/div>\n\t\t\t\t\t<\/div>\n\t\t<\/article>\n\t\t\t\t<article class=\"elementor-post elementor-grid-item post-89498 post type-post status-publish format-standard has-post-thumbnail hentry category-fiscalitat category-venda\" role=\"listitem\">\n\t\t\t<div class=\"elementor-post__card\">\n\t\t\t\t<a class=\"elementor-post__thumbnail__link\" href=\"https:\/\/puntohabitat.es\/ca\/quines-despeses-i-impostos-es-paguen-en-comprar-o-vendre-un-habitatge-a-barcelona-guia-completa-per-a-comprador-i-venedor\/\" tabindex=\"-1\" target=\"_blank\"><div class=\"elementor-post__thumbnail\"><img loading=\"lazy\" decoding=\"async\" width=\"300\" height=\"225\" src=\"https:\/\/puntohabitat.es\/wp-content\/uploads\/2025\/07\/Gastos-e-impuestos-al-comprar-o-vender-vivienda-en-Barcelona-300x225.webp\" class=\"attachment-medium size-medium wp-image-89323\" alt=\"Gastos e impuestos al comprar o vender vivienda en Barcelona\" srcset=\"https:\/\/puntohabitat.es\/wp-content\/uploads\/2025\/07\/Gastos-e-impuestos-al-comprar-o-vender-vivienda-en-Barcelona-300x225.webp 300w, https:\/\/puntohabitat.es\/wp-content\/uploads\/2025\/07\/Gastos-e-impuestos-al-comprar-o-vender-vivienda-en-Barcelona-768x576.webp 768w, https:\/\/puntohabitat.es\/wp-content\/uploads\/2025\/07\/Gastos-e-impuestos-al-comprar-o-vender-vivienda-en-Barcelona-1024x768.webp 1024w, https:\/\/puntohabitat.es\/wp-content\/uploads\/2025\/07\/Gastos-e-impuestos-al-comprar-o-vender-vivienda-en-Barcelona-592x444.webp 592w, https:\/\/puntohabitat.es\/wp-content\/uploads\/2025\/07\/Gastos-e-impuestos-al-comprar-o-vender-vivienda-en-Barcelona-584x438.webp 584w, https:\/\/puntohabitat.es\/wp-content\/uploads\/2025\/07\/Gastos-e-impuestos-al-comprar-o-vender-vivienda-en-Barcelona-800x600.webp 800w, https:\/\/puntohabitat.es\/wp-content\/uploads\/2025\/07\/Gastos-e-impuestos-al-comprar-o-vender-vivienda-en-Barcelona-120x90.webp 120w, https:\/\/puntohabitat.es\/wp-content\/uploads\/2025\/07\/Gastos-e-impuestos-al-comprar-o-vender-vivienda-en-Barcelona-496x372.webp 496w, https:\/\/puntohabitat.es\/wp-content\/uploads\/2025\/07\/Gastos-e-impuestos-al-comprar-o-vender-vivienda-en-Barcelona.webp 1200w\" sizes=\"(max-width: 300px) 100vw, 300px\" \/><\/div><\/a>\n\t\t\t\t<div class=\"elementor-post__badge\">Fiscalitat<\/div>\n\t\t\t\t<div class=\"elementor-post__avatar\">\n\t\t\t\t\t<\/div>\n\t\t\t\t<div class=\"elementor-post__text\">\n\t\t\t\t<h3 class=\"elementor-post__title\">\n\t\t\t<a href=\"https:\/\/puntohabitat.es\/ca\/quines-despeses-i-impostos-es-paguen-en-comprar-o-vendre-un-habitatge-a-barcelona-guia-completa-per-a-comprador-i-venedor\/\" target=&quot;_blank&quot;>\n\t\t\t\tQuines despeses i impostos es paguen en comprar o vendre un habitatge a Barcelona? Guia completa per a comprador i venedor\t\t\t<\/a>\n\t\t<\/h3>\n\t\t\t\t<div class=\"elementor-post__excerpt\">\n\t\t\t<p>Quins impostos i despeses s\u2019han de pagar en la compra o venda d\u2019un habitatge a Barcelona? Comprar o vendre un<\/p>\n\t\t<\/div>\n\t\t\n\t\t<a class=\"elementor-post__read-more\" href=\"https:\/\/puntohabitat.es\/ca\/quines-despeses-i-impostos-es-paguen-en-comprar-o-vendre-un-habitatge-a-barcelona-guia-completa-per-a-comprador-i-venedor\/\" aria-label=\"Read more about Quines despeses i impostos es paguen en comprar o vendre un habitatge a Barcelona? Guia completa per a comprador i venedor\" tabindex=\"-1\" target=\"_blank\">\n\t\t\tLlegir m\u00e9s \u00bb\t\t<\/a>\n\n\t\t\t\t<\/div>\n\t\t\t\t<div class=\"elementor-post__meta-data\">\n\t\t\t\t\t<span class=\"elementor-post-date\">\n\t\t\t25 de juliol de 2025\t\t<\/span>\n\t\t\t\t<\/div>\n\t\t\t\t\t<\/div>\n\t\t<\/article>\n\t\t\t\t<article class=\"elementor-post elementor-grid-item post-87395 post type-post status-publish format-standard has-post-thumbnail hentry category-alquiler category-fiscalidad tag-deduccions-lloguer tag-habitatge-habitual tag-irpf-ca\" role=\"listitem\">\n\t\t\t<div class=\"elementor-post__card\">\n\t\t\t\t<a class=\"elementor-post__thumbnail__link\" href=\"https:\/\/puntohabitat.es\/ca\/topall-del-lloguer-temporal-a-barcelona-2\/\" tabindex=\"-1\" target=\"_blank\"><div class=\"elementor-post__thumbnail\"><img loading=\"lazy\" decoding=\"async\" width=\"300\" height=\"200\" src=\"https:\/\/puntohabitat.es\/wp-content\/uploads\/2025\/05\/Deducciones-Alquiler-2025-IRPF-para-propietarios-300x200.webp\" class=\"attachment-medium size-medium wp-image-87407\" alt=\"Deducciones Alquiler 2025 IRPF para propietarios\" srcset=\"https:\/\/puntohabitat.es\/wp-content\/uploads\/2025\/05\/Deducciones-Alquiler-2025-IRPF-para-propietarios-300x200.webp 300w, https:\/\/puntohabitat.es\/wp-content\/uploads\/2025\/05\/Deducciones-Alquiler-2025-IRPF-para-propietarios-768x513.webp 768w, https:\/\/puntohabitat.es\/wp-content\/uploads\/2025\/05\/Deducciones-Alquiler-2025-IRPF-para-propietarios-1024x684.webp 1024w, https:\/\/puntohabitat.es\/wp-content\/uploads\/2025\/05\/Deducciones-Alquiler-2025-IRPF-para-propietarios-1170x785.webp 1170w, https:\/\/puntohabitat.es\/wp-content\/uploads\/2025\/05\/Deducciones-Alquiler-2025-IRPF-para-propietarios-899x600.webp 899w, https:\/\/puntohabitat.es\/wp-content\/uploads\/2025\/05\/Deducciones-Alquiler-2025-IRPF-para-propietarios-496x331.webp 496w, https:\/\/puntohabitat.es\/wp-content\/uploads\/2025\/05\/Deducciones-Alquiler-2025-IRPF-para-propietarios.webp 1200w\" sizes=\"(max-width: 300px) 100vw, 300px\" \/><\/div><\/a>\n\t\t\t\t<div class=\"elementor-post__badge\">Alquiler<\/div>\n\t\t\t\t<div class=\"elementor-post__avatar\">\n\t\t\t\t\t<\/div>\n\t\t\t\t<div class=\"elementor-post__text\">\n\t\t\t\t<h3 class=\"elementor-post__title\">\n\t\t\t<a href=\"https:\/\/puntohabitat.es\/ca\/topall-del-lloguer-temporal-a-barcelona-2\/\" target=&quot;_blank&quot;>\n\t\t\t\tDeduccions lloguer 2025 IRPF per a propietaris\t\t\t<\/a>\n\t\t<\/h3>\n\t\t\t\t<div class=\"elementor-post__excerpt\">\n\t\t\t<p>Llogar un habitatge durant el 2024 pot suposar un estalvi fiscal important per als propietaris en la declaraci\u00f3 de la<\/p>\n\t\t<\/div>\n\t\t\n\t\t<a class=\"elementor-post__read-more\" href=\"https:\/\/puntohabitat.es\/ca\/topall-del-lloguer-temporal-a-barcelona-2\/\" aria-label=\"Read more about Deduccions lloguer 2025 IRPF per a propietaris\" tabindex=\"-1\" target=\"_blank\">\n\t\t\tLlegir m\u00e9s \u00bb\t\t<\/a>\n\n\t\t\t\t<\/div>\n\t\t\t\t<div class=\"elementor-post__meta-data\">\n\t\t\t\t\t<span class=\"elementor-post-date\">\n\t\t\t21 de maig de 2025\t\t<\/span>\n\t\t\t\t<\/div>\n\t\t\t\t\t<\/div>\n\t\t<\/article>\n\t\t\t\t<article class=\"elementor-post elementor-grid-item post-86490 post type-post status-publish format-standard hentry category-sin-categorizar\" role=\"listitem\">\n\t\t\t<div class=\"elementor-post__card\">\n\t\t\t\t<div class=\"elementor-post__text\">\n\t\t\t\t<h3 class=\"elementor-post__title\">\n\t\t\t<a href=\"https:\/\/puntohabitat.es\/ca\/topall-del-lloguer-temporal-a-barcelona\/\" target=&quot;_blank&quot;>\n\t\t\t\tTopall del lloguer temporal a Barcelona\t\t\t<\/a>\n\t\t<\/h3>\n\t\t\t\t<div class=\"elementor-post__excerpt\">\n\t\t\t<p>Topall del lloguer temporal a Barcelona: 1u\u00e8 en sabem i com afectar\u00e0 als propietaris El Govern de la Generalitat, liderat<\/p>\n\t\t<\/div>\n\t\t\n\t\t<a class=\"elementor-post__read-more\" href=\"https:\/\/puntohabitat.es\/ca\/topall-del-lloguer-temporal-a-barcelona\/\" aria-label=\"Read more about Topall del lloguer temporal a Barcelona\" tabindex=\"-1\" target=\"_blank\">\n\t\t\tLlegir m\u00e9s \u00bb\t\t<\/a>\n\n\t\t\t\t<\/div>\n\t\t\t\t<div class=\"elementor-post__meta-data\">\n\t\t\t\t\t<span class=\"elementor-post-date\">\n\t\t\t9 d'abril de 2025\t\t<\/span>\n\t\t\t\t<\/div>\n\t\t\t\t\t<\/div>\n\t\t<\/article>\n\t\t\t\t<\/div>\n\t\t\t\t\t<span class=\"e-load-more-spinner\">\n\t\t\t\t<i aria-hidden=\"true\" class=\"fas fa-spinner\"><\/i>\t\t\t<\/span>\n\t\t\n\t\t\t\t<div class=\"e-load-more-anchor\" data-page=\"1\" data-max-page=\"5\" data-next-page=\"https:\/\/puntohabitat.es\/ca\/wp-json\/wp\/v2\/pages\/68670\/page\/2\/\"><\/div>\n\t\t\t\t<div class=\"e-load-more-message\"><\/div>\n\t\t\t\t\t\t<\/div>\n\t\t\t\t<\/div>\n\t\t\t\t\t<\/div>\n\t\t<\/div>\n\t\t\t\t\t<\/div>\n\t\t<\/section>\n\t\t\t\t<section data-particle_enable=\"false\" data-particle-mobile-disabled=\"false\" class=\"elementor-section elementor-top-section elementor-element elementor-element-7731251e elementor-section-content-middle animated-fast elementor-section-boxed elementor-section-height-default elementor-section-height-default elementor-invisible\" data-id=\"7731251e\" data-element_type=\"section\" data-e-type=\"section\" data-settings=\"{&quot;motion_fx_motion_fx_scrolling&quot;:&quot;yes&quot;,&quot;animation&quot;:&quot;fadeInDown&quot;,&quot;motion_fx_devices&quot;:[&quot;desktop&quot;,&quot;tablet&quot;,&quot;mobile&quot;]}\">\n\t\t\t\t\t\t<div class=\"elementor-container elementor-column-gap-no\">\n\t\t\t\t\t<div class=\"elementor-column elementor-col-100 elementor-top-column elementor-element elementor-element-2b0c1d95\" data-id=\"2b0c1d95\" data-element_type=\"column\" data-e-type=\"column\">\n\t\t\t<div class=\"elementor-widget-wrap elementor-element-populated\">\n\t\t\t\t\t\t<div class=\"elementor-element elementor-element-7201111f elementor-view-default elementor-widget elementor-widget-icon\" data-id=\"7201111f\" data-element_type=\"widget\" data-e-type=\"widget\" data-widget_type=\"icon.default\">\n\t\t\t\t<div class=\"elementor-widget-container\">\n\t\t\t\t\t\t\t<div class=\"elementor-icon-wrapper\">\n\t\t\t<div class=\"elementor-icon\">\n\t\t\t<i aria-hidden=\"true\" class=\"far fa-envelope\"><\/i>\t\t\t<\/div>\n\t\t<\/div>\n\t\t\t\t\t\t<\/div>\n\t\t\t\t<\/div>\n\t\t\t\t<div class=\"elementor-element elementor-element-2459722e elementor-widget elementor-widget-heading\" data-id=\"2459722e\" data-element_type=\"widget\" data-e-type=\"widget\" data-widget_type=\"heading.default\">\n\t\t\t\t<div class=\"elementor-widget-container\">\n\t\t\t\t\t<h4 class=\"elementor-heading-title elementor-size-default\">Subscriu-te al nostre blog<\/h4>\t\t\t\t<\/div>\n\t\t\t\t<\/div>\n\t\t\t\t<div class=\"elementor-element elementor-element-6b92f10a elementor-widget elementor-widget-heading\" data-id=\"6b92f10a\" data-element_type=\"widget\" data-e-type=\"widget\" data-widget_type=\"heading.default\">\n\t\t\t\t<div class=\"elementor-widget-container\">\n\t\t\t\t\t<h5 class=\"elementor-heading-title elementor-size-default\"> T'informarem sobre tota l\u2019actualitat del mercat immobiliari a Barcelona<\/h5>\t\t\t\t<\/div>\n\t\t\t\t<\/div>\n\t\t\t\t<div class=\"elementor-element elementor-element-f0eb99f elementor-widget elementor-widget-shortcode\" data-id=\"f0eb99f\" data-element_type=\"widget\" data-e-type=\"widget\" data-widget_type=\"shortcode.default\">\n\t\t\t\t<div class=\"elementor-widget-container\">\n\t\t\t\t\t\t\t<div class=\"elementor-shortcode\">[sibwp_form id=1]<\/div>\n\t\t\t\t\t\t<\/div>\n\t\t\t\t<\/div>\n\t\t\t\t\t<\/div>\n\t\t<\/div>\n\t\t\t\t\t<\/div>\n\t\t<\/section>\n\t\t\t\t<section data-particle_enable=\"false\" data-particle-mobile-disabled=\"false\" class=\"elementor-section elementor-top-section elementor-element elementor-element-d945ca7 elementor-section-boxed elementor-section-height-default elementor-section-height-default\" data-id=\"d945ca7\" data-element_type=\"section\" data-e-type=\"section\" data-settings=\"{&quot;background_background&quot;:&quot;classic&quot;}\">\n\t\t\t\t\t\t<div class=\"elementor-container elementor-column-gap-default\">\n\t\t\t\t\t<div class=\"elementor-column elementor-col-100 elementor-top-column elementor-element elementor-element-6d82a18\" data-id=\"6d82a18\" data-element_type=\"column\" data-e-type=\"column\">\n\t\t\t<div class=\"elementor-widget-wrap elementor-element-populated\">\n\t\t\t\t\t\t<div class=\"elementor-element elementor-element-6c50d1b elementor-widget elementor-widget-spacer\" data-id=\"6c50d1b\" data-element_type=\"widget\" data-e-type=\"widget\" data-widget_type=\"spacer.default\">\n\t\t\t\t<div class=\"elementor-widget-container\">\n\t\t\t\t\t\t\t<div class=\"elementor-spacer\">\n\t\t\t<div class=\"elementor-spacer-inner\"><\/div>\n\t\t<\/div>\n\t\t\t\t\t\t<\/div>\n\t\t\t\t<\/div>\n\t\t\t\t\t<\/div>\n\t\t<\/div>\n\t\t\t\t\t<\/div>\n\t\t<\/section>\n\t\t\t\t<\/div>\n\t\t","protected":false},"excerpt":{"rendered":"<p>Blog Immobiliari Barcelona Guies, novetats i consells per a propietaris, compradors i llogaters Lloguer Venda Jur\u00eddic Fiscalitat Viure a Barcelona Mantingues-te al dia amb l&#8217;actualitat del mercat immobiliari a Barcelona i Espanya Subscriu-te al nostre blog T&#8217;informarem sobre tota l\u2019actualitat del mercat immobiliari a Barcelona [sibwp_form id=1]<\/p>\n","protected":false},"author":2,"featured_media":61639,"parent":0,"menu_order":0,"comment_status":"closed","ping_status":"closed","template":"elementor_header_footer","meta":{"footnotes":""},"class_list":["post-68670","page","type-page","status-publish","has-post-thumbnail","hentry"],"yoast_head":"<!-- This site is optimized with the Yoast SEO plugin v27.5 - https:\/\/yoast.com\/product\/yoast-seo-wordpress\/ -->\n<title>Blog Immobiliari de Barcelona | Guies, consells i novetats<\/title>\n<meta name=\"description\" content=\"Descobreix el blog de PUNTO HABITAT amb les darreres not\u00edcies del sector immobiliari a Barcelona. Guies pr\u00e0ctiques, novetats legals i consells per a propietaris i compradors.\" \/>\n<meta name=\"robots\" content=\"index, follow, max-snippet:-1, max-image-preview:large, max-video-preview:-1\" \/>\n<link rel=\"canonical\" href=\"https:\/\/puntohabitat.es\/ca\/blog\/\" \/>\n<meta property=\"og:locale\" content=\"ca_ES\" \/>\n<meta property=\"og:type\" content=\"article\" \/>\n<meta property=\"og:title\" content=\"Blog Immobiliari de Barcelona | Guies, consells i novetats\" \/>\n<meta property=\"og:description\" content=\"Descobreix el blog de PUNTO HABITAT amb les darreres not\u00edcies del sector immobiliari a Barcelona. Guies pr\u00e0ctiques, novetats legals i consells per a propietaris i compradors.\" \/>\n<meta property=\"og:url\" content=\"https:\/\/puntohabitat.es\/ca\/blog\/\" \/>\n<meta property=\"og:site_name\" content=\"PUNTO HABITAT\" \/>\n<meta property=\"article:publisher\" content=\"https:\/\/www.facebook.com\/puntohabitat\" \/>\n<meta property=\"article:modified_time\" content=\"2025-08-06T08:11:50+00:00\" \/>\n<meta property=\"og:image\" content=\"https:\/\/puntohabitat.es\/wp-content\/uploads\/2022\/12\/AdobeStock_552091366-1024x768.jpeg\" \/>\n\t<meta property=\"og:image:width\" content=\"1024\" \/>\n\t<meta property=\"og:image:height\" content=\"768\" \/>\n\t<meta property=\"og:image:type\" content=\"image\/jpeg\" \/>\n<meta name=\"twitter:card\" content=\"summary_large_image\" \/>\n<meta name=\"twitter:site\" content=\"@puntohabitat\" \/>\n<meta name=\"twitter:label1\" content=\"Temps estimat de lectura\" \/>\n\t<meta name=\"twitter:data1\" content=\"6 minuts\" \/>\n<script type=\"application\/ld+json\" class=\"yoast-schema-graph\">{\"@context\":\"https:\\\/\\\/schema.org\",\"@graph\":[{\"@type\":\"WebPage\",\"@id\":\"https:\\\/\\\/puntohabitat.es\\\/ca\\\/blog\\\/\",\"url\":\"https:\\\/\\\/puntohabitat.es\\\/ca\\\/blog\\\/\",\"name\":\"Blog Immobiliari de Barcelona | Guies, consells i novetats\",\"isPartOf\":{\"@id\":\"https:\\\/\\\/puntohabitat.es\\\/ca\\\/#website\"},\"primaryImageOfPage\":{\"@id\":\"https:\\\/\\\/puntohabitat.es\\\/ca\\\/blog\\\/#primaryimage\"},\"image\":{\"@id\":\"https:\\\/\\\/puntohabitat.es\\\/ca\\\/blog\\\/#primaryimage\"},\"thumbnailUrl\":\"https:\\\/\\\/puntohabitat.es\\\/wp-content\\\/uploads\\\/2022\\\/12\\\/AdobeStock_552091366-scaled.jpeg\",\"datePublished\":\"2022-10-26T18:03:52+00:00\",\"dateModified\":\"2025-08-06T08:11:50+00:00\",\"description\":\"Descobreix el blog de PUNTO HABITAT amb les darreres not\u00edcies del sector immobiliari a Barcelona. Guies pr\u00e0ctiques, novetats legals i consells per a propietaris i compradors.\",\"breadcrumb\":{\"@id\":\"https:\\\/\\\/puntohabitat.es\\\/ca\\\/blog\\\/#breadcrumb\"},\"inLanguage\":\"ca\",\"potentialAction\":[{\"@type\":\"ReadAction\",\"target\":[\"https:\\\/\\\/puntohabitat.es\\\/ca\\\/blog\\\/\"]}]},{\"@type\":\"ImageObject\",\"inLanguage\":\"ca\",\"@id\":\"https:\\\/\\\/puntohabitat.es\\\/ca\\\/blog\\\/#primaryimage\",\"url\":\"https:\\\/\\\/puntohabitat.es\\\/wp-content\\\/uploads\\\/2022\\\/12\\\/AdobeStock_552091366-scaled.jpeg\",\"contentUrl\":\"https:\\\/\\\/puntohabitat.es\\\/wp-content\\\/uploads\\\/2022\\\/12\\\/AdobeStock_552091366-scaled.jpeg\",\"width\":2560,\"height\":1920,\"caption\":\"Ley de Vivienda: medidas de aplicaci\u00f3n inmediata\"},{\"@type\":\"BreadcrumbList\",\"@id\":\"https:\\\/\\\/puntohabitat.es\\\/ca\\\/blog\\\/#breadcrumb\",\"itemListElement\":[{\"@type\":\"ListItem\",\"position\":1,\"name\":\"Inicio\",\"item\":\"https:\\\/\\\/puntohabitat.es\\\/ca\\\/\"},{\"@type\":\"ListItem\",\"position\":2,\"name\":\"Blog\"}]},{\"@type\":\"WebSite\",\"@id\":\"https:\\\/\\\/puntohabitat.es\\\/ca\\\/#website\",\"url\":\"https:\\\/\\\/puntohabitat.es\\\/ca\\\/\",\"name\":\"PUNTO HABITAT\",\"description\":\"Inmobiliaria Barcelona | Venta y alquiler de pisos Barcelona | Gesti\u00f3n de alquiler\",\"publisher\":{\"@id\":\"https:\\\/\\\/puntohabitat.es\\\/ca\\\/#organization\"},\"potentialAction\":[{\"@type\":\"SearchAction\",\"target\":{\"@type\":\"EntryPoint\",\"urlTemplate\":\"https:\\\/\\\/puntohabitat.es\\\/ca\\\/?s={search_term_string}\"},\"query-input\":{\"@type\":\"PropertyValueSpecification\",\"valueRequired\":true,\"valueName\":\"search_term_string\"}}],\"inLanguage\":\"ca\"},{\"@type\":\"Organization\",\"@id\":\"https:\\\/\\\/puntohabitat.es\\\/ca\\\/#organization\",\"name\":\"PUNTO HABITAT\",\"url\":\"https:\\\/\\\/puntohabitat.es\\\/ca\\\/\",\"logo\":{\"@type\":\"ImageObject\",\"inLanguage\":\"ca\",\"@id\":\"https:\\\/\\\/puntohabitat.es\\\/ca\\\/#\\\/schema\\\/logo\\\/image\\\/\",\"url\":\"https:\\\/\\\/puntohabitat.es\\\/wp-content\\\/uploads\\\/2022\\\/06\\\/icono-apple-ipad-retina.jpg\",\"contentUrl\":\"https:\\\/\\\/puntohabitat.es\\\/wp-content\\\/uploads\\\/2022\\\/06\\\/icono-apple-ipad-retina.jpg\",\"width\":145,\"height\":145,\"caption\":\"PUNTO HABITAT\"},\"image\":{\"@id\":\"https:\\\/\\\/puntohabitat.es\\\/ca\\\/#\\\/schema\\\/logo\\\/image\\\/\"},\"sameAs\":[\"https:\\\/\\\/www.facebook.com\\\/puntohabitat\",\"https:\\\/\\\/x.com\\\/puntohabitat\",\"https:\\\/\\\/www.instagram.com\\\/puntohabitat\\\/\",\"https:\\\/\\\/www.linkedin.com\\\/in\\\/puntohabitat\\\/\",\"https:\\\/\\\/www.youtube.com\\\/c\\\/puntohabitatinmobiliariaBarcelona\",\"https:\\\/\\\/www.tiktok.com\\\/@puntohabitat\"]}]}<\/script>\n<!-- \/ Yoast SEO plugin. -->","yoast_head_json":{"title":"Blog Immobiliari de Barcelona | Guies, consells i novetats","description":"Descobreix el blog de PUNTO HABITAT amb les darreres not\u00edcies del sector immobiliari a Barcelona. Guies pr\u00e0ctiques, novetats legals i consells per a propietaris i compradors.","robots":{"index":"index","follow":"follow","max-snippet":"max-snippet:-1","max-image-preview":"max-image-preview:large","max-video-preview":"max-video-preview:-1"},"canonical":"https:\/\/puntohabitat.es\/ca\/blog\/","og_locale":"ca_ES","og_type":"article","og_title":"Blog Immobiliari de Barcelona | Guies, consells i novetats","og_description":"Descobreix el blog de PUNTO HABITAT amb les darreres not\u00edcies del sector immobiliari a Barcelona. Guies pr\u00e0ctiques, novetats legals i consells per a propietaris i compradors.","og_url":"https:\/\/puntohabitat.es\/ca\/blog\/","og_site_name":"PUNTO HABITAT","article_publisher":"https:\/\/www.facebook.com\/puntohabitat","article_modified_time":"2025-08-06T08:11:50+00:00","og_image":[{"width":1024,"height":768,"url":"https:\/\/puntohabitat.es\/wp-content\/uploads\/2022\/12\/AdobeStock_552091366-1024x768.jpeg","type":"image\/jpeg"}],"twitter_card":"summary_large_image","twitter_site":"@puntohabitat","twitter_misc":{"Temps estimat de lectura":"6 minuts"},"schema":{"@context":"https:\/\/schema.org","@graph":[{"@type":"WebPage","@id":"https:\/\/puntohabitat.es\/ca\/blog\/","url":"https:\/\/puntohabitat.es\/ca\/blog\/","name":"Blog Immobiliari de Barcelona | Guies, consells i novetats","isPartOf":{"@id":"https:\/\/puntohabitat.es\/ca\/#website"},"primaryImageOfPage":{"@id":"https:\/\/puntohabitat.es\/ca\/blog\/#primaryimage"},"image":{"@id":"https:\/\/puntohabitat.es\/ca\/blog\/#primaryimage"},"thumbnailUrl":"https:\/\/puntohabitat.es\/wp-content\/uploads\/2022\/12\/AdobeStock_552091366-scaled.jpeg","datePublished":"2022-10-26T18:03:52+00:00","dateModified":"2025-08-06T08:11:50+00:00","description":"Descobreix el blog de PUNTO HABITAT amb les darreres not\u00edcies del sector immobiliari a Barcelona. Guies pr\u00e0ctiques, novetats legals i consells per a propietaris i compradors.","breadcrumb":{"@id":"https:\/\/puntohabitat.es\/ca\/blog\/#breadcrumb"},"inLanguage":"ca","potentialAction":[{"@type":"ReadAction","target":["https:\/\/puntohabitat.es\/ca\/blog\/"]}]},{"@type":"ImageObject","inLanguage":"ca","@id":"https:\/\/puntohabitat.es\/ca\/blog\/#primaryimage","url":"https:\/\/puntohabitat.es\/wp-content\/uploads\/2022\/12\/AdobeStock_552091366-scaled.jpeg","contentUrl":"https:\/\/puntohabitat.es\/wp-content\/uploads\/2022\/12\/AdobeStock_552091366-scaled.jpeg","width":2560,"height":1920,"caption":"Ley de Vivienda: medidas de aplicaci\u00f3n inmediata"},{"@type":"BreadcrumbList","@id":"https:\/\/puntohabitat.es\/ca\/blog\/#breadcrumb","itemListElement":[{"@type":"ListItem","position":1,"name":"Inicio","item":"https:\/\/puntohabitat.es\/ca\/"},{"@type":"ListItem","position":2,"name":"Blog"}]},{"@type":"WebSite","@id":"https:\/\/puntohabitat.es\/ca\/#website","url":"https:\/\/puntohabitat.es\/ca\/","name":"PUNTO HABITAT","description":"Inmobiliaria Barcelona | Venta y alquiler de pisos Barcelona | Gesti\u00f3n de alquiler","publisher":{"@id":"https:\/\/puntohabitat.es\/ca\/#organization"},"potentialAction":[{"@type":"SearchAction","target":{"@type":"EntryPoint","urlTemplate":"https:\/\/puntohabitat.es\/ca\/?s={search_term_string}"},"query-input":{"@type":"PropertyValueSpecification","valueRequired":true,"valueName":"search_term_string"}}],"inLanguage":"ca"},{"@type":"Organization","@id":"https:\/\/puntohabitat.es\/ca\/#organization","name":"PUNTO HABITAT","url":"https:\/\/puntohabitat.es\/ca\/","logo":{"@type":"ImageObject","inLanguage":"ca","@id":"https:\/\/puntohabitat.es\/ca\/#\/schema\/logo\/image\/","url":"https:\/\/puntohabitat.es\/wp-content\/uploads\/2022\/06\/icono-apple-ipad-retina.jpg","contentUrl":"https:\/\/puntohabitat.es\/wp-content\/uploads\/2022\/06\/icono-apple-ipad-retina.jpg","width":145,"height":145,"caption":"PUNTO HABITAT"},"image":{"@id":"https:\/\/puntohabitat.es\/ca\/#\/schema\/logo\/image\/"},"sameAs":["https:\/\/www.facebook.com\/puntohabitat","https:\/\/x.com\/puntohabitat","https:\/\/www.instagram.com\/puntohabitat\/","https:\/\/www.linkedin.com\/in\/puntohabitat\/","https:\/\/www.youtube.com\/c\/puntohabitatinmobiliariaBarcelona","https:\/\/www.tiktok.com\/@puntohabitat"]}]}},"_links":{"self":[{"href":"https:\/\/puntohabitat.es\/ca\/wp-json\/wp\/v2\/pages\/68670","targetHints":{"allow":["GET"]}}],"collection":[{"href":"https:\/\/puntohabitat.es\/ca\/wp-json\/wp\/v2\/pages"}],"about":[{"href":"https:\/\/puntohabitat.es\/ca\/wp-json\/wp\/v2\/types\/page"}],"author":[{"embeddable":true,"href":"https:\/\/puntohabitat.es\/ca\/wp-json\/wp\/v2\/users\/2"}],"replies":[{"embeddable":true,"href":"https:\/\/puntohabitat.es\/ca\/wp-json\/wp\/v2\/comments?post=68670"}],"version-history":[{"count":0,"href":"https:\/\/puntohabitat.es\/ca\/wp-json\/wp\/v2\/pages\/68670\/revisions"}],"wp:featuredmedia":[{"embeddable":true,"href":"https:\/\/puntohabitat.es\/ca\/wp-json\/wp\/v2\/media\/61639"}],"wp:attachment":[{"href":"https:\/\/puntohabitat.es\/ca\/wp-json\/wp\/v2\/media?parent=68670"}],"curies":[{"name":"wp","href":"https:\/\/api.w.org\/{rel}","templated":true}]}}