{"id":81270,"date":"2024-11-16T11:50:06","date_gmt":"2024-11-16T10:50:06","guid":{"rendered":"https:\/\/puntohabitat.es\/lloguer-temporal-barcelona\/"},"modified":"2025-12-26T22:21:22","modified_gmt":"2025-12-26T21:21:22","slug":"lloguer-temporal-barcelona","status":"publish","type":"page","link":"https:\/\/puntohabitat.es\/ca\/lloguer-temporal-barcelona\/","title":{"rendered":"Lloguer Temporal Barcelona"},"content":{"rendered":"\t\t<div data-elementor-type=\"wp-page\" data-elementor-id=\"81270\" class=\"elementor elementor-81270 elementor-81103\" data-elementor-post-type=\"page\">\n\t\t\t\t\t\t<section data-particle_enable=\"false\" data-particle-mobile-disabled=\"false\" class=\"elementor-section elementor-top-section elementor-element elementor-element-87f607d elementor-section-full_width elementor-section-height-min-height elementor-section-items-stretch elementor-section-content-middle elementor-reverse-tablet elementor-reverse-mobile elementor-section-height-default\" data-id=\"87f607d\" data-element_type=\"section\" data-e-type=\"section\" data-settings=\"{&quot;background_background&quot;:&quot;gradient&quot;}\">\n\t\t\t\t\t\t<div class=\"elementor-container elementor-column-gap-no\">\n\t\t\t\t\t<div class=\"elementor-column elementor-col-50 elementor-top-column elementor-element elementor-element-108f6f3b\" data-id=\"108f6f3b\" data-element_type=\"column\" data-e-type=\"column\">\n\t\t\t<div class=\"elementor-widget-wrap elementor-element-populated\">\n\t\t\t\t\t\t<div class=\"elementor-element elementor-element-37e70189 elementor-invisible elementor-widget elementor-widget-image\" data-id=\"37e70189\" data-element_type=\"widget\" data-e-type=\"widget\" data-settings=\"{&quot;motion_fx_motion_fx_scrolling&quot;:&quot;yes&quot;,&quot;motion_fx_translateY_effect&quot;:&quot;yes&quot;,&quot;motion_fx_translateY_direction&quot;:&quot;negative&quot;,&quot;motion_fx_translateY_speed&quot;:{&quot;unit&quot;:&quot;px&quot;,&quot;size&quot;:1.5,&quot;sizes&quot;:[]},&quot;_animation&quot;:&quot;slideInLeft&quot;,&quot;motion_fx_translateY_affectedRange&quot;:{&quot;unit&quot;:&quot;%&quot;,&quot;size&quot;:&quot;&quot;,&quot;sizes&quot;:{&quot;start&quot;:0,&quot;end&quot;:100}},&quot;motion_fx_devices&quot;:[&quot;desktop&quot;,&quot;tablet&quot;,&quot;mobile&quot;]}\" data-widget_type=\"image.default\">\n\t\t\t\t<div class=\"elementor-widget-container\">\n\t\t\t\t\t\t\t\t\t\t\t\t\t\t\t<img fetchpriority=\"high\" decoding=\"async\" width=\"1024\" height=\"768\" src=\"https:\/\/puntohabitat.es\/wp-content\/uploads\/2025\/01\/AdobeStock_524234140-1024x768.webp\" class=\"attachment-large size-large wp-image-81833\" alt=\"Valoraci\u00f3n Online Piso\" srcset=\"https:\/\/puntohabitat.es\/wp-content\/uploads\/2025\/01\/AdobeStock_524234140-1024x768.webp 1024w, https:\/\/puntohabitat.es\/wp-content\/uploads\/2025\/01\/AdobeStock_524234140-300x225.webp 300w, https:\/\/puntohabitat.es\/wp-content\/uploads\/2025\/01\/AdobeStock_524234140-768x576.webp 768w, https:\/\/puntohabitat.es\/wp-content\/uploads\/2025\/01\/AdobeStock_524234140-592x444.webp 592w, https:\/\/puntohabitat.es\/wp-content\/uploads\/2025\/01\/AdobeStock_524234140-584x438.webp 584w, https:\/\/puntohabitat.es\/wp-content\/uploads\/2025\/01\/AdobeStock_524234140-800x600.webp 800w, https:\/\/puntohabitat.es\/wp-content\/uploads\/2025\/01\/AdobeStock_524234140-120x90.webp 120w, https:\/\/puntohabitat.es\/wp-content\/uploads\/2025\/01\/AdobeStock_524234140-496x372.webp 496w, https:\/\/puntohabitat.es\/wp-content\/uploads\/2025\/01\/AdobeStock_524234140.webp 1200w\" sizes=\"(max-width: 1024px) 100vw, 1024px\" \/>\t\t\t\t\t\t\t\t\t\t\t\t\t\t\t<\/div>\n\t\t\t\t<\/div>\n\t\t\t\t\t<\/div>\n\t\t<\/div>\n\t\t\t\t<div class=\"elementor-column elementor-col-50 elementor-top-column elementor-element elementor-element-67151f86\" data-id=\"67151f86\" data-element_type=\"column\" data-e-type=\"column\">\n\t\t\t<div class=\"elementor-widget-wrap elementor-element-populated\">\n\t\t\t\t\t\t<div class=\"elementor-element elementor-element-7078ad05 animated-slow elementor-invisible elementor-widget elementor-widget-heading\" data-id=\"7078ad05\" data-element_type=\"widget\" data-e-type=\"widget\" data-settings=\"{&quot;_animation&quot;:&quot;fadeIn&quot;}\" data-widget_type=\"heading.default\">\n\t\t\t\t<div class=\"elementor-widget-container\">\n\t\t\t\t\t<h1 class=\"elementor-heading-title elementor-size-default\">Lloguer Temporal Barcelona<\/h1>\t\t\t\t<\/div>\n\t\t\t\t<\/div>\n\t\t\t\t<div class=\"elementor-element elementor-element-e0391f3 elementor-invisible elementor-widget elementor-widget-text-editor\" data-id=\"e0391f3\" data-element_type=\"widget\" data-e-type=\"widget\" data-settings=\"{&quot;_animation&quot;:&quot;fadeIn&quot;,&quot;_animation_delay&quot;:200}\" data-widget_type=\"text-editor.default\">\n\t\t\t\t<div class=\"elementor-widget-container\">\n\t\t\t\t\t\t\t\t\t<p>Gesti\u00f3n del alquiler temporal adaptada a la normativa vigente en Barcelona.<\/p>\n\t\t\t\t\t\t\t\t<\/div>\n\t\t\t\t<\/div>\n\t\t\t\t<div class=\"elementor-element elementor-element-1e101b1 elementor-widget elementor-widget-eael-feature-list\" data-id=\"1e101b1\" data-element_type=\"widget\" data-e-type=\"widget\" data-widget_type=\"eael-feature-list.default\">\n\t\t\t\t<div class=\"elementor-widget-container\">\n\t\t\t\t\t\t\t<div class=\"-icon-position-left -tablet-icon-position-left -mobile-icon-position-left\">\n\t\t\t<ul id=\"eael-feature-list-1e101b1\" class=\"eael-feature-list-items circle stacked  eael-feature-list-vertical\" data-layout-tablet=\"vertical\" data-layout-mobile=\"vertical\">\n\t\t\t                <li class=\"eael-feature-list-item elementor-repeater-item-f6fd35e\">\n                    \n\t\t\t\t\t\t<div class=\"eael-feature-list-icon-box\">\n\t\t\t\t\t\t\t<div class=\"eael-feature-list-icon-inner\">\n\n\t\t\t\t\t\t\t\t<span class=\"eael-feature-list-icon fl-icon-0\">\n\n\t\t<i aria-hidden=\"true\" class=\"icon icon-calendar\"><\/i>\t\t\t\t\t\t\t\t<\/span>\n\t\t\t\t\t\t\t<\/div>\n\t\t\t\t\t\t<\/div>\n\t\t\t\t\t\t<div class=\"eael-feature-list-content-box\">\n                            <h2 class=\"eael-feature-list-title\">100% Ocupaci\u00f3<\/h2>\t\t\t\t\t\t<p class=\"eael-feature-list-content\"><\/p>\n\t\t\t\t\t\t<\/div>\n\n\t\t\t\t\t<\/li>\n\t\t\t\t                <li class=\"eael-feature-list-item elementor-repeater-item-89b8c6c\">\n                    \n\t\t\t\t\t\t<div class=\"eael-feature-list-icon-box\">\n\t\t\t\t\t\t\t<div class=\"eael-feature-list-icon-inner\">\n\n\t\t\t\t\t\t\t\t<span class=\"eael-feature-list-icon fl-icon-1\">\n\n\t\t<i aria-hidden=\"true\" class=\"icon icon-thumbs-up\"><\/i>\t\t\t\t\t\t\t\t<\/span>\n\t\t\t\t\t\t\t<\/div>\n\t\t\t\t\t\t<\/div>\n\t\t\t\t\t\t<div class=\"eael-feature-list-content-box\">\n                            <h2 class=\"eael-feature-list-title\">M\u00e0xima Rendibilitat<\/h2>\t\t\t\t\t\t<p class=\"eael-feature-list-content\"><\/p>\n\t\t\t\t\t\t<\/div>\n\n\t\t\t\t\t<\/li>\n\t\t\t\t                <li class=\"eael-feature-list-item elementor-repeater-item-43ff987\">\n                    \n\t\t\t\t\t\t<div class=\"eael-feature-list-icon-box\">\n\t\t\t\t\t\t\t<div class=\"eael-feature-list-icon-inner\">\n\n\t\t\t\t\t\t\t\t<span class=\"eael-feature-list-icon fl-icon-2\">\n\n\t\t<i aria-hidden=\"true\" class=\"icon icon-user-o\"><\/i>\t\t\t\t\t\t\t\t<\/span>\n\t\t\t\t\t\t\t<\/div>\n\t\t\t\t\t\t<\/div>\n\t\t\t\t\t\t<div class=\"eael-feature-list-content-box\">\n                            <h2 class=\"eael-feature-list-title\">Perfils Seleccionats<\/h2>\t\t\t\t\t\t<p class=\"eael-feature-list-content\"><\/p>\n\t\t\t\t\t\t<\/div>\n\n\t\t\t\t\t<\/li>\n\t\t\t\t\t\t\t<\/ul>\n\t\t<\/div>\n\t\t\t\t\t\t<\/div>\n\t\t\t\t<\/div>\n\t\t\t\t<div class=\"elementor-element elementor-element-1608b28 elementor-mobile-align-justify animated-fast elementor-invisible elementor-widget elementor-widget-button\" data-id=\"1608b28\" data-element_type=\"widget\" data-e-type=\"widget\" data-settings=\"{&quot;_animation&quot;:&quot;fadeIn&quot;,&quot;_animation_delay&quot;:400}\" data-widget_type=\"button.default\">\n\t\t\t\t<div class=\"elementor-widget-container\">\n\t\t\t\t\t\t\t\t\t<div class=\"elementor-button-wrapper\">\n\t\t\t\t\t<a class=\"elementor-button elementor-button-link elementor-size-sm elementor-animation-float\" href=\"tel:934558535\">\n\t\t\t\t\t\t<span class=\"elementor-button-content-wrapper\">\n\t\t\t\t\t\t\t\t\t<span class=\"elementor-button-text\">Truca'ns<\/span>\n\t\t\t\t\t<\/span>\n\t\t\t\t\t<\/a>\n\t\t\t\t<\/div>\n\t\t\t\t\t\t\t\t<\/div>\n\t\t\t\t<\/div>\n\t\t\t\t\t<\/div>\n\t\t<\/div>\n\t\t\t\t\t<\/div>\n\t\t<\/section>\n\t\t\t\t<section data-particle_enable=\"false\" data-particle-mobile-disabled=\"false\" class=\"elementor-section elementor-top-section elementor-element elementor-element-52b9ab2c elementor-section-boxed elementor-section-height-default elementor-section-height-default\" data-id=\"52b9ab2c\" data-element_type=\"section\" data-e-type=\"section\">\n\t\t\t\t\t\t<div class=\"elementor-container elementor-column-gap-no\">\n\t\t\t\t\t<div class=\"elementor-column elementor-col-100 elementor-top-column elementor-element elementor-element-58654c7e\" data-id=\"58654c7e\" data-element_type=\"column\" data-e-type=\"column\">\n\t\t\t<div class=\"elementor-widget-wrap elementor-element-populated\">\n\t\t\t\t\t\t<div class=\"elementor-element elementor-element-76aba25d animated-slow elementor-invisible elementor-widget elementor-widget-heading\" data-id=\"76aba25d\" data-element_type=\"widget\" data-e-type=\"widget\" data-settings=\"{&quot;_animation&quot;:&quot;fadeIn&quot;}\" data-widget_type=\"heading.default\">\n\t\t\t\t<div class=\"elementor-widget-container\">\n\t\t\t\t\t<h2 class=\"elementor-heading-title elementor-size-default\">Gesti\u00f3 Professional <br> del Lloguer Temporal <br> a Barcelona<\/h2>\t\t\t\t<\/div>\n\t\t\t\t<\/div>\n\t\t\t\t<div class=\"elementor-element elementor-element-63aa7985 elementor-invisible elementor-widget elementor-widget-text-editor\" data-id=\"63aa7985\" data-element_type=\"widget\" data-e-type=\"widget\" data-settings=\"{&quot;_animation&quot;:&quot;fadeIn&quot;,&quot;_animation_delay&quot;:200}\" data-widget_type=\"text-editor.default\">\n\t\t\t\t<div class=\"elementor-widget-container\">\n\t\t\t\t\t\t\t\t\t<p>Lloguer Temporal a Barcelona sense complicacions.<\/p>\n<p>A <a href=\"https:\/\/puntohabitat.es\/ca\/\"><strong><span style=\"color: #7b6a58;\">PUNTO HABITAT<\/span><\/strong><\/a> gestionem el lloguer temporal de <strong>m\u00e9s de 200 pisos a Barcelona.<\/strong><\/p>\n\t\t\t\t\t\t\t\t<\/div>\n\t\t\t\t<\/div>\n\t\t\t\t\t<\/div>\n\t\t<\/div>\n\t\t\t\t\t<\/div>\n\t\t<\/section>\n\t\t\t\t<section data-particle_enable=\"false\" data-particle-mobile-disabled=\"false\" class=\"elementor-section elementor-top-section elementor-element elementor-element-1bd5067 elementor-section-boxed elementor-section-height-default elementor-section-height-default elementor-invisible\" data-id=\"1bd5067\" data-element_type=\"section\" data-e-type=\"section\" data-settings=\"{&quot;animation&quot;:&quot;fadeInUp&quot;}\">\n\t\t\t\t\t\t<div class=\"elementor-container elementor-column-gap-no\">\n\t\t\t\t\t<div class=\"elementor-column elementor-col-33 elementor-top-column elementor-element elementor-element-252875b6\" data-id=\"252875b6\" data-element_type=\"column\" data-e-type=\"column\" data-settings=\"{&quot;background_background&quot;:&quot;classic&quot;}\">\n\t\t\t<div class=\"elementor-widget-wrap elementor-element-populated\">\n\t\t\t\t\t\t<div class=\"elementor-element elementor-element-34ed89a7 animated-slow elementor-invisible elementor-widget elementor-widget-heading\" data-id=\"34ed89a7\" data-element_type=\"widget\" data-e-type=\"widget\" data-settings=\"{&quot;_animation&quot;:&quot;fadeIn&quot;}\" data-widget_type=\"heading.default\">\n\t\t\t\t<div class=\"elementor-widget-container\">\n\t\t\t\t\t<h3 class=\"elementor-heading-title elementor-size-default\">Lloguer Temporal del teu Pis a Barcelona<\/h3>\t\t\t\t<\/div>\n\t\t\t\t<\/div>\n\t\t\t\t<div class=\"elementor-element elementor-element-9a1fa1b elementor-widget elementor-widget-text-editor\" data-id=\"9a1fa1b\" data-element_type=\"widget\" data-e-type=\"widget\" data-widget_type=\"text-editor.default\">\n\t\t\t\t<div class=\"elementor-widget-container\">\n\t\t\t\t\t\t\t\t\t<p>Pas a pas<\/p>\n\t\t\t\t\t\t\t\t<\/div>\n\t\t\t\t<\/div>\n\t\t\t\t\t<\/div>\n\t\t<\/div>\n\t\t\t\t<div class=\"elementor-column elementor-col-33 elementor-top-column elementor-element elementor-element-3c33d12d\" data-id=\"3c33d12d\" data-element_type=\"column\" data-e-type=\"column\" data-settings=\"{&quot;background_background&quot;:&quot;classic&quot;}\">\n\t\t\t<div class=\"elementor-widget-wrap elementor-element-populated\">\n\t\t\t\t\t\t<div class=\"elementor-element elementor-element-5d1caaa6 animated-slow elementor-invisible elementor-widget elementor-widget-heading\" data-id=\"5d1caaa6\" data-element_type=\"widget\" data-e-type=\"widget\" data-settings=\"{&quot;_animation&quot;:&quot;fadeIn&quot;}\" data-widget_type=\"heading.default\">\n\t\t\t\t<div class=\"elementor-widget-container\">\n\t\t\t\t\t<h3 class=\"elementor-heading-title elementor-size-default\">Renda<\/h3>\t\t\t\t<\/div>\n\t\t\t\t<\/div>\n\t\t\t\t<div class=\"elementor-element elementor-element-a1c64a0 elementor-invisible elementor-widget elementor-widget-text-editor\" data-id=\"a1c64a0\" data-element_type=\"widget\" data-e-type=\"widget\" data-settings=\"{&quot;_animation&quot;:&quot;fadeIn&quot;,&quot;_animation_delay&quot;:200}\" data-widget_type=\"text-editor.default\">\n\t\t\t\t<div class=\"elementor-widget-container\">\n\t\t\t\t\t\t\t\t\t<p>Ens citem al teu pis per oferir-te el preu exacte de mercat. Som experts a tots els barris de Barcelona aix\u00ed que podem aconsellar-te sobre la renda a sol.licitar<\/p>\n\t\t\t\t\t\t\t\t<\/div>\n\t\t\t\t<\/div>\n\t\t\t\t\t<\/div>\n\t\t<\/div>\n\t\t\t\t<div class=\"elementor-column elementor-col-33 elementor-top-column elementor-element elementor-element-3a7308a\" data-id=\"3a7308a\" data-element_type=\"column\" data-e-type=\"column\" data-settings=\"{&quot;background_background&quot;:&quot;classic&quot;}\">\n\t\t\t<div class=\"elementor-widget-wrap elementor-element-populated\">\n\t\t\t\t\t\t<div class=\"elementor-element elementor-element-4be217c7 animated-slow elementor-invisible elementor-widget elementor-widget-heading\" data-id=\"4be217c7\" data-element_type=\"widget\" data-e-type=\"widget\" data-settings=\"{&quot;_animation&quot;:&quot;fadeIn&quot;}\" data-widget_type=\"heading.default\">\n\t\t\t\t<div class=\"elementor-widget-container\">\n\t\t\t\t\t<h3 class=\"elementor-heading-title elementor-size-default\">Assessorament<\/h3>\t\t\t\t<\/div>\n\t\t\t\t<\/div>\n\t\t\t\t<div class=\"elementor-element elementor-element-41a3ff7f elementor-invisible elementor-widget elementor-widget-text-editor\" data-id=\"41a3ff7f\" data-element_type=\"widget\" data-e-type=\"widget\" data-settings=\"{&quot;_animation&quot;:&quot;fadeIn&quot;,&quot;_animation_delay&quot;:200}\" data-widget_type=\"text-editor.default\">\n\t\t\t\t<div class=\"elementor-widget-container\">\n\t\t\t\t\t\t\t\t\t<p>Durant la visita realitzarem un inventari d&#8217;all\u00f2 necessari per a poder comercialitzar el teu pis en la modalitat de lloguer de temporada<\/p>\n\t\t\t\t\t\t\t\t<\/div>\n\t\t\t\t<\/div>\n\t\t\t\t\t<\/div>\n\t\t<\/div>\n\t\t\t\t\t<\/div>\n\t\t<\/section>\n\t\t\t\t<section data-particle_enable=\"false\" data-particle-mobile-disabled=\"false\" class=\"elementor-section elementor-top-section elementor-element elementor-element-12fc24b4 elementor-section-boxed elementor-section-height-default elementor-section-height-default elementor-invisible\" data-id=\"12fc24b4\" data-element_type=\"section\" data-e-type=\"section\" data-settings=\"{&quot;animation&quot;:&quot;fadeInUp&quot;,&quot;animation_delay&quot;:200}\">\n\t\t\t\t\t\t<div class=\"elementor-container elementor-column-gap-no\">\n\t\t\t\t\t<div class=\"elementor-column elementor-col-33 elementor-top-column elementor-element elementor-element-5d5ca22b\" data-id=\"5d5ca22b\" data-element_type=\"column\" data-e-type=\"column\" data-settings=\"{&quot;background_background&quot;:&quot;classic&quot;}\">\n\t\t\t<div class=\"elementor-widget-wrap elementor-element-populated\">\n\t\t\t\t\t\t<div class=\"elementor-element elementor-element-e87e7bf animated-slow elementor-invisible elementor-widget elementor-widget-heading\" data-id=\"e87e7bf\" data-element_type=\"widget\" data-e-type=\"widget\" data-settings=\"{&quot;_animation&quot;:&quot;fadeIn&quot;}\" data-widget_type=\"heading.default\">\n\t\t\t\t<div class=\"elementor-widget-container\">\n\t\t\t\t\t<h3 class=\"elementor-heading-title elementor-size-default\">Comercializtaci\u00f3<\/h3>\t\t\t\t<\/div>\n\t\t\t\t<\/div>\n\t\t\t\t<div class=\"elementor-element elementor-element-79e5c558 elementor-invisible elementor-widget elementor-widget-text-editor\" data-id=\"79e5c558\" data-element_type=\"widget\" data-e-type=\"widget\" data-settings=\"{&quot;_animation&quot;:&quot;fadeIn&quot;,&quot;_animation_delay&quot;:200}\" data-widget_type=\"text-editor.default\">\n\t\t\t\t<div class=\"elementor-widget-container\">\n\t\t\t\t\t\t\t\t\t<p>Per a poder assolir l&#8217;audi\u00e8ncia adequada pel lloguer temporal del teu pis farem servir les principals plataformes, tant a nivell nacional com internacional<\/p>\n\t\t\t\t\t\t\t\t<\/div>\n\t\t\t\t<\/div>\n\t\t\t\t\t<\/div>\n\t\t<\/div>\n\t\t\t\t<div class=\"elementor-column elementor-col-33 elementor-top-column elementor-element elementor-element-1952a33c\" data-id=\"1952a33c\" data-element_type=\"column\" data-e-type=\"column\" data-settings=\"{&quot;background_background&quot;:&quot;classic&quot;}\">\n\t\t\t<div class=\"elementor-widget-wrap elementor-element-populated\">\n\t\t\t\t\t\t<div class=\"elementor-element elementor-element-35f56c9f animated-slow elementor-invisible elementor-widget elementor-widget-heading\" data-id=\"35f56c9f\" data-element_type=\"widget\" data-e-type=\"widget\" data-settings=\"{&quot;_animation&quot;:&quot;fadeIn&quot;}\" data-widget_type=\"heading.default\">\n\t\t\t\t<div class=\"elementor-widget-container\">\n\t\t\t\t\t<h3 class=\"elementor-heading-title elementor-size-default\">Verificaci\u00f3 Temporalitat<\/h3>\t\t\t\t<\/div>\n\t\t\t\t<\/div>\n\t\t\t\t<div class=\"elementor-element elementor-element-16c9b326 elementor-invisible elementor-widget elementor-widget-text-editor\" data-id=\"16c9b326\" data-element_type=\"widget\" data-e-type=\"widget\" data-settings=\"{&quot;_animation&quot;:&quot;fadeIn&quot;,&quot;_animation_delay&quot;:200}\" data-widget_type=\"text-editor.default\">\n\t\t\t\t<div class=\"elementor-widget-container\">\n\t\t\t\t\t\t\t\t\t<p>Exigim i comprovem que l&#8217;arrendatari demostri el motiu pel qual precisa d&#8217;una habitatge temporal a Barcelona<\/p>\n\t\t\t\t\t\t\t\t<\/div>\n\t\t\t\t<\/div>\n\t\t\t\t\t<\/div>\n\t\t<\/div>\n\t\t\t\t<div class=\"elementor-column elementor-col-33 elementor-top-column elementor-element elementor-element-17962b44\" data-id=\"17962b44\" data-element_type=\"column\" data-e-type=\"column\" data-settings=\"{&quot;background_background&quot;:&quot;classic&quot;}\">\n\t\t\t<div class=\"elementor-widget-wrap elementor-element-populated\">\n\t\t\t\t\t\t<div class=\"elementor-element elementor-element-54faaa91 animated-slow elementor-invisible elementor-widget elementor-widget-heading\" data-id=\"54faaa91\" data-element_type=\"widget\" data-e-type=\"widget\" data-settings=\"{&quot;_animation&quot;:&quot;fadeIn&quot;}\" data-widget_type=\"heading.default\">\n\t\t\t\t<div class=\"elementor-widget-container\">\n\t\t\t\t\t<h3 class=\"elementor-heading-title elementor-size-default\">Contracte<\/h3>\t\t\t\t<\/div>\n\t\t\t\t<\/div>\n\t\t\t\t<div class=\"elementor-element elementor-element-721a75f7 elementor-invisible elementor-widget elementor-widget-text-editor\" data-id=\"721a75f7\" data-element_type=\"widget\" data-e-type=\"widget\" data-settings=\"{&quot;_animation&quot;:&quot;fadeIn&quot;,&quot;_animation_delay&quot;:200}\" data-widget_type=\"text-editor.default\">\n\t\t\t\t<div class=\"elementor-widget-container\">\n\t\t\t\t\t\t\t\t\t<p>Redacci\u00f3 i celebraci\u00f3 del contracte d&#8217;Arrendament de Temporada SEMPRE adaptat a la normativa regulat\u00f2ria que regeixi en el moment de la signatura<\/p>\n\t\t\t\t\t\t\t\t<\/div>\n\t\t\t\t<\/div>\n\t\t\t\t\t<\/div>\n\t\t<\/div>\n\t\t\t\t\t<\/div>\n\t\t<\/section>\n\t\t\t\t<section data-particle_enable=\"false\" data-particle-mobile-disabled=\"false\" class=\"elementor-section elementor-top-section elementor-element elementor-element-5911a78e elementor-section-full_width elementor-section-height-min-height elementor-section-items-stretch elementor-section-content-middle elementor-section-height-default\" data-id=\"5911a78e\" data-element_type=\"section\" data-e-type=\"section\" data-settings=\"{&quot;background_background&quot;:&quot;gradient&quot;}\">\n\t\t\t\t\t\t<div class=\"elementor-container elementor-column-gap-no\">\n\t\t\t\t\t<div class=\"elementor-column elementor-col-100 elementor-top-column elementor-element elementor-element-30484bc0\" data-id=\"30484bc0\" data-element_type=\"column\" data-e-type=\"column\">\n\t\t\t<div class=\"elementor-widget-wrap elementor-element-populated\">\n\t\t\t\t\t\t<div class=\"elementor-element elementor-element-4010bc85 elementor-absolute elementor-invisible elementor-widget elementor-widget-image\" data-id=\"4010bc85\" data-element_type=\"widget\" data-e-type=\"widget\" data-settings=\"{&quot;motion_fx_motion_fx_scrolling&quot;:&quot;yes&quot;,&quot;motion_fx_translateY_effect&quot;:&quot;yes&quot;,&quot;motion_fx_translateY_direction&quot;:&quot;negative&quot;,&quot;motion_fx_translateY_speed&quot;:{&quot;unit&quot;:&quot;px&quot;,&quot;size&quot;:1.5,&quot;sizes&quot;:[]},&quot;_animation&quot;:&quot;slideInRight&quot;,&quot;_position&quot;:&quot;absolute&quot;,&quot;motion_fx_translateY_affectedRange&quot;:{&quot;unit&quot;:&quot;%&quot;,&quot;size&quot;:&quot;&quot;,&quot;sizes&quot;:{&quot;start&quot;:0,&quot;end&quot;:100}},&quot;motion_fx_devices&quot;:[&quot;desktop&quot;,&quot;tablet&quot;,&quot;mobile&quot;]}\" data-widget_type=\"image.default\">\n\t\t\t\t<div class=\"elementor-widget-container\">\n\t\t\t\t\t\t\t\t\t\t\t\t\t\t\t<img decoding=\"async\" width=\"1024\" height=\"452\" src=\"https:\/\/puntohabitat.es\/wp-content\/uploads\/2024\/03\/AdobeStock_174049425-1024x452.jpeg\" class=\"attachment-large size-large wp-image-75606\" alt=\"Alquiler Temporal Barcelona\" srcset=\"https:\/\/puntohabitat.es\/wp-content\/uploads\/2024\/03\/AdobeStock_174049425-1024x452.jpeg 1024w, https:\/\/puntohabitat.es\/wp-content\/uploads\/2024\/03\/AdobeStock_174049425-300x133.jpeg 300w, https:\/\/puntohabitat.es\/wp-content\/uploads\/2024\/03\/AdobeStock_174049425-768x339.jpeg 768w, https:\/\/puntohabitat.es\/wp-content\/uploads\/2024\/03\/AdobeStock_174049425-1536x679.jpeg 1536w, https:\/\/puntohabitat.es\/wp-content\/uploads\/2024\/03\/AdobeStock_174049425-2048x905.jpeg 2048w, https:\/\/puntohabitat.es\/wp-content\/uploads\/2024\/03\/AdobeStock_174049425-1358x600.jpeg 1358w, https:\/\/puntohabitat.es\/wp-content\/uploads\/2024\/03\/AdobeStock_174049425-496x219.jpeg 496w\" sizes=\"(max-width: 1024px) 100vw, 1024px\" \/>\t\t\t\t\t\t\t\t\t\t\t\t\t\t\t<\/div>\n\t\t\t\t<\/div>\n\t\t\t\t<section data-particle_enable=\"false\" data-particle-mobile-disabled=\"false\" class=\"elementor-section elementor-inner-section elementor-element elementor-element-58f9ec23 elementor-section-boxed elementor-section-height-default elementor-section-height-default\" data-id=\"58f9ec23\" data-element_type=\"section\" data-e-type=\"section\">\n\t\t\t\t\t\t<div class=\"elementor-container elementor-column-gap-no\">\n\t\t\t\t\t<div class=\"elementor-column elementor-col-100 elementor-inner-column elementor-element elementor-element-9c28b85\" data-id=\"9c28b85\" data-element_type=\"column\" data-e-type=\"column\">\n\t\t\t<div class=\"elementor-widget-wrap elementor-element-populated\">\n\t\t\t\t\t\t<div class=\"elementor-element elementor-element-1ffccdce elementor-widget elementor-widget-heading\" data-id=\"1ffccdce\" data-element_type=\"widget\" data-e-type=\"widget\" data-widget_type=\"heading.default\">\n\t\t\t\t<div class=\"elementor-widget-container\">\n\t\t\t\t\t<h2 class=\"elementor-heading-title elementor-size-default\">Quin tipus de llogater seleccionem en el Lloguer Temporal?<\/h2>\t\t\t\t<\/div>\n\t\t\t\t<\/div>\n\t\t\t\t<div class=\"elementor-element elementor-element-3a20996c elementor-invisible elementor-widget elementor-widget-text-editor\" data-id=\"3a20996c\" data-element_type=\"widget\" data-e-type=\"widget\" data-settings=\"{&quot;_animation&quot;:&quot;fadeIn&quot;,&quot;_animation_delay&quot;:200}\" data-widget_type=\"text-editor.default\">\n\t\t\t\t<div class=\"elementor-widget-container\">\n\t\t\t\t\t\t\t\t\t<p>Som referents en el lloguer temporal a Barcelona, per aquest motiu rebem multitud de sol.licituds de persones que busquen pis a Barcelona.<\/p>\n\t\t\t\t\t\t\t\t<\/div>\n\t\t\t\t<\/div>\n\t\t\t\t<div class=\"elementor-element elementor-element-1c38b779 elementor-mobile-align-center elementor-icon-list--layout-traditional elementor-list-item-link-full_width elementor-widget elementor-widget-icon-list\" data-id=\"1c38b779\" data-element_type=\"widget\" data-e-type=\"widget\" data-widget_type=\"icon-list.default\">\n\t\t\t\t<div class=\"elementor-widget-container\">\n\t\t\t\t\t\t\t<ul class=\"elementor-icon-list-items\">\n\t\t\t\t\t\t\t<li class=\"elementor-icon-list-item\">\n\t\t\t\t\t\t\t\t\t\t\t<span class=\"elementor-icon-list-icon\">\n\t\t\t\t\t\t\t<i aria-hidden=\"true\" class=\"fas fa-square\"><\/i>\t\t\t\t\t\t<\/span>\n\t\t\t\t\t\t\t\t\t\t<span class=\"elementor-icon-list-text\">Estudiants de m\u00e0ster i postgrau<\/span>\n\t\t\t\t\t\t\t\t\t<\/li>\n\t\t\t\t\t\t\t\t<li class=\"elementor-icon-list-item\">\n\t\t\t\t\t\t\t\t\t\t\t<span class=\"elementor-icon-list-icon\">\n\t\t\t\t\t\t\t<i aria-hidden=\"true\" class=\"fas fa-square\"><\/i>\t\t\t\t\t\t<\/span>\n\t\t\t\t\t\t\t\t\t\t<span class=\"elementor-icon-list-text\">Treballadors expatriats<\/span>\n\t\t\t\t\t\t\t\t\t<\/li>\n\t\t\t\t\t\t\t\t<li class=\"elementor-icon-list-item\">\n\t\t\t\t\t\t\t\t\t\t\t<span class=\"elementor-icon-list-icon\">\n\t\t\t\t\t\t\t<i aria-hidden=\"true\" class=\"fas fa-square\"><\/i>\t\t\t\t\t\t<\/span>\n\t\t\t\t\t\t\t\t\t\t<span class=\"elementor-icon-list-text\">N\u00f2mades Digitals<\/span>\n\t\t\t\t\t\t\t\t\t<\/li>\n\t\t\t\t\t\t\t\t<li class=\"elementor-icon-list-item\">\n\t\t\t\t\t\t\t\t\t\t\t<span class=\"elementor-icon-list-icon\">\n\t\t\t\t\t\t\t<i aria-hidden=\"true\" class=\"fas fa-square\"><\/i>\t\t\t\t\t\t<\/span>\n\t\t\t\t\t\t\t\t\t\t<span class=\"elementor-icon-list-text\">Tractaments m\u00e8dics<\/span>\n\t\t\t\t\t\t\t\t\t<\/li>\n\t\t\t\t\t\t\t\t<li class=\"elementor-icon-list-item\">\n\t\t\t\t\t\t\t\t\t\t\t<span class=\"elementor-icon-list-icon\">\n\t\t\t\t\t\t\t<i aria-hidden=\"true\" class=\"fas fa-square\"><\/i>\t\t\t\t\t\t<\/span>\n\t\t\t\t\t\t\t\t\t\t<span class=\"elementor-icon-list-text\">Reformes a l'habitatge propi<\/span>\n\t\t\t\t\t\t\t\t\t<\/li>\n\t\t\t\t\t\t<\/ul>\n\t\t\t\t\t\t<\/div>\n\t\t\t\t<\/div>\n\t\t\t\t\t<\/div>\n\t\t<\/div>\n\t\t\t\t\t<\/div>\n\t\t<\/section>\n\t\t\t\t\t<\/div>\n\t\t<\/div>\n\t\t\t\t\t<\/div>\n\t\t<\/section>\n\t\t\t\t<section data-particle_enable=\"false\" data-particle-mobile-disabled=\"false\" class=\"elementor-section elementor-top-section elementor-element elementor-element-306d60c4 elementor-section-boxed elementor-section-height-default elementor-section-height-default\" data-id=\"306d60c4\" data-element_type=\"section\" data-e-type=\"section\" data-settings=\"{&quot;background_background&quot;:&quot;classic&quot;}\">\n\t\t\t\t\t\t<div class=\"elementor-container elementor-column-gap-no\">\n\t\t\t\t\t<div class=\"elementor-column elementor-col-100 elementor-top-column elementor-element elementor-element-34fff7be\" data-id=\"34fff7be\" data-element_type=\"column\" data-e-type=\"column\">\n\t\t\t<div class=\"elementor-widget-wrap elementor-element-populated\">\n\t\t\t\t\t\t<div class=\"elementor-element elementor-element-184237ab elementor-widget elementor-widget-heading\" data-id=\"184237ab\" data-element_type=\"widget\" data-e-type=\"widget\" data-widget_type=\"heading.default\">\n\t\t\t\t<div class=\"elementor-widget-container\">\n\t\t\t\t\t<h4 class=\"elementor-heading-title elementor-size-default\">Aix\u00ed gestionarem el lloguer temporal del teu pis a Barcelona<\/h4>\t\t\t\t<\/div>\n\t\t\t\t<\/div>\n\t\t\t\t<div class=\"elementor-element elementor-element-67a2a113 animated-slow elementor-invisible elementor-widget elementor-widget-heading\" data-id=\"67a2a113\" data-element_type=\"widget\" data-e-type=\"widget\" data-settings=\"{&quot;_animation&quot;:&quot;fadeIn&quot;}\" data-widget_type=\"heading.default\">\n\t\t\t\t<div class=\"elementor-widget-container\">\n\t\t\t\t\t<h2 class=\"elementor-heading-title elementor-size-default\">Serveis Inclosos en el Lloguer Temporal del teu pis a Barcelona<\/h2>\t\t\t\t<\/div>\n\t\t\t\t<\/div>\n\t\t\t\t\t<\/div>\n\t\t<\/div>\n\t\t\t\t\t<\/div>\n\t\t<\/section>\n\t\t\t\t<section data-particle_enable=\"false\" data-particle-mobile-disabled=\"false\" class=\"elementor-section elementor-top-section elementor-element elementor-element-1c46b97b elementor-section-boxed elementor-section-height-default elementor-section-height-default\" data-id=\"1c46b97b\" data-element_type=\"section\" data-e-type=\"section\" data-settings=\"{&quot;background_background&quot;:&quot;classic&quot;}\">\n\t\t\t\t\t\t<div class=\"elementor-container elementor-column-gap-no\">\n\t\t\t\t\t<div class=\"elementor-column elementor-col-33 elementor-top-column elementor-element elementor-element-73e54b8f\" data-id=\"73e54b8f\" data-element_type=\"column\" data-e-type=\"column\">\n\t\t\t<div class=\"elementor-widget-wrap elementor-element-populated\">\n\t\t\t\t\t\t<div class=\"elementor-element elementor-element-200721bf animated-slow elementor-widget__width-auto elementor-invisible elementor-widget elementor-widget-heading\" data-id=\"200721bf\" data-element_type=\"widget\" data-e-type=\"widget\" data-settings=\"{&quot;_animation&quot;:&quot;fadeIn&quot;}\" data-widget_type=\"heading.default\">\n\t\t\t\t<div class=\"elementor-widget-container\">\n\t\t\t\t\t<p class=\"elementor-heading-title elementor-size-default\">1<\/p>\t\t\t\t<\/div>\n\t\t\t\t<\/div>\n\t\t\t\t<div class=\"elementor-element elementor-element-6ce30269 animated-slow elementor-invisible elementor-widget elementor-widget-heading\" data-id=\"6ce30269\" data-element_type=\"widget\" data-e-type=\"widget\" data-settings=\"{&quot;_animation&quot;:&quot;fadeIn&quot;}\" data-widget_type=\"heading.default\">\n\t\t\t\t<div class=\"elementor-widget-container\">\n\t\t\t\t\t<h3 class=\"elementor-heading-title elementor-size-default\">Inventari<\/h3>\t\t\t\t<\/div>\n\t\t\t\t<\/div>\n\t\t\t\t<div class=\"elementor-element elementor-element-33e59a2b elementor-invisible elementor-widget elementor-widget-text-editor\" data-id=\"33e59a2b\" data-element_type=\"widget\" data-e-type=\"widget\" data-settings=\"{&quot;_animation&quot;:&quot;fadeIn&quot;,&quot;_animation_delay&quot;:200}\" data-widget_type=\"text-editor.default\">\n\t\t\t\t<div class=\"elementor-widget-container\">\n\t\t\t\t\t\t\t\t\t<p>Juntament amb el contracte, signarem un inventari fotogr\u00e0fic que contindr\u00e0 l&#8217;estat en qu\u00e8 el lliura el pis. Aquest document ser\u00e0 fonamental per a comprovar l&#8217;estat a la sortida<\/p>\n\t\t\t\t\t\t\t\t<\/div>\n\t\t\t\t<\/div>\n\t\t\t\t\t<\/div>\n\t\t<\/div>\n\t\t\t\t<div class=\"elementor-column elementor-col-33 elementor-top-column elementor-element elementor-element-776ce039\" data-id=\"776ce039\" data-element_type=\"column\" data-e-type=\"column\">\n\t\t\t<div class=\"elementor-widget-wrap elementor-element-populated\">\n\t\t\t\t\t\t<div class=\"elementor-element elementor-element-60f14884 animated-slow elementor-widget__width-auto elementor-invisible elementor-widget elementor-widget-heading\" data-id=\"60f14884\" data-element_type=\"widget\" data-e-type=\"widget\" data-settings=\"{&quot;_animation&quot;:&quot;fadeIn&quot;}\" data-widget_type=\"heading.default\">\n\t\t\t\t<div class=\"elementor-widget-container\">\n\t\t\t\t\t<p class=\"elementor-heading-title elementor-size-default\">2<\/p>\t\t\t\t<\/div>\n\t\t\t\t<\/div>\n\t\t\t\t<div class=\"elementor-element elementor-element-61c0abd6 animated-slow elementor-invisible elementor-widget elementor-widget-heading\" data-id=\"61c0abd6\" data-element_type=\"widget\" data-e-type=\"widget\" data-settings=\"{&quot;_animation&quot;:&quot;fadeIn&quot;}\" data-widget_type=\"heading.default\">\n\t\t\t\t<div class=\"elementor-widget-container\">\n\t\t\t\t\t<h3 class=\"elementor-heading-title elementor-size-default\">Fiances<\/h3>\t\t\t\t<\/div>\n\t\t\t\t<\/div>\n\t\t\t\t<div class=\"elementor-element elementor-element-7d9299f5 elementor-invisible elementor-widget elementor-widget-text-editor\" data-id=\"7d9299f5\" data-element_type=\"widget\" data-e-type=\"widget\" data-settings=\"{&quot;_animation&quot;:&quot;fadeIn&quot;,&quot;_animation_delay&quot;:200}\" data-widget_type=\"text-editor.default\">\n\t\t\t\t<div class=\"elementor-widget-container\">\n\t\t\t\t\t\t\t\t\t<p>Dip\u00f2sit de les fiances corresponenets a l&#8217;Institut Catal\u00e0 del S\u00f2l. A la finalitzaci\u00f3 del contracte tamb\u00e9 ens encarregarem de sol.licitar la seva devoluci\u00f3<\/p>\n\t\t\t\t\t\t\t\t<\/div>\n\t\t\t\t<\/div>\n\t\t\t\t\t<\/div>\n\t\t<\/div>\n\t\t\t\t<div class=\"elementor-column elementor-col-33 elementor-top-column elementor-element elementor-element-205605aa\" data-id=\"205605aa\" data-element_type=\"column\" data-e-type=\"column\">\n\t\t\t<div class=\"elementor-widget-wrap elementor-element-populated\">\n\t\t\t\t\t\t<div class=\"elementor-element elementor-element-3c8d669e animated-slow elementor-widget__width-auto elementor-invisible elementor-widget elementor-widget-heading\" data-id=\"3c8d669e\" data-element_type=\"widget\" data-e-type=\"widget\" data-settings=\"{&quot;_animation&quot;:&quot;fadeIn&quot;}\" data-widget_type=\"heading.default\">\n\t\t\t\t<div class=\"elementor-widget-container\">\n\t\t\t\t\t<p class=\"elementor-heading-title elementor-size-default\">3<\/p>\t\t\t\t<\/div>\n\t\t\t\t<\/div>\n\t\t\t\t<div class=\"elementor-element elementor-element-5955a724 animated-slow elementor-invisible elementor-widget elementor-widget-heading\" data-id=\"5955a724\" data-element_type=\"widget\" data-e-type=\"widget\" data-settings=\"{&quot;_animation&quot;:&quot;fadeIn&quot;}\" data-widget_type=\"heading.default\">\n\t\t\t\t<div class=\"elementor-widget-container\">\n\t\t\t\t\t<h3 class=\"elementor-heading-title elementor-size-default\">Check in<\/h3>\t\t\t\t<\/div>\n\t\t\t\t<\/div>\n\t\t\t\t<div class=\"elementor-element elementor-element-33b988c6 elementor-invisible elementor-widget elementor-widget-text-editor\" data-id=\"33b988c6\" data-element_type=\"widget\" data-e-type=\"widget\" data-settings=\"{&quot;_animation&quot;:&quot;fadeIn&quot;,&quot;_animation_delay&quot;:200}\" data-widget_type=\"text-editor.default\">\n\t\t\t\t<div class=\"elementor-widget-container\">\n\t\t\t\t\t\t\t\t\t<p>Rebem a l&#8217;arrendatari per a mostrar-li l&#8217;\u00fas que haur\u00e0 de donar als electrodom\u00e8stics i la resta de components del pis<\/p>\n\t\t\t\t\t\t\t\t<\/div>\n\t\t\t\t<\/div>\n\t\t\t\t\t<\/div>\n\t\t<\/div>\n\t\t\t\t\t<\/div>\n\t\t<\/section>\n\t\t\t\t<section data-particle_enable=\"false\" data-particle-mobile-disabled=\"false\" class=\"elementor-section elementor-top-section elementor-element elementor-element-75ed540 elementor-section-boxed elementor-section-height-default elementor-section-height-default\" data-id=\"75ed540\" data-element_type=\"section\" data-e-type=\"section\" data-settings=\"{&quot;background_background&quot;:&quot;classic&quot;}\">\n\t\t\t\t\t\t<div class=\"elementor-container elementor-column-gap-no\">\n\t\t\t\t\t<div class=\"elementor-column elementor-col-33 elementor-top-column elementor-element elementor-element-3bba05d\" data-id=\"3bba05d\" data-element_type=\"column\" data-e-type=\"column\">\n\t\t\t<div class=\"elementor-widget-wrap elementor-element-populated\">\n\t\t\t\t\t\t<div class=\"elementor-element elementor-element-b3d143f animated-slow elementor-widget__width-auto elementor-invisible elementor-widget elementor-widget-heading\" data-id=\"b3d143f\" data-element_type=\"widget\" data-e-type=\"widget\" data-settings=\"{&quot;_animation&quot;:&quot;fadeIn&quot;}\" data-widget_type=\"heading.default\">\n\t\t\t\t<div class=\"elementor-widget-container\">\n\t\t\t\t\t<p class=\"elementor-heading-title elementor-size-default\">4<\/p>\t\t\t\t<\/div>\n\t\t\t\t<\/div>\n\t\t\t\t<div class=\"elementor-element elementor-element-61eb03d animated-slow elementor-invisible elementor-widget elementor-widget-heading\" data-id=\"61eb03d\" data-element_type=\"widget\" data-e-type=\"widget\" data-settings=\"{&quot;_animation&quot;:&quot;fadeIn&quot;}\" data-widget_type=\"heading.default\">\n\t\t\t\t<div class=\"elementor-widget-container\">\n\t\t\t\t\t<h3 class=\"elementor-heading-title elementor-size-default\">Gesti\u00f3 Incid\u00e8ncies<\/h3>\t\t\t\t<\/div>\n\t\t\t\t<\/div>\n\t\t\t\t<div class=\"elementor-element elementor-element-a596b6e elementor-invisible elementor-widget elementor-widget-text-editor\" data-id=\"a596b6e\" data-element_type=\"widget\" data-e-type=\"widget\" data-settings=\"{&quot;_animation&quot;:&quot;fadeIn&quot;,&quot;_animation_delay&quot;:200}\" data-widget_type=\"text-editor.default\">\n\t\t\t\t<div class=\"elementor-widget-container\">\n\t\t\t\t\t\t\t\t\t<p>Ens ocupem de gestionar qualsevol reparaci\u00f3 durant la vida del contracte, tramitant qualsevol part a la teva asseguradora o, en el seu defecte, a l&#8217;industrial competent<\/p>\n\t\t\t\t\t\t\t\t<\/div>\n\t\t\t\t<\/div>\n\t\t\t\t\t<\/div>\n\t\t<\/div>\n\t\t\t\t<div class=\"elementor-column elementor-col-33 elementor-top-column elementor-element elementor-element-57d9552\" data-id=\"57d9552\" data-element_type=\"column\" data-e-type=\"column\">\n\t\t\t<div class=\"elementor-widget-wrap elementor-element-populated\">\n\t\t\t\t\t\t<div class=\"elementor-element elementor-element-7f1e531 animated-slow elementor-widget__width-auto elementor-invisible elementor-widget elementor-widget-heading\" data-id=\"7f1e531\" data-element_type=\"widget\" data-e-type=\"widget\" data-settings=\"{&quot;_animation&quot;:&quot;fadeIn&quot;}\" data-widget_type=\"heading.default\">\n\t\t\t\t<div class=\"elementor-widget-container\">\n\t\t\t\t\t<p class=\"elementor-heading-title elementor-size-default\">5<\/p>\t\t\t\t<\/div>\n\t\t\t\t<\/div>\n\t\t\t\t<div class=\"elementor-element elementor-element-fb3003a animated-slow elementor-invisible elementor-widget elementor-widget-heading\" data-id=\"fb3003a\" data-element_type=\"widget\" data-e-type=\"widget\" data-settings=\"{&quot;_animation&quot;:&quot;fadeIn&quot;}\" data-widget_type=\"heading.default\">\n\t\t\t\t<div class=\"elementor-widget-container\">\n\t\t\t\t\t<h3 class=\"elementor-heading-title elementor-size-default\">Suport Arrendatari<\/h3>\t\t\t\t<\/div>\n\t\t\t\t<\/div>\n\t\t\t\t<div class=\"elementor-element elementor-element-666aafc elementor-invisible elementor-widget elementor-widget-text-editor\" data-id=\"666aafc\" data-element_type=\"widget\" data-e-type=\"widget\" data-settings=\"{&quot;_animation&quot;:&quot;fadeIn&quot;,&quot;_animation_delay&quot;:200}\" data-widget_type=\"text-editor.default\">\n\t\t\t\t<div class=\"elementor-widget-container\">\n\t\t\t\t\t\t\t\t\t<p>Davant qualsevol dubte, l&#8217;arrendatari sempre es dirigir\u00e0 al nostre departament de gesti\u00f3 de lloguer, rebent una resposta inmediata a la seva sol.licitud<\/p>\n\t\t\t\t\t\t\t\t<\/div>\n\t\t\t\t<\/div>\n\t\t\t\t\t<\/div>\n\t\t<\/div>\n\t\t\t\t<div class=\"elementor-column elementor-col-33 elementor-top-column elementor-element elementor-element-a062ee7\" data-id=\"a062ee7\" data-element_type=\"column\" data-e-type=\"column\">\n\t\t\t<div class=\"elementor-widget-wrap elementor-element-populated\">\n\t\t\t\t\t\t<div class=\"elementor-element elementor-element-c83bea1 animated-slow elementor-widget__width-auto elementor-invisible elementor-widget elementor-widget-heading\" data-id=\"c83bea1\" data-element_type=\"widget\" data-e-type=\"widget\" data-settings=\"{&quot;_animation&quot;:&quot;fadeIn&quot;}\" data-widget_type=\"heading.default\">\n\t\t\t\t<div class=\"elementor-widget-container\">\n\t\t\t\t\t<p class=\"elementor-heading-title elementor-size-default\">6<\/p>\t\t\t\t<\/div>\n\t\t\t\t<\/div>\n\t\t\t\t<div class=\"elementor-element elementor-element-f443d73 animated-slow elementor-invisible elementor-widget elementor-widget-heading\" data-id=\"f443d73\" data-element_type=\"widget\" data-e-type=\"widget\" data-settings=\"{&quot;_animation&quot;:&quot;fadeIn&quot;}\" data-widget_type=\"heading.default\">\n\t\t\t\t<div class=\"elementor-widget-container\">\n\t\t\t\t\t<h3 class=\"elementor-heading-title elementor-size-default\">Check out<\/h3>\t\t\t\t<\/div>\n\t\t\t\t<\/div>\n\t\t\t\t<div class=\"elementor-element elementor-element-90243f5 elementor-invisible elementor-widget elementor-widget-text-editor\" data-id=\"90243f5\" data-element_type=\"widget\" data-e-type=\"widget\" data-settings=\"{&quot;_animation&quot;:&quot;fadeIn&quot;,&quot;_animation_delay&quot;:200}\" data-widget_type=\"text-editor.default\">\n\t\t\t\t<div class=\"elementor-widget-container\">\n\t\t\t\t\t\t\t\t\t<p>Comprovarem que l&#8217;arrendatari hagi fet un \u00fas correcte de l&#8217;immoble i de tots els electrodom\u00e8stics, estris i parament que van quedar detallats a l&#8217;inventari<\/p>\n\t\t\t\t\t\t\t\t<\/div>\n\t\t\t\t<\/div>\n\t\t\t\t\t<\/div>\n\t\t<\/div>\n\t\t\t\t\t<\/div>\n\t\t<\/section>\n\t\t\t\t<section data-particle_enable=\"false\" data-particle-mobile-disabled=\"false\" class=\"elementor-section elementor-top-section elementor-element elementor-element-f93ef45 elementor-section-boxed elementor-section-height-default elementor-section-height-default\" data-id=\"f93ef45\" data-element_type=\"section\" data-e-type=\"section\">\n\t\t\t\t\t\t<div class=\"elementor-container elementor-column-gap-no\">\n\t\t\t\t\t<div class=\"elementor-column elementor-col-100 elementor-top-column elementor-element elementor-element-d4f6590\" data-id=\"d4f6590\" data-element_type=\"column\" data-e-type=\"column\">\n\t\t\t<div class=\"elementor-widget-wrap elementor-element-populated\">\n\t\t\t\t\t\t<div class=\"elementor-element elementor-element-7aa1553 animated-slow elementor-invisible elementor-widget elementor-widget-heading\" data-id=\"7aa1553\" data-element_type=\"widget\" data-e-type=\"widget\" data-settings=\"{&quot;_animation&quot;:&quot;fadeIn&quot;}\" data-widget_type=\"heading.default\">\n\t\t\t\t<div class=\"elementor-widget-container\">\n\t\t\t\t\t<h2 class=\"elementor-heading-title elementor-size-default\">Per qu\u00e8 confiar en PUNTO HABITAT per llogar el teu pis per temporada a Barcelona?<\/h2>\t\t\t\t<\/div>\n\t\t\t\t<\/div>\n\t\t\t\t<div class=\"elementor-element elementor-element-b46fa1f elementor-widget elementor-widget-heading\" data-id=\"b46fa1f\" data-element_type=\"widget\" data-e-type=\"widget\" data-widget_type=\"heading.default\">\n\t\t\t\t<div class=\"elementor-widget-container\">\n\t\t\t\t\t<h2 class=\"elementor-heading-title elementor-size-default\">Perqu\u00e8 garantim ocupaci\u00f3, rendibilitat i una gesti\u00f3 100% adaptada a la normativa actual.<\/h2>\t\t\t\t<\/div>\n\t\t\t\t<\/div>\n\t\t\t\t\t<\/div>\n\t\t<\/div>\n\t\t\t\t\t<\/div>\n\t\t<\/section>\n\t\t\t\t<section data-particle_enable=\"false\" data-particle-mobile-disabled=\"false\" class=\"elementor-section elementor-top-section elementor-element elementor-element-f1794d1 elementor-section-boxed elementor-section-height-default elementor-section-height-default elementor-invisible\" data-id=\"f1794d1\" data-element_type=\"section\" data-e-type=\"section\" data-settings=\"{&quot;animation&quot;:&quot;fadeInUp&quot;,&quot;animation_delay&quot;:200}\">\n\t\t\t\t\t\t<div class=\"elementor-container elementor-column-gap-no\">\n\t\t\t\t\t<div class=\"elementor-column elementor-col-33 elementor-top-column elementor-element elementor-element-e84afa0\" data-id=\"e84afa0\" data-element_type=\"column\" data-e-type=\"column\" data-settings=\"{&quot;background_background&quot;:&quot;classic&quot;}\">\n\t\t\t<div class=\"elementor-widget-wrap elementor-element-populated\">\n\t\t\t\t\t\t<div class=\"elementor-element elementor-element-a00b73b animated-slow elementor-widget__width-initial elementor-invisible elementor-widget elementor-widget-heading\" data-id=\"a00b73b\" data-element_type=\"widget\" data-e-type=\"widget\" data-settings=\"{&quot;_animation&quot;:&quot;fadeIn&quot;}\" data-widget_type=\"heading.default\">\n\t\t\t\t<div class=\"elementor-widget-container\">\n\t\t\t\t\t<h3 class=\"elementor-heading-title elementor-size-default\">Sempre llogat: taxa d'ocupaci\u00f3 del 100\u202f%<\/h3>\t\t\t\t<\/div>\n\t\t\t\t<\/div>\n\t\t\t\t<div class=\"elementor-element elementor-element-dc8dab2 elementor-invisible elementor-widget elementor-widget-text-editor\" data-id=\"dc8dab2\" data-element_type=\"widget\" data-e-type=\"widget\" data-settings=\"{&quot;_animation&quot;:&quot;fadeIn&quot;,&quot;_animation_delay&quot;:200}\" data-widget_type=\"text-editor.default\">\n\t\t\t\t<div class=\"elementor-widget-container\">\n\t\t\t\t\t\t\t\t\t<p><strong>El teu pis sempre ocupat i generant ingressos.<\/strong> Sense temps morts entre contractes ni p\u00e8rdues econ\u00f2miques.<\/p>\n\t\t\t\t\t\t\t\t<\/div>\n\t\t\t\t<\/div>\n\t\t\t\t\t<\/div>\n\t\t<\/div>\n\t\t\t\t<div class=\"elementor-column elementor-col-33 elementor-top-column elementor-element elementor-element-4577ca7\" data-id=\"4577ca7\" data-element_type=\"column\" data-e-type=\"column\" data-settings=\"{&quot;background_background&quot;:&quot;classic&quot;}\">\n\t\t\t<div class=\"elementor-widget-wrap elementor-element-populated\">\n\t\t\t\t\t\t<div class=\"elementor-element elementor-element-20c0137 animated-slow elementor-widget__width-initial elementor-invisible elementor-widget elementor-widget-heading\" data-id=\"20c0137\" data-element_type=\"widget\" data-e-type=\"widget\" data-settings=\"{&quot;_animation&quot;:&quot;fadeIn&quot;}\" data-widget_type=\"heading.default\">\n\t\t\t\t<div class=\"elementor-widget-container\">\n\t\t\t\t\t<h3 class=\"elementor-heading-title elementor-size-default\">Lloga amb la millor rendibilitat possible<\/h3>\t\t\t\t<\/div>\n\t\t\t\t<\/div>\n\t\t\t\t<div class=\"elementor-element elementor-element-ddea8f7 elementor-invisible elementor-widget elementor-widget-text-editor\" data-id=\"ddea8f7\" data-element_type=\"widget\" data-e-type=\"widget\" data-settings=\"{&quot;_animation&quot;:&quot;fadeIn&quot;,&quot;_animation_delay&quot;:200}\" data-widget_type=\"text-editor.default\">\n\t\t\t\t<div class=\"elementor-widget-container\">\n\t\t\t\t\t\t\t\t\t<p><strong>Maximitzem els teus ingressos sense que t\u2019hagis de preocupar de res.<\/strong> Ens encarreguem d\u2019optimitzar cada contracte segons el perfil i la durada.<\/p>\n\t\t\t\t\t\t\t\t<\/div>\n\t\t\t\t<\/div>\n\t\t\t\t\t<\/div>\n\t\t<\/div>\n\t\t\t\t<div class=\"elementor-column elementor-col-33 elementor-top-column elementor-element elementor-element-262ad12\" data-id=\"262ad12\" data-element_type=\"column\" data-e-type=\"column\" data-settings=\"{&quot;background_background&quot;:&quot;classic&quot;}\">\n\t\t\t<div class=\"elementor-widget-wrap elementor-element-populated\">\n\t\t\t\t\t\t<div class=\"elementor-element elementor-element-7d967d5 animated-slow elementor-widget__width-initial elementor-invisible elementor-widget elementor-widget-heading\" data-id=\"7d967d5\" data-element_type=\"widget\" data-e-type=\"widget\" data-settings=\"{&quot;_animation&quot;:&quot;fadeIn&quot;}\" data-widget_type=\"heading.default\">\n\t\t\t\t<div class=\"elementor-widget-container\">\n\t\t\t\t\t<h3 class=\"elementor-heading-title elementor-size-default\">Gesti\u00f3 adaptada a la normativa actual<\/h3>\t\t\t\t<\/div>\n\t\t\t\t<\/div>\n\t\t\t\t<div class=\"elementor-element elementor-element-915cd19 elementor-invisible elementor-widget elementor-widget-text-editor\" data-id=\"915cd19\" data-element_type=\"widget\" data-e-type=\"widget\" data-settings=\"{&quot;_animation&quot;:&quot;fadeIn&quot;,&quot;_animation_delay&quot;:200}\" data-widget_type=\"text-editor.default\">\n\t\t\t\t<div class=\"elementor-widget-container\">\n\t\t\t\t\t\t\t\t\t<p><strong>100\u202f% legal, 100\u202f% tranquil.<\/strong> Adaptem cada contracte a la normativa vigent i t\u2019avisem de qualsevol canvi legal rellevant.<\/p>\n\t\t\t\t\t\t\t\t<\/div>\n\t\t\t\t<\/div>\n\t\t\t\t\t<\/div>\n\t\t<\/div>\n\t\t\t\t\t<\/div>\n\t\t<\/section>\n\t\t\t\t<section data-particle_enable=\"false\" data-particle-mobile-disabled=\"false\" class=\"elementor-section elementor-top-section elementor-element elementor-element-8d9a8ef elementor-section-boxed elementor-section-height-default elementor-section-height-default\" data-id=\"8d9a8ef\" data-element_type=\"section\" data-e-type=\"section\">\n\t\t\t\t\t\t<div class=\"elementor-container elementor-column-gap-default\">\n\t\t\t\t\t<div class=\"elementor-column elementor-col-100 elementor-top-column elementor-element elementor-element-088f79a\" data-id=\"088f79a\" data-element_type=\"column\" data-e-type=\"column\">\n\t\t\t<div class=\"elementor-widget-wrap elementor-element-populated\">\n\t\t\t\t\t\t<div class=\"elementor-element elementor-element-a9a9cac elementor-widget elementor-widget-heading\" data-id=\"a9a9cac\" data-element_type=\"widget\" data-e-type=\"widget\" data-widget_type=\"heading.default\">\n\t\t\t\t<div class=\"elementor-widget-container\">\n\t\t\t\t\t<h2 class=\"elementor-heading-title elementor-size-default\">Preguntes Freq\u00fcents <br>A Lloguer Temporal Barcelona<\/h2>\t\t\t\t<\/div>\n\t\t\t\t<\/div>\n\t\t\t\t<div class=\"elementor-element elementor-element-e590473 elementor-widget elementor-widget-text-editor\" data-id=\"e590473\" data-element_type=\"widget\" data-e-type=\"widget\" data-widget_type=\"text-editor.default\">\n\t\t\t\t<div class=\"elementor-widget-container\">\n\t\t\t\t\t\t\t\t\t<p>Aquests s\u00f3n els dubtes m\u00e9s freq\u00fcents que tenen els nostres propietaris abans de llogar el seu pis per primer cop en la modalitat de temporada<\/p>\n\t\t\t\t\t\t\t\t<\/div>\n\t\t\t\t<\/div>\n\t\t\t\t<div class=\"elementor-element elementor-element-5f55620 elementor-widget elementor-widget-toggle\" data-id=\"5f55620\" data-element_type=\"widget\" data-e-type=\"widget\" data-widget_type=\"toggle.default\">\n\t\t\t\t<div class=\"elementor-widget-container\">\n\t\t\t\t\t\t\t<div class=\"elementor-toggle\">\n\t\t\t\t\t\t\t<div class=\"elementor-toggle-item\">\n\t\t\t\t\t<h3 id=\"elementor-tab-title-9991\" class=\"elementor-tab-title\" data-tab=\"1\" role=\"button\" aria-controls=\"elementor-tab-content-9991\" aria-expanded=\"false\">\n\t\t\t\t\t\t\t\t\t\t\t\t<span class=\"elementor-toggle-icon elementor-toggle-icon-right\" aria-hidden=\"true\">\n\t\t\t\t\t\t\t\t\t\t\t\t\t\t\t<span class=\"elementor-toggle-icon-closed\"><\/span>\n\t\t\t\t\t\t\t\t<span class=\"elementor-toggle-icon-opened\"><\/span>\n\t\t\t\t\t\t\t\t\t\t\t\t\t<\/span>\n\t\t\t\t\t\t\t\t\t\t\t\t<a class=\"elementor-toggle-title\" tabindex=\"0\">En qu\u00e8 es diferencia un Lloguer de Temporada d'un regulat per la LAU?<\/a>\n\t\t\t\t\t<\/h3>\n\n\t\t\t\t\t<div id=\"elementor-tab-content-9991\" class=\"elementor-tab-content elementor-clearfix\" data-tab=\"1\" role=\"region\" aria-labelledby=\"elementor-tab-title-9991\"><p><strong data-start=\"0\" data-end=\"35\" data-is-only-node=\"\">Principalment en tres aspectes:<\/strong><br data-start=\"35\" data-end=\"38\" \/>\u2013 No s\u2019aplica la limitaci\u00f3 legal del preu de la renda<br data-start=\"91\" data-end=\"94\" \/>\u2013 T\u00e9 una durada concreta i justificada<br data-start=\"132\" data-end=\"135\" \/>\u2013 Els honoraris els assumeix el llogater, no el propietari<\/p>\n<\/div>\n\t\t\t\t<\/div>\n\t\t\t\t\t\t\t<div class=\"elementor-toggle-item\">\n\t\t\t\t\t<h3 id=\"elementor-tab-title-9992\" class=\"elementor-tab-title\" data-tab=\"2\" role=\"button\" aria-controls=\"elementor-tab-content-9992\" aria-expanded=\"false\">\n\t\t\t\t\t\t\t\t\t\t\t\t<span class=\"elementor-toggle-icon elementor-toggle-icon-right\" aria-hidden=\"true\">\n\t\t\t\t\t\t\t\t\t\t\t\t\t\t\t<span class=\"elementor-toggle-icon-closed\"><\/span>\n\t\t\t\t\t\t\t\t<span class=\"elementor-toggle-icon-opened\"><\/span>\n\t\t\t\t\t\t\t\t\t\t\t\t\t<\/span>\n\t\t\t\t\t\t\t\t\t\t\t\t<a class=\"elementor-toggle-title\" tabindex=\"0\">La renda a sol.licitar a un Lloguer Temporal est\u00e0 limitada?<\/a>\n\t\t\t\t\t<\/h3>\n\n\t\t\t\t\t<div id=\"elementor-tab-content-9992\" class=\"elementor-tab-content elementor-clearfix\" data-tab=\"2\" role=\"region\" aria-labelledby=\"elementor-tab-title-9992\"><p>No. La declaraci\u00f3 de Barcelona com a \u00e0rea tensionada no afecta el lloguer temporal.<\/p>\n<\/div>\n\t\t\t\t<\/div>\n\t\t\t\t\t\t\t<div class=\"elementor-toggle-item\">\n\t\t\t\t\t<h3 id=\"elementor-tab-title-9993\" class=\"elementor-tab-title\" data-tab=\"3\" role=\"button\" aria-controls=\"elementor-tab-content-9993\" aria-expanded=\"false\">\n\t\t\t\t\t\t\t\t\t\t\t\t<span class=\"elementor-toggle-icon elementor-toggle-icon-right\" aria-hidden=\"true\">\n\t\t\t\t\t\t\t\t\t\t\t\t\t\t\t<span class=\"elementor-toggle-icon-closed\"><\/span>\n\t\t\t\t\t\t\t\t<span class=\"elementor-toggle-icon-opened\"><\/span>\n\t\t\t\t\t\t\t\t\t\t\t\t\t<\/span>\n\t\t\t\t\t\t\t\t\t\t\t\t<a class=\"elementor-toggle-title\" tabindex=\"0\">Existeixen honoraris per a la propietat si llogo el meu pis per temporada?<\/a>\n\t\t\t\t\t<\/h3>\n\n\t\t\t\t\t<div id=\"elementor-tab-content-9993\" class=\"elementor-tab-content elementor-clearfix\" data-tab=\"3\" role=\"region\" aria-labelledby=\"elementor-tab-title-9993\"><p>No. En els contractes de lloguer temporal, els honoraris els paga l\u2019arrendatari, no el propietari.<\/p>\n<\/div>\n\t\t\t\t<\/div>\n\t\t\t\t\t\t\t<div class=\"elementor-toggle-item\">\n\t\t\t\t\t<h3 id=\"elementor-tab-title-9994\" class=\"elementor-tab-title\" data-tab=\"4\" role=\"button\" aria-controls=\"elementor-tab-content-9994\" aria-expanded=\"false\">\n\t\t\t\t\t\t\t\t\t\t\t\t<span class=\"elementor-toggle-icon elementor-toggle-icon-right\" aria-hidden=\"true\">\n\t\t\t\t\t\t\t\t\t\t\t\t\t\t\t<span class=\"elementor-toggle-icon-closed\"><\/span>\n\t\t\t\t\t\t\t\t<span class=\"elementor-toggle-icon-opened\"><\/span>\n\t\t\t\t\t\t\t\t\t\t\t\t\t<\/span>\n\t\t\t\t\t\t\t\t\t\t\t\t<a class=\"elementor-toggle-title\" tabindex=\"0\">El Lloguer Temporal sempre ha de ser d'11 mesos?<\/a>\n\t\t\t\t\t<\/h3>\n\n\t\t\t\t\t<div id=\"elementor-tab-content-9994\" class=\"elementor-tab-content elementor-clearfix\" data-tab=\"4\" role=\"region\" aria-labelledby=\"elementor-tab-title-9994\"><p>Fals. Est\u00e0 extesa la creen\u00e7a que un lloguer temporal t\u00e9 aquesta limitaci\u00f3 per\u00f2 no \u00e9s aix\u00ed. El termini establert en el contracte vindr\u00e0 determinat per la necessitat que acrediti l&#8217;arrendatari. Per exemple, si la persona ve a realitzar un m\u00e0ster, vindr\u00e0 determinada per la duraci\u00f3 d&#8217;aquest (6 mesos, 14 mesos,&#8230;)<\/p>\n<\/div>\n\t\t\t\t<\/div>\n\t\t\t\t\t\t\t<div class=\"elementor-toggle-item\">\n\t\t\t\t\t<h3 id=\"elementor-tab-title-9995\" class=\"elementor-tab-title\" data-tab=\"5\" role=\"button\" aria-controls=\"elementor-tab-content-9995\" aria-expanded=\"false\">\n\t\t\t\t\t\t\t\t\t\t\t\t<span class=\"elementor-toggle-icon elementor-toggle-icon-right\" aria-hidden=\"true\">\n\t\t\t\t\t\t\t\t\t\t\t\t\t\t\t<span class=\"elementor-toggle-icon-closed\"><\/span>\n\t\t\t\t\t\t\t\t<span class=\"elementor-toggle-icon-opened\"><\/span>\n\t\t\t\t\t\t\t\t\t\t\t\t\t<\/span>\n\t\t\t\t\t\t\t\t\t\t\t\t<a class=\"elementor-toggle-title\" tabindex=\"0\">Quina documentaci\u00f3 haur\u00e9 d'aportar per a Llogar el meu Pis per Temporada?<\/a>\n\t\t\t\t\t<\/h3>\n\n\t\t\t\t\t<div id=\"elementor-tab-content-9995\" class=\"elementor-tab-content elementor-clearfix\" data-tab=\"5\" role=\"region\" aria-labelledby=\"elementor-tab-title-9995\"><p>T\u00edtol de propietat o poder de representaci\u00f3, i document d\u2019identitat. El mateix que per a un lloguer de llarga estada.<\/p>\n<\/div>\n\t\t\t\t<\/div>\n\t\t\t\t\t\t\t<div class=\"elementor-toggle-item\">\n\t\t\t\t\t<h3 id=\"elementor-tab-title-9996\" class=\"elementor-tab-title\" data-tab=\"6\" role=\"button\" aria-controls=\"elementor-tab-content-9996\" aria-expanded=\"false\">\n\t\t\t\t\t\t\t\t\t\t\t\t<span class=\"elementor-toggle-icon elementor-toggle-icon-right\" aria-hidden=\"true\">\n\t\t\t\t\t\t\t\t\t\t\t\t\t\t\t<span class=\"elementor-toggle-icon-closed\"><\/span>\n\t\t\t\t\t\t\t\t<span class=\"elementor-toggle-icon-opened\"><\/span>\n\t\t\t\t\t\t\t\t\t\t\t\t\t<\/span>\n\t\t\t\t\t\t\t\t\t\t\t\t<a class=\"elementor-toggle-title\" tabindex=\"0\">Qu\u00e8 passa si existeix algun desperfecte quan finalitza el contracte?<\/a>\n\t\t\t\t\t<\/h3>\n\n\t\t\t\t\t<div id=\"elementor-tab-content-9996\" class=\"elementor-tab-content elementor-clearfix\" data-tab=\"6\" role=\"region\" aria-labelledby=\"elementor-tab-title-9996\"><p>A la finalitzaci\u00f3 del contracte revisarem a fons l\u2019habitatge i comprovarem el funcionament perfecte de tots els electrodom\u00e8stics, aix\u00ed com l\u2019estat dels b\u00e9ns descrits a l\u2019inventari. Si hi ha danys o un \u00fas indegut, es descomptar\u00e0 l\u2019import corresponent de la fian\u00e7a del llogater.<\/p>\n<\/div>\n\t\t\t\t<\/div>\n\t\t\t\t\t\t\t<div class=\"elementor-toggle-item\">\n\t\t\t\t\t<h3 id=\"elementor-tab-title-9997\" class=\"elementor-tab-title\" data-tab=\"7\" role=\"button\" aria-controls=\"elementor-tab-content-9997\" aria-expanded=\"false\">\n\t\t\t\t\t\t\t\t\t\t\t\t<span class=\"elementor-toggle-icon elementor-toggle-icon-right\" aria-hidden=\"true\">\n\t\t\t\t\t\t\t\t\t\t\t\t\t\t\t<span class=\"elementor-toggle-icon-closed\"><\/span>\n\t\t\t\t\t\t\t\t<span class=\"elementor-toggle-icon-opened\"><\/span>\n\t\t\t\t\t\t\t\t\t\t\t\t\t<\/span>\n\t\t\t\t\t\t\t\t\t\t\t\t<a class=\"elementor-toggle-title\" tabindex=\"0\">Com comproveu que l'estada del llogater ser\u00e0 temporal?<\/a>\n\t\t\t\t\t<\/h3>\n\n\t\t\t\t\t<div id=\"elementor-tab-content-9997\" class=\"elementor-tab-content elementor-clearfix\" data-tab=\"7\" role=\"region\" aria-labelledby=\"elementor-tab-title-9997\"><p>Sol\u00b7licitem documentaci\u00f3 que justifiqui el motiu de l\u2019estada temporal (estudis, feina temporal, tractaments, etc.) abans de signar el contracte.<\/p>\n<\/div>\n\t\t\t\t<\/div>\n\t\t\t\t\t\t\t<div class=\"elementor-toggle-item\">\n\t\t\t\t\t<h3 id=\"elementor-tab-title-9998\" class=\"elementor-tab-title\" data-tab=\"8\" role=\"button\" aria-controls=\"elementor-tab-content-9998\" aria-expanded=\"false\">\n\t\t\t\t\t\t\t\t\t\t\t\t<span class=\"elementor-toggle-icon elementor-toggle-icon-right\" aria-hidden=\"true\">\n\t\t\t\t\t\t\t\t\t\t\t\t\t\t\t<span class=\"elementor-toggle-icon-closed\"><\/span>\n\t\t\t\t\t\t\t\t<span class=\"elementor-toggle-icon-opened\"><\/span>\n\t\t\t\t\t\t\t\t\t\t\t\t\t<\/span>\n\t\t\t\t\t\t\t\t\t\t\t\t<a class=\"elementor-toggle-title\" tabindex=\"0\">Quant de temps passa des de que un llogater abandona el pis fins que es torna a llogar?<\/a>\n\t\t\t\t\t<\/h3>\n\n\t\t\t\t\t<div id=\"elementor-tab-content-9998\" class=\"elementor-tab-content elementor-clearfix\" data-tab=\"8\" role=\"region\" aria-labelledby=\"elementor-tab-title-9998\"><p>Molt poc. Nom\u00e9s el necessari per fer una neteja a fons. En la majoria dels casos, en menys de 48 hores ja est\u00e0 llesta.<\/p>\n<\/div>\n\t\t\t\t<\/div>\n\t\t\t\t\t\t\t<div class=\"elementor-toggle-item\">\n\t\t\t\t\t<h3 id=\"elementor-tab-title-9999\" class=\"elementor-tab-title\" data-tab=\"9\" role=\"button\" aria-controls=\"elementor-tab-content-9999\" aria-expanded=\"false\">\n\t\t\t\t\t\t\t\t\t\t\t\t<span class=\"elementor-toggle-icon elementor-toggle-icon-right\" aria-hidden=\"true\">\n\t\t\t\t\t\t\t\t\t\t\t\t\t\t\t<span class=\"elementor-toggle-icon-closed\"><\/span>\n\t\t\t\t\t\t\t\t<span class=\"elementor-toggle-icon-opened\"><\/span>\n\t\t\t\t\t\t\t\t\t\t\t\t\t<\/span>\n\t\t\t\t\t\t\t\t\t\t\t\t<a class=\"elementor-toggle-title\" tabindex=\"0\">Haur\u00e9 de despla\u00e7ar-me a les vostres oficines cada cop que hagi de signar un nou contracte?<\/a>\n\t\t\t\t\t<\/h3>\n\n\t\t\t\t\t<div id=\"elementor-tab-content-9999\" class=\"elementor-tab-content elementor-clearfix\" data-tab=\"9\" role=\"region\" aria-labelledby=\"elementor-tab-title-9999\"><p>No. Pots signar de manera presencial o digital. Ambdues opcions estan legalment admeses.<\/p>\n<\/div>\n\t\t\t\t<\/div>\n\t\t\t\t\t\t\t<div class=\"elementor-toggle-item\">\n\t\t\t\t\t<h3 id=\"elementor-tab-title-99910\" class=\"elementor-tab-title\" data-tab=\"10\" role=\"button\" aria-controls=\"elementor-tab-content-99910\" aria-expanded=\"false\">\n\t\t\t\t\t\t\t\t\t\t\t\t<span class=\"elementor-toggle-icon elementor-toggle-icon-right\" aria-hidden=\"true\">\n\t\t\t\t\t\t\t\t\t\t\t\t\t\t\t<span class=\"elementor-toggle-icon-closed\"><\/span>\n\t\t\t\t\t\t\t\t<span class=\"elementor-toggle-icon-opened\"><\/span>\n\t\t\t\t\t\t\t\t\t\t\t\t\t<\/span>\n\t\t\t\t\t\t\t\t\t\t\t\t<a class=\"elementor-toggle-title\" tabindex=\"0\">Qu\u00e8 passaria si durant la vig\u00e8ncia d'un contracte temporal es modifiqu\u00e9s la normativa que el regula?<\/a>\n\t\t\t\t\t<\/h3>\n\n\t\t\t\t\t<div id=\"elementor-tab-content-99910\" class=\"elementor-tab-content elementor-clearfix\" data-tab=\"10\" role=\"region\" aria-labelledby=\"elementor-tab-title-99910\"><p>No canvia res. El contracte es mant\u00e9 en les condicions pactades (durada i renda) fins a la seva finalitzaci\u00f3.<\/p>\n<\/div>\n\t\t\t\t<\/div>\n\t\t\t\t\t\t\t<div class=\"elementor-toggle-item\">\n\t\t\t\t\t<h3 id=\"elementor-tab-title-99911\" class=\"elementor-tab-title\" data-tab=\"11\" role=\"button\" aria-controls=\"elementor-tab-content-99911\" aria-expanded=\"false\">\n\t\t\t\t\t\t\t\t\t\t\t\t<span class=\"elementor-toggle-icon elementor-toggle-icon-right\" aria-hidden=\"true\">\n\t\t\t\t\t\t\t\t\t\t\t\t\t\t\t<span class=\"elementor-toggle-icon-closed\"><\/span>\n\t\t\t\t\t\t\t\t<span class=\"elementor-toggle-icon-opened\"><\/span>\n\t\t\t\t\t\t\t\t\t\t\t\t\t<\/span>\n\t\t\t\t\t\t\t\t\t\t\t\t<a class=\"elementor-toggle-title\" tabindex=\"0\">Quin \u00e9s el perfil habitual del llogater en lloguer temporal?<\/a>\n\t\t\t\t\t<\/h3>\n\n\t\t\t\t\t<div id=\"elementor-tab-content-99911\" class=\"elementor-tab-content elementor-clearfix\" data-tab=\"11\" role=\"region\" aria-labelledby=\"elementor-tab-title-99911\"><p>Quin \u00e9s el perfil habitual del llogater en lloguer temporal?<\/p>\n<\/div>\n\t\t\t\t<\/div>\n\t\t\t\t\t\t\t<div class=\"elementor-toggle-item\">\n\t\t\t\t\t<h3 id=\"elementor-tab-title-99912\" class=\"elementor-tab-title\" data-tab=\"12\" role=\"button\" aria-controls=\"elementor-tab-content-99912\" aria-expanded=\"false\">\n\t\t\t\t\t\t\t\t\t\t\t\t<span class=\"elementor-toggle-icon elementor-toggle-icon-right\" aria-hidden=\"true\">\n\t\t\t\t\t\t\t\t\t\t\t\t\t\t\t<span class=\"elementor-toggle-icon-closed\"><\/span>\n\t\t\t\t\t\t\t\t<span class=\"elementor-toggle-icon-opened\"><\/span>\n\t\t\t\t\t\t\t\t\t\t\t\t\t<\/span>\n\t\t\t\t\t\t\t\t\t\t\t\t<a class=\"elementor-toggle-title\" tabindex=\"0\">\u00bfQu\u00e9 pasa si existen desperfectos al finalizar el contrato?<\/a>\n\t\t\t\t\t<\/h3>\n\n\t\t\t\t\t<div id=\"elementor-tab-content-99912\" class=\"elementor-tab-content elementor-clearfix\" data-tab=\"12\" role=\"region\" aria-labelledby=\"elementor-tab-title-99912\"><p data-start=\"6184\" data-end=\"6290\">Al finalizar el contrato realizamos una revisi\u00f3n completa del inmueble y del inventario firmado al inicio.<\/p>\n<p data-start=\"6292\" data-end=\"6392\">Si existen da\u00f1os o uso indebido, se descuenta el importe correspondiente de la fianza del inquilino.<\/p>\n<\/div>\n\t\t\t\t<\/div>\n\t\t\t\t\t\t\t<div class=\"elementor-toggle-item\">\n\t\t\t\t\t<h3 id=\"elementor-tab-title-99913\" class=\"elementor-tab-title\" data-tab=\"13\" role=\"button\" aria-controls=\"elementor-tab-content-99913\" aria-expanded=\"false\">\n\t\t\t\t\t\t\t\t\t\t\t\t<span class=\"elementor-toggle-icon elementor-toggle-icon-right\" aria-hidden=\"true\">\n\t\t\t\t\t\t\t\t\t\t\t\t\t\t\t<span class=\"elementor-toggle-icon-closed\"><\/span>\n\t\t\t\t\t\t\t\t<span class=\"elementor-toggle-icon-opened\"><\/span>\n\t\t\t\t\t\t\t\t\t\t\t\t\t<\/span>\n\t\t\t\t\t\t\t\t\t\t\t\t<a class=\"elementor-toggle-title\" tabindex=\"0\">\u00bfDebo desplazarme a vuestras oficinas para firmar un contrato?<\/a>\n\t\t\t\t\t<\/h3>\n\n\t\t\t\t\t<div id=\"elementor-tab-content-99913\" class=\"elementor-tab-content elementor-clearfix\" data-tab=\"13\" role=\"region\" aria-labelledby=\"elementor-tab-title-99913\"><p data-start=\"6470\" data-end=\"6597\">No necesariamente.<br data-start=\"6488\" data-end=\"6491\" \/>La firma puede realizarse <strong data-start=\"6517\" data-end=\"6550\">de forma presencial o digital<\/strong>, ya que ambas opciones son legalmente v\u00e1lidas.<\/p>\n<\/div>\n\t\t\t\t<\/div>\n\t\t\t\t\t\t\t\t<\/div>\n\t\t\t\t\t\t<\/div>\n\t\t\t\t<\/div>\n\t\t\t\t<div class=\"elementor-element elementor-element-3ec26c5 elementor-mobile-align-justify animated-fast elementor-align-center elementor-invisible elementor-widget elementor-widget-button\" data-id=\"3ec26c5\" data-element_type=\"widget\" data-e-type=\"widget\" data-settings=\"{&quot;_animation&quot;:&quot;fadeIn&quot;,&quot;_animation_delay&quot;:400}\" data-widget_type=\"button.default\">\n\t\t\t\t<div class=\"elementor-widget-container\">\n\t\t\t\t\t\t\t\t\t<div class=\"elementor-button-wrapper\">\n\t\t\t\t\t<a class=\"elementor-button elementor-button-link elementor-size-sm elementor-animation-float\" href=\"tel:934558535\">\n\t\t\t\t\t\t<span class=\"elementor-button-content-wrapper\">\n\t\t\t\t\t\t\t\t\t<span class=\"elementor-button-text\">Parlar amb un Expert en Lloguer Temporal<\/span>\n\t\t\t\t\t<\/span>\n\t\t\t\t\t<\/a>\n\t\t\t\t<\/div>\n\t\t\t\t\t\t\t\t<\/div>\n\t\t\t\t<\/div>\n\t\t\t\t\t<\/div>\n\t\t<\/div>\n\t\t\t\t\t<\/div>\n\t\t<\/section>\n\t\t\t\t<section data-particle_enable=\"false\" data-particle-mobile-disabled=\"false\" class=\"elementor-section elementor-top-section elementor-element elementor-element-c639d73 elementor-section-boxed elementor-section-height-default elementor-section-height-default\" data-id=\"c639d73\" data-element_type=\"section\" data-e-type=\"section\">\n\t\t\t\t\t\t<div class=\"elementor-container elementor-column-gap-default\">\n\t\t\t\t\t<div class=\"elementor-column elementor-col-50 elementor-top-column elementor-element elementor-element-244db6c\" data-id=\"244db6c\" data-element_type=\"column\" data-e-type=\"column\" data-settings=\"{&quot;background_background&quot;:&quot;classic&quot;}\">\n\t\t\t<div class=\"elementor-widget-wrap elementor-element-populated\">\n\t\t\t\t\t\t<div class=\"elementor-element elementor-element-516a395 elementor-widget elementor-widget-image\" data-id=\"516a395\" data-element_type=\"widget\" data-e-type=\"widget\" data-widget_type=\"image.default\">\n\t\t\t\t<div class=\"elementor-widget-container\">\n\t\t\t\t\t\t\t\t\t\t\t\t\t\t\t<img decoding=\"async\" width=\"466\" height=\"531\" src=\"https:\/\/puntohabitat.es\/wp-content\/uploads\/2024\/11\/AdobeStock_285052527.jpeg\" class=\"attachment-large size-large wp-image-81247\" alt=\"Alquiler Temporal Barcelona\" srcset=\"https:\/\/puntohabitat.es\/wp-content\/uploads\/2024\/11\/AdobeStock_285052527.jpeg 466w, https:\/\/puntohabitat.es\/wp-content\/uploads\/2024\/11\/AdobeStock_285052527-263x300.jpeg 263w\" sizes=\"(max-width: 466px) 100vw, 466px\" \/>\t\t\t\t\t\t\t\t\t\t\t\t\t\t\t<\/div>\n\t\t\t\t<\/div>\n\t\t\t\t\t<\/div>\n\t\t<\/div>\n\t\t\t\t<div class=\"elementor-column elementor-col-50 elementor-top-column elementor-element elementor-element-0b53109\" data-id=\"0b53109\" data-element_type=\"column\" data-e-type=\"column\" data-settings=\"{&quot;background_background&quot;:&quot;classic&quot;}\">\n\t\t\t<div class=\"elementor-widget-wrap elementor-element-populated\">\n\t\t\t\t\t\t<section data-particle_enable=\"false\" data-particle-mobile-disabled=\"false\" class=\"elementor-section elementor-inner-section elementor-element elementor-element-1ac7643 elementor-section-boxed elementor-section-height-default elementor-section-height-default\" data-id=\"1ac7643\" data-element_type=\"section\" data-e-type=\"section\">\n\t\t\t\t\t\t<div class=\"elementor-container elementor-column-gap-no\">\n\t\t\t\t\t<div class=\"elementor-column elementor-col-100 elementor-inner-column elementor-element elementor-element-ccfebdb\" data-id=\"ccfebdb\" data-element_type=\"column\" data-e-type=\"column\">\n\t\t\t<div class=\"elementor-widget-wrap elementor-element-populated\">\n\t\t\t\t\t\t<div class=\"elementor-element elementor-element-007e21a elementor-invisible elementor-widget elementor-widget-heading\" data-id=\"007e21a\" data-element_type=\"widget\" data-e-type=\"widget\" data-settings=\"{&quot;_animation&quot;:&quot;fadeIn&quot;,&quot;_animation_delay&quot;:400}\" data-widget_type=\"heading.default\">\n\t\t\t\t<div class=\"elementor-widget-container\">\n\t\t\t\t\t<h2 class=\"elementor-heading-title elementor-size-default\">Vols llogar el teu pis per temporada sense preocupacions? Nosaltres ens encarreguem de tot.<\/h2>\t\t\t\t<\/div>\n\t\t\t\t<\/div>\n\t\t\t\t<div class=\"elementor-element elementor-element-530ab93 elementor-button-align-center elementor-widget elementor-widget-form\" data-id=\"530ab93\" data-element_type=\"widget\" data-e-type=\"widget\" data-settings=\"{&quot;step_next_label&quot;:&quot;Next&quot;,&quot;step_previous_label&quot;:&quot;Previous&quot;,&quot;button_width_tablet&quot;:&quot;100&quot;,&quot;button_width&quot;:&quot;100&quot;,&quot;step_type&quot;:&quot;number_text&quot;,&quot;step_icon_shape&quot;:&quot;circle&quot;}\" data-widget_type=\"form.default\">\n\t\t\t\t<div class=\"elementor-widget-container\">\n\t\t\t\t\t\t\t<form class=\"elementor-form\" method=\"post\" data-wpl_tracker=\"{&quot;gtag&quot;:true,&quot;gtag_category&quot;:&quot;form&quot;,&quot;gtag_action&quot;:&quot;contact_submit&quot;,&quot;gtag_label&quot;:&quot;contact_page&quot;}\" class=\"events-tracker-for-elementor\" id=\"contact_form\" name=\"Formulari p\u00e0gina de contacte\" aria-label=\"Formulari p\u00e0gina de contacte\" novalidate=\"\">\n\t\t\t<input type=\"hidden\" name=\"post_id\" value=\"81270\"\/>\n\t\t\t<input type=\"hidden\" name=\"form_id\" value=\"530ab93\"\/>\n\t\t\t<input type=\"hidden\" name=\"referer_title\" value=\"PUNTO HABITAT\" \/>\n\n\t\t\t\n\t\t\t<div class=\"elementor-form-fields-wrapper elementor-labels-\">\n\t\t\t\t\t\t\t\t<div class=\"elementor-field-type-text elementor-field-group elementor-column elementor-field-group-name elementor-col-50 elementor-field-required\">\n\t\t\t\t\t\t\t\t\t\t\t\t<label for=\"form-field-name\" class=\"elementor-field-label elementor-screen-only\">\n\t\t\t\t\t\t\t\tNom\t\t\t\t\t\t\t<\/label>\n\t\t\t\t\t\t\t\t\t\t\t\t\t\t<input size=\"1\" type=\"text\" name=\"form_fields[name]\" id=\"form-field-name\" class=\"elementor-field elementor-size-md  elementor-field-textual\" placeholder=\"Nom\" required=\"required\">\n\t\t\t\t\t\t\t\t\t\t\t<\/div>\n\t\t\t\t\t\t\t\t<div class=\"elementor-field-type-email elementor-field-group elementor-column elementor-field-group-email elementor-col-50 elementor-md-50 elementor-field-required\">\n\t\t\t\t\t\t\t\t\t\t\t\t<label for=\"form-field-email\" class=\"elementor-field-label elementor-screen-only\">\n\t\t\t\t\t\t\t\tCorreu\t\t\t\t\t\t\t<\/label>\n\t\t\t\t\t\t\t\t\t\t\t\t\t\t<input size=\"1\" type=\"email\" name=\"form_fields[email]\" id=\"form-field-email\" class=\"elementor-field elementor-size-md  elementor-field-textual\" placeholder=\"Correu\" required=\"required\">\n\t\t\t\t\t\t\t\t\t\t\t<\/div>\n\t\t\t\t\t\t\t\t<div class=\"elementor-field-type-tel elementor-field-group elementor-column elementor-field-group-field_5057311 elementor-col-50 elementor-md-50 elementor-field-required\">\n\t\t\t\t\t\t\t\t\t\t\t\t<label for=\"form-field-field_5057311\" class=\"elementor-field-label elementor-screen-only\">\n\t\t\t\t\t\t\t\tTel\u00e8fon\t\t\t\t\t\t\t<\/label>\n\t\t\t\t\t\t\t\t<input size=\"1\" type=\"tel\" name=\"form_fields[field_5057311]\" id=\"form-field-field_5057311\" class=\"elementor-field elementor-size-md  elementor-field-textual\" placeholder=\"Tel\u00e8fon\" required=\"required\" pattern=\"[0-9()#&amp;+*-=.]+\" title=\"Only numbers and phone characters (#, -, *, etc) are accepted.\">\n\n\t\t\t\t\t\t<\/div>\n\t\t\t\t\t\t\t\t<div class=\"elementor-field-type-select elementor-field-group elementor-column elementor-field-group-field_d6c1e2e elementor-col-50 elementor-md-50 elementor-field-required\">\n\t\t\t\t\t\t\t\t\t\t\t\t<label for=\"form-field-field_d6c1e2e\" class=\"elementor-field-label elementor-screen-only\">\n\t\t\t\t\t\t\t\tService Type\t\t\t\t\t\t\t<\/label>\n\t\t\t\t\t\t\t\t<div class=\"elementor-field elementor-select-wrapper remove-before \">\n\t\t\t<div class=\"select-caret-down-wrapper\">\n\t\t\t\t<i aria-hidden=\"true\" class=\"eicon-caret-down\"><\/i>\t\t\t<\/div>\n\t\t\t<select name=\"form_fields[field_d6c1e2e]\" id=\"form-field-field_d6c1e2e\" class=\"elementor-field-textual elementor-size-md\" required=\"required\">\n\t\t\t\t\t\t\t\t\t<option value=\"Vendre el meu pis&lt;br&gt;Llogar el meu pis\">Vendre el meu pis&lt;br&gt;Llogar el meu pis<\/option>\n\t\t\t\t\t\t\t<\/select>\n\t\t<\/div>\n\t\t\t\t\t\t<\/div>\n\t\t\t\t\t\t\t\t<div class=\"elementor-field-type-textarea elementor-field-group elementor-column elementor-field-group-field_71766c7 elementor-col-100\">\n\t\t\t\t\t\t\t\t\t\t\t\t<label for=\"form-field-field_71766c7\" class=\"elementor-field-label elementor-screen-only\">\n\t\t\t\t\t\t\t\tMissatge\t\t\t\t\t\t\t<\/label>\n\t\t\t\t\t\t<textarea class=\"elementor-field-textual elementor-field  elementor-size-md\" name=\"form_fields[field_71766c7]\" id=\"form-field-field_71766c7\" rows=\"4\" placeholder=\"Missatge\"><\/textarea>\t\t\t\t<\/div>\n\t\t\t\t\t\t\t\t<div class=\"elementor-field-type-recaptcha_v3 elementor-field-group elementor-column elementor-field-group-field_4635489 elementor-col-100 recaptcha_v3-bottomleft\">\n\t\t\t\t\t<div class=\"elementor-field\" id=\"form-field-field_4635489\"><div class=\"elementor-g-recaptcha\" data-sitekey=\"6LfmtTgnAAAAAHvJRrobSqdiKDWwLbln3nRlSUjx\" data-type=\"v3\" data-action=\"Form\" data-badge=\"bottomleft\" data-size=\"invisible\"><\/div><\/div>\t\t\t\t<\/div>\n\t\t\t\t\t\t\t\t<div class=\"elementor-field-group elementor-column elementor-field-type-submit elementor-col-100 e-form__buttons elementor-md-100\">\n\t\t\t\t\t<button class=\"elementor-button elementor-size-md\" type=\"submit\">\n\t\t\t\t\t\t<span class=\"elementor-button-content-wrapper\">\n\t\t\t\t\t\t\t\t\t\t\t\t\t\t\t\t\t\t\t\t\t\t<span class=\"elementor-button-text\">Enviar<\/span>\n\t\t\t\t\t\t\t\t\t\t\t\t\t<\/span>\n\t\t\t\t\t<\/button>\n\t\t\t\t<\/div>\n\t\t\t<\/div>\n\t\t<\/form>\n\t\t\t\t\t\t<\/div>\n\t\t\t\t<\/div>\n\t\t\t\t\t<\/div>\n\t\t<\/div>\n\t\t\t\t\t<\/div>\n\t\t<\/section>\n\t\t\t\t\t<\/div>\n\t\t<\/div>\n\t\t\t\t\t<\/div>\n\t\t<\/section>\n\t\t\t\t<section data-particle_enable=\"false\" data-particle-mobile-disabled=\"false\" class=\"elementor-section elementor-top-section elementor-element elementor-element-590910dc elementor-section-height-min-height elementor-section-boxed elementor-section-height-default elementor-section-items-middle\" data-id=\"590910dc\" data-element_type=\"section\" data-e-type=\"section\" data-settings=\"{&quot;background_background&quot;:&quot;classic&quot;}\">\n\t\t\t\t\t\t\t<div class=\"elementor-background-overlay\"><\/div>\n\t\t\t\t\t\t\t<div class=\"elementor-container elementor-column-gap-default\">\n\t\t\t\t\t<div class=\"elementor-column elementor-col-100 elementor-top-column elementor-element elementor-element-2b3b097a\" data-id=\"2b3b097a\" data-element_type=\"column\" data-e-type=\"column\">\n\t\t\t<div class=\"elementor-widget-wrap elementor-element-populated\">\n\t\t\t\t\t\t<div class=\"elementor-element elementor-element-4736ae11 elementor-widget elementor-widget-image\" data-id=\"4736ae11\" data-element_type=\"widget\" data-e-type=\"widget\" data-widget_type=\"image.default\">\n\t\t\t\t<div class=\"elementor-widget-container\">\n\t\t\t\t\t\t\t\t\t\t\t\t\t\t\t\t<a href=\"https:\/\/puntohabitat.es\/ca\/\">\n\t\t\t\t\t\t\t<img loading=\"lazy\" decoding=\"async\" width=\"300\" height=\"20\" src=\"https:\/\/puntohabitat.es\/wp-content\/uploads\/2022\/11\/logo-transparente-0-e1668325384188-300x20.png\" class=\"attachment-medium size-medium wp-image-67946\" alt=\"PUNTO HABITAT inmobiliaria Barcelona\" srcset=\"https:\/\/puntohabitat.es\/wp-content\/uploads\/2022\/11\/logo-transparente-0-e1668325384188-300x20.png 300w, https:\/\/puntohabitat.es\/wp-content\/uploads\/2022\/11\/logo-transparente-0-e1668325384188-768x52.png 768w, https:\/\/puntohabitat.es\/wp-content\/uploads\/2022\/11\/logo-transparente-0-e1668325384188-496x34.png 496w, https:\/\/puntohabitat.es\/wp-content\/uploads\/2022\/11\/logo-transparente-0-e1668325384188.png 1000w\" sizes=\"(max-width: 300px) 100vw, 300px\" \/>\t\t\t\t\t\t\t\t<\/a>\n\t\t\t\t\t\t\t\t\t\t\t\t\t\t\t<\/div>\n\t\t\t\t<\/div>\n\t\t\t\t<div class=\"elementor-element elementor-element-5fa8c22e elementor-widget elementor-widget-heading\" data-id=\"5fa8c22e\" data-element_type=\"widget\" data-e-type=\"widget\" data-widget_type=\"heading.default\">\n\t\t\t\t<div class=\"elementor-widget-container\">\n\t\t\t\t\t<h2 class=\"elementor-heading-title elementor-size-default\">Serveis Immobiliaris a Barcelona des del 1995<\/h2>\t\t\t\t<\/div>\n\t\t\t\t<\/div>\n\t\t\t\t<div class=\"elementor-element elementor-element-1bb7c9f4 elementor-widget elementor-widget-text-editor\" data-id=\"1bb7c9f4\" data-element_type=\"widget\" data-e-type=\"widget\" data-widget_type=\"text-editor.default\">\n\t\t\t\t<div class=\"elementor-widget-container\">\n\t\t\t\t\t\t\t\t\t<p style=\"text-align: center;\">Una gesti\u00f3 personalitzada per a cada propietat<\/p>\n\t\t\t\t\t\t\t\t<\/div>\n\t\t\t\t<\/div>\n\t\t\t\t<div class=\"elementor-element elementor-element-4bbc40ae elementor-align-center elementor-widget elementor-widget-button\" data-id=\"4bbc40ae\" data-element_type=\"widget\" data-e-type=\"widget\" data-widget_type=\"button.default\">\n\t\t\t\t<div class=\"elementor-widget-container\">\n\t\t\t\t\t\t\t\t\t<div class=\"elementor-button-wrapper\">\n\t\t\t\t\t<a class=\"elementor-button elementor-button-link elementor-size-md\" href=\"https:\/\/maps.app.goo.gl\/mxHUFyg3KH17Jp3s8\">\n\t\t\t\t\t\t<span class=\"elementor-button-content-wrapper\">\n\t\t\t\t\t\t<span class=\"elementor-button-icon\">\n\t\t\t\t<i aria-hidden=\"true\" class=\"fas fa-long-arrow-alt-right\"><\/i>\t\t\t<\/span>\n\t\t\t\t\t\t\t\t\t<span class=\"elementor-button-text\">Visita'ns<\/span>\n\t\t\t\t\t<\/span>\n\t\t\t\t\t<\/a>\n\t\t\t\t<\/div>\n\t\t\t\t\t\t\t\t<\/div>\n\t\t\t\t<\/div>\n\t\t\t\t<div class=\"elementor-element elementor-element-5a8bdc2 animated-slow elementor-mobile-align-center elementor-align-center elementor-icon-list--layout-traditional elementor-list-item-link-full_width elementor-invisible elementor-widget elementor-widget-icon-list\" data-id=\"5a8bdc2\" data-element_type=\"widget\" data-e-type=\"widget\" data-settings=\"{&quot;_animation&quot;:&quot;fadeInUp&quot;,&quot;_animation_delay&quot;:200}\" data-widget_type=\"icon-list.default\">\n\t\t\t\t<div class=\"elementor-widget-container\">\n\t\t\t\t\t\t\t<ul class=\"elementor-icon-list-items\">\n\t\t\t\t\t\t\t<li class=\"elementor-icon-list-item\">\n\t\t\t\t\t\t\t\t\t\t\t<a href=\"tel:934558535\">\n\n\t\t\t\t\t\t\t\t\t\t\t\t<span class=\"elementor-icon-list-icon\">\n\t\t\t\t\t\t\t<i aria-hidden=\"true\" class=\"fas fa-phone-alt\"><\/i>\t\t\t\t\t\t<\/span>\n\t\t\t\t\t\t\t\t\t\t<span class=\"elementor-icon-list-text\">93 455 85 35<\/span>\n\t\t\t\t\t\t\t\t\t\t\t<\/a>\n\t\t\t\t\t\t\t\t\t<\/li>\n\t\t\t\t\t\t\t\t<li class=\"elementor-icon-list-item\">\n\t\t\t\t\t\t\t\t\t\t\t<a href=\"tel:935391410\">\n\n\t\t\t\t\t\t\t\t\t\t\t\t<span class=\"elementor-icon-list-icon\">\n\t\t\t\t\t\t\t<i aria-hidden=\"true\" class=\"fas fa-phone-alt\"><\/i>\t\t\t\t\t\t<\/span>\n\t\t\t\t\t\t\t\t\t\t<span class=\"elementor-icon-list-text\">93 539 14 10<\/span>\n\t\t\t\t\t\t\t\t\t\t\t<\/a>\n\t\t\t\t\t\t\t\t\t<\/li>\n\t\t\t\t\t\t\t\t<li class=\"elementor-icon-list-item\">\n\t\t\t\t\t\t\t\t\t\t\t<a href=\"mailto:info@puntohabitat.es\">\n\n\t\t\t\t\t\t\t\t\t\t\t\t<span class=\"elementor-icon-list-icon\">\n\t\t\t\t\t\t\t<i aria-hidden=\"true\" class=\"far fa-envelope\"><\/i>\t\t\t\t\t\t<\/span>\n\t\t\t\t\t\t\t\t\t\t<span class=\"elementor-icon-list-text\">info@puntohabitat.es<\/span>\n\t\t\t\t\t\t\t\t\t\t\t<\/a>\n\t\t\t\t\t\t\t\t\t<\/li>\n\t\t\t\t\t\t\t\t<li class=\"elementor-icon-list-item\">\n\t\t\t\t\t\t\t\t\t\t\t<a href=\"https:\/\/goo.gl\/maps\/cVhpM5Maz1q1q2Gt7\">\n\n\t\t\t\t\t\t\t\t\t\t\t\t<span class=\"elementor-icon-list-icon\">\n\t\t\t\t\t\t\t<i aria-hidden=\"true\" class=\"fas fa-map-marker-alt\"><\/i>\t\t\t\t\t\t<\/span>\n\t\t\t\t\t\t\t\t\t\t<span class=\"elementor-icon-list-text\">Passeig de Sant Joan 150 08037 Barcelona<\/span>\n\t\t\t\t\t\t\t\t\t\t\t<\/a>\n\t\t\t\t\t\t\t\t\t<\/li>\n\t\t\t\t\t\t\t\t<li class=\"elementor-icon-list-item\">\n\t\t\t\t\t\t\t\t\t\t\t<a href=\"https:\/\/goo.gl\/maps\/4awWxS66EunRYKBA9\">\n\n\t\t\t\t\t\t\t\t\t\t\t\t<span class=\"elementor-icon-list-icon\">\n\t\t\t\t\t\t\t<i aria-hidden=\"true\" class=\"fas fa-map-marker-alt\"><\/i>\t\t\t\t\t\t<\/span>\n\t\t\t\t\t\t\t\t\t\t<span class=\"elementor-icon-list-text\">Carrer de la Ind\u00fastria 137 08025 Barcelona<\/span>\n\t\t\t\t\t\t\t\t\t\t\t<\/a>\n\t\t\t\t\t\t\t\t\t<\/li>\n\t\t\t\t\t\t<\/ul>\n\t\t\t\t\t\t<\/div>\n\t\t\t\t<\/div>\n\t\t\t\t\t<\/div>\n\t\t<\/div>\n\t\t\t\t\t<\/div>\n\t\t<\/section>\n\t\t\t\t<section data-particle_enable=\"false\" data-particle-mobile-disabled=\"false\" class=\"elementor-section elementor-top-section elementor-element elementor-element-0ae8901 elementor-section-boxed elementor-section-height-default elementor-section-height-default\" data-id=\"0ae8901\" data-element_type=\"section\" data-e-type=\"section\">\n\t\t\t\t\t\t<div class=\"elementor-container elementor-column-gap-default\">\n\t\t\t\t\t<div class=\"elementor-column elementor-col-100 elementor-top-column elementor-element elementor-element-0846a58\" data-id=\"0846a58\" data-element_type=\"column\" data-e-type=\"column\">\n\t\t\t<div class=\"elementor-widget-wrap elementor-element-populated\">\n\t\t\t\t\t\t<div class=\"elementor-element elementor-element-cdb5d99 elementor-widget elementor-widget-html\" data-id=\"cdb5d99\" data-element_type=\"widget\" data-e-type=\"widget\" data-widget_type=\"html.default\">\n\t\t\t\t<div class=\"elementor-widget-container\">\n\t\t\t\t\t<script type=\"application\/ld+json\">{\"@context\":\"https:\/\/schema.org\",\"@graph\":[{\"@type\":\"FAQPage\",\"mainEntity\":[{\"@type\":\"Question\",\"name\":\"En qu\u00e8 es diferencia un lloguer de temporada d\u2019un regulat per la LAU?\",\"acceptedAnswer\":{\"@type\":\"Answer\",\"text\":\"Principalment en tres aspectes: no s\u2019aplica la limitaci\u00f3 legal de la renda, la durada est\u00e0 determinada pel motiu temporal acreditat i els honoraris els paga el llogater.\"}},{\"@type\":\"Question\",\"name\":\"La renda a sol\u00b7licitar en un lloguer temporal est\u00e0 limitada?\",\"acceptedAnswer\":{\"@type\":\"Answer\",\"text\":\"No. La declaraci\u00f3 de Barcelona com a zona tensionada no afecta el lloguer temporal, ja que no es regeix per la Llei d\u2019Arrendaments Urbans (LAU).\"}},{\"@type\":\"Question\",\"name\":\"Existeixen honoraris per a la propietat si llogo el meu pis de manera temporal?\",\"acceptedAnswer\":{\"@type\":\"Answer\",\"text\":\"No. En el lloguer temporal els honoraris els assumeix l\u2019arrendatari.\"}},{\"@type\":\"Question\",\"name\":\"El lloguer temporal ha de ser sempre d\u201911 mesos?\",\"acceptedAnswer\":{\"@type\":\"Answer\",\"text\":\"No. La durada dep\u00e8n del motiu acreditat pel llogater. Per exemple, si ve a fer un m\u00e0ster de 6, 10 o 14 mesos, aquesta ser\u00e0 la durada del contracte.\"}},{\"@type\":\"Question\",\"name\":\"Quina documentaci\u00f3 he d\u2019aportar per llogar el meu pis per temporada?\",\"acceptedAnswer\":{\"@type\":\"Answer\",\"text\":\"Necessites el t\u00edtol de propietat o poder de representaci\u00f3 i un document d\u2019identitat. \u00c9s similar a un lloguer de llarga estada.\"}},{\"@type\":\"Question\",\"name\":\"Qu\u00e8 passa si hi ha algun desperfecte en finalitzar el contracte?\",\"acceptedAnswer\":{\"@type\":\"Answer\",\"text\":\"Es revisa l\u2019estat de l\u2019immoble i l\u2019inventari. Si hi ha danys, el cost es dedueix de la fian\u00e7a abans de retornar-la al llogater.\"}},{\"@type\":\"Question\",\"name\":\"Com comproveu que l\u2019estada del llogater ser\u00e0 temporal?\",\"acceptedAnswer\":{\"@type\":\"Answer\",\"text\":\"Sol\u00b7licitem documentaci\u00f3 que justifiqui el motiu temporal de l\u2019estada (estudis, feina temporal, tractament m\u00e8dic, etc.).\"}},{\"@type\":\"Question\",\"name\":\"Quant temps passa des que un llogater deixa l\u2019habitatge fins que se signa un nou contracte?\",\"acceptedAnswer\":{\"@type\":\"Answer\",\"text\":\"Molt poc. En general, el temps necessari per fer una neteja a fons. Normalment, en menys de 48 hores est\u00e0 llesta per a un nou contracte.\"}},{\"@type\":\"Question\",\"name\":\"He d\u2019anar a les vostres oficines per signar un nou contracte?\",\"acceptedAnswer\":{\"@type\":\"Answer\",\"text\":\"No cal. Pots escollir entre signatura presencial o digital, ambdues s\u00f3n legalment v\u00e0lides.\"}},{\"@type\":\"Question\",\"name\":\"Qu\u00e8 passa si canvia la normativa durant la vig\u00e8ncia del contracte?\",\"acceptedAnswer\":{\"@type\":\"Answer\",\"text\":\"No canvia res. El contracte es mant\u00e9 amb les condicions pactades (preu i durada) fins a la seva finalitzaci\u00f3.\"}},{\"@type\":\"Question\",\"name\":\"M\u2019informareu si hi ha un canvi legal que m\u2019afecti com a propietari?\",\"acceptedAnswer\":{\"@type\":\"Answer\",\"text\":\"S\u00ed. Informem puntualment els nostres clients davant qualsevol canvi legislatiu rellevant. Tamb\u00e9 ho pots seguir al nostre blog.\"}},{\"@type\":\"Question\",\"name\":\"Quin perfil de llogater sol llogar per temporada?\",\"acceptedAnswer\":{\"@type\":\"Answer\",\"text\":\"Estudiants de m\u00e0ster, professionals despla\u00e7ats, pacients en tractament, persones entre habitatges habituals, entre altres perfils amb necessitat temporal acreditada.\"}}]},{\"@type\":\"Service\",\"name\":\"Lloguer temporal amb gesti\u00f3 professional a Barcelona\",\"description\":\"Gesti\u00f3 integral del lloguer temporal de pisos a Barcelona: selecci\u00f3 de llogaters, contractes adaptats a la normativa, asseguran\u00e7a de cobrament, neteja, manteniment i atenci\u00f3 cont\u00ednua.\",\"serviceType\":\"Gesti\u00f3 de lloguer de temporada a Barcelona\",\"mainEntityOfPage\":{\"@type\":\"WebPage\",\"@id\":\"https:\/\/puntohabitat.es\/ca\/lloguer-temporal-barcelona\/\"},\"provider\":{\"@type\":\"RealEstateAgent\",\"name\":\"PUNTO HABITAT\",\"url\":\"https:\/\/puntohabitat.es\/\",\"logo\":\"https:\/\/puntohabitat.es\/wp-content\/uploads\/2023\/12\/logo-ph-oscuro.svg\",\"image\":\"https:\/\/puntohabitat.es\/wp-content\/uploads\/2023\/12\/logo-ph-oscuro.svg\",\"telephone\":\"+34 934 558 535\",\"priceRange\":\"rang mitj\u00e0\",\"address\":{\"@type\":\"PostalAddress\",\"streetAddress\":\"Passeig de Sant Joan 150\",\"addressLocality\":\"Barcelona\",\"postalCode\":\"08037\",\"addressCountry\":\"ES\"},\"sameAs\":[\"https:\/\/www.facebook.com\/puntohabitat\/?locale=es_ES\",\"https:\/\/www.instagram.com\/puntohabitat\/\",\"https:\/\/www.tiktok.com\/@puntohabitat\",\"https:\/\/www.youtube.com\/@puntohabitat\",\"https:\/\/www.idealista.com\/pro\/punto-habitat\/\",\"https:\/\/www.fotocasa.es\/es\/inmobiliaria-punto-habitat\/comprar\/inmuebles\/espana\/todas-las-zonas\/?clientId=94-308&cod_e=6012\",\"https:\/\/www.habitaclia.com\/inmobiliaria-punto_habitat_38188_1\/\",\"https:\/\/www.yaencontre.com\/inmobiliarias\/punto-habitat-50997\",\"https:\/\/realadvisor.es\/es\/agencias-inmobiliarias\/agencia-punto-habitat\",\"https:\/\/jobtodoby.com\/es\/company\/inmobiliaria-punto-habitat-J5aSYILang\",\"https:\/\/www.google.com\/maps\/place\/PUNTO+HABITAT+Inmobiliaria\/@41.4089577,2.1734368\",\"https:\/\/www.google.com\/maps\/place\/PUNTO+HABITAT+Inmobiliaria\/@41.4021447,2.1663913\"]},\"areaServed\":{\"@type\":\"Place\",\"name\":\"Barcelona\"},\"offers\":{\"@type\":\"Offer\",\"price\":\"A consultar\",\"priceCurrency\":\"EUR\",\"priceValidUntil\":\"2026-12-31\",\"url\":\"https:\/\/puntohabitat.es\/ca\/lloguer-temporal-barcelona\/\"}}]}<\/script><br><br>\t\t\t\t<\/div>\n\t\t\t\t<\/div>\n\t\t\t\t\t<\/div>\n\t\t<\/div>\n\t\t\t\t\t<\/div>\n\t\t<\/section>\n\t\t\t\t<\/div>\n\t\t","protected":false},"excerpt":{"rendered":"<p>Lloguer Temporal Barcelona Gesti\u00f3n del alquiler temporal adaptada a la normativa vigente en Barcelona. 100% Ocupaci\u00f3 M\u00e0xima Rendibilitat Perfils Seleccionats Truca&#8217;ns Gesti\u00f3 Professional del Lloguer Temporal a Barcelona Lloguer Temporal a Barcelona sense complicacions. A PUNTO HABITAT gestionem el lloguer temporal de m\u00e9s de 200 pisos a Barcelona. Lloguer Temporal del teu Pis a Barcelona [&hellip;]<\/p>\n","protected":false},"author":2,"featured_media":0,"parent":0,"menu_order":0,"comment_status":"closed","ping_status":"closed","template":"elementor_header_footer","meta":{"footnotes":""},"class_list":["post-81270","page","type-page","status-publish","hentry"],"yoast_head":"<!-- This site is optimized with the Yoast SEO plugin v27.5 - https:\/\/yoast.com\/product\/yoast-seo-wordpress\/ -->\n<title>Lloguer Temporal Barcelona | Informaci\u00f3 Propietaris<\/title>\n<meta name=\"description\" content=\"Lloguer Temporal Barcelona per a Propietaris. Aqu\u00ed tota la informaci\u00f3 i assessorament Gratu\u00eft pel teu Lloguer a Barcelona. Contacta Ara.\" \/>\n<meta name=\"robots\" content=\"index, follow, max-snippet:-1, max-image-preview:large, max-video-preview:-1\" \/>\n<link rel=\"canonical\" href=\"https:\/\/puntohabitat.es\/ca\/lloguer-temporal-barcelona\/\" \/>\n<meta property=\"og:locale\" content=\"ca_ES\" \/>\n<meta property=\"og:type\" content=\"article\" \/>\n<meta property=\"og:title\" content=\"Lloguer Temporal Barcelona | Informaci\u00f3 Propietaris\" \/>\n<meta property=\"og:description\" content=\"Lloguer Temporal Barcelona per a Propietaris. Aqu\u00ed tota la informaci\u00f3 i assessorament Gratu\u00eft pel teu Lloguer a Barcelona. Contacta Ara.\" \/>\n<meta property=\"og:url\" content=\"https:\/\/puntohabitat.es\/ca\/lloguer-temporal-barcelona\/\" \/>\n<meta property=\"og:site_name\" content=\"PUNTO HABITAT\" \/>\n<meta property=\"article:publisher\" content=\"https:\/\/www.facebook.com\/puntohabitat\" \/>\n<meta property=\"article:modified_time\" content=\"2025-12-26T21:21:22+00:00\" \/>\n<meta property=\"og:image\" content=\"https:\/\/puntohabitat.es\/wp-content\/uploads\/2025\/01\/AdobeStock_524234140.webp\" \/>\n\t<meta property=\"og:image:width\" content=\"1200\" \/>\n\t<meta property=\"og:image:height\" content=\"900\" \/>\n\t<meta property=\"og:image:type\" content=\"image\/webp\" \/>\n<meta name=\"twitter:card\" content=\"summary_large_image\" \/>\n<meta name=\"twitter:site\" content=\"@puntohabitat\" \/>\n<meta name=\"twitter:label1\" content=\"Temps estimat de lectura\" \/>\n\t<meta name=\"twitter:data1\" content=\"5 minuts\" \/>\n<script type=\"application\/ld+json\" class=\"yoast-schema-graph\">{\"@context\":\"https:\\\/\\\/schema.org\",\"@graph\":[{\"@type\":\"WebPage\",\"@id\":\"https:\\\/\\\/puntohabitat.es\\\/ca\\\/lloguer-temporal-barcelona\\\/\",\"url\":\"https:\\\/\\\/puntohabitat.es\\\/ca\\\/lloguer-temporal-barcelona\\\/\",\"name\":\"Lloguer Temporal Barcelona | Informaci\u00f3 Propietaris\",\"isPartOf\":{\"@id\":\"https:\\\/\\\/puntohabitat.es\\\/ca\\\/#website\"},\"primaryImageOfPage\":{\"@id\":\"https:\\\/\\\/puntohabitat.es\\\/ca\\\/lloguer-temporal-barcelona\\\/#primaryimage\"},\"image\":{\"@id\":\"https:\\\/\\\/puntohabitat.es\\\/ca\\\/lloguer-temporal-barcelona\\\/#primaryimage\"},\"thumbnailUrl\":\"https:\\\/\\\/puntohabitat.es\\\/wp-content\\\/uploads\\\/2025\\\/01\\\/AdobeStock_524234140-1024x768.webp\",\"datePublished\":\"2024-11-16T10:50:06+00:00\",\"dateModified\":\"2025-12-26T21:21:22+00:00\",\"description\":\"Lloguer Temporal Barcelona per a Propietaris. Aqu\u00ed tota la informaci\u00f3 i assessorament Gratu\u00eft pel teu Lloguer a Barcelona. Contacta Ara.\",\"breadcrumb\":{\"@id\":\"https:\\\/\\\/puntohabitat.es\\\/ca\\\/lloguer-temporal-barcelona\\\/#breadcrumb\"},\"inLanguage\":\"ca\",\"potentialAction\":[{\"@type\":\"ReadAction\",\"target\":[\"https:\\\/\\\/puntohabitat.es\\\/ca\\\/lloguer-temporal-barcelona\\\/\"]}]},{\"@type\":\"ImageObject\",\"inLanguage\":\"ca\",\"@id\":\"https:\\\/\\\/puntohabitat.es\\\/ca\\\/lloguer-temporal-barcelona\\\/#primaryimage\",\"url\":\"https:\\\/\\\/puntohabitat.es\\\/wp-content\\\/uploads\\\/2025\\\/01\\\/AdobeStock_524234140-1024x768.webp\",\"contentUrl\":\"https:\\\/\\\/puntohabitat.es\\\/wp-content\\\/uploads\\\/2025\\\/01\\\/AdobeStock_524234140-1024x768.webp\"},{\"@type\":\"BreadcrumbList\",\"@id\":\"https:\\\/\\\/puntohabitat.es\\\/ca\\\/lloguer-temporal-barcelona\\\/#breadcrumb\",\"itemListElement\":[{\"@type\":\"ListItem\",\"position\":1,\"name\":\"Inicio\",\"item\":\"https:\\\/\\\/puntohabitat.es\\\/ca\\\/\"},{\"@type\":\"ListItem\",\"position\":2,\"name\":\"Lloguer Temporal Barcelona\"}]},{\"@type\":\"WebSite\",\"@id\":\"https:\\\/\\\/puntohabitat.es\\\/ca\\\/#website\",\"url\":\"https:\\\/\\\/puntohabitat.es\\\/ca\\\/\",\"name\":\"PUNTO HABITAT\",\"description\":\"Inmobiliaria Barcelona | Venta y alquiler de pisos Barcelona | Gesti\u00f3n de alquiler\",\"publisher\":{\"@id\":\"https:\\\/\\\/puntohabitat.es\\\/ca\\\/#organization\"},\"potentialAction\":[{\"@type\":\"SearchAction\",\"target\":{\"@type\":\"EntryPoint\",\"urlTemplate\":\"https:\\\/\\\/puntohabitat.es\\\/ca\\\/?s={search_term_string}\"},\"query-input\":{\"@type\":\"PropertyValueSpecification\",\"valueRequired\":true,\"valueName\":\"search_term_string\"}}],\"inLanguage\":\"ca\"},{\"@type\":\"Organization\",\"@id\":\"https:\\\/\\\/puntohabitat.es\\\/ca\\\/#organization\",\"name\":\"PUNTO HABITAT\",\"url\":\"https:\\\/\\\/puntohabitat.es\\\/ca\\\/\",\"logo\":{\"@type\":\"ImageObject\",\"inLanguage\":\"ca\",\"@id\":\"https:\\\/\\\/puntohabitat.es\\\/ca\\\/#\\\/schema\\\/logo\\\/image\\\/\",\"url\":\"https:\\\/\\\/puntohabitat.es\\\/wp-content\\\/uploads\\\/2022\\\/06\\\/icono-apple-ipad-retina.jpg\",\"contentUrl\":\"https:\\\/\\\/puntohabitat.es\\\/wp-content\\\/uploads\\\/2022\\\/06\\\/icono-apple-ipad-retina.jpg\",\"width\":145,\"height\":145,\"caption\":\"PUNTO HABITAT\"},\"image\":{\"@id\":\"https:\\\/\\\/puntohabitat.es\\\/ca\\\/#\\\/schema\\\/logo\\\/image\\\/\"},\"sameAs\":[\"https:\\\/\\\/www.facebook.com\\\/puntohabitat\",\"https:\\\/\\\/x.com\\\/puntohabitat\",\"https:\\\/\\\/www.instagram.com\\\/puntohabitat\\\/\",\"https:\\\/\\\/www.linkedin.com\\\/in\\\/puntohabitat\\\/\",\"https:\\\/\\\/www.youtube.com\\\/c\\\/puntohabitatinmobiliariaBarcelona\",\"https:\\\/\\\/www.tiktok.com\\\/@puntohabitat\"]}]}<\/script>\n<!-- \/ Yoast SEO plugin. -->","yoast_head_json":{"title":"Lloguer Temporal Barcelona | Informaci\u00f3 Propietaris","description":"Lloguer Temporal Barcelona per a Propietaris. Aqu\u00ed tota la informaci\u00f3 i assessorament Gratu\u00eft pel teu Lloguer a Barcelona. Contacta Ara.","robots":{"index":"index","follow":"follow","max-snippet":"max-snippet:-1","max-image-preview":"max-image-preview:large","max-video-preview":"max-video-preview:-1"},"canonical":"https:\/\/puntohabitat.es\/ca\/lloguer-temporal-barcelona\/","og_locale":"ca_ES","og_type":"article","og_title":"Lloguer Temporal Barcelona | Informaci\u00f3 Propietaris","og_description":"Lloguer Temporal Barcelona per a Propietaris. Aqu\u00ed tota la informaci\u00f3 i assessorament Gratu\u00eft pel teu Lloguer a Barcelona. Contacta Ara.","og_url":"https:\/\/puntohabitat.es\/ca\/lloguer-temporal-barcelona\/","og_site_name":"PUNTO HABITAT","article_publisher":"https:\/\/www.facebook.com\/puntohabitat","article_modified_time":"2025-12-26T21:21:22+00:00","og_image":[{"width":1200,"height":900,"url":"https:\/\/puntohabitat.es\/wp-content\/uploads\/2025\/01\/AdobeStock_524234140.webp","type":"image\/webp"}],"twitter_card":"summary_large_image","twitter_site":"@puntohabitat","twitter_misc":{"Temps estimat de lectura":"5 minuts"},"schema":{"@context":"https:\/\/schema.org","@graph":[{"@type":"WebPage","@id":"https:\/\/puntohabitat.es\/ca\/lloguer-temporal-barcelona\/","url":"https:\/\/puntohabitat.es\/ca\/lloguer-temporal-barcelona\/","name":"Lloguer Temporal Barcelona | Informaci\u00f3 Propietaris","isPartOf":{"@id":"https:\/\/puntohabitat.es\/ca\/#website"},"primaryImageOfPage":{"@id":"https:\/\/puntohabitat.es\/ca\/lloguer-temporal-barcelona\/#primaryimage"},"image":{"@id":"https:\/\/puntohabitat.es\/ca\/lloguer-temporal-barcelona\/#primaryimage"},"thumbnailUrl":"https:\/\/puntohabitat.es\/wp-content\/uploads\/2025\/01\/AdobeStock_524234140-1024x768.webp","datePublished":"2024-11-16T10:50:06+00:00","dateModified":"2025-12-26T21:21:22+00:00","description":"Lloguer Temporal Barcelona per a Propietaris. Aqu\u00ed tota la informaci\u00f3 i assessorament Gratu\u00eft pel teu Lloguer a Barcelona. Contacta Ara.","breadcrumb":{"@id":"https:\/\/puntohabitat.es\/ca\/lloguer-temporal-barcelona\/#breadcrumb"},"inLanguage":"ca","potentialAction":[{"@type":"ReadAction","target":["https:\/\/puntohabitat.es\/ca\/lloguer-temporal-barcelona\/"]}]},{"@type":"ImageObject","inLanguage":"ca","@id":"https:\/\/puntohabitat.es\/ca\/lloguer-temporal-barcelona\/#primaryimage","url":"https:\/\/puntohabitat.es\/wp-content\/uploads\/2025\/01\/AdobeStock_524234140-1024x768.webp","contentUrl":"https:\/\/puntohabitat.es\/wp-content\/uploads\/2025\/01\/AdobeStock_524234140-1024x768.webp"},{"@type":"BreadcrumbList","@id":"https:\/\/puntohabitat.es\/ca\/lloguer-temporal-barcelona\/#breadcrumb","itemListElement":[{"@type":"ListItem","position":1,"name":"Inicio","item":"https:\/\/puntohabitat.es\/ca\/"},{"@type":"ListItem","position":2,"name":"Lloguer Temporal Barcelona"}]},{"@type":"WebSite","@id":"https:\/\/puntohabitat.es\/ca\/#website","url":"https:\/\/puntohabitat.es\/ca\/","name":"PUNTO HABITAT","description":"Inmobiliaria Barcelona | Venta y alquiler de pisos Barcelona | Gesti\u00f3n de alquiler","publisher":{"@id":"https:\/\/puntohabitat.es\/ca\/#organization"},"potentialAction":[{"@type":"SearchAction","target":{"@type":"EntryPoint","urlTemplate":"https:\/\/puntohabitat.es\/ca\/?s={search_term_string}"},"query-input":{"@type":"PropertyValueSpecification","valueRequired":true,"valueName":"search_term_string"}}],"inLanguage":"ca"},{"@type":"Organization","@id":"https:\/\/puntohabitat.es\/ca\/#organization","name":"PUNTO HABITAT","url":"https:\/\/puntohabitat.es\/ca\/","logo":{"@type":"ImageObject","inLanguage":"ca","@id":"https:\/\/puntohabitat.es\/ca\/#\/schema\/logo\/image\/","url":"https:\/\/puntohabitat.es\/wp-content\/uploads\/2022\/06\/icono-apple-ipad-retina.jpg","contentUrl":"https:\/\/puntohabitat.es\/wp-content\/uploads\/2022\/06\/icono-apple-ipad-retina.jpg","width":145,"height":145,"caption":"PUNTO HABITAT"},"image":{"@id":"https:\/\/puntohabitat.es\/ca\/#\/schema\/logo\/image\/"},"sameAs":["https:\/\/www.facebook.com\/puntohabitat","https:\/\/x.com\/puntohabitat","https:\/\/www.instagram.com\/puntohabitat\/","https:\/\/www.linkedin.com\/in\/puntohabitat\/","https:\/\/www.youtube.com\/c\/puntohabitatinmobiliariaBarcelona","https:\/\/www.tiktok.com\/@puntohabitat"]}]}},"_links":{"self":[{"href":"https:\/\/puntohabitat.es\/ca\/wp-json\/wp\/v2\/pages\/81270","targetHints":{"allow":["GET"]}}],"collection":[{"href":"https:\/\/puntohabitat.es\/ca\/wp-json\/wp\/v2\/pages"}],"about":[{"href":"https:\/\/puntohabitat.es\/ca\/wp-json\/wp\/v2\/types\/page"}],"author":[{"embeddable":true,"href":"https:\/\/puntohabitat.es\/ca\/wp-json\/wp\/v2\/users\/2"}],"replies":[{"embeddable":true,"href":"https:\/\/puntohabitat.es\/ca\/wp-json\/wp\/v2\/comments?post=81270"}],"version-history":[{"count":0,"href":"https:\/\/puntohabitat.es\/ca\/wp-json\/wp\/v2\/pages\/81270\/revisions"}],"wp:attachment":[{"href":"https:\/\/puntohabitat.es\/ca\/wp-json\/wp\/v2\/media?parent=81270"}],"curies":[{"name":"wp","href":"https:\/\/api.w.org\/{rel}","templated":true}]}}