{"id":88559,"date":"2025-05-07T16:20:04","date_gmt":"2025-05-07T14:20:04","guid":{"rendered":"https:\/\/puntohabitat.es\/vols-llogar-el-teu-pis-a-barcelona\/"},"modified":"2025-08-28T07:27:34","modified_gmt":"2025-08-28T05:27:34","slug":"calcular-preu-lloguer-barcelona","status":"publish","type":"page","link":"https:\/\/puntohabitat.es\/ca\/calcular-preu-lloguer-barcelona\/","title":{"rendered":"Vols llogar el teu pis a Barcelona?"},"content":{"rendered":"\t\t<div data-elementor-type=\"wp-page\" data-elementor-id=\"88559\" class=\"elementor elementor-88559 elementor-87162\" data-elementor-post-type=\"page\">\n\t\t\t\t\t\t<section data-particle_enable=\"false\" data-particle-mobile-disabled=\"false\" class=\"elementor-section elementor-top-section elementor-element elementor-element-632d343 elementor-section-full_width elementor-hidden-tablet elementor-hidden-mobile elementor-section-height-default elementor-section-height-default\" data-id=\"632d343\" data-element_type=\"section\" data-e-type=\"section\" data-settings=\"{&quot;background_background&quot;:&quot;classic&quot;}\">\n\t\t\t\t\t\t\t<div class=\"elementor-background-overlay\"><\/div>\n\t\t\t\t\t\t\t<div class=\"elementor-container elementor-column-gap-default\">\n\t\t\t\t\t<div class=\"elementor-column elementor-col-50 elementor-top-column elementor-element elementor-element-ef3d162\" data-id=\"ef3d162\" data-element_type=\"column\" data-e-type=\"column\">\n\t\t\t<div class=\"elementor-widget-wrap elementor-element-populated\">\n\t\t\t\t\t\t<section data-particle_enable=\"false\" data-particle-mobile-disabled=\"false\" class=\"elementor-section elementor-inner-section elementor-element elementor-element-cb35de9 elementor-section-full_width elementor-section-height-default elementor-section-height-default\" data-id=\"cb35de9\" data-element_type=\"section\" data-e-type=\"section\">\n\t\t\t\t\t\t<div class=\"elementor-container elementor-column-gap-no\">\n\t\t\t\t\t<div class=\"elementor-column elementor-col-100 elementor-inner-column elementor-element elementor-element-cb2fb8d\" data-id=\"cb2fb8d\" data-element_type=\"column\" data-e-type=\"column\">\n\t\t\t<div class=\"elementor-widget-wrap elementor-element-populated\">\n\t\t\t\t\t\t<div class=\"elementor-element elementor-element-f239776 elementor-widget elementor-widget-image\" data-id=\"f239776\" data-element_type=\"widget\" data-e-type=\"widget\" data-widget_type=\"image.default\">\n\t\t\t\t<div class=\"elementor-widget-container\">\n\t\t\t\t\t\t\t\t\t\t\t\t\t\t\t<img decoding=\"async\" width=\"300\" height=\"20\" src=\"https:\/\/puntohabitat.es\/wp-content\/uploads\/2022\/05\/logo-web-transparente-e1662796605608-300x20.png\" class=\"attachment-medium size-medium wp-image-67886\" alt=\"\" srcset=\"https:\/\/puntohabitat.es\/wp-content\/uploads\/2022\/05\/logo-web-transparente-e1662796605608-300x20.png 300w, https:\/\/puntohabitat.es\/wp-content\/uploads\/2022\/05\/logo-web-transparente-e1662796605608-1024x70.png 1024w, https:\/\/puntohabitat.es\/wp-content\/uploads\/2022\/05\/logo-web-transparente-e1662796605608-768x52.png 768w, https:\/\/puntohabitat.es\/wp-content\/uploads\/2022\/05\/logo-web-transparente-e1662796605608-1536x104.png 1536w, https:\/\/puntohabitat.es\/wp-content\/uploads\/2022\/05\/logo-web-transparente-e1662796605608-2048x139.png 2048w, https:\/\/puntohabitat.es\/wp-content\/uploads\/2022\/05\/logo-web-transparente-e1662796605608-150x10.png 150w, https:\/\/puntohabitat.es\/wp-content\/uploads\/2022\/05\/logo-web-transparente-e1662796605608-350x24.png 350w, https:\/\/puntohabitat.es\/wp-content\/uploads\/2022\/05\/logo-web-transparente-e1662796605608-320x22.png 320w, https:\/\/puntohabitat.es\/wp-content\/uploads\/2022\/05\/logo-web-transparente-e1662796605608-480x33.png 480w, https:\/\/puntohabitat.es\/wp-content\/uploads\/2022\/05\/logo-web-transparente-e1662796605608-800x54.png 800w\" sizes=\"(max-width: 300px) 100vw, 300px\" \/>\t\t\t\t\t\t\t\t\t\t\t\t\t\t\t<\/div>\n\t\t\t\t<\/div>\n\t\t\t\t<div class=\"elementor-element elementor-element-3159b30 elementor-widget elementor-widget-heading\" data-id=\"3159b30\" data-element_type=\"widget\" data-e-type=\"widget\" data-widget_type=\"heading.default\">\n\t\t\t\t<div class=\"elementor-widget-container\">\n\t\t\t\t\t<h1 class=\"elementor-heading-title elementor-size-default\">Calcula el preu de lloguer del teu pis a Barcelona<\/h1>\t\t\t\t<\/div>\n\t\t\t\t<\/div>\n\t\t\t\t<div class=\"elementor-element elementor-element-095923d elementor-widget elementor-widget-text-editor\" data-id=\"095923d\" data-element_type=\"widget\" data-e-type=\"widget\" data-widget_type=\"text-editor.default\">\n\t\t\t\t<div class=\"elementor-widget-container\">\n\t\t\t\t\t\t\t\t\t<p>Obt\u00e9 el preu m\u00e0xim legal del teu pis i rep una valoraci\u00f3 experta per llogar amb seguretat<\/p>\n\t\t\t\t\t\t\t\t<\/div>\n\t\t\t\t<\/div>\n\t\t\t\t<div class=\"elementor-element elementor-element-6126fc7 elementor-widget elementor-widget-eael-creative-button\" data-id=\"6126fc7\" data-element_type=\"widget\" data-e-type=\"widget\" data-settings=\"{&quot;_animation_mobile&quot;:&quot;bounce&quot;}\" scroll-suave=\"\" data-widget_type=\"eael-creative-button.default\">\n\t\t\t\t<div class=\"elementor-widget-container\">\n\t\t\t\t\t        <div class=\"eael-creative-button-wrapper\">\n\n            <a class=\"eael-creative-button eael-creative-button--default eael-cb-icon-position-\" href=\"#formulario-valoracion\" data-text=\"Go!\">\n            \t    \n                <div class=\"creative-button-inner\">\n\n                    \n                    <span class=\"cretive-button-text\">Descobrir el preu del meu lloguer<\/span>\n\n                                    <\/div>\n\t                        <\/a>\n        <\/div>\n        \t\t\t\t<\/div>\n\t\t\t\t<\/div>\n\t\t\t\t<div class=\"elementor-element elementor-element-4aa69bc elementor-widget elementor-widget-text-editor\" data-id=\"4aa69bc\" data-element_type=\"widget\" data-e-type=\"widget\" data-widget_type=\"text-editor.default\">\n\t\t\t\t<div class=\"elementor-widget-container\">\n\t\t\t\t\t\t\t\t\t<p>100% gratu\u00eft i sense comprom\u00eds<\/p>\n\t\t\t\t\t\t\t\t<\/div>\n\t\t\t\t<\/div>\n\t\t\t\t\t<\/div>\n\t\t<\/div>\n\t\t\t\t\t<\/div>\n\t\t<\/section>\n\t\t\t\t\t<\/div>\n\t\t<\/div>\n\t\t\t\t<div class=\"elementor-column elementor-col-50 elementor-top-column elementor-element elementor-element-354067b\" data-id=\"354067b\" data-element_type=\"column\" data-e-type=\"column\">\n\t\t\t<div class=\"elementor-widget-wrap elementor-element-populated\">\n\t\t\t\t\t\t<section data-particle_enable=\"false\" data-particle-mobile-disabled=\"false\" class=\"elementor-section elementor-inner-section elementor-element elementor-element-dbf7224 elementor-section-full_width elementor-reverse-tablet elementor-reverse-mobile elementor-section-height-default elementor-section-height-default\" data-id=\"dbf7224\" data-element_type=\"section\" data-e-type=\"section\">\n\t\t\t\t\t\t<div class=\"elementor-container elementor-column-gap-no\">\n\t\t\t\t\t<div class=\"elementor-column elementor-col-100 elementor-inner-column elementor-element elementor-element-9a0ae8e\" data-id=\"9a0ae8e\" data-element_type=\"column\" data-e-type=\"column\">\n\t\t\t<div class=\"elementor-widget-wrap elementor-element-populated\">\n\t\t\t\t\t\t<div class=\"elementor-element elementor-element-cf8a991 elementor-widget elementor-widget-spacer\" data-id=\"cf8a991\" data-element_type=\"widget\" data-e-type=\"widget\" data-widget_type=\"spacer.default\">\n\t\t\t\t<div class=\"elementor-widget-container\">\n\t\t\t\t\t\t\t<div class=\"elementor-spacer\">\n\t\t\t<div class=\"elementor-spacer-inner\"><\/div>\n\t\t<\/div>\n\t\t\t\t\t\t<\/div>\n\t\t\t\t<\/div>\n\t\t\t\t\t<\/div>\n\t\t<\/div>\n\t\t\t\t\t<\/div>\n\t\t<\/section>\n\t\t\t\t\t<\/div>\n\t\t<\/div>\n\t\t\t\t\t<\/div>\n\t\t<\/section>\n\t\t\t\t<section data-particle_enable=\"false\" data-particle-mobile-disabled=\"false\" class=\"elementor-section elementor-top-section elementor-element elementor-element-bede5c2 elementor-section-full_width elementor-hidden-desktop elementor-section-height-default elementor-section-height-default\" data-id=\"bede5c2\" data-element_type=\"section\" data-e-type=\"section\" data-settings=\"{&quot;background_background&quot;:&quot;gradient&quot;}\">\n\t\t\t\t\t\t\t<div class=\"elementor-background-overlay\"><\/div>\n\t\t\t\t\t\t\t<div class=\"elementor-container elementor-column-gap-default\">\n\t\t\t\t\t<div class=\"elementor-column elementor-col-50 elementor-top-column elementor-element elementor-element-b6ae99d\" data-id=\"b6ae99d\" data-element_type=\"column\" data-e-type=\"column\">\n\t\t\t<div class=\"elementor-widget-wrap elementor-element-populated\">\n\t\t\t\t\t\t<section data-particle_enable=\"false\" data-particle-mobile-disabled=\"false\" class=\"elementor-section elementor-inner-section elementor-element elementor-element-b64d5b7 elementor-section-full_width elementor-section-height-default elementor-section-height-default\" data-id=\"b64d5b7\" data-element_type=\"section\" data-e-type=\"section\">\n\t\t\t\t\t\t<div class=\"elementor-container elementor-column-gap-no\">\n\t\t\t\t\t<div class=\"elementor-column elementor-col-100 elementor-inner-column elementor-element elementor-element-1f80fc3\" data-id=\"1f80fc3\" data-element_type=\"column\" data-e-type=\"column\">\n\t\t\t<div class=\"elementor-widget-wrap elementor-element-populated\">\n\t\t\t\t\t\t<div class=\"elementor-element elementor-element-e523609 elementor-widget elementor-widget-image\" data-id=\"e523609\" data-element_type=\"widget\" data-e-type=\"widget\" data-widget_type=\"image.default\">\n\t\t\t\t<div class=\"elementor-widget-container\">\n\t\t\t\t\t\t\t\t\t\t\t\t\t\t\t<img decoding=\"async\" width=\"300\" height=\"20\" src=\"https:\/\/puntohabitat.es\/wp-content\/uploads\/2022\/05\/logo-web-transparente-e1662796605608-300x20.png\" class=\"attachment-medium size-medium wp-image-67886\" alt=\"\" srcset=\"https:\/\/puntohabitat.es\/wp-content\/uploads\/2022\/05\/logo-web-transparente-e1662796605608-300x20.png 300w, https:\/\/puntohabitat.es\/wp-content\/uploads\/2022\/05\/logo-web-transparente-e1662796605608-1024x70.png 1024w, https:\/\/puntohabitat.es\/wp-content\/uploads\/2022\/05\/logo-web-transparente-e1662796605608-768x52.png 768w, https:\/\/puntohabitat.es\/wp-content\/uploads\/2022\/05\/logo-web-transparente-e1662796605608-1536x104.png 1536w, https:\/\/puntohabitat.es\/wp-content\/uploads\/2022\/05\/logo-web-transparente-e1662796605608-2048x139.png 2048w, https:\/\/puntohabitat.es\/wp-content\/uploads\/2022\/05\/logo-web-transparente-e1662796605608-150x10.png 150w, https:\/\/puntohabitat.es\/wp-content\/uploads\/2022\/05\/logo-web-transparente-e1662796605608-350x24.png 350w, https:\/\/puntohabitat.es\/wp-content\/uploads\/2022\/05\/logo-web-transparente-e1662796605608-320x22.png 320w, https:\/\/puntohabitat.es\/wp-content\/uploads\/2022\/05\/logo-web-transparente-e1662796605608-480x33.png 480w, https:\/\/puntohabitat.es\/wp-content\/uploads\/2022\/05\/logo-web-transparente-e1662796605608-800x54.png 800w\" sizes=\"(max-width: 300px) 100vw, 300px\" \/>\t\t\t\t\t\t\t\t\t\t\t\t\t\t\t<\/div>\n\t\t\t\t<\/div>\n\t\t\t\t<div class=\"elementor-element elementor-element-1e9853c elementor-widget elementor-widget-heading\" data-id=\"1e9853c\" data-element_type=\"widget\" data-e-type=\"widget\" data-widget_type=\"heading.default\">\n\t\t\t\t<div class=\"elementor-widget-container\">\n\t\t\t\t\t<h2 class=\"elementor-heading-title elementor-size-default\">Calcula el preu del lloguer del teu pis a Barcelona<\/h2>\t\t\t\t<\/div>\n\t\t\t\t<\/div>\n\t\t\t\t<div class=\"elementor-element elementor-element-ff0a0c8 elementor-widget elementor-widget-text-editor\" data-id=\"ff0a0c8\" data-element_type=\"widget\" data-e-type=\"widget\" data-widget_type=\"text-editor.default\">\n\t\t\t\t<div class=\"elementor-widget-container\">\n\t\t\t\t\t\t\t\t\t<p>Obt\u00e9 el preu m\u00e0xim legal del teu pis i rep una valoraci\u00f3 experta per llogar amb seguretat<\/p>\n\t\t\t\t\t\t\t\t<\/div>\n\t\t\t\t<\/div>\n\t\t\t\t<div class=\"elementor-element elementor-element-695d072 elementor-widget elementor-widget-eael-creative-button\" data-id=\"695d072\" data-element_type=\"widget\" data-e-type=\"widget\" data-settings=\"{&quot;_animation_mobile&quot;:&quot;bounce&quot;}\" scroll-suave=\"\" data-widget_type=\"eael-creative-button.default\">\n\t\t\t\t<div class=\"elementor-widget-container\">\n\t\t\t\t\t        <div class=\"eael-creative-button-wrapper\">\n\n            <a class=\"eael-creative-button eael-creative-button--default eael-cb-icon-position-\" href=\"#formulario-valoracion\" data-text=\"Go!\">\n            \t    \n                <div class=\"creative-button-inner\">\n\n                    \n                    <span class=\"cretive-button-text\">Descobrir el preu del meu lloguer<\/span>\n\n                                    <\/div>\n\t                        <\/a>\n        <\/div>\n        \t\t\t\t<\/div>\n\t\t\t\t<\/div>\n\t\t\t\t<div class=\"elementor-element elementor-element-00634f9 elementor-widget elementor-widget-text-editor\" data-id=\"00634f9\" data-element_type=\"widget\" data-e-type=\"widget\" data-widget_type=\"text-editor.default\">\n\t\t\t\t<div class=\"elementor-widget-container\">\n\t\t\t\t\t\t\t\t\t<p>100% gratu\u00eft i sense comprom\u00eds<\/p>\n\t\t\t\t\t\t\t\t<\/div>\n\t\t\t\t<\/div>\n\t\t\t\t\t<\/div>\n\t\t<\/div>\n\t\t\t\t\t<\/div>\n\t\t<\/section>\n\t\t\t\t\t<\/div>\n\t\t<\/div>\n\t\t\t\t<div class=\"elementor-column elementor-col-50 elementor-top-column elementor-element elementor-element-f08a710\" data-id=\"f08a710\" data-element_type=\"column\" data-e-type=\"column\">\n\t\t\t<div class=\"elementor-widget-wrap elementor-element-populated\">\n\t\t\t\t\t\t<section data-particle_enable=\"false\" data-particle-mobile-disabled=\"false\" class=\"elementor-section elementor-inner-section elementor-element elementor-element-b0309c5 elementor-section-full_width elementor-reverse-tablet elementor-reverse-mobile elementor-section-height-default elementor-section-height-default\" data-id=\"b0309c5\" data-element_type=\"section\" data-e-type=\"section\">\n\t\t\t\t\t\t<div class=\"elementor-container elementor-column-gap-no\">\n\t\t\t\t\t<div class=\"elementor-column elementor-col-100 elementor-inner-column elementor-element elementor-element-ce906d1\" data-id=\"ce906d1\" data-element_type=\"column\" data-e-type=\"column\">\n\t\t\t<div class=\"elementor-widget-wrap elementor-element-populated\">\n\t\t\t\t\t\t<div class=\"elementor-element elementor-element-7dcf4e0 elementor-widget elementor-widget-spacer\" data-id=\"7dcf4e0\" data-element_type=\"widget\" data-e-type=\"widget\" data-widget_type=\"spacer.default\">\n\t\t\t\t<div class=\"elementor-widget-container\">\n\t\t\t\t\t\t\t<div class=\"elementor-spacer\">\n\t\t\t<div class=\"elementor-spacer-inner\"><\/div>\n\t\t<\/div>\n\t\t\t\t\t\t<\/div>\n\t\t\t\t<\/div>\n\t\t\t\t\t<\/div>\n\t\t<\/div>\n\t\t\t\t\t<\/div>\n\t\t<\/section>\n\t\t\t\t\t<\/div>\n\t\t<\/div>\n\t\t\t\t\t<\/div>\n\t\t<\/section>\n\t\t\t\t<section data-particle_enable=\"false\" data-particle-mobile-disabled=\"false\" class=\"elementor-section elementor-top-section elementor-element elementor-element-ebd875b elementor-section-content-middle elementor-section-boxed elementor-section-height-default elementor-section-height-default\" data-id=\"ebd875b\" data-element_type=\"section\" data-e-type=\"section\" data-settings=\"{&quot;background_background&quot;:&quot;classic&quot;}\">\n\t\t\t\t\t\t\t<div class=\"elementor-background-overlay\"><\/div>\n\t\t\t\t\t\t\t<div class=\"elementor-container elementor-column-gap-no\">\n\t\t\t\t\t<div class=\"elementor-column elementor-col-100 elementor-top-column elementor-element elementor-element-89007e0\" data-id=\"89007e0\" data-element_type=\"column\" data-e-type=\"column\" data-settings=\"{&quot;background_background&quot;:&quot;classic&quot;}\">\n\t\t\t<div class=\"elementor-widget-wrap elementor-element-populated\">\n\t\t\t\t\t\t<div class=\"elementor-element elementor-element-3fe0967 elementor-widget elementor-widget-heading\" data-id=\"3fe0967\" data-element_type=\"widget\" data-e-type=\"widget\" data-widget_type=\"heading.default\">\n\t\t\t\t<div class=\"elementor-widget-container\">\n\t\t\t\t\t<h3 class=\"elementor-heading-title elementor-size-default\">Calcula ara el preu m\u00e0xim legal del teu lloguer<\/h3>\t\t\t\t<\/div>\n\t\t\t\t<\/div>\n\t\t\t\t<div class=\"elementor-element elementor-element-46f1731 elementor-widget elementor-widget-menu-anchor\" data-id=\"46f1731\" data-element_type=\"widget\" data-e-type=\"widget\" data-widget_type=\"menu-anchor.default\">\n\t\t\t\t<div class=\"elementor-widget-container\">\n\t\t\t\t\t\t\t<div class=\"elementor-menu-anchor\" id=\"formulario-valoracion\"><\/div>\n\t\t\t\t\t\t<\/div>\n\t\t\t\t<\/div>\n\t\t\t\t<div class=\"elementor-element elementor-element-9fc5408 elementor-widget elementor-widget-text-editor\" data-id=\"9fc5408\" data-element_type=\"widget\" data-e-type=\"widget\" data-widget_type=\"text-editor.default\">\n\t\t\t\t<div class=\"elementor-widget-container\">\n\t\t\t\t\t\t\t\t\t<p>Nom\u00e9s 3 passos r\u00e0pids: barri, tipus de pis i les teves dades de contacte<\/p>\n\t\t\t\t\t\t\t\t<\/div>\n\t\t\t\t<\/div>\n\t\t\t\t<div class=\"elementor-element elementor-element-30bd7f0 elementor-button-align-stretch elementor-widget elementor-widget-form\" data-id=\"30bd7f0\" data-element_type=\"widget\" data-e-type=\"widget\" data-settings=\"{&quot;step_next_label&quot;:&quot;Seg\\u00fcent&quot;,&quot;step_previous_label&quot;:&quot;Anterior&quot;,&quot;step_type&quot;:&quot;icon_text&quot;,&quot;button_width&quot;:&quot;100&quot;,&quot;step_icon_shape&quot;:&quot;circle&quot;}\" data-widget_type=\"form.default\">\n\t\t\t\t<div class=\"elementor-widget-container\">\n\t\t\t\t\t\t\t<form class=\"elementor-form\" method=\"post\" name=\"Nou formulari\" aria-label=\"Nou formulari\">\n\t\t\t<input type=\"hidden\" name=\"post_id\" value=\"88559\"\/>\n\t\t\t<input type=\"hidden\" name=\"form_id\" value=\"30bd7f0\"\/>\n\t\t\t<input type=\"hidden\" name=\"referer_title\" value=\"Calcula el preu del lloguer del teu pis a Barcelona | PUNTO HABITAT\" \/>\n\n\t\t\t\t\t\t\t<input type=\"hidden\" name=\"queried_id\" value=\"88559\"\/>\n\t\t\t\n\t\t\t<div class=\"elementor-form-fields-wrapper elementor-labels-above\">\n\t\t\t\t\t\t\t\t<div class=\"elementor-field-type-step elementor-field-group elementor-column elementor-field-group-field_3155df3 elementor-col-100\">\n\t\t\t\t\t\t\t<div class=\"e-field-step elementor-hidden\" data-label=\"On est\u00e0 el teu pis?\" data-previousButton=\"\" data-nextButton=\"Seg\u00fcent\" data-iconUrl=\"\" data-iconLibrary=\"icon icon-location\" data-icon=\"\" ><\/div>\n\n\t\t\t\t\t\t<\/div>\n\t\t\t\t\t\t\t\t<div class=\"elementor-field-type-select elementor-field-group elementor-column elementor-field-group-field_d49798d elementor-col-100 elementor-field-required\">\n\t\t\t\t\t\t\t<div class=\"elementor-field elementor-select-wrapper remove-before \">\n\t\t\t<div class=\"select-caret-down-wrapper\">\n\t\t\t\t<i aria-hidden=\"true\" class=\"eicon-caret-down\"><\/i>\t\t\t<\/div>\n\t\t\t<select name=\"form_fields[field_d49798d]\" id=\"form-field-field_d49798d\" class=\"elementor-field-textual elementor-size-sm\" required=\"required\">\n\t\t\t\t\t\t\t\t\t<option value=\"Ciutat Vella&lt;br&gt;Eixample&lt;br&gt;Sants-Montju\u00efc&lt;br&gt;Les Corts&lt;br&gt;Sarri\u00e0-Sant Gervasi&lt;br&gt;Gr\u00e0cia&lt;br&gt;Horta-Guinard\u00f3&lt;br&gt;Nou Barris&lt;br&gt;Sant Andreu&lt;br&gt;Sant Mart\u00ed\">Ciutat Vella&lt;br&gt;Eixample&lt;br&gt;Sants-Montju\u00efc&lt;br&gt;Les Corts&lt;br&gt;Sarri\u00e0-Sant Gervasi&lt;br&gt;Gr\u00e0cia&lt;br&gt;Horta-Guinard\u00f3&lt;br&gt;Nou Barris&lt;br&gt;Sant Andreu&lt;br&gt;Sant Mart\u00ed<\/option>\n\t\t\t\t\t\t\t<\/select>\n\t\t<\/div>\n\t\t\t\t\t\t<\/div>\n\t\t\t\t\t\t\t\t<div class=\"elementor-field-type-step elementor-field-group elementor-column elementor-field-group-field_d1bd53f elementor-col-100\">\n\t\t\t\t\t\t\t<div class=\"e-field-step elementor-hidden\" data-label=\"Tipus de propietat\" data-previousButton=\"Tornar\" data-nextButton=\"Seg\u00fcent\" data-iconUrl=\"\" data-iconLibrary=\"icon icon-shop\" data-icon=\"\" ><\/div>\n\n\t\t\t\t\t\t<\/div>\n\t\t\t\t\t\t\t\t<div class=\"elementor-field-type-select elementor-field-group elementor-column elementor-field-group-field_449d657 elementor-col-100 elementor-field-required\">\n\t\t\t\t\t\t\t\t\t\t\t\t<label for=\"form-field-field_449d657\" class=\"elementor-field-label\">\n\t\t\t\t\t\t\t\tQuin tipus de propietat \u00e9s?\t\t\t\t\t\t\t<\/label>\n\t\t\t\t\t\t\t\t<div class=\"elementor-field elementor-select-wrapper remove-before \">\n\t\t\t<div class=\"select-caret-down-wrapper\">\n\t\t\t\t<i aria-hidden=\"true\" class=\"eicon-caret-down\"><\/i>\t\t\t<\/div>\n\t\t\t<select name=\"form_fields[field_449d657]\" id=\"form-field-field_449d657\" class=\"elementor-field-textual elementor-size-sm\" required=\"required\">\n\t\t\t\t\t\t\t\t\t<option value=\"Pis&lt;br&gt;\u00c0tic&lt;br&gt;Casa&lt;br&gt;Local\">Pis&lt;br&gt;\u00c0tic&lt;br&gt;Casa&lt;br&gt;Local<\/option>\n\t\t\t\t\t\t\t<\/select>\n\t\t<\/div>\n\t\t\t\t\t\t<\/div>\n\t\t\t\t\t\t\t\t<div class=\"elementor-field-type-step elementor-field-group elementor-column elementor-field-group-field_e508840 elementor-col-100\">\n\t\t\t\t\t\t\t<div class=\"e-field-step elementor-hidden\" data-label=\"Dades de contacte\" data-previousButton=\"Tornar\" data-nextButton=\"Enviar\" data-iconUrl=\"\" data-iconLibrary=\"icon icon-mail-1\" data-icon=\"\" ><\/div>\n\n\t\t\t\t\t\t<\/div>\n\t\t\t\t\t\t\t\t<div class=\"elementor-field-type-text elementor-field-group elementor-column elementor-field-group-field_7f66a7c elementor-col-100 elementor-field-required\">\n\t\t\t\t\t\t\t\t\t\t\t\t<label for=\"form-field-field_7f66a7c\" class=\"elementor-field-label\">\n\t\t\t\t\t\t\t\tNom\t\t\t\t\t\t\t<\/label>\n\t\t\t\t\t\t\t\t\t\t\t\t\t\t<input size=\"1\" type=\"text\" name=\"form_fields[field_7f66a7c]\" id=\"form-field-field_7f66a7c\" class=\"elementor-field elementor-size-sm  elementor-field-textual\" required=\"required\">\n\t\t\t\t\t\t\t\t\t\t\t<\/div>\n\t\t\t\t\t\t\t\t<div class=\"elementor-field-type-email elementor-field-group elementor-column elementor-field-group-field_d3006d7 elementor-col-100 elementor-field-required\">\n\t\t\t\t\t\t\t\t\t\t\t\t<label for=\"form-field-field_d3006d7\" class=\"elementor-field-label\">\n\t\t\t\t\t\t\t\tAdre\u00e7a electr\u00f2nica\t\t\t\t\t\t\t<\/label>\n\t\t\t\t\t\t\t\t\t\t\t\t\t\t<input size=\"1\" type=\"email\" name=\"form_fields[field_d3006d7]\" id=\"form-field-field_d3006d7\" class=\"elementor-field elementor-size-sm  elementor-field-textual\" required=\"required\">\n\t\t\t\t\t\t\t\t\t\t\t<\/div>\n\t\t\t\t\t\t\t\t<div class=\"elementor-field-type-tel elementor-field-group elementor-column elementor-field-group-field_78b08f0 elementor-col-100 elementor-field-required\">\n\t\t\t\t\t\t\t\t\t\t\t\t<label for=\"form-field-field_78b08f0\" class=\"elementor-field-label\">\n\t\t\t\t\t\t\t\tTel\u00e8fon\t\t\t\t\t\t\t<\/label>\n\t\t\t\t\t\t\t\t<input size=\"1\" type=\"tel\" name=\"form_fields[field_78b08f0]\" id=\"form-field-field_78b08f0\" class=\"elementor-field elementor-size-sm  elementor-field-textual\" required=\"required\" pattern=\"[0-9()#&amp;+*-=.]+\" title=\"Only numbers and phone characters (#, -, *, etc) are accepted.\">\n\n\t\t\t\t\t\t<\/div>\n\t\t\t\t\t\t\t\t<div class=\"elementor-field-type-acceptance elementor-field-group elementor-column elementor-field-group-field_177fbd7 elementor-col-100 elementor-field-required\">\n\t\t\t\t\t\t\t\t\t\t\t\t<label for=\"form-field-field_177fbd7\" class=\"elementor-field-label\">\n\t\t\t\t\t\t\t\tPrivacitat\t\t\t\t\t\t\t<\/label>\n\t\t\t\t\t\t\t\t<div class=\"elementor-field-subgroup\">\n\t\t\t<span class=\"elementor-field-option\">\n\t\t\t\t<input type=\"checkbox\" name=\"form_fields[field_177fbd7]\" id=\"form-field-field_177fbd7\" class=\"elementor-field elementor-size-sm  elementor-acceptance-field\" required=\"required\">\n\t\t\t\t<label for=\"form-field-field_177fbd7\">Accepto els Termes d\u2019\u00das i la Pol\u00edtica de Privacitat<\/label>\t\t\t<\/span>\n\t\t<\/div>\n\t\t\t\t\t\t<\/div>\n\t\t\t\t\t\t\t\t<div class=\"elementor-field-group elementor-column elementor-field-type-submit elementor-col-100 e-form__buttons\">\n\t\t\t\t\t<button class=\"elementor-button elementor-size-sm\" type=\"submit\">\n\t\t\t\t\t\t<span class=\"elementor-button-content-wrapper\">\n\t\t\t\t\t\t\t\t\t\t\t\t\t\t\t\t\t\t\t\t\t\t<span class=\"elementor-button-text\">Enviar<\/span>\n\t\t\t\t\t\t\t\t\t\t\t\t\t<\/span>\n\t\t\t\t\t<\/button>\n\t\t\t\t<\/div>\n\t\t\t<\/div>\n\t\t<\/form>\n\t\t\t\t\t\t<\/div>\n\t\t\t\t<\/div>\n\t\t\t\t\t<\/div>\n\t\t<\/div>\n\t\t\t\t\t<\/div>\n\t\t<\/section>\n\t\t\t\t<section data-particle_enable=\"false\" data-particle-mobile-disabled=\"false\" class=\"elementor-section elementor-top-section elementor-element elementor-element-5f7820f elementor-section-content-middle elementor-section-boxed elementor-section-height-default elementor-section-height-default\" data-id=\"5f7820f\" data-element_type=\"section\" data-e-type=\"section\" data-settings=\"{&quot;background_background&quot;:&quot;classic&quot;}\">\n\t\t\t\t\t\t\t<div class=\"elementor-background-overlay\"><\/div>\n\t\t\t\t\t\t\t<div class=\"elementor-container elementor-column-gap-no\">\n\t\t\t\t\t<div class=\"elementor-column elementor-col-100 elementor-top-column elementor-element elementor-element-8de93ea\" data-id=\"8de93ea\" data-element_type=\"column\" data-e-type=\"column\">\n\t\t\t<div class=\"elementor-widget-wrap elementor-element-populated\">\n\t\t\t\t\t\t<div class=\"elementor-element elementor-element-28b6006 elementor-widget elementor-widget-heading\" data-id=\"28b6006\" data-element_type=\"widget\" data-e-type=\"widget\" data-widget_type=\"heading.default\">\n\t\t\t\t<div class=\"elementor-widget-container\">\n\t\t\t\t\t<h2 class=\"elementor-heading-title elementor-size-default\">Per qu\u00e8 confiar en nosaltres per llogar el teu pis a Barcelona?<\/h2>\t\t\t\t<\/div>\n\t\t\t\t<\/div>\n\t\t\t\t\t<\/div>\n\t\t<\/div>\n\t\t\t\t\t<\/div>\n\t\t<\/section>\n\t\t\t\t<section data-particle_enable=\"false\" data-particle-mobile-disabled=\"false\" class=\"elementor-section elementor-top-section elementor-element elementor-element-b5b41b3 elementor-section-boxed elementor-section-height-default elementor-section-height-default\" data-id=\"b5b41b3\" data-element_type=\"section\" data-e-type=\"section\">\n\t\t\t\t\t\t<div class=\"elementor-container elementor-column-gap-wide\">\n\t\t\t\t\t<div class=\"elementor-column elementor-col-33 elementor-top-column elementor-element elementor-element-37d9eef\" data-id=\"37d9eef\" data-element_type=\"column\" data-e-type=\"column\">\n\t\t\t<div class=\"elementor-widget-wrap elementor-element-populated\">\n\t\t\t\t\t\t<div class=\"elementor-element elementor-element-d13a16e elementor-widget elementor-widget-image\" data-id=\"d13a16e\" data-element_type=\"widget\" data-e-type=\"widget\" data-widget_type=\"image.default\">\n\t\t\t\t<div class=\"elementor-widget-container\">\n\t\t\t\t\t\t\t\t\t\t\t\t\t\t\t<img fetchpriority=\"high\" decoding=\"async\" width=\"1024\" height=\"683\" src=\"https:\/\/puntohabitat.es\/wp-content\/uploads\/2025\/05\/\u00bfQuieres-alquilar-tu-piso-en-Barcelona-1-1024x683.webp\" class=\"attachment-large size-large wp-image-87185\" alt=\"\u00bfQuieres alquilar tu piso en Barcelona?\" srcset=\"https:\/\/puntohabitat.es\/wp-content\/uploads\/2025\/05\/\u00bfQuieres-alquilar-tu-piso-en-Barcelona-1-1024x683.webp 1024w, https:\/\/puntohabitat.es\/wp-content\/uploads\/2025\/05\/\u00bfQuieres-alquilar-tu-piso-en-Barcelona-1-300x200.webp 300w, https:\/\/puntohabitat.es\/wp-content\/uploads\/2025\/05\/\u00bfQuieres-alquilar-tu-piso-en-Barcelona-1-768x512.webp 768w, https:\/\/puntohabitat.es\/wp-content\/uploads\/2025\/05\/\u00bfQuieres-alquilar-tu-piso-en-Barcelona-1-900x600.webp 900w, https:\/\/puntohabitat.es\/wp-content\/uploads\/2025\/05\/\u00bfQuieres-alquilar-tu-piso-en-Barcelona-1-496x331.webp 496w, https:\/\/puntohabitat.es\/wp-content\/uploads\/2025\/05\/\u00bfQuieres-alquilar-tu-piso-en-Barcelona-1.webp 1200w\" sizes=\"(max-width: 1024px) 100vw, 1024px\" \/>\t\t\t\t\t\t\t\t\t\t\t\t\t\t\t<\/div>\n\t\t\t\t<\/div>\n\t\t\t\t<div class=\"elementor-element elementor-element-372ff9b elementor-widget elementor-widget-heading\" data-id=\"372ff9b\" data-element_type=\"widget\" data-e-type=\"widget\" data-widget_type=\"heading.default\">\n\t\t\t\t<div class=\"elementor-widget-container\">\n\t\t\t\t\t<h2 class=\"elementor-heading-title elementor-size-default\">M\u00e0xima rendibilitat sense riscos<\/h2>\t\t\t\t<\/div>\n\t\t\t\t<\/div>\n\t\t\t\t<div class=\"elementor-element elementor-element-ee01d85 elementor-widget elementor-widget-text-editor\" data-id=\"ee01d85\" data-element_type=\"widget\" data-e-type=\"widget\" data-widget_type=\"text-editor.default\">\n\t\t\t\t<div class=\"elementor-widget-container\">\n\t\t\t\t\t\t\t\t\t<p>Obt\u00e9 el millor preu legal per al teu lloguer sense complicacions ni sorpreses.<\/p>\n\t\t\t\t\t\t\t\t<\/div>\n\t\t\t\t<\/div>\n\t\t\t\t\t<\/div>\n\t\t<\/div>\n\t\t\t\t<div class=\"elementor-column elementor-col-33 elementor-top-column elementor-element elementor-element-1d244cb\" data-id=\"1d244cb\" data-element_type=\"column\" data-e-type=\"column\">\n\t\t\t<div class=\"elementor-widget-wrap elementor-element-populated\">\n\t\t\t\t\t\t<div class=\"elementor-element elementor-element-f370496 elementor-widget elementor-widget-image\" data-id=\"f370496\" data-element_type=\"widget\" data-e-type=\"widget\" data-widget_type=\"image.default\">\n\t\t\t\t<div class=\"elementor-widget-container\">\n\t\t\t\t\t\t\t\t\t\t\t\t\t\t\t<img decoding=\"async\" width=\"1024\" height=\"683\" src=\"https:\/\/puntohabitat.es\/wp-content\/uploads\/2025\/05\/\u00bfQuieres-alquilar-tu-piso-en-Barcelona-2-1024x683.webp\" class=\"attachment-large size-large wp-image-87188\" alt=\"\u00bfQuieres alquilar tu piso en Barcelona?\" srcset=\"https:\/\/puntohabitat.es\/wp-content\/uploads\/2025\/05\/\u00bfQuieres-alquilar-tu-piso-en-Barcelona-2-1024x683.webp 1024w, https:\/\/puntohabitat.es\/wp-content\/uploads\/2025\/05\/\u00bfQuieres-alquilar-tu-piso-en-Barcelona-2-300x200.webp 300w, https:\/\/puntohabitat.es\/wp-content\/uploads\/2025\/05\/\u00bfQuieres-alquilar-tu-piso-en-Barcelona-2-768x512.webp 768w, https:\/\/puntohabitat.es\/wp-content\/uploads\/2025\/05\/\u00bfQuieres-alquilar-tu-piso-en-Barcelona-2-900x600.webp 900w, https:\/\/puntohabitat.es\/wp-content\/uploads\/2025\/05\/\u00bfQuieres-alquilar-tu-piso-en-Barcelona-2-496x331.webp 496w, https:\/\/puntohabitat.es\/wp-content\/uploads\/2025\/05\/\u00bfQuieres-alquilar-tu-piso-en-Barcelona-2.webp 1200w\" sizes=\"(max-width: 1024px) 100vw, 1024px\" \/>\t\t\t\t\t\t\t\t\t\t\t\t\t\t\t<\/div>\n\t\t\t\t<\/div>\n\t\t\t\t<div class=\"elementor-element elementor-element-7c5fe32 elementor-widget elementor-widget-heading\" data-id=\"7c5fe32\" data-element_type=\"widget\" data-e-type=\"widget\" data-widget_type=\"heading.default\">\n\t\t\t\t<div class=\"elementor-widget-container\">\n\t\t\t\t\t<h2 class=\"elementor-heading-title elementor-size-default\">Selecci\u00f3 del llogater ideal<\/h2>\t\t\t\t<\/div>\n\t\t\t\t<\/div>\n\t\t\t\t<div class=\"elementor-element elementor-element-570631b elementor-widget elementor-widget-text-editor\" data-id=\"570631b\" data-element_type=\"widget\" data-e-type=\"widget\" data-widget_type=\"text-editor.default\">\n\t\t\t\t<div class=\"elementor-widget-container\">\n\t\t\t\t\t\t\t\t\t<p>Seleccionem llogaters solvents i fiables perqu\u00e8 lloguis amb total seguretat.<\/p>\n\t\t\t\t\t\t\t\t<\/div>\n\t\t\t\t<\/div>\n\t\t\t\t\t<\/div>\n\t\t<\/div>\n\t\t\t\t<div class=\"elementor-column elementor-col-33 elementor-top-column elementor-element elementor-element-2c5fdd7\" data-id=\"2c5fdd7\" data-element_type=\"column\" data-e-type=\"column\">\n\t\t\t<div class=\"elementor-widget-wrap elementor-element-populated\">\n\t\t\t\t\t\t<div class=\"elementor-element elementor-element-1528aff elementor-widget elementor-widget-image\" data-id=\"1528aff\" data-element_type=\"widget\" data-e-type=\"widget\" data-widget_type=\"image.default\">\n\t\t\t\t<div class=\"elementor-widget-container\">\n\t\t\t\t\t\t\t\t\t\t\t\t\t\t\t<img loading=\"lazy\" decoding=\"async\" width=\"1024\" height=\"683\" src=\"https:\/\/puntohabitat.es\/wp-content\/uploads\/2025\/05\/20250507_1713_Reunion-de-Trabajo-Colaborativa_simple_compose_01jtnmttaaedqs27cv2f7bkewe-1024x683.webp\" class=\"attachment-large size-large wp-image-87194\" alt=\"\u00bfQuieres alquilar tu piso en Barcelona?\" srcset=\"https:\/\/puntohabitat.es\/wp-content\/uploads\/2025\/05\/20250507_1713_Reunion-de-Trabajo-Colaborativa_simple_compose_01jtnmttaaedqs27cv2f7bkewe-1024x683.webp 1024w, https:\/\/puntohabitat.es\/wp-content\/uploads\/2025\/05\/20250507_1713_Reunion-de-Trabajo-Colaborativa_simple_compose_01jtnmttaaedqs27cv2f7bkewe-300x200.webp 300w, https:\/\/puntohabitat.es\/wp-content\/uploads\/2025\/05\/20250507_1713_Reunion-de-Trabajo-Colaborativa_simple_compose_01jtnmttaaedqs27cv2f7bkewe-768x512.webp 768w, https:\/\/puntohabitat.es\/wp-content\/uploads\/2025\/05\/20250507_1713_Reunion-de-Trabajo-Colaborativa_simple_compose_01jtnmttaaedqs27cv2f7bkewe-900x600.webp 900w, https:\/\/puntohabitat.es\/wp-content\/uploads\/2025\/05\/20250507_1713_Reunion-de-Trabajo-Colaborativa_simple_compose_01jtnmttaaedqs27cv2f7bkewe-496x331.webp 496w, https:\/\/puntohabitat.es\/wp-content\/uploads\/2025\/05\/20250507_1713_Reunion-de-Trabajo-Colaborativa_simple_compose_01jtnmttaaedqs27cv2f7bkewe.webp 1200w\" sizes=\"(max-width: 1024px) 100vw, 1024px\" \/>\t\t\t\t\t\t\t\t\t\t\t\t\t\t\t<\/div>\n\t\t\t\t<\/div>\n\t\t\t\t<div class=\"elementor-element elementor-element-646b56b elementor-widget elementor-widget-heading\" data-id=\"646b56b\" data-element_type=\"widget\" data-e-type=\"widget\" data-widget_type=\"heading.default\">\n\t\t\t\t<div class=\"elementor-widget-container\">\n\t\t\t\t\t<h2 class=\"elementor-heading-title elementor-size-default\">Immobili\u00e0ria lloguer des del 1995<\/h2>\t\t\t\t<\/div>\n\t\t\t\t<\/div>\n\t\t\t\t<div class=\"elementor-element elementor-element-1c26acd elementor-widget elementor-widget-text-editor\" data-id=\"1c26acd\" data-element_type=\"widget\" data-e-type=\"widget\" data-widget_type=\"text-editor.default\">\n\t\t\t\t<div class=\"elementor-widget-container\">\n\t\t\t\t\t\t\t\t\t<p>30 anys ajudant propietaris de Barcelona a llogar r\u00e0pid, segur i al millor preu.<\/p>\n\t\t\t\t\t\t\t\t<\/div>\n\t\t\t\t<\/div>\n\t\t\t\t\t<\/div>\n\t\t<\/div>\n\t\t\t\t\t<\/div>\n\t\t<\/section>\n\t\t\t\t<section data-particle_enable=\"false\" data-particle-mobile-disabled=\"false\" class=\"elementor-section elementor-top-section elementor-element elementor-element-3125d2f elementor-section-boxed elementor-section-height-default elementor-section-height-default\" data-id=\"3125d2f\" data-element_type=\"section\" data-e-type=\"section\">\n\t\t\t\t\t\t<div class=\"elementor-container elementor-column-gap-default\">\n\t\t\t\t\t<div class=\"elementor-column elementor-col-100 elementor-top-column elementor-element elementor-element-4667b88\" data-id=\"4667b88\" data-element_type=\"column\" data-e-type=\"column\">\n\t\t\t<div class=\"elementor-widget-wrap elementor-element-populated\">\n\t\t\t\t\t\t<div class=\"elementor-element elementor-element-459b378 elementor-widget elementor-widget-heading\" data-id=\"459b378\" data-element_type=\"widget\" data-e-type=\"widget\" data-widget_type=\"heading.default\">\n\t\t\t\t<div class=\"elementor-widget-container\">\n\t\t\t\t\t<h2 class=\"elementor-heading-title elementor-size-default\">Serveis de lloguer per a propietaris a Barcelona<\/h2>\t\t\t\t<\/div>\n\t\t\t\t<\/div>\n\t\t\t\t<div class=\"elementor-element elementor-element-fe2397e elementor-widget elementor-widget-html\" data-id=\"fe2397e\" data-element_type=\"widget\" data-e-type=\"widget\" data-widget_type=\"html.default\">\n\t\t\t\t<div class=\"elementor-widget-container\">\n\t\t\t\t\t<section class=\"ph-resource-cards\" style=\"padding:40px 0;background:#faf7f5;\">\r\n  <div style=\"max-width:1200px;margin:0 auto;display:grid;grid-template-columns:repeat(auto-fit,minmax(280px,1fr));gap:20px;\">\r\n\r\n    <!-- Caja 1 -->\r\n    <div class=\"ph-card\">\r\n      <div class=\"ph-icon\">\ud83d\udc5c<\/div>\r\n      <h3 class=\"ph-title\">Gesti\u00f3n integral del alquiler<\/h3>\r\n      <p class=\"ph-text\">\r\n        Olv\u00eddate de todo: promoci\u00f3n, visitas, contratos y tr\u00e1mites. T\u00fa cobras, nosotros nos encargamos del resto.\r\n      <\/p>\r\n      <a href=\"https:\/\/puntohabitat.es\/ca\/gestio-de-lloguer\/\" class=\"ph-btn\">Quiero alquilar sin preocupaciones \u2192<\/a>\r\n    <\/div>\r\n\r\n    <!-- Caja 2 -->\r\n    <div class=\"ph-card\">\r\n      <div class=\"ph-icon\">\u23f3<\/div>\r\n      <h3 class=\"ph-title\">\u00bfAlquiler temporal en Barcelona?<\/h3>\r\n      <p class=\"ph-text\">\r\n        Soluciones flexibles si quieres alquilar tu piso por meses con seguridad y asesoramiento legal.\r\n      <\/p>\r\n      <a href=\"https:\/\/puntohabitat.es\/ca\/lloguer-temporal-barcelona\/\" class=\"ph-btn\">Descubrir alquiler temporal \u2192<\/a>\r\n    <\/div>\r\n\r\n    <!-- Caja 3 -->\r\n    <div class=\"ph-card\">\r\n      <div class=\"ph-icon\">\ud83d\udcd8<\/div>\r\n      <h3 class=\"ph-title\">C\u00f3mo alquilar tu piso en Barcelona<\/h3>\r\n      <p class=\"ph-text\">\r\n        Gu\u00eda pr\u00e1ctica para propietarios: precios, normativa y mejores estrategias para alquilar con seguridad.\r\n      <\/p>\r\n      <a href=\"https:\/\/puntohabitat.es\/ca\/llogar-el-teu-pis-a-barcelona\/\" class=\"ph-btn\">Ver gu\u00eda completa \u2192<\/a>\r\n    <\/div>\r\n\r\n  <\/div>\r\n<\/section><br><br><style>\r\n  .ph-card {\r\n    background:#fff;\r\n    padding:24px; border-radius:12px;\r\n    box-shadow:0 4px 10px rgba(0,0,0,0.05);\r\n    text-align:left;\r\n    transition:all 0.3s ease;\r\n  }\r\n  .ph-card:hover {\r\n    transform:translateY(-5px);\r\n    box-shadow:0 8px 20px rgba(0,0,0,0.12);\r\n  }\r\n  .ph-icon {\r\n    font-size:32px;\r\n    color:#736357;\r\n    margin-bottom:14px;\r\n  }\r\n  .ph-title {\r\n    margin:6px 0 14px;\r\n    font-family:'Red Hat Display',sans-serif;\r\n    font-size:22px;\r\n    font-weight:700;\r\n    line-height:1.3;\r\n    color:#736357;\r\n  }\r\n  .ph-text {\r\n    font-size:16px;\r\n    line-height:1.6;\r\n    color:#333;\r\n  }\r\n  .ph-btn {\r\n    display:inline-block;\r\n    margin-top:16px;\r\n    padding:14px 24px;\r\n    border-radius:12px; \/* esquinas suaves *\/\r\n    border:2px solid #736357;\r\n    text-decoration:none;\r\n    font-family:'Red Hat Display',sans-serif;\r\n    font-size:16px;\r\n    font-weight:600;\r\n    color:#736357;\r\n    transition:all 0.3s ease;\r\n  }\r\n  .ph-btn:hover {\r\n    background:#736357;\r\n    color:#fff;\r\n    box-shadow:0 6px 16px rgba(115,99,87,.25);\r\n  }\r\n<\/style><br>\t\t\t\t<\/div>\n\t\t\t\t<\/div>\n\t\t\t\t\t<\/div>\n\t\t<\/div>\n\t\t\t\t\t<\/div>\n\t\t<\/section>\n\t\t\t\t<section data-particle_enable=\"false\" data-particle-mobile-disabled=\"false\" class=\"elementor-section elementor-top-section elementor-element elementor-element-51083095 elementor-section-boxed elementor-section-height-default elementor-section-height-default\" data-id=\"51083095\" data-element_type=\"section\" data-e-type=\"section\">\n\t\t\t\t\t\t<div class=\"elementor-container elementor-column-gap-no\">\n\t\t\t\t\t<div class=\"elementor-column elementor-col-100 elementor-top-column elementor-element elementor-element-42ebb1f6\" data-id=\"42ebb1f6\" data-element_type=\"column\" data-e-type=\"column\" data-settings=\"{&quot;background_background&quot;:&quot;gradient&quot;}\">\n\t\t\t<div class=\"elementor-widget-wrap elementor-element-populated\">\n\t\t\t\t\t\t<section data-particle_enable=\"false\" data-particle-mobile-disabled=\"false\" class=\"elementor-section elementor-inner-section elementor-element elementor-element-bb047b6 elementor-section-boxed elementor-section-height-default elementor-section-height-default\" data-id=\"bb047b6\" data-element_type=\"section\" data-e-type=\"section\" data-settings=\"{&quot;background_background&quot;:&quot;gradient&quot;}\">\n\t\t\t\t\t\t<div class=\"elementor-container elementor-column-gap-no\">\n\t\t\t\t\t<div class=\"elementor-column elementor-col-100 elementor-inner-column elementor-element elementor-element-7a315aa4\" data-id=\"7a315aa4\" data-element_type=\"column\" data-e-type=\"column\">\n\t\t\t<div class=\"elementor-widget-wrap elementor-element-populated\">\n\t\t\t\t\t\t<div class=\"elementor-element elementor-element-b387f5a elementor-widget elementor-widget-image\" data-id=\"b387f5a\" data-element_type=\"widget\" data-e-type=\"widget\" data-widget_type=\"image.default\">\n\t\t\t\t<div class=\"elementor-widget-container\">\n\t\t\t\t\t\t\t\t\t\t\t\t\t\t\t<img loading=\"lazy\" decoding=\"async\" width=\"300\" height=\"20\" src=\"https:\/\/puntohabitat.es\/wp-content\/uploads\/2022\/11\/logo-transparente-0-e1668325384188-300x20.png\" class=\"attachment-medium size-medium wp-image-67946\" alt=\"PUNTO HABITAT inmobiliaria Barcelona\" srcset=\"https:\/\/puntohabitat.es\/wp-content\/uploads\/2022\/11\/logo-transparente-0-e1668325384188-300x20.png 300w, https:\/\/puntohabitat.es\/wp-content\/uploads\/2022\/11\/logo-transparente-0-e1668325384188-768x52.png 768w, https:\/\/puntohabitat.es\/wp-content\/uploads\/2022\/11\/logo-transparente-0-e1668325384188-496x34.png 496w, https:\/\/puntohabitat.es\/wp-content\/uploads\/2022\/11\/logo-transparente-0-e1668325384188.png 1000w\" sizes=\"(max-width: 300px) 100vw, 300px\" \/>\t\t\t\t\t\t\t\t\t\t\t\t\t\t\t<\/div>\n\t\t\t\t<\/div>\n\t\t\t\t<div class=\"elementor-element elementor-element-45ee37ca elementor-widget__width-initial elementor-invisible elementor-widget elementor-widget-heading\" data-id=\"45ee37ca\" data-element_type=\"widget\" data-e-type=\"widget\" data-settings=\"{&quot;_animation&quot;:&quot;zoomIn&quot;}\" data-widget_type=\"heading.default\">\n\t\t\t\t<div class=\"elementor-widget-container\">\n\t\t\t\t\t<h2 class=\"elementor-heading-title elementor-size-default\">Lloga segur, lloga amb experts<\/h2>\t\t\t\t<\/div>\n\t\t\t\t<\/div>\n\t\t\t\t\t<\/div>\n\t\t<\/div>\n\t\t\t\t\t<\/div>\n\t\t<\/section>\n\t\t\t\t<section data-particle_enable=\"false\" data-particle-mobile-disabled=\"false\" class=\"elementor-section elementor-inner-section elementor-element elementor-element-246a2ab4 elementor-section-boxed elementor-section-height-default elementor-section-height-default\" data-id=\"246a2ab4\" data-element_type=\"section\" data-e-type=\"section\" data-settings=\"{&quot;background_background&quot;:&quot;gradient&quot;}\">\n\t\t\t\t\t\t<div class=\"elementor-container elementor-column-gap-no\">\n\t\t\t\t\t<div class=\"elementor-column elementor-col-25 elementor-inner-column elementor-element elementor-element-1b6d2a1f\" data-id=\"1b6d2a1f\" data-element_type=\"column\" data-e-type=\"column\">\n\t\t\t<div class=\"elementor-widget-wrap elementor-element-populated\">\n\t\t\t\t\t\t<div class=\"elementor-element elementor-element-3a890e elementor-widget__width-initial elementor-absolute elementor-widget-tablet__width-initial elementor-widget elementor-widget-image\" data-id=\"3a890e\" data-element_type=\"widget\" data-e-type=\"widget\" data-settings=\"{&quot;_position&quot;:&quot;absolute&quot;,&quot;motion_fx_motion_fx_mouse&quot;:&quot;yes&quot;,&quot;motion_fx_mouseTrack_effect&quot;:&quot;yes&quot;,&quot;motion_fx_mouseTrack_speed&quot;:{&quot;unit&quot;:&quot;px&quot;,&quot;size&quot;:0.3,&quot;sizes&quot;:[]}}\" data-widget_type=\"image.default\">\n\t\t\t\t<div class=\"elementor-widget-container\">\n\t\t\t\t\t\t\t\t\t\t\t\t\t\t\t<img decoding=\"async\" src=\"https:\/\/puntohabitat.es\/wp-content\/uploads\/2025\/03\/956573a2-object-10.png\" title=\"\" alt=\"\" loading=\"lazy\" \/>\t\t\t\t\t\t\t\t\t\t\t\t\t\t\t<\/div>\n\t\t\t\t<\/div>\n\t\t\t\t<div class=\"elementor-element elementor-element-11084651 elementor-widget__width-initial elementor-widget-tablet__width-initial elementor-widget-mobile__width-initial elementor-invisible elementor-widget elementor-widget-image\" data-id=\"11084651\" data-element_type=\"widget\" data-e-type=\"widget\" data-settings=\"{&quot;_animation&quot;:&quot;zoomIn&quot;}\" data-widget_type=\"image.default\">\n\t\t\t\t<div class=\"elementor-widget-container\">\n\t\t\t\t\t\t\t\t\t\t\t\t\t\t\t<img loading=\"lazy\" decoding=\"async\" width=\"1024\" height=\"1024\" src=\"https:\/\/puntohabitat.es\/wp-content\/uploads\/2025\/04\/20250426_1946_Sin-Corbata_remix_01jssk8essfx9tgt08kcezk0dj.webp\" class=\"attachment-full size-full wp-image-87033\" alt=\"Vendemos tu piso en Barcelona\" srcset=\"https:\/\/puntohabitat.es\/wp-content\/uploads\/2025\/04\/20250426_1946_Sin-Corbata_remix_01jssk8essfx9tgt08kcezk0dj.webp 1024w, https:\/\/puntohabitat.es\/wp-content\/uploads\/2025\/04\/20250426_1946_Sin-Corbata_remix_01jssk8essfx9tgt08kcezk0dj-300x300.webp 300w, https:\/\/puntohabitat.es\/wp-content\/uploads\/2025\/04\/20250426_1946_Sin-Corbata_remix_01jssk8essfx9tgt08kcezk0dj-150x150.webp 150w, https:\/\/puntohabitat.es\/wp-content\/uploads\/2025\/04\/20250426_1946_Sin-Corbata_remix_01jssk8essfx9tgt08kcezk0dj-768x768.webp 768w, https:\/\/puntohabitat.es\/wp-content\/uploads\/2025\/04\/20250426_1946_Sin-Corbata_remix_01jssk8essfx9tgt08kcezk0dj-600x600.webp 600w, https:\/\/puntohabitat.es\/wp-content\/uploads\/2025\/04\/20250426_1946_Sin-Corbata_remix_01jssk8essfx9tgt08kcezk0dj-496x496.webp 496w\" sizes=\"(max-width: 1024px) 100vw, 1024px\" \/>\t\t\t\t\t\t\t\t\t\t\t\t\t\t\t<\/div>\n\t\t\t\t<\/div>\n\t\t\t\t\t<\/div>\n\t\t<\/div>\n\t\t\t\t<div class=\"elementor-column elementor-col-25 elementor-inner-column elementor-element elementor-element-1a07efdc\" data-id=\"1a07efdc\" data-element_type=\"column\" data-e-type=\"column\">\n\t\t\t<div class=\"elementor-widget-wrap elementor-element-populated\">\n\t\t\t\t\t\t<div class=\"elementor-element elementor-element-47f89666 elementor-widget__width-initial elementor-widget-tablet__width-initial elementor-widget-mobile__width-initial elementor-invisible elementor-widget elementor-widget-image\" data-id=\"47f89666\" data-element_type=\"widget\" data-e-type=\"widget\" data-settings=\"{&quot;_animation&quot;:&quot;zoomIn&quot;}\" data-widget_type=\"image.default\">\n\t\t\t\t<div class=\"elementor-widget-container\">\n\t\t\t\t\t\t\t\t\t\t\t\t\t\t\t<img loading=\"lazy\" decoding=\"async\" width=\"1024\" height=\"1024\" src=\"https:\/\/puntohabitat.es\/wp-content\/uploads\/2025\/04\/Ariadna-oficina.png\" class=\"attachment-full size-full wp-image-86918\" alt=\"Vendemos tu piso en Barcelona\" srcset=\"https:\/\/puntohabitat.es\/wp-content\/uploads\/2025\/04\/Ariadna-oficina.png 1024w, https:\/\/puntohabitat.es\/wp-content\/uploads\/2025\/04\/Ariadna-oficina-300x300.png 300w, https:\/\/puntohabitat.es\/wp-content\/uploads\/2025\/04\/Ariadna-oficina-150x150.png 150w, https:\/\/puntohabitat.es\/wp-content\/uploads\/2025\/04\/Ariadna-oficina-768x768.png 768w, https:\/\/puntohabitat.es\/wp-content\/uploads\/2025\/04\/Ariadna-oficina-600x600.png 600w, https:\/\/puntohabitat.es\/wp-content\/uploads\/2025\/04\/Ariadna-oficina-496x496.png 496w\" sizes=\"(max-width: 1024px) 100vw, 1024px\" \/>\t\t\t\t\t\t\t\t\t\t\t\t\t\t\t<\/div>\n\t\t\t\t<\/div>\n\t\t\t\t\t<\/div>\n\t\t<\/div>\n\t\t\t\t<div class=\"elementor-column elementor-col-25 elementor-inner-column elementor-element elementor-element-4bd779ad\" data-id=\"4bd779ad\" data-element_type=\"column\" data-e-type=\"column\">\n\t\t\t<div class=\"elementor-widget-wrap elementor-element-populated\">\n\t\t\t\t\t\t<div class=\"elementor-element elementor-element-10aaf7b7 elementor-widget__width-initial elementor-widget-tablet__width-initial elementor-widget-mobile__width-initial elementor-invisible elementor-widget elementor-widget-image\" data-id=\"10aaf7b7\" data-element_type=\"widget\" data-e-type=\"widget\" data-settings=\"{&quot;_animation&quot;:&quot;zoomIn&quot;}\" data-widget_type=\"image.default\">\n\t\t\t\t<div class=\"elementor-widget-container\">\n\t\t\t\t\t\t\t\t\t\t\t\t\t\t\t<img loading=\"lazy\" decoding=\"async\" width=\"1024\" height=\"1024\" src=\"https:\/\/puntohabitat.es\/wp-content\/uploads\/2025\/04\/Foto-Sergi-Oficina.png\" class=\"attachment-full size-full wp-image-86921\" alt=\"Vendemos tu piso en Barcelona\" srcset=\"https:\/\/puntohabitat.es\/wp-content\/uploads\/2025\/04\/Foto-Sergi-Oficina.png 1024w, https:\/\/puntohabitat.es\/wp-content\/uploads\/2025\/04\/Foto-Sergi-Oficina-300x300.png 300w, https:\/\/puntohabitat.es\/wp-content\/uploads\/2025\/04\/Foto-Sergi-Oficina-150x150.png 150w, https:\/\/puntohabitat.es\/wp-content\/uploads\/2025\/04\/Foto-Sergi-Oficina-768x768.png 768w, https:\/\/puntohabitat.es\/wp-content\/uploads\/2025\/04\/Foto-Sergi-Oficina-600x600.png 600w, https:\/\/puntohabitat.es\/wp-content\/uploads\/2025\/04\/Foto-Sergi-Oficina-496x496.png 496w\" sizes=\"(max-width: 1024px) 100vw, 1024px\" \/>\t\t\t\t\t\t\t\t\t\t\t\t\t\t\t<\/div>\n\t\t\t\t<\/div>\n\t\t\t\t\t<\/div>\n\t\t<\/div>\n\t\t\t\t<div class=\"elementor-column elementor-col-25 elementor-inner-column elementor-element elementor-element-927e77\" data-id=\"927e77\" data-element_type=\"column\" data-e-type=\"column\">\n\t\t\t<div class=\"elementor-widget-wrap elementor-element-populated\">\n\t\t\t\t\t\t<div class=\"elementor-element elementor-element-7ffcd012 elementor-widget__width-initial elementor-absolute elementor-widget-tablet__width-initial elementor-widget elementor-widget-image\" data-id=\"7ffcd012\" data-element_type=\"widget\" data-e-type=\"widget\" data-settings=\"{&quot;_position&quot;:&quot;absolute&quot;,&quot;motion_fx_motion_fx_mouse&quot;:&quot;yes&quot;,&quot;motion_fx_mouseTrack_effect&quot;:&quot;yes&quot;,&quot;motion_fx_mouseTrack_direction&quot;:&quot;negative&quot;,&quot;motion_fx_mouseTrack_speed&quot;:{&quot;unit&quot;:&quot;px&quot;,&quot;size&quot;:0.3,&quot;sizes&quot;:[]}}\" data-widget_type=\"image.default\">\n\t\t\t\t<div class=\"elementor-widget-container\">\n\t\t\t\t\t\t\t\t\t\t\t\t\t\t\t<img decoding=\"async\" src=\"https:\/\/puntohabitat.es\/wp-content\/uploads\/2025\/03\/156ea37a-object-14.png\" title=\"\" alt=\"\" loading=\"lazy\" \/>\t\t\t\t\t\t\t\t\t\t\t\t\t\t\t<\/div>\n\t\t\t\t<\/div>\n\t\t\t\t<div class=\"elementor-element elementor-element-2d2786e6 elementor-widget__width-initial elementor-widget-tablet__width-initial elementor-widget-mobile__width-initial elementor-invisible elementor-widget elementor-widget-image\" data-id=\"2d2786e6\" data-element_type=\"widget\" data-e-type=\"widget\" data-settings=\"{&quot;_animation&quot;:&quot;zoomIn&quot;}\" data-widget_type=\"image.default\">\n\t\t\t\t<div class=\"elementor-widget-container\">\n\t\t\t\t\t\t\t\t\t\t\t\t\t\t\t<img loading=\"lazy\" decoding=\"async\" width=\"1024\" height=\"1024\" src=\"https:\/\/puntohabitat.es\/wp-content\/uploads\/2025\/04\/Gerard-oficina.png\" class=\"attachment-full size-full wp-image-86924\" alt=\"Vendemos tu piso en Barcelona\" srcset=\"https:\/\/puntohabitat.es\/wp-content\/uploads\/2025\/04\/Gerard-oficina.png 1024w, https:\/\/puntohabitat.es\/wp-content\/uploads\/2025\/04\/Gerard-oficina-300x300.png 300w, https:\/\/puntohabitat.es\/wp-content\/uploads\/2025\/04\/Gerard-oficina-150x150.png 150w, https:\/\/puntohabitat.es\/wp-content\/uploads\/2025\/04\/Gerard-oficina-768x768.png 768w, https:\/\/puntohabitat.es\/wp-content\/uploads\/2025\/04\/Gerard-oficina-600x600.png 600w, https:\/\/puntohabitat.es\/wp-content\/uploads\/2025\/04\/Gerard-oficina-496x496.png 496w\" sizes=\"(max-width: 1024px) 100vw, 1024px\" \/>\t\t\t\t\t\t\t\t\t\t\t\t\t\t\t<\/div>\n\t\t\t\t<\/div>\n\t\t\t\t\t<\/div>\n\t\t<\/div>\n\t\t\t\t\t<\/div>\n\t\t<\/section>\n\t\t\t\t<section data-particle_enable=\"false\" data-particle-mobile-disabled=\"false\" class=\"elementor-section elementor-inner-section elementor-element elementor-element-102eaa1c elementor-section-boxed elementor-section-height-default elementor-section-height-default\" data-id=\"102eaa1c\" data-element_type=\"section\" data-e-type=\"section\" data-settings=\"{&quot;background_background&quot;:&quot;gradient&quot;}\">\n\t\t\t\t\t\t<div class=\"elementor-container elementor-column-gap-no\">\n\t\t\t\t\t<div class=\"elementor-column elementor-col-33 elementor-inner-column elementor-element elementor-element-64f7aed\" data-id=\"64f7aed\" data-element_type=\"column\" data-e-type=\"column\">\n\t\t\t<div class=\"elementor-widget-wrap elementor-element-populated\">\n\t\t\t\t\t\t<div class=\"elementor-element elementor-element-7c48840c elementor-widget__width-initial elementor-widget-tablet__width-initial elementor-widget-mobile__width-initial elementor-invisible elementor-widget elementor-widget-image\" data-id=\"7c48840c\" data-element_type=\"widget\" data-e-type=\"widget\" data-settings=\"{&quot;_animation&quot;:&quot;zoomIn&quot;}\" data-widget_type=\"image.default\">\n\t\t\t\t<div class=\"elementor-widget-container\">\n\t\t\t\t\t\t\t\t\t\t\t\t\t\t\t<img loading=\"lazy\" decoding=\"async\" width=\"1024\" height=\"1024\" src=\"https:\/\/puntohabitat.es\/wp-content\/uploads\/2025\/04\/20250426_1927_Mujer-Elegante-en-Oficina_remix_01jssj6429fxk9fh9b92bggx5a.png\" class=\"attachment-full size-full wp-image-87029\" alt=\"Vendemos tu piso en Barcelona\" srcset=\"https:\/\/puntohabitat.es\/wp-content\/uploads\/2025\/04\/20250426_1927_Mujer-Elegante-en-Oficina_remix_01jssj6429fxk9fh9b92bggx5a.png 1024w, https:\/\/puntohabitat.es\/wp-content\/uploads\/2025\/04\/20250426_1927_Mujer-Elegante-en-Oficina_remix_01jssj6429fxk9fh9b92bggx5a-300x300.png 300w, https:\/\/puntohabitat.es\/wp-content\/uploads\/2025\/04\/20250426_1927_Mujer-Elegante-en-Oficina_remix_01jssj6429fxk9fh9b92bggx5a-150x150.png 150w, https:\/\/puntohabitat.es\/wp-content\/uploads\/2025\/04\/20250426_1927_Mujer-Elegante-en-Oficina_remix_01jssj6429fxk9fh9b92bggx5a-768x768.png 768w, https:\/\/puntohabitat.es\/wp-content\/uploads\/2025\/04\/20250426_1927_Mujer-Elegante-en-Oficina_remix_01jssj6429fxk9fh9b92bggx5a-600x600.png 600w, https:\/\/puntohabitat.es\/wp-content\/uploads\/2025\/04\/20250426_1927_Mujer-Elegante-en-Oficina_remix_01jssj6429fxk9fh9b92bggx5a-496x496.png 496w\" sizes=\"(max-width: 1024px) 100vw, 1024px\" \/>\t\t\t\t\t\t\t\t\t\t\t\t\t\t\t<\/div>\n\t\t\t\t<\/div>\n\t\t\t\t<div class=\"elementor-element elementor-element-1b167e17 elementor-widget__width-initial elementor-absolute elementor-widget elementor-widget-image\" data-id=\"1b167e17\" data-element_type=\"widget\" data-e-type=\"widget\" data-settings=\"{&quot;_position&quot;:&quot;absolute&quot;,&quot;motion_fx_motion_fx_mouse&quot;:&quot;yes&quot;,&quot;motion_fx_mouseTrack_effect&quot;:&quot;yes&quot;,&quot;motion_fx_mouseTrack_speed&quot;:{&quot;unit&quot;:&quot;px&quot;,&quot;size&quot;:0.3,&quot;sizes&quot;:[]}}\" data-widget_type=\"image.default\">\n\t\t\t\t<div class=\"elementor-widget-container\">\n\t\t\t\t\t\t\t\t\t\t\t\t\t\t\t<img decoding=\"async\" src=\"https:\/\/puntohabitat.es\/wp-content\/uploads\/2025\/03\/9b4ae486-object-11.png\" title=\"\" alt=\"\" loading=\"lazy\" \/>\t\t\t\t\t\t\t\t\t\t\t\t\t\t\t<\/div>\n\t\t\t\t<\/div>\n\t\t\t\t\t<\/div>\n\t\t<\/div>\n\t\t\t\t<div class=\"elementor-column elementor-col-33 elementor-inner-column elementor-element elementor-element-223fa832\" data-id=\"223fa832\" data-element_type=\"column\" data-e-type=\"column\">\n\t\t\t<div class=\"elementor-widget-wrap elementor-element-populated\">\n\t\t\t\t\t\t<div class=\"elementor-element elementor-element-50a77495 elementor-widget__width-initial elementor-widget-tablet__width-initial elementor-widget-mobile__width-initial elementor-invisible elementor-widget elementor-widget-image\" data-id=\"50a77495\" data-element_type=\"widget\" data-e-type=\"widget\" data-settings=\"{&quot;_animation&quot;:&quot;zoomIn&quot;}\" data-widget_type=\"image.default\">\n\t\t\t\t<div class=\"elementor-widget-container\">\n\t\t\t\t\t\t\t\t\t\t\t\t\t\t\t<img loading=\"lazy\" decoding=\"async\" width=\"1024\" height=\"1024\" src=\"https:\/\/puntohabitat.es\/wp-content\/uploads\/2025\/04\/20250426_1924_Hombre-Elegante-en-Oficina_remix_01jssj04zkfez8vj3kvb66rxjg.png\" class=\"attachment-full size-full wp-image-87026\" alt=\"Vendemos tu piso en Barcelona\" srcset=\"https:\/\/puntohabitat.es\/wp-content\/uploads\/2025\/04\/20250426_1924_Hombre-Elegante-en-Oficina_remix_01jssj04zkfez8vj3kvb66rxjg.png 1024w, https:\/\/puntohabitat.es\/wp-content\/uploads\/2025\/04\/20250426_1924_Hombre-Elegante-en-Oficina_remix_01jssj04zkfez8vj3kvb66rxjg-300x300.png 300w, https:\/\/puntohabitat.es\/wp-content\/uploads\/2025\/04\/20250426_1924_Hombre-Elegante-en-Oficina_remix_01jssj04zkfez8vj3kvb66rxjg-150x150.png 150w, https:\/\/puntohabitat.es\/wp-content\/uploads\/2025\/04\/20250426_1924_Hombre-Elegante-en-Oficina_remix_01jssj04zkfez8vj3kvb66rxjg-768x768.png 768w, https:\/\/puntohabitat.es\/wp-content\/uploads\/2025\/04\/20250426_1924_Hombre-Elegante-en-Oficina_remix_01jssj04zkfez8vj3kvb66rxjg-600x600.png 600w, https:\/\/puntohabitat.es\/wp-content\/uploads\/2025\/04\/20250426_1924_Hombre-Elegante-en-Oficina_remix_01jssj04zkfez8vj3kvb66rxjg-496x496.png 496w\" sizes=\"(max-width: 1024px) 100vw, 1024px\" \/>\t\t\t\t\t\t\t\t\t\t\t\t\t\t\t<\/div>\n\t\t\t\t<\/div>\n\t\t\t\t\t<\/div>\n\t\t<\/div>\n\t\t\t\t<div class=\"elementor-column elementor-col-33 elementor-inner-column elementor-element elementor-element-170080ae\" data-id=\"170080ae\" data-element_type=\"column\" data-e-type=\"column\">\n\t\t\t<div class=\"elementor-widget-wrap elementor-element-populated\">\n\t\t\t\t\t\t<div class=\"elementor-element elementor-element-4a599e2 elementor-widget__width-initial elementor-absolute elementor-widget elementor-widget-image\" data-id=\"4a599e2\" data-element_type=\"widget\" data-e-type=\"widget\" data-settings=\"{&quot;_position&quot;:&quot;absolute&quot;,&quot;motion_fx_motion_fx_mouse&quot;:&quot;yes&quot;,&quot;motion_fx_mouseTrack_effect&quot;:&quot;yes&quot;,&quot;motion_fx_mouseTrack_direction&quot;:&quot;negative&quot;,&quot;motion_fx_mouseTrack_speed&quot;:{&quot;unit&quot;:&quot;px&quot;,&quot;size&quot;:0.3,&quot;sizes&quot;:[]}}\" data-widget_type=\"image.default\">\n\t\t\t\t<div class=\"elementor-widget-container\">\n\t\t\t\t\t\t\t\t\t\t\t\t\t\t\t<img decoding=\"async\" src=\"https:\/\/puntohabitat.es\/wp-content\/uploads\/2025\/03\/04e4fece-object-13.png\" title=\"\" alt=\"\" loading=\"lazy\" \/>\t\t\t\t\t\t\t\t\t\t\t\t\t\t\t<\/div>\n\t\t\t\t<\/div>\n\t\t\t\t<div class=\"elementor-element elementor-element-73950934 elementor-widget__width-initial elementor-widget-tablet__width-initial elementor-widget-mobile__width-initial elementor-invisible elementor-widget elementor-widget-image\" data-id=\"73950934\" data-element_type=\"widget\" data-e-type=\"widget\" data-settings=\"{&quot;_animation&quot;:&quot;zoomIn&quot;}\" data-widget_type=\"image.default\">\n\t\t\t\t<div class=\"elementor-widget-container\">\n\t\t\t\t\t\t\t\t\t\t\t\t\t\t\t<img loading=\"lazy\" decoding=\"async\" width=\"1024\" height=\"1024\" src=\"https:\/\/puntohabitat.es\/wp-content\/uploads\/2025\/04\/20250426_1948_Chica-en-Traje-Marron_remix_01jsskcnwtf638xz2aak70kkpp.webp\" class=\"attachment-full size-full wp-image-87036\" alt=\"Vendemos tu piso en Barcelona\" srcset=\"https:\/\/puntohabitat.es\/wp-content\/uploads\/2025\/04\/20250426_1948_Chica-en-Traje-Marron_remix_01jsskcnwtf638xz2aak70kkpp.webp 1024w, https:\/\/puntohabitat.es\/wp-content\/uploads\/2025\/04\/20250426_1948_Chica-en-Traje-Marron_remix_01jsskcnwtf638xz2aak70kkpp-300x300.webp 300w, https:\/\/puntohabitat.es\/wp-content\/uploads\/2025\/04\/20250426_1948_Chica-en-Traje-Marron_remix_01jsskcnwtf638xz2aak70kkpp-150x150.webp 150w, https:\/\/puntohabitat.es\/wp-content\/uploads\/2025\/04\/20250426_1948_Chica-en-Traje-Marron_remix_01jsskcnwtf638xz2aak70kkpp-768x768.webp 768w, https:\/\/puntohabitat.es\/wp-content\/uploads\/2025\/04\/20250426_1948_Chica-en-Traje-Marron_remix_01jsskcnwtf638xz2aak70kkpp-600x600.webp 600w, https:\/\/puntohabitat.es\/wp-content\/uploads\/2025\/04\/20250426_1948_Chica-en-Traje-Marron_remix_01jsskcnwtf638xz2aak70kkpp-496x496.webp 496w\" sizes=\"(max-width: 1024px) 100vw, 1024px\" \/>\t\t\t\t\t\t\t\t\t\t\t\t\t\t\t<\/div>\n\t\t\t\t<\/div>\n\t\t\t\t\t<\/div>\n\t\t<\/div>\n\t\t\t\t\t<\/div>\n\t\t<\/section>\n\t\t\t\t\t<\/div>\n\t\t<\/div>\n\t\t\t\t\t<\/div>\n\t\t<\/section>\n\t\t\t\t<section data-particle_enable=\"false\" data-particle-mobile-disabled=\"false\" class=\"elementor-section elementor-top-section elementor-element elementor-element-4dfc68f3 elementor-section-content-middle elementor-section-boxed elementor-section-height-default elementor-section-height-default\" data-id=\"4dfc68f3\" data-element_type=\"section\" data-e-type=\"section\" data-settings=\"{&quot;background_background&quot;:&quot;classic&quot;}\">\n\t\t\t\t\t\t\t<div class=\"elementor-background-overlay\"><\/div>\n\t\t\t\t\t\t\t<div class=\"elementor-container elementor-column-gap-no\">\n\t\t\t\t\t<div class=\"elementor-column elementor-col-100 elementor-top-column elementor-element elementor-element-4a0e6696\" data-id=\"4a0e6696\" data-element_type=\"column\" data-e-type=\"column\">\n\t\t\t<div class=\"elementor-widget-wrap elementor-element-populated\">\n\t\t\t\t\t\t<div class=\"elementor-element elementor-element-5e3ffe52 elementor-widget elementor-widget-heading\" data-id=\"5e3ffe52\" data-element_type=\"widget\" data-e-type=\"widget\" data-widget_type=\"heading.default\">\n\t\t\t\t<div class=\"elementor-widget-container\">\n\t\t\t\t\t<h2 class=\"elementor-heading-title elementor-size-default\">Lloga el teu pis sense preocupacions<\/h2>\t\t\t\t<\/div>\n\t\t\t\t<\/div>\n\t\t\t\t<div class=\"elementor-element elementor-element-f77a26c elementor-widget elementor-widget-text-editor\" data-id=\"f77a26c\" data-element_type=\"widget\" data-e-type=\"widget\" data-widget_type=\"text-editor.default\">\n\t\t\t\t<div class=\"elementor-widget-container\">\n\t\t\t\t\t\t\t\t\t<p>T\u2019assessorem gratis i sense comprom\u00eds<\/p>\n\t\t\t\t\t\t\t\t<\/div>\n\t\t\t\t<\/div>\n\t\t\t\t<div class=\"elementor-element elementor-element-9c66158 elementor-widget elementor-widget-eael-creative-button\" data-id=\"9c66158\" data-element_type=\"widget\" data-e-type=\"widget\" data-settings=\"{&quot;_animation_mobile&quot;:&quot;bounce&quot;}\" scroll-suave=\"\" data-widget_type=\"eael-creative-button.default\">\n\t\t\t\t<div class=\"elementor-widget-container\">\n\t\t\t\t\t        <div class=\"eael-creative-button-wrapper\">\n\n            <a class=\"eael-creative-button eael-creative-button--default eael-cb-icon-position-left\" href=\"tel:934558535\" data-text=\"Go!\">\n            \t    \n                <div class=\"creative-button-inner\">\n\n                                            <span class=\"eael-creative-button-icon-left\"><i aria-hidden=\"true\" class=\"fas fa-phone-alt\"><\/i><\/span>                    \n                    <span class=\"cretive-button-text\">Parlar amb un Expert<\/span>\n\n                                    <\/div>\n\t                        <\/a>\n        <\/div>\n        \t\t\t\t<\/div>\n\t\t\t\t<\/div>\n\t\t\t\t\t<\/div>\n\t\t<\/div>\n\t\t\t\t\t<\/div>\n\t\t<\/section>\n\t\t\t\t<section data-particle_enable=\"false\" data-particle-mobile-disabled=\"false\" class=\"elementor-section elementor-top-section elementor-element elementor-element-32715300 elementor-section-boxed elementor-section-height-default elementor-section-height-default\" data-id=\"32715300\" data-element_type=\"section\" data-e-type=\"section\" data-settings=\"{&quot;background_background&quot;:&quot;gradient&quot;}\">\n\t\t\t\t\t\t<div class=\"elementor-container elementor-column-gap-no\">\n\t\t\t\t\t<div class=\"elementor-column elementor-col-100 elementor-top-column elementor-element elementor-element-32ec11a6\" data-id=\"32ec11a6\" data-element_type=\"column\" data-e-type=\"column\">\n\t\t\t<div class=\"elementor-widget-wrap elementor-element-populated\">\n\t\t\t\t\t\t<div class=\"elementor-element elementor-element-1bd4ea45 elementor-widget elementor-widget-heading\" data-id=\"1bd4ea45\" data-element_type=\"widget\" data-e-type=\"widget\" data-widget_type=\"heading.default\">\n\t\t\t\t<div class=\"elementor-widget-container\">\n\t\t\t\t\t<h2 class=\"elementor-heading-title elementor-size-default\">Propietaris que ja han llogat amb nosaltres<\/h2>\t\t\t\t<\/div>\n\t\t\t\t<\/div>\n\t\t\t\t<div class=\"elementor-element elementor-element-703e53b elementor-testimonial--layout-image_left elementor-testimonial--align-left elementor-testimonial--skin-default elementor-arrows-yes elementor-widget elementor-widget-testimonial-carousel\" data-id=\"703e53b\" data-element_type=\"widget\" data-e-type=\"widget\" data-settings=\"{&quot;space_between&quot;:{&quot;unit&quot;:&quot;px&quot;,&quot;size&quot;:0,&quot;sizes&quot;:[]},&quot;autoplay_speed&quot;:6000,&quot;show_arrows&quot;:&quot;yes&quot;,&quot;speed&quot;:500,&quot;autoplay&quot;:&quot;yes&quot;,&quot;loop&quot;:&quot;yes&quot;,&quot;pause_on_hover&quot;:&quot;yes&quot;,&quot;pause_on_interaction&quot;:&quot;yes&quot;,&quot;space_between_tablet&quot;:{&quot;unit&quot;:&quot;px&quot;,&quot;size&quot;:10,&quot;sizes&quot;:[]},&quot;space_between_mobile&quot;:{&quot;unit&quot;:&quot;px&quot;,&quot;size&quot;:10,&quot;sizes&quot;:[]}}\" data-widget_type=\"testimonial-carousel.default\">\n\t\t\t\t<div class=\"elementor-widget-container\">\n\t\t\t\t\t\t\t\t\t<div class=\"elementor-swiper\">\n\t\t\t\t\t<div class=\"elementor-main-swiper swiper\" role=\"region\" aria-roledescription=\"carousel\" aria-label=\"Diapositivas\">\n\t\t\t\t<div class=\"swiper-wrapper\">\n\t\t\t\t\t\t\t\t\t\t\t<div class=\"swiper-slide\" role=\"group\" aria-roledescription=\"slide\">\n\t\t\t\t\t\t\t\t\t<div class=\"elementor-testimonial\">\n\t\t\t\t\t\t\t<div class=\"elementor-testimonial__content\">\n\t\t\t\t\t<div class=\"elementor-testimonial__text\">\n\t\t\t\t\t\t<p>Coneixen el mercat i les necessitats de propietaris i inquilins. Fa anys que gestionen el nostre pis al barri i no podem estar m\u00e9s satisfets. Tracte exquisit.<\/p>\n\t\t\t\t\t<\/div>\n\t\t\t\t\t<cite class=\"elementor-testimonial__cite\"><span class=\"elementor-testimonial__name\">Sergi Calvet<\/span><\/cite>\t\t\t\t<\/div>\n\t\t\t\t\t\t<div class=\"elementor-testimonial__footer\">\n\t\t\t\t\t\t\t\t\t<div class=\"elementor-testimonial__image\">\n\t\t\t\t\t\t<img decoding=\"async\" src=\"https:\/\/puntohabitat.es\/wp-content\/uploads\/2025\/05\/20250507_1733_Hombre-Mayor-con-Gafas_simple_compose_01jtnp0m0gfasrnnms63sm08nv.webp\" alt=\"\u00bfQuieres alquilar tu piso en Barcelona?\">\n\t\t\t\t\t\t\t\t\t\t\t<\/div>\n\t\t\t\t\t\t\t\t\t\t\t<\/div>\n\t\t<\/div>\n\t\t\t\t\t\t\t\t<\/div>\n\t\t\t\t\t\t\t\t\t\t\t<div class=\"swiper-slide\" role=\"group\" aria-roledescription=\"slide\">\n\t\t\t\t\t\t\t\t\t<div class=\"elementor-testimonial\">\n\t\t\t\t\t\t\t<div class=\"elementor-testimonial__content\">\n\t\t\t\t\t<div class=\"elementor-testimonial__text\">\n\t\t\t\t\t\t<p>Sempre professionals, sempre atents a tot... una ag\u00e8ncia de tota la vida que saben el que fan... he estat client seu durant 15 anys, i l'experi\u00e8ncia ha estat s\u00faper satisfact\u00f2ria! Totalment recomanables!<\/p>\n\t\t\t\t\t<\/div>\n\t\t\t\t\t<cite class=\"elementor-testimonial__cite\"><span class=\"elementor-testimonial__name\">Albert Merino<\/span><\/cite>\t\t\t\t<\/div>\n\t\t\t\t\t\t<div class=\"elementor-testimonial__footer\">\n\t\t\t\t\t\t\t\t\t<div class=\"elementor-testimonial__image\">\n\t\t\t\t\t\t<img decoding=\"async\" src=\"https:\/\/puntohabitat.es\/wp-content\/uploads\/2025\/04\/20250426_1749_Hombre-en-Oficina_simple_compose_01jsscjq0ketasbkpn8wjc1a41.webp\" alt=\"Vendemos tu piso en Barcelona\">\n\t\t\t\t\t\t\t\t\t\t\t<\/div>\n\t\t\t\t\t\t\t\t\t\t\t<\/div>\n\t\t<\/div>\n\t\t\t\t\t\t\t\t<\/div>\n\t\t\t\t\t\t\t\t\t\t\t<div class=\"swiper-slide\" role=\"group\" aria-roledescription=\"slide\">\n\t\t\t\t\t\t\t\t\t<div class=\"elementor-testimonial\">\n\t\t\t\t\t\t\t<div class=\"elementor-testimonial__content\">\n\t\t\t\t\t<div class=\"elementor-testimonial__text\">\n\t\t\t\t\t\t<p>La meva experi\u00e8ncia amb ells \u00e9s immillorable. Atents, amables, propers i molt professionals. Totalment recomanables.<\/p>\n\t\t\t\t\t<\/div>\n\t\t\t\t\t<cite class=\"elementor-testimonial__cite\"><span class=\"elementor-testimonial__name\">Alex Silva<\/span><\/cite>\t\t\t\t<\/div>\n\t\t\t\t\t\t<div class=\"elementor-testimonial__footer\">\n\t\t\t\t\t\t\t\t\t<div class=\"elementor-testimonial__image\">\n\t\t\t\t\t\t<img decoding=\"async\" src=\"https:\/\/puntohabitat.es\/wp-content\/uploads\/2025\/05\/20250507_1734_Hombre-de-40-anos_simple_compose_01jtnp3sgke61tf8hejdhsggmt.webp\" alt=\"\u00bfQuieres alquilar tu piso en Barcelona?\">\n\t\t\t\t\t\t\t\t\t\t\t<\/div>\n\t\t\t\t\t\t\t\t\t\t\t<\/div>\n\t\t<\/div>\n\t\t\t\t\t\t\t\t<\/div>\n\t\t\t\t\t\t\t\t\t\t\t<div class=\"swiper-slide\" role=\"group\" aria-roledescription=\"slide\">\n\t\t\t\t\t\t\t\t\t<div class=\"elementor-testimonial\">\n\t\t\t\t\t\t\t<div class=\"elementor-testimonial__content\">\n\t\t\t\t\t<div class=\"elementor-testimonial__text\">\n\t\t\t\t\t\t<p>Experi\u00e8ncia m\u00e9s que satisfact\u00f2ria!! Hem llogat el nostre pis en nom\u00e9s dues setmanes amb el perfil que busc\u00e0vem . Bona comunicaci\u00f3 , gesti\u00f3 r\u00e0pida i molt entenedora. Moltes gr\u00e0cies a l Ariadna i el Gerard que han estat molt atents i professionals. Se'ns dubte ho recomar\u00e9 a tothom .<\/p>\n\t\t\t\t\t<\/div>\n\t\t\t\t\t<cite class=\"elementor-testimonial__cite\"><span class=\"elementor-testimonial__name\">Teresa Car\u00fas Fraga<\/span><\/cite>\t\t\t\t<\/div>\n\t\t\t\t\t\t<div class=\"elementor-testimonial__footer\">\n\t\t\t\t\t\t\t\t\t<div class=\"elementor-testimonial__image\">\n\t\t\t\t\t\t<img decoding=\"async\" src=\"https:\/\/puntohabitat.es\/wp-content\/uploads\/2025\/05\/20250507_1732_Mujer-Con-Gafas_simple_compose_01jtnnyh3de14s5jxxz5wg45tc.webp\" alt=\"\u00bfQuieres alquilar tu piso en Barcelona?\">\n\t\t\t\t\t\t\t\t\t\t\t<\/div>\n\t\t\t\t\t\t\t\t\t\t\t<\/div>\n\t\t<\/div>\n\t\t\t\t\t\t\t\t<\/div>\n\t\t\t\t\t\t\t\t\t\t\t<div class=\"swiper-slide\" role=\"group\" aria-roledescription=\"slide\">\n\t\t\t\t\t\t\t\t\t<div class=\"elementor-testimonial\">\n\t\t\t\t\t\t\t<div class=\"elementor-testimonial__content\">\n\t\t\t\t\t<div class=\"elementor-testimonial__text\">\n\t\t\t\t\t\t<p>Molt bona atenci\u00f3 i professionalitat. Ofereixen un bon servei i assessorament continuat, fent que les operacions i gestions realitzades siguins clares i \u00e0gils.<br \/>Seguir\u00e9 confiant en ells<\/p>\n\t\t\t\t\t<\/div>\n\t\t\t\t\t<cite class=\"elementor-testimonial__cite\"><span class=\"elementor-testimonial__name\">Jordi Ribell<\/span><\/cite>\t\t\t\t<\/div>\n\t\t\t\t\t\t<div class=\"elementor-testimonial__footer\">\n\t\t\t\t\t\t\t\t\t<div class=\"elementor-testimonial__image\">\n\t\t\t\t\t\t<img decoding=\"async\" src=\"https:\/\/puntohabitat.es\/wp-content\/uploads\/2025\/05\/20250507_1735_Hombre-Mayor-con-Gafas_simple_compose_01jtnp5k2mfkjr70jdvgmcyfhz.webp\" alt=\"\u00bfQuieres alquilar tu piso en Barcelona?\">\n\t\t\t\t\t\t\t\t\t\t\t<\/div>\n\t\t\t\t\t\t\t\t\t\t\t<\/div>\n\t\t<\/div>\n\t\t\t\t\t\t\t\t<\/div>\n\t\t\t\t\t\t\t\t\t\t\t<div class=\"swiper-slide\" role=\"group\" aria-roledescription=\"slide\">\n\t\t\t\t\t\t\t\t\t<div class=\"elementor-testimonial\">\n\t\t\t\t\t\t\t<div class=\"elementor-testimonial__content\">\n\t\t\t\t\t<div class=\"elementor-testimonial__text\">\n\t\t\t\t\t\t<p>Com a propiet\u00e0ria que llogava per primera vegada a la vida, l'experi\u00e8ncia amb aquesta ag\u00e8ncia immobili\u00e0ria ha estat excel\u2022lent. Cap pressi\u00f3 mentre m'ho pensava i, un cop decidida, gesti\u00f3 r\u00e0pida i correcta. Magn\u00edfic filtratge del perfil de llogater. Moltes gr\u00e0cies!<\/p>\n\t\t\t\t\t<\/div>\n\t\t\t\t\t<cite class=\"elementor-testimonial__cite\"><span class=\"elementor-testimonial__name\">Yolanda Ben\u00edtez<\/span><\/cite>\t\t\t\t<\/div>\n\t\t\t\t\t\t<div class=\"elementor-testimonial__footer\">\n\t\t\t\t\t\t\t\t\t<div class=\"elementor-testimonial__image\">\n\t\t\t\t\t\t<img decoding=\"async\" src=\"https:\/\/puntohabitat.es\/wp-content\/uploads\/2025\/05\/20250507_1728_Mujer-en-Oficina_simple_compose_01jtnnr2t7fgvrmh2jn50vc6km.webp\" alt=\"\u00bfQuieres alquilar tu piso en Barcelona?\">\n\t\t\t\t\t\t\t\t\t\t\t<\/div>\n\t\t\t\t\t\t\t\t\t\t\t<\/div>\n\t\t<\/div>\n\t\t\t\t\t\t\t\t<\/div>\n\t\t\t\t\t\t\t\t\t<\/div>\n\t\t\t\t\t\t\t\t\t\t\t\t\t\t\t<div class=\"elementor-swiper-button elementor-swiper-button-prev\" role=\"button\" tabindex=\"0\" aria-label=\"Previous\">\n\t\t\t\t\t\t\t<i aria-hidden=\"true\" class=\"eicon-chevron-left\"><\/i>\t\t\t\t\t\t<\/div>\n\t\t\t\t\t\t<div class=\"elementor-swiper-button elementor-swiper-button-next\" role=\"button\" tabindex=\"0\" aria-label=\"Next\">\n\t\t\t\t\t\t\t<i aria-hidden=\"true\" class=\"eicon-chevron-right\"><\/i>\t\t\t\t\t\t<\/div>\n\t\t\t\t\t\t\t\t\t\t\t\t\t\t\t\t\t<\/div>\n\t\t\t\t<\/div>\n\t\t\t\t\t\t\t\t<\/div>\n\t\t\t\t<\/div>\n\t\t\t\t\t<\/div>\n\t\t<\/div>\n\t\t\t\t\t<\/div>\n\t\t<\/section>\n\t\t\t\t<section data-particle_enable=\"false\" data-particle-mobile-disabled=\"false\" class=\"elementor-section elementor-top-section elementor-element elementor-element-af6302d elementor-section-content-middle elementor-section-boxed elementor-section-height-default elementor-section-height-default\" data-id=\"af6302d\" data-element_type=\"section\" data-e-type=\"section\" data-settings=\"{&quot;background_background&quot;:&quot;classic&quot;}\">\n\t\t\t\t\t\t\t<div class=\"elementor-background-overlay\"><\/div>\n\t\t\t\t\t\t\t<div class=\"elementor-container elementor-column-gap-no\">\n\t\t\t\t\t<div class=\"elementor-column elementor-col-100 elementor-top-column elementor-element elementor-element-0a802b2\" data-id=\"0a802b2\" data-element_type=\"column\" data-e-type=\"column\">\n\t\t\t<div class=\"elementor-widget-wrap elementor-element-populated\">\n\t\t\t\t\t\t<div class=\"elementor-element elementor-element-8b40b65 elementor-widget elementor-widget-heading\" data-id=\"8b40b65\" data-element_type=\"widget\" data-e-type=\"widget\" data-widget_type=\"heading.default\">\n\t\t\t\t<div class=\"elementor-widget-container\">\n\t\t\t\t\t<h2 class=\"elementor-heading-title elementor-size-default\">Tens dubtes sobre com afecta <br>el l\u00edmit de preus al lloguer del teu pis?<\/h2>\t\t\t\t<\/div>\n\t\t\t\t<\/div>\n\t\t\t\t<div class=\"elementor-element elementor-element-290449a elementor-widget elementor-widget-toggle\" data-id=\"290449a\" data-element_type=\"widget\" data-e-type=\"widget\" data-widget_type=\"toggle.default\">\n\t\t\t\t<div class=\"elementor-widget-container\">\n\t\t\t\t\t\t\t<div class=\"elementor-toggle\">\n\t\t\t\t\t\t\t<div class=\"elementor-toggle-item\">\n\t\t\t\t\t<h3 id=\"elementor-tab-title-4301\" class=\"elementor-tab-title\" data-tab=\"1\" role=\"button\" aria-controls=\"elementor-tab-content-4301\" aria-expanded=\"false\">\n\t\t\t\t\t\t\t\t\t\t\t\t<span class=\"elementor-toggle-icon elementor-toggle-icon-right\" aria-hidden=\"true\">\n\t\t\t\t\t\t\t\t\t\t\t\t\t\t\t<span class=\"elementor-toggle-icon-closed\"><i class=\"fas fa-caret-right\"><\/i><\/span>\n\t\t\t\t\t\t\t\t<span class=\"elementor-toggle-icon-opened\"><i class=\"elementor-toggle-icon-opened fas fa-caret-up\"><\/i><\/span>\n\t\t\t\t\t\t\t\t\t\t\t\t\t<\/span>\n\t\t\t\t\t\t\t\t\t\t\t\t<a class=\"elementor-toggle-title\" tabindex=\"0\">Per quant puc llogar el meu pis a Barcelona segons la llei actual?<\/a>\n\t\t\t\t\t<\/h3>\n\n\t\t\t\t\t<div id=\"elementor-tab-content-4301\" class=\"elementor-tab-content elementor-clearfix\" data-tab=\"1\" role=\"region\" aria-labelledby=\"elementor-tab-title-4301\"><p>La normativa estableix una forquilla de preus segons la ubicaci\u00f3 i les caracter\u00edstiques del pis. Nosaltres t\u2019ajudem a calcular el preu m\u00e0xim legal a Barcelona.<\/p>\n<\/div>\n\t\t\t\t<\/div>\n\t\t\t\t\t\t\t<div class=\"elementor-toggle-item\">\n\t\t\t\t\t<h3 id=\"elementor-tab-title-4302\" class=\"elementor-tab-title\" data-tab=\"2\" role=\"button\" aria-controls=\"elementor-tab-content-4302\" aria-expanded=\"false\">\n\t\t\t\t\t\t\t\t\t\t\t\t<span class=\"elementor-toggle-icon elementor-toggle-icon-right\" aria-hidden=\"true\">\n\t\t\t\t\t\t\t\t\t\t\t\t\t\t\t<span class=\"elementor-toggle-icon-closed\"><i class=\"fas fa-caret-right\"><\/i><\/span>\n\t\t\t\t\t\t\t\t<span class=\"elementor-toggle-icon-opened\"><i class=\"elementor-toggle-icon-opened fas fa-caret-up\"><\/i><\/span>\n\t\t\t\t\t\t\t\t\t\t\t\t\t<\/span>\n\t\t\t\t\t\t\t\t\t\t\t\t<a class=\"elementor-toggle-title\" tabindex=\"0\">Qu\u00e8 passa si supero el preu legal del lloguer?<\/a>\n\t\t\t\t\t<\/h3>\n\n\t\t\t\t\t<div id=\"elementor-tab-content-4302\" class=\"elementor-tab-content elementor-clearfix\" data-tab=\"2\" role=\"region\" aria-labelledby=\"elementor-tab-title-4302\"><p>A les zones de mercat tensat, podries rebre sancions si el lloguer supera el m\u00e0xim perm\u00e8s. Per aix\u00f2 calculem la teva renda segons el sistema oficial.<\/p>\n<\/div>\n\t\t\t\t<\/div>\n\t\t\t\t\t\t\t<div class=\"elementor-toggle-item\">\n\t\t\t\t\t<h3 id=\"elementor-tab-title-4303\" class=\"elementor-tab-title\" data-tab=\"3\" role=\"button\" aria-controls=\"elementor-tab-content-4303\" aria-expanded=\"false\">\n\t\t\t\t\t\t\t\t\t\t\t\t<span class=\"elementor-toggle-icon elementor-toggle-icon-right\" aria-hidden=\"true\">\n\t\t\t\t\t\t\t\t\t\t\t\t\t\t\t<span class=\"elementor-toggle-icon-closed\"><i class=\"fas fa-caret-right\"><\/i><\/span>\n\t\t\t\t\t\t\t\t<span class=\"elementor-toggle-icon-opened\"><i class=\"elementor-toggle-icon-opened fas fa-caret-up\"><\/i><\/span>\n\t\t\t\t\t\t\t\t\t\t\t\t\t<\/span>\n\t\t\t\t\t\t\t\t\t\t\t\t<a class=\"elementor-toggle-title\" tabindex=\"0\">Tots els habitatges han de seguir el l\u00edmit de rendes a Barcelona?<\/a>\n\t\t\t\t\t<\/h3>\n\n\t\t\t\t\t<div id=\"elementor-tab-content-4303\" class=\"elementor-tab-content elementor-clearfix\" data-tab=\"3\" role=\"region\" aria-labelledby=\"elementor-tab-title-4303\"><p data-start=\"28\" data-end=\"270\"><strong data-start=\"31\" data-end=\"268\">No. Encara que el teu habitatge estigui en una zona tensionada, existeixen excepcions legals que permeten fixar un preu m\u00e9s alt, o fins i tot llogar sense aplicar cap l\u00edmit. T\u2019expliquem si el teu cas ho permet. Queden fora del l\u00edmit:<\/strong><\/p>\n<ul data-start=\"272\" data-end=\"519\">\n<li data-start=\"272\" data-end=\"329\">\n<p data-start=\"274\" data-end=\"329\"><strong data-start=\"274\" data-end=\"327\">Obra nova o gran rehabilitaci\u00f3 (menys de 5 anys).<\/strong><\/p>\n<\/li>\n<li data-start=\"330\" data-end=\"412\">\n<p data-start=\"332\" data-end=\"412\"><strong data-start=\"332\" data-end=\"410\">Habitatges de menys de 30 m\u00b2 o entre 150 i 300 m\u00b2 no llogats anteriorment.<\/strong><\/p>\n<\/li>\n<li data-start=\"413\" data-end=\"483\">\n<p data-start=\"415\" data-end=\"483\"><strong data-start=\"415\" data-end=\"481\">Habitatges de m\u00e9s de 300 m\u00b2 o de renda superior a 7.277 \u20ac\/mes.<\/strong><\/p>\n<\/li>\n<li data-start=\"484\" data-end=\"519\">\n<p data-start=\"486\" data-end=\"519\"><strong data-start=\"486\" data-end=\"515\">Contractes per temporada.<\/strong><\/p>\n<\/li>\n<\/ul>\n<\/div>\n\t\t\t\t<\/div>\n\t\t\t\t\t\t\t<div class=\"elementor-toggle-item\">\n\t\t\t\t\t<h3 id=\"elementor-tab-title-4304\" class=\"elementor-tab-title\" data-tab=\"4\" role=\"button\" aria-controls=\"elementor-tab-content-4304\" aria-expanded=\"false\">\n\t\t\t\t\t\t\t\t\t\t\t\t<span class=\"elementor-toggle-icon elementor-toggle-icon-right\" aria-hidden=\"true\">\n\t\t\t\t\t\t\t\t\t\t\t\t\t\t\t<span class=\"elementor-toggle-icon-closed\"><i class=\"fas fa-caret-right\"><\/i><\/span>\n\t\t\t\t\t\t\t\t<span class=\"elementor-toggle-icon-opened\"><i class=\"elementor-toggle-icon-opened fas fa-caret-up\"><\/i><\/span>\n\t\t\t\t\t\t\t\t\t\t\t\t\t<\/span>\n\t\t\t\t\t\t\t\t\t\t\t\t<a class=\"elementor-toggle-title\" tabindex=\"0\">Puc pujar el preu del lloguer si he reformat el meu pis?<\/a>\n\t\t\t\t\t<\/h3>\n\n\t\t\t\t\t<div id=\"elementor-tab-content-4304\" class=\"elementor-tab-content elementor-clearfix\" data-tab=\"4\" role=\"region\" aria-labelledby=\"elementor-tab-title-4304\"><p>En alguns sup\u00f2sits, la llei permet incrementar fins a un 10\u202f% la renda fixada. Dep\u00e8n del tipus de reforma, de l\u2019estalvi energ\u00e8tic o de la durada del contracte. Podem revisar-ho amb tu per veure si s\u2019aplica.<\/p>\n<\/div>\n\t\t\t\t<\/div>\n\t\t\t\t\t\t\t<div class=\"elementor-toggle-item\">\n\t\t\t\t\t<h3 id=\"elementor-tab-title-4305\" class=\"elementor-tab-title\" data-tab=\"5\" role=\"button\" aria-controls=\"elementor-tab-content-4305\" aria-expanded=\"false\">\n\t\t\t\t\t\t\t\t\t\t\t\t<span class=\"elementor-toggle-icon elementor-toggle-icon-right\" aria-hidden=\"true\">\n\t\t\t\t\t\t\t\t\t\t\t\t\t\t\t<span class=\"elementor-toggle-icon-closed\"><i class=\"fas fa-caret-right\"><\/i><\/span>\n\t\t\t\t\t\t\t\t<span class=\"elementor-toggle-icon-opened\"><i class=\"elementor-toggle-icon-opened fas fa-caret-up\"><\/i><\/span>\n\t\t\t\t\t\t\t\t\t\t\t\t\t<\/span>\n\t\t\t\t\t\t\t\t\t\t\t\t<a class=\"elementor-toggle-title\" tabindex=\"0\">Com calculeu el preu de lloguer del meu pis a Barcelona?<\/a>\n\t\t\t\t\t<\/h3>\n\n\t\t\t\t\t<div id=\"elementor-tab-content-4305\" class=\"elementor-tab-content elementor-clearfix\" data-tab=\"5\" role=\"region\" aria-labelledby=\"elementor-tab-title-4305\"><p>Ho fem en base a l\u2019\u00edndex oficial, la zona, el tipus d\u2019habitatge i l\u2019estat del pis, i ho validem amb un assessor expert.<\/p>\n<\/div>\n\t\t\t\t<\/div>\n\t\t\t\t\t\t\t<div class=\"elementor-toggle-item\">\n\t\t\t\t\t<h3 id=\"elementor-tab-title-4306\" class=\"elementor-tab-title\" data-tab=\"6\" role=\"button\" aria-controls=\"elementor-tab-content-4306\" aria-expanded=\"false\">\n\t\t\t\t\t\t\t\t\t\t\t\t<span class=\"elementor-toggle-icon elementor-toggle-icon-right\" aria-hidden=\"true\">\n\t\t\t\t\t\t\t\t\t\t\t\t\t\t\t<span class=\"elementor-toggle-icon-closed\"><i class=\"fas fa-caret-right\"><\/i><\/span>\n\t\t\t\t\t\t\t\t<span class=\"elementor-toggle-icon-opened\"><i class=\"elementor-toggle-icon-opened fas fa-caret-up\"><\/i><\/span>\n\t\t\t\t\t\t\t\t\t\t\t\t\t<\/span>\n\t\t\t\t\t\t\t\t\t\t\t\t<a class=\"elementor-toggle-title\" tabindex=\"0\">El c\u00e0lcul de la renda del lloguer \u00e9s gratu\u00eft i sense comprom\u00eds?<\/a>\n\t\t\t\t\t<\/h3>\n\n\t\t\t\t\t<div id=\"elementor-tab-content-4306\" class=\"elementor-tab-content elementor-clearfix\" data-tab=\"6\" role=\"region\" aria-labelledby=\"elementor-tab-title-4306\"><p>S\u00ed, calculem el preu del teu lloguer sense cost i sense comprom\u00eds. Nom\u00e9s si vols llogar amb nosaltres, t\u2019acompanyem en tot el proc\u00e9s<\/p>\n<\/div>\n\t\t\t\t<\/div>\n\t\t\t\t\t\t\t<div class=\"elementor-toggle-item\">\n\t\t\t\t\t<h3 id=\"elementor-tab-title-4307\" class=\"elementor-tab-title\" data-tab=\"7\" role=\"button\" aria-controls=\"elementor-tab-content-4307\" aria-expanded=\"false\">\n\t\t\t\t\t\t\t\t\t\t\t\t<span class=\"elementor-toggle-icon elementor-toggle-icon-right\" aria-hidden=\"true\">\n\t\t\t\t\t\t\t\t\t\t\t\t\t\t\t<span class=\"elementor-toggle-icon-closed\"><i class=\"fas fa-caret-right\"><\/i><\/span>\n\t\t\t\t\t\t\t\t<span class=\"elementor-toggle-icon-opened\"><i class=\"elementor-toggle-icon-opened fas fa-caret-up\"><\/i><\/span>\n\t\t\t\t\t\t\t\t\t\t\t\t\t<\/span>\n\t\t\t\t\t\t\t\t\t\t\t\t<a class=\"elementor-toggle-title\" tabindex=\"0\">Qu\u00e8 passa si vull llogar per sobre del preu legal?<\/a>\n\t\t\t\t\t<\/h3>\n\n\t\t\t\t\t<div id=\"elementor-tab-content-4307\" class=\"elementor-tab-content elementor-clearfix\" data-tab=\"7\" role=\"region\" aria-labelledby=\"elementor-tab-title-4307\"><p>T\u2019expliquem de manera clara qu\u00e8 marca la normativa i en quines situacions concretes es poden aplicar excepcions (com reformes recents o caracter\u00edstiques especials del pis). A m\u00e9s, t\u2019assessorem sobre alternatives legals com el lloguer temporal, perqu\u00e8 sempre lloguis amb seguretat i dins de la llei.<\/p>\n<\/div>\n\t\t\t\t<\/div>\n\t\t\t\t\t\t\t<div class=\"elementor-toggle-item\">\n\t\t\t\t\t<h3 id=\"elementor-tab-title-4308\" class=\"elementor-tab-title\" data-tab=\"8\" role=\"button\" aria-controls=\"elementor-tab-content-4308\" aria-expanded=\"false\">\n\t\t\t\t\t\t\t\t\t\t\t\t<span class=\"elementor-toggle-icon elementor-toggle-icon-right\" aria-hidden=\"true\">\n\t\t\t\t\t\t\t\t\t\t\t\t\t\t\t<span class=\"elementor-toggle-icon-closed\"><i class=\"fas fa-caret-right\"><\/i><\/span>\n\t\t\t\t\t\t\t\t<span class=\"elementor-toggle-icon-opened\"><i class=\"elementor-toggle-icon-opened fas fa-caret-up\"><\/i><\/span>\n\t\t\t\t\t\t\t\t\t\t\t\t\t<\/span>\n\t\t\t\t\t\t\t\t\t\t\t\t<a class=\"elementor-toggle-title\" tabindex=\"0\">Seleccioneu vosaltres el llogater?<\/a>\n\t\t\t\t\t<\/h3>\n\n\t\t\t\t\t<div id=\"elementor-tab-content-4308\" class=\"elementor-tab-content elementor-clearfix\" data-tab=\"8\" role=\"region\" aria-labelledby=\"elementor-tab-title-4308\"><p data-start=\"655\" data-end=\"938\">Filtrarem tots els candidats, analitzem la seva solv\u00e8ncia econ\u00f2mica i comprovem els seus antecedents per garantir perfils fiables. Tu tindr\u00e0s sempre l\u2019\u00faltima paraula: nom\u00e9s llogar\u00e0s a un llogater amb qui et sentis 100% segur i tranquil.<\/p>\n<\/div>\n\t\t\t\t<\/div>\n\t\t\t\t\t\t\t<div class=\"elementor-toggle-item\">\n\t\t\t\t\t<h3 id=\"elementor-tab-title-4309\" class=\"elementor-tab-title\" data-tab=\"9\" role=\"button\" aria-controls=\"elementor-tab-content-4309\" aria-expanded=\"false\">\n\t\t\t\t\t\t\t\t\t\t\t\t<span class=\"elementor-toggle-icon elementor-toggle-icon-right\" aria-hidden=\"true\">\n\t\t\t\t\t\t\t\t\t\t\t\t\t\t\t<span class=\"elementor-toggle-icon-closed\"><i class=\"fas fa-caret-right\"><\/i><\/span>\n\t\t\t\t\t\t\t\t<span class=\"elementor-toggle-icon-opened\"><i class=\"elementor-toggle-icon-opened fas fa-caret-up\"><\/i><\/span>\n\t\t\t\t\t\t\t\t\t\t\t\t\t<\/span>\n\t\t\t\t\t\t\t\t\t\t\t\t<a class=\"elementor-toggle-title\" tabindex=\"0\">Tamb\u00e9 gestioneu contractes i tr\u00e0mits legals?<\/a>\n\t\t\t\t\t<\/h3>\n\n\t\t\t\t\t<div id=\"elementor-tab-content-4309\" class=\"elementor-tab-content elementor-clearfix\" data-tab=\"9\" role=\"region\" aria-labelledby=\"elementor-tab-title-4309\"><p>Ens encarreguem de tot: contractes, visites, fiances i tr\u00e0mits legals. Tu nom\u00e9s reps la teva renda.<\/p>\n<\/div>\n\t\t\t\t<\/div>\n\t\t\t\t\t\t\t<div class=\"elementor-toggle-item\">\n\t\t\t\t\t<h3 id=\"elementor-tab-title-43010\" class=\"elementor-tab-title\" data-tab=\"10\" role=\"button\" aria-controls=\"elementor-tab-content-43010\" aria-expanded=\"false\">\n\t\t\t\t\t\t\t\t\t\t\t\t<span class=\"elementor-toggle-icon elementor-toggle-icon-right\" aria-hidden=\"true\">\n\t\t\t\t\t\t\t\t\t\t\t\t\t\t\t<span class=\"elementor-toggle-icon-closed\"><i class=\"fas fa-caret-right\"><\/i><\/span>\n\t\t\t\t\t\t\t\t<span class=\"elementor-toggle-icon-opened\"><i class=\"elementor-toggle-icon-opened fas fa-caret-up\"><\/i><\/span>\n\t\t\t\t\t\t\t\t\t\t\t\t\t<\/span>\n\t\t\t\t\t\t\t\t\t\t\t\t<a class=\"elementor-toggle-title\" tabindex=\"0\">Puc llogar el meu pis per mesos o nom\u00e9s de llarga estada?<\/a>\n\t\t\t\t\t<\/h3>\n\n\t\t\t\t\t<div id=\"elementor-tab-content-43010\" class=\"elementor-tab-content elementor-clearfix\" data-tab=\"10\" role=\"region\" aria-labelledby=\"elementor-tab-title-43010\"><p data-start=\"1018\" data-end=\"1281\">Treballem tant amb lloguer de llarga durada com amb lloguer temporal segur. Tu tries la modalitat que millor s\u2019adapti a la teva situaci\u00f3 i nosaltres ens ocupem que tot es gestioni amb garanties legals i sense complicacions.<\/p>\n<\/div>\n\t\t\t\t<\/div>\n\t\t\t\t\t\t\t\t<\/div>\n\t\t\t\t\t\t<\/div>\n\t\t\t\t<\/div>\n\t\t\t\t\t<\/div>\n\t\t<\/div>\n\t\t\t\t\t<\/div>\n\t\t<\/section>\n\t\t\t\t<section data-particle_enable=\"false\" data-particle-mobile-disabled=\"false\" class=\"elementor-section elementor-top-section elementor-element elementor-element-37f54af3 elementor-section-boxed elementor-section-height-default elementor-section-height-default\" data-id=\"37f54af3\" data-element_type=\"section\" data-e-type=\"section\">\n\t\t\t\t\t\t<div class=\"elementor-container elementor-column-gap-no\">\n\t\t\t\t\t<div class=\"elementor-column elementor-col-100 elementor-top-column elementor-element elementor-element-1bf42be elementor-invisible\" data-id=\"1bf42be\" data-element_type=\"column\" data-e-type=\"column\" data-settings=\"{&quot;animation&quot;:&quot;zoomIn&quot;}\">\n\t\t\t<div class=\"elementor-widget-wrap elementor-element-populated\">\n\t\t\t\t\t\t<section data-particle_enable=\"false\" data-particle-mobile-disabled=\"false\" class=\"elementor-section elementor-inner-section elementor-element elementor-element-7fc97405 elementor-section-boxed elementor-section-height-default elementor-section-height-default\" data-id=\"7fc97405\" data-element_type=\"section\" data-e-type=\"section\" data-settings=\"{&quot;background_background&quot;:&quot;gradient&quot;}\">\n\t\t\t\t\t\t<div class=\"elementor-container elementor-column-gap-no\">\n\t\t\t\t\t<div class=\"elementor-column elementor-col-100 elementor-inner-column elementor-element elementor-element-6cd7e7fa\" data-id=\"6cd7e7fa\" data-element_type=\"column\" data-e-type=\"column\">\n\t\t\t<div class=\"elementor-widget-wrap elementor-element-populated\">\n\t\t\t\t\t\t<div class=\"elementor-element elementor-element-3e251f66 elementor-widget__width-initial elementor-widget elementor-widget-heading\" data-id=\"3e251f66\" data-element_type=\"widget\" data-e-type=\"widget\" data-widget_type=\"heading.default\">\n\t\t\t\t<div class=\"elementor-widget-container\">\n\t\t\t\t\t<h2 class=\"elementor-heading-title elementor-size-default\">Vols saber ja el preu del teu lloguer?<\/h2>\t\t\t\t<\/div>\n\t\t\t\t<\/div>\n\t\t\t\t<div class=\"elementor-element elementor-element-f2aaef6 elementor-widget elementor-widget-text-editor\" data-id=\"f2aaef6\" data-element_type=\"widget\" data-e-type=\"widget\" data-widget_type=\"text-editor.default\">\n\t\t\t\t<div class=\"elementor-widget-container\">\n\t\t\t\t\t\t\t\t\t<p>Tria com prefereixes parlar amb nosaltres<\/p>\n\t\t\t\t\t\t\t\t<\/div>\n\t\t\t\t<\/div>\n\t\t\t\t<div class=\"elementor-element elementor-element-64dd4794 elementor-widget elementor-widget-eael-creative-button\" data-id=\"64dd4794\" data-element_type=\"widget\" data-e-type=\"widget\" data-widget_type=\"eael-creative-button.default\">\n\t\t\t\t<div class=\"elementor-widget-container\">\n\t\t\t\t\t        <div class=\"eael-creative-button-wrapper\">\n\n            <a class=\"eael-creative-button eael-creative-button--moema eael-cb-icon-position-left\" href=\"tel:+34934558535\" data-text=\"Go!\">\n            \t    \n                <div class=\"creative-button-inner\">\n\n                                            <span class=\"eael-creative-button-icon-left\"><\/span>                    \n                    <span class=\"cretive-button-text\">Parlar ara amb un assessor<\/span>\n\n                                    <\/div>\n\t                        <\/a>\n        <\/div>\n        \t\t\t\t<\/div>\n\t\t\t\t<\/div>\n\t\t\t\t<div class=\"elementor-element elementor-element-11e9e42 elementor-widget elementor-widget-eael-creative-button\" data-id=\"11e9e42\" data-element_type=\"widget\" data-e-type=\"widget\" data-widget_type=\"eael-creative-button.default\">\n\t\t\t\t<div class=\"elementor-widget-container\">\n\t\t\t\t\t        <div class=\"eael-creative-button-wrapper\">\n\n            <a class=\"eael-creative-button eael-creative-button--moema eael-cb-icon-position-left\" href=\"https:\/\/wa.me\/34615776631?text=Hola,%20quiero%20recibir%20asesoramiento%20gratuito%20y%20sin%20compromiso%20sobre%20la%20venta%20de%20mi%20piso.\" data-text=\"Go!\">\n            \t    \n                <div class=\"creative-button-inner\">\n\n                                            <span class=\"eael-creative-button-icon-left\"><\/span>                    \n                    <span class=\"cretive-button-text\">Parlar amb un assessor per WhatsApp<\/span>\n\n                                    <\/div>\n\t                        <\/a>\n        <\/div>\n        \t\t\t\t<\/div>\n\t\t\t\t<\/div>\n\t\t\t\t\t<\/div>\n\t\t<\/div>\n\t\t\t\t\t<\/div>\n\t\t<\/section>\n\t\t\t\t\t<\/div>\n\t\t<\/div>\n\t\t\t\t\t<\/div>\n\t\t<\/section>\n\t\t\t\t<section data-particle_enable=\"false\" data-particle-mobile-disabled=\"false\" class=\"elementor-section elementor-top-section elementor-element elementor-element-a34688b elementor-section-boxed elementor-section-height-default elementor-section-height-default\" data-id=\"a34688b\" data-element_type=\"section\" data-e-type=\"section\">\n\t\t\t\t\t\t<div class=\"elementor-container elementor-column-gap-default\">\n\t\t\t\t\t<div class=\"elementor-column elementor-col-100 elementor-top-column elementor-element elementor-element-b90ccba\" data-id=\"b90ccba\" data-element_type=\"column\" data-e-type=\"column\">\n\t\t\t<div class=\"elementor-widget-wrap elementor-element-populated\">\n\t\t\t\t\t\t<div class=\"elementor-element elementor-element-ccf09ef elementor-widget elementor-widget-html\" data-id=\"ccf09ef\" data-element_type=\"widget\" data-e-type=\"widget\" data-widget_type=\"html.default\">\n\t\t\t\t<div class=\"elementor-widget-container\">\n\t\t\t\t\t<script type=\"application\/ld+json\">[{\"@context\":\"https:\/\/schema.org\",\"@type\":\"WebPage\",\"@id\":\"https:\/\/puntohabitat.es\/ca\/calcular-preu-lloguer-barcelona\/#webpage\",\"url\":\"https:\/\/puntohabitat.es\/ca\/calcular-preu-lloguer-barcelona\/\",\"name\":\"Calcula el preu de lloguer del teu pis a Barcelona | PUNTO HABITAT\",\"description\":\"Calcula ara el preu m\u00e0xim legal del teu lloguer a Barcelona segons la normativa vigent. Descobreix en segons si el teu pis est\u00e0 subjecte a l\u2019\u00edndex i quant pots demanar amb seguretat.\",\"inLanguage\":\"ca\",\"isPartOf\":{\"@type\":\"WebSite\",\"@id\":\"https:\/\/puntohabitat.es\/#website\",\"name\":\"PUNTO HABITAT\"},\"primaryImageOfPage\":{\"@type\":\"ImageObject\",\"url\":\"https:\/\/puntohabitat.es\/wp-content\/uploads\/2025\/03\/Venta-de-la-Nuda-Propiedad.webp\"},\"breadcrumb\":{\"@type\":\"BreadcrumbList\",\"itemListElement\":[{\"@type\":\"ListItem\",\"position\":1,\"name\":\"Inici\",\"item\":\"https:\/\/puntohabitat.es\/\"},{\"@type\":\"ListItem\",\"position\":2,\"name\":\"Llogar pis a Barcelona\"},{\"@type\":\"ListItem\",\"position\":3,\"name\":\"Calcular preu m\u00e0xim legal\"}]},\"mainEntity\":{\"@id\":\"https:\/\/puntohabitat.es\/#realestateagent\"}},{\"@context\":\"https:\/\/schema.org\",\"@type\":\"RealEstateAgent\",\"@id\":\"https:\/\/puntohabitat.es\/#realestateagent\",\"name\":\"PUNTO HABITAT\",\"alternateName\":[\"PUNTO HABITAT Immobiliaris\",\"PUNTO HABITAT serveis immobiliaris\",\"PUNTO HABITAT Lloguer\",\"PUNTO HABITAT Immobili\u00e0ria\"],\"url\":\"https:\/\/puntohabitat.es\/\",\"logo\":\"https:\/\/puntohabitat.es\/wp-content\/uploads\/2023\/12\/logo-ph-oscuro.svg\",\"founder\":\"Daniel Egea\",\"foundingLocation\":{\"@type\":\"Place\",\"address\":{\"@type\":\"PostalAddress\",\"addressLocality\":\"Barcelona\",\"addressCountry\":\"ES\"}},\"foundingDate\":\"1995\",\"memberOf\":[{\"@type\":\"Organization\",\"name\":\"Col\u00b7legi d\u2019Agents de la Propietat Immobili\u00e0ria de Barcelona\"},{\"@type\":\"Organization\",\"name\":\"AICAT\"}],\"identifier\":\"5508\",\"email\":\"info@puntohabitat.es\",\"telephone\":\"+34 934 558 535\",\"priceRange\":\"rango medio\",\"areaServed\":\"Barcelona\",\"address\":[{\"@type\":\"PostalAddress\",\"streetAddress\":\"Carrer de la Ind\u00fastria 137\",\"addressLocality\":\"Barcelona\",\"postalCode\":\"08025\",\"addressCountry\":\"ES\"},{\"@type\":\"PostalAddress\",\"streetAddress\":\"Passeig de Sant Joan 150\",\"addressLocality\":\"Barcelona\",\"postalCode\":\"08037\",\"addressCountry\":\"ES\"}],\"geo\":[{\"@type\":\"GeoCoordinates\",\"latitude\":41.409343912078156,\"longitude\":2.1664022858535353},{\"@type\":\"GeoCoordinates\",\"latitude\":41.40232171710191,\"longitude\":2.16603913}],\"aggregateRating\":{\"@type\":\"AggregateRating\",\"name\":\"PUNTO HABITAT Barcelona\",\"ratingValue\":\"4.7\",\"reviewCount\":416},\"review\":[{\"@type\":\"Review\",\"reviewBody\":\"Experi\u00e8ncia m\u00e9s que satisfact\u00f2ria! Hem llogat el nostre pis en nom\u00e9s dues setmanes amb el perfil que busc\u00e0vem. Bona comunicaci\u00f3, gesti\u00f3 r\u00e0pida i molt entenedora. Moltes gr\u00e0cies a l'Ariadna i el Gerard, molt atents i professionals. Sens dubte ho recomanar\u00e9 a tothom.\",\"reviewRating\":{\"@type\":\"Rating\",\"ratingValue\":\"5\"},\"author\":{\"@type\":\"Person\",\"name\":\"Teresa Car\u00fas Fraga\"}},{\"@type\":\"Review\",\"reviewBody\":\"Com a propiet\u00e0ria que llogava per primera vegada a la vida, l'experi\u00e8ncia amb aquesta ag\u00e8ncia immobili\u00e0ria ha estat excel\u00b7lent. Cap pressi\u00f3 mentre m'ho pensava i, un cop decidida, gesti\u00f3 r\u00e0pida i correcta. Magn\u00edfic filtratge del perfil de llogater. Moltes gr\u00e0cies!\",\"reviewRating\":{\"@type\":\"Rating\",\"ratingValue\":\"5\"},\"author\":{\"@type\":\"Person\",\"name\":\"Yolanda Ben\u00edtez\"}},{\"@type\":\"Review\",\"reviewBody\":\"Sempre professionals, sempre atents a tot... una ag\u00e8ncia de tota la vida que saben el que fan. He estat client seu durant 15 anys i l'experi\u00e8ncia ha estat s\u00faper satisfact\u00f2ria! Totalment recomanables!\",\"reviewRating\":{\"@type\":\"Rating\",\"ratingValue\":\"5\"},\"author\":{\"@type\":\"Person\",\"name\":\"Albert Merino\"}},{\"@type\":\"Review\",\"reviewBody\":\"La meva experi\u00e8ncia amb ells \u00e9s immillorable. Atents, amables, propers i molt professionals. Totalment recomanable.\",\"reviewRating\":{\"@type\":\"Rating\",\"ratingValue\":\"5\"},\"author\":{\"@type\":\"Person\",\"name\":\"Alex Silva\"}},{\"@type\":\"Review\",\"reviewBody\":\"Molt bona atenci\u00f3 i professionalitat. Ofereixen un bon servei i assessorament continuat, fent que les operacions i gestions realitzades siguin clares i \u00e0gils. Seguir\u00e9 confiant en ells.\",\"reviewRating\":{\"@type\":\"Rating\",\"ratingValue\":\"5\"},\"author\":{\"@type\":\"Person\",\"name\":\"Jordi Ribell\"}},{\"@type\":\"Review\",\"reviewBody\":\"Coneixen el mercat i les necessitats de propietaris i llogaters. Fa anys que gestionen el nostre pis al barri i no podem estar m\u00e9s satisfets. Tracte exquisit.\",\"reviewRating\":{\"@type\":\"Rating\",\"ratingValue\":\"5\"},\"author\":{\"@type\":\"Person\",\"name\":\"Sergi Calvet\"}}],\"openingHoursSpecification\":[{\"@type\":\"OpeningHoursSpecification\",\"dayOfWeek\":[\"Monday\",\"Tuesday\",\"Wednesday\",\"Thursday\"],\"opens\":\"09:00\",\"closes\":\"14:00\"},{\"@type\":\"OpeningHoursSpecification\",\"dayOfWeek\":[\"Monday\",\"Tuesday\",\"Wednesday\",\"Thursday\"],\"opens\":\"16:00\",\"closes\":\"19:00\"},{\"@type\":\"OpeningHoursSpecification\",\"dayOfWeek\":\"Friday\",\"opens\":\"09:00\",\"closes\":\"14:00\"}],\"sameAs\":[\"https:\/\/www.facebook.com\/puntohabitat\/?locale=es_ES\",\"https:\/\/www.instagram.com\/puntohabitat\/\",\"https:\/\/www.tiktok.com\/@puntohabitat\",\"https:\/\/www.youtube.com\/@puntohabitat\",\"https:\/\/www.idealista.com\/pro\/punto-habitat\/\",\"https:\/\/www.fotocasa.es\/es\/inmobiliaria-punto-habitat\/comprar\/inmuebles\/espana\/todas-las-zonas\/?clientId=94-308&cod_e=6012\",\"https:\/\/www.habitaclia.com\/inmobiliaria-punto_habitat_38188_1\/\",\"https:\/\/www.yaencontre.com\/inmobiliarias\/punto-habitat-50997\",\"https:\/\/realadvisor.es\/es\/agencias-inmobiliarias\/agencia-punto-habitat\",\"https:\/\/jobtodoby.com\/es\/company\/inmobiliaria-punto-habitat-J5aSYILang\",\"https:\/\/www.google.com\/maps\/place\/PUNTO+HABITAT+Inmobiliaria\/@41.4089577,2.1734368\",\"https:\/\/www.google.com\/maps\/place\/PUNTO+HABITAT+Inmobiliaria\/@41.4021447,2.1663913\"]}},{\"@context\":\"https:\/\/schema.org\",\"@type\":\"FAQPage\",\"@id\":\"https:\/\/puntohabitat.es\/ca\/calcular-preu-lloguer-barcelona\/#faq\",\"url\":\"https:\/\/puntohabitat.es\/ca\/calcular-preu-lloguer-barcelona\/\",\"inLanguage\":\"ca\",\"mainEntity\":[{\"@type\":\"Question\",\"name\":\"Per quant puc llogar el meu pis a Barcelona segons la llei actual?\",\"acceptedAnswer\":{\"@type\":\"Answer\",\"text\":\"La normativa estableix una forquilla de preus segons la ubicaci\u00f3 i les caracter\u00edstiques del pis. Calculem el preu m\u00e0xim legal a Barcelona per al teu habitatge amb el sistema oficial.\"}},{\"@type\":\"Question\",\"name\":\"Qu\u00e8 passa si supero el preu legal del lloguer?\",\"acceptedAnswer\":{\"@type\":\"Answer\",\"text\":\"En zones de mercat tensionat podries rebre sancions si el lloguer supera el m\u00e0xim perm\u00e8s. Per aix\u00f2 calculem la teva renda conforme al sistema oficial perqu\u00e8 lloguis amb seguretat.\"}},{\"@type\":\"Question\",\"name\":\"Tots els habitatges han de seguir el l\u00edmit de rendes a Barcelona?\",\"acceptedAnswer\":{\"@type\":\"Answer\",\"text\":\"No. Encara que el teu habitatge estigui en una zona tensionada, existeixen excepcions legals que permeten fixar un preu m\u00e9s alt o fins i tot no aplicar l\u00edmits. Queden fora del l\u00edmit, entre d\u2019altres: obra nova o gran rehabilitaci\u00f3 (menys de 5 anys); habitatges de menys de 30 m\u00b2 o entre 150 i 300 m\u00b2 no llogats anteriorment; habitatges de m\u00e9s de 300 m\u00b2 o de renda superior a 7.277 \u20ac\/mes; i contractes per temporada.\"}},{\"@type\":\"Question\",\"name\":\"Puc apujar el preu del lloguer si he reformat el meu pis?\",\"acceptedAnswer\":{\"@type\":\"Answer\",\"text\":\"En alguns sup\u00f2sits la llei permet incrementar fins a un 10% la renda fixada. Dep\u00e8n del tipus de reforma, de l\u2019estalvi energ\u00e8tic o de la durada del contracte. Ho revisem amb tu.\"}},{\"@type\":\"Question\",\"name\":\"Com calculeu el preu de lloguer del meu pis a Barcelona?\",\"acceptedAnswer\":{\"@type\":\"Answer\",\"text\":\"Ho fem en base a l\u2019\u00edndex oficial, la zona, el tipus d\u2019habitatge i l\u2019estat del pis, i ho validem amb un assessor expert.\"}},{\"@type\":\"Question\",\"name\":\"El c\u00e0lcul de la renda del lloguer \u00e9s gratu\u00eft i sense comprom\u00eds?\",\"acceptedAnswer\":{\"@type\":\"Answer\",\"text\":\"S\u00ed, calculem el preu del teu lloguer sense cost i sense comprom\u00eds. Nom\u00e9s si vols llogar amb nosaltres, t\u2019acompanyem en tot el proc\u00e9s.\"}},{\"@type\":\"Question\",\"name\":\"Qu\u00e8 passa si vull llogar per sobre del preu legal?\",\"acceptedAnswer\":{\"@type\":\"Answer\",\"text\":\"T\u2019expliquem de manera clara qu\u00e8 marca la normativa i en quines situacions concretes es poden aplicar excepcions (com reformes recents o caracter\u00edstiques especials del pis). A m\u00e9s, t\u2019assessorem sobre alternatives legals com el lloguer temporal, perqu\u00e8 sempre lloguis amb seguretat i dins de la llei.\"}},{\"@type\":\"Question\",\"name\":\"Seleccioneu vosaltres el llogater?\",\"acceptedAnswer\":{\"@type\":\"Answer\",\"text\":\"Filtrarem tots els candidats, analitzem la seva solv\u00e8ncia econ\u00f2mica i comprovem els seus antecedents per garantir perfils fiables. Tu tindr\u00e0s sempre l\u2019\u00faltima paraula: nom\u00e9s llogar\u00e0s a un llogater amb qui et sentis 100% segur i tranquil.\"}},{\"@type\":\"Question\",\"name\":\"Tamb\u00e9 gestioneu contractes i tr\u00e0mits legals?\",\"acceptedAnswer\":{\"@type\":\"Answer\",\"text\":\"Ens encarreguem de tot: contractes, visites, fiances i tr\u00e0mits legals. Tu nom\u00e9s reps la teva renda.\"}},{\"@type\":\"Question\",\"name\":\"Puc llogar el meu pis per mesos o nom\u00e9s de llarga estada?\",\"acceptedAnswer\":{\"@type\":\"Answer\",\"text\":\"Treballem tant amb lloguer de llarga durada com amb lloguer temporal segur. Tu tries la modalitat que millor s\u2019adapti a la teva situaci\u00f3 i nosaltres ens ocupem que tot es gestioni amb garanties legals i sense complicacions.\"}}]}]<\/script><br>\t\t\t\t<\/div>\n\t\t\t\t<\/div>\n\t\t\t\t\t<\/div>\n\t\t<\/div>\n\t\t\t\t\t<\/div>\n\t\t<\/section>\n\t\t\t\t<\/div>\n\t\t","protected":false},"excerpt":{"rendered":"<p>Calcula el preu de lloguer del teu pis a Barcelona Obt\u00e9 el preu m\u00e0xim legal del teu pis i rep una valoraci\u00f3 experta per llogar amb seguretat Descobrir el preu del meu lloguer 100% gratu\u00eft i sense comprom\u00eds Calcula el preu del lloguer del teu pis a Barcelona Obt\u00e9 el preu m\u00e0xim legal del teu [&hellip;]<\/p>\n","protected":false},"author":2,"featured_media":85767,"parent":0,"menu_order":0,"comment_status":"closed","ping_status":"closed","template":"elementor_canvas","meta":{"footnotes":""},"class_list":["post-88559","page","type-page","status-publish","has-post-thumbnail","hentry"],"yoast_head":"<!-- This site is optimized with the Yoast SEO plugin v27.5 - https:\/\/yoast.com\/product\/yoast-seo-wordpress\/ -->\n<title>Calcula el preu del lloguer del teu pis a Barcelona | PUNTO HABITAT<\/title>\n<meta name=\"description\" content=\"Descobreix gratis per quant pots llogar el teu pis a Barcelona segons la normativa. Calcula el preu legal i rep assessorament expert.\" \/>\n<meta name=\"robots\" content=\"index, follow, max-snippet:-1, max-image-preview:large, max-video-preview:-1\" \/>\n<link rel=\"canonical\" href=\"https:\/\/puntohabitat.es\/ca\/calcular-preu-lloguer-barcelona\/\" \/>\n<meta property=\"og:locale\" content=\"ca_ES\" \/>\n<meta property=\"og:type\" content=\"article\" \/>\n<meta property=\"og:title\" content=\"Calcula el preu del lloguer del teu pis a Barcelona | PUNTO HABITAT\" \/>\n<meta property=\"og:description\" content=\"Descobreix gratis per quant pots llogar el teu pis a Barcelona segons la normativa. Calcula el preu legal i rep assessorament expert.\" \/>\n<meta property=\"og:url\" content=\"https:\/\/puntohabitat.es\/ca\/calcular-preu-lloguer-barcelona\/\" \/>\n<meta property=\"og:site_name\" content=\"PUNTO HABITAT\" \/>\n<meta property=\"article:publisher\" content=\"https:\/\/www.facebook.com\/puntohabitat\" \/>\n<meta property=\"article:modified_time\" content=\"2025-08-28T05:27:34+00:00\" \/>\n<meta property=\"og:image\" content=\"https:\/\/puntohabitat.es\/wp-content\/uploads\/2025\/03\/Venta-de-la-Nuda-Propiedad.webp\" \/>\n\t<meta property=\"og:image:width\" content=\"1200\" \/>\n\t<meta property=\"og:image:height\" content=\"800\" \/>\n\t<meta property=\"og:image:type\" content=\"image\/webp\" \/>\n<meta name=\"twitter:card\" content=\"summary_large_image\" \/>\n<meta name=\"twitter:site\" content=\"@puntohabitat\" \/>\n<meta name=\"twitter:label1\" content=\"Temps estimat de lectura\" \/>\n\t<meta name=\"twitter:data1\" content=\"11 minuts\" \/>\n<script type=\"application\/ld+json\" class=\"yoast-schema-graph\">{\"@context\":\"https:\\\/\\\/schema.org\",\"@graph\":[{\"@type\":\"WebPage\",\"@id\":\"https:\\\/\\\/puntohabitat.es\\\/ca\\\/calcular-preu-lloguer-barcelona\\\/\",\"url\":\"https:\\\/\\\/puntohabitat.es\\\/ca\\\/calcular-preu-lloguer-barcelona\\\/\",\"name\":\"Calcula el preu del lloguer del teu pis a Barcelona | PUNTO HABITAT\",\"isPartOf\":{\"@id\":\"https:\\\/\\\/puntohabitat.es\\\/ca\\\/#website\"},\"primaryImageOfPage\":{\"@id\":\"https:\\\/\\\/puntohabitat.es\\\/ca\\\/calcular-preu-lloguer-barcelona\\\/#primaryimage\"},\"image\":{\"@id\":\"https:\\\/\\\/puntohabitat.es\\\/ca\\\/calcular-preu-lloguer-barcelona\\\/#primaryimage\"},\"thumbnailUrl\":\"https:\\\/\\\/puntohabitat.es\\\/wp-content\\\/uploads\\\/2025\\\/03\\\/Venta-de-la-Nuda-Propiedad.webp\",\"datePublished\":\"2025-05-07T14:20:04+00:00\",\"dateModified\":\"2025-08-28T05:27:34+00:00\",\"description\":\"Descobreix gratis per quant pots llogar el teu pis a Barcelona segons la normativa. Calcula el preu legal i rep assessorament expert.\",\"breadcrumb\":{\"@id\":\"https:\\\/\\\/puntohabitat.es\\\/ca\\\/calcular-preu-lloguer-barcelona\\\/#breadcrumb\"},\"inLanguage\":\"ca\",\"potentialAction\":[{\"@type\":\"ReadAction\",\"target\":[\"https:\\\/\\\/puntohabitat.es\\\/ca\\\/calcular-preu-lloguer-barcelona\\\/\"]}]},{\"@type\":\"ImageObject\",\"inLanguage\":\"ca\",\"@id\":\"https:\\\/\\\/puntohabitat.es\\\/ca\\\/calcular-preu-lloguer-barcelona\\\/#primaryimage\",\"url\":\"https:\\\/\\\/puntohabitat.es\\\/wp-content\\\/uploads\\\/2025\\\/03\\\/Venta-de-la-Nuda-Propiedad.webp\",\"contentUrl\":\"https:\\\/\\\/puntohabitat.es\\\/wp-content\\\/uploads\\\/2025\\\/03\\\/Venta-de-la-Nuda-Propiedad.webp\",\"width\":1200,\"height\":800,\"caption\":\"Calcula el precio del alquiler de tu piso en Barcelona\"},{\"@type\":\"BreadcrumbList\",\"@id\":\"https:\\\/\\\/puntohabitat.es\\\/ca\\\/calcular-preu-lloguer-barcelona\\\/#breadcrumb\",\"itemListElement\":[{\"@type\":\"ListItem\",\"position\":1,\"name\":\"Inicio\",\"item\":\"https:\\\/\\\/puntohabitat.es\\\/ca\\\/\"},{\"@type\":\"ListItem\",\"position\":2,\"name\":\"Vols llogar el teu pis a Barcelona?\"}]},{\"@type\":\"WebSite\",\"@id\":\"https:\\\/\\\/puntohabitat.es\\\/ca\\\/#website\",\"url\":\"https:\\\/\\\/puntohabitat.es\\\/ca\\\/\",\"name\":\"PUNTO HABITAT\",\"description\":\"Inmobiliaria Barcelona | Venta y alquiler de pisos Barcelona | Gesti\u00f3n de alquiler\",\"publisher\":{\"@id\":\"https:\\\/\\\/puntohabitat.es\\\/ca\\\/#organization\"},\"potentialAction\":[{\"@type\":\"SearchAction\",\"target\":{\"@type\":\"EntryPoint\",\"urlTemplate\":\"https:\\\/\\\/puntohabitat.es\\\/ca\\\/?s={search_term_string}\"},\"query-input\":{\"@type\":\"PropertyValueSpecification\",\"valueRequired\":true,\"valueName\":\"search_term_string\"}}],\"inLanguage\":\"ca\"},{\"@type\":\"Organization\",\"@id\":\"https:\\\/\\\/puntohabitat.es\\\/ca\\\/#organization\",\"name\":\"PUNTO HABITAT\",\"url\":\"https:\\\/\\\/puntohabitat.es\\\/ca\\\/\",\"logo\":{\"@type\":\"ImageObject\",\"inLanguage\":\"ca\",\"@id\":\"https:\\\/\\\/puntohabitat.es\\\/ca\\\/#\\\/schema\\\/logo\\\/image\\\/\",\"url\":\"https:\\\/\\\/puntohabitat.es\\\/wp-content\\\/uploads\\\/2022\\\/06\\\/icono-apple-ipad-retina.jpg\",\"contentUrl\":\"https:\\\/\\\/puntohabitat.es\\\/wp-content\\\/uploads\\\/2022\\\/06\\\/icono-apple-ipad-retina.jpg\",\"width\":145,\"height\":145,\"caption\":\"PUNTO HABITAT\"},\"image\":{\"@id\":\"https:\\\/\\\/puntohabitat.es\\\/ca\\\/#\\\/schema\\\/logo\\\/image\\\/\"},\"sameAs\":[\"https:\\\/\\\/www.facebook.com\\\/puntohabitat\",\"https:\\\/\\\/x.com\\\/puntohabitat\",\"https:\\\/\\\/www.instagram.com\\\/puntohabitat\\\/\",\"https:\\\/\\\/www.linkedin.com\\\/in\\\/puntohabitat\\\/\",\"https:\\\/\\\/www.youtube.com\\\/c\\\/puntohabitatinmobiliariaBarcelona\",\"https:\\\/\\\/www.tiktok.com\\\/@puntohabitat\"]}]}<\/script>\n<!-- \/ Yoast SEO plugin. -->","yoast_head_json":{"title":"Calcula el preu del lloguer del teu pis a Barcelona | PUNTO HABITAT","description":"Descobreix gratis per quant pots llogar el teu pis a Barcelona segons la normativa. Calcula el preu legal i rep assessorament expert.","robots":{"index":"index","follow":"follow","max-snippet":"max-snippet:-1","max-image-preview":"max-image-preview:large","max-video-preview":"max-video-preview:-1"},"canonical":"https:\/\/puntohabitat.es\/ca\/calcular-preu-lloguer-barcelona\/","og_locale":"ca_ES","og_type":"article","og_title":"Calcula el preu del lloguer del teu pis a Barcelona | PUNTO HABITAT","og_description":"Descobreix gratis per quant pots llogar el teu pis a Barcelona segons la normativa. Calcula el preu legal i rep assessorament expert.","og_url":"https:\/\/puntohabitat.es\/ca\/calcular-preu-lloguer-barcelona\/","og_site_name":"PUNTO HABITAT","article_publisher":"https:\/\/www.facebook.com\/puntohabitat","article_modified_time":"2025-08-28T05:27:34+00:00","og_image":[{"width":1200,"height":800,"url":"https:\/\/puntohabitat.es\/wp-content\/uploads\/2025\/03\/Venta-de-la-Nuda-Propiedad.webp","type":"image\/webp"}],"twitter_card":"summary_large_image","twitter_site":"@puntohabitat","twitter_misc":{"Temps estimat de lectura":"11 minuts"},"schema":{"@context":"https:\/\/schema.org","@graph":[{"@type":"WebPage","@id":"https:\/\/puntohabitat.es\/ca\/calcular-preu-lloguer-barcelona\/","url":"https:\/\/puntohabitat.es\/ca\/calcular-preu-lloguer-barcelona\/","name":"Calcula el preu del lloguer del teu pis a Barcelona | PUNTO HABITAT","isPartOf":{"@id":"https:\/\/puntohabitat.es\/ca\/#website"},"primaryImageOfPage":{"@id":"https:\/\/puntohabitat.es\/ca\/calcular-preu-lloguer-barcelona\/#primaryimage"},"image":{"@id":"https:\/\/puntohabitat.es\/ca\/calcular-preu-lloguer-barcelona\/#primaryimage"},"thumbnailUrl":"https:\/\/puntohabitat.es\/wp-content\/uploads\/2025\/03\/Venta-de-la-Nuda-Propiedad.webp","datePublished":"2025-05-07T14:20:04+00:00","dateModified":"2025-08-28T05:27:34+00:00","description":"Descobreix gratis per quant pots llogar el teu pis a Barcelona segons la normativa. Calcula el preu legal i rep assessorament expert.","breadcrumb":{"@id":"https:\/\/puntohabitat.es\/ca\/calcular-preu-lloguer-barcelona\/#breadcrumb"},"inLanguage":"ca","potentialAction":[{"@type":"ReadAction","target":["https:\/\/puntohabitat.es\/ca\/calcular-preu-lloguer-barcelona\/"]}]},{"@type":"ImageObject","inLanguage":"ca","@id":"https:\/\/puntohabitat.es\/ca\/calcular-preu-lloguer-barcelona\/#primaryimage","url":"https:\/\/puntohabitat.es\/wp-content\/uploads\/2025\/03\/Venta-de-la-Nuda-Propiedad.webp","contentUrl":"https:\/\/puntohabitat.es\/wp-content\/uploads\/2025\/03\/Venta-de-la-Nuda-Propiedad.webp","width":1200,"height":800,"caption":"Calcula el precio del alquiler de tu piso en Barcelona"},{"@type":"BreadcrumbList","@id":"https:\/\/puntohabitat.es\/ca\/calcular-preu-lloguer-barcelona\/#breadcrumb","itemListElement":[{"@type":"ListItem","position":1,"name":"Inicio","item":"https:\/\/puntohabitat.es\/ca\/"},{"@type":"ListItem","position":2,"name":"Vols llogar el teu pis a Barcelona?"}]},{"@type":"WebSite","@id":"https:\/\/puntohabitat.es\/ca\/#website","url":"https:\/\/puntohabitat.es\/ca\/","name":"PUNTO HABITAT","description":"Inmobiliaria Barcelona | Venta y alquiler de pisos Barcelona | Gesti\u00f3n de alquiler","publisher":{"@id":"https:\/\/puntohabitat.es\/ca\/#organization"},"potentialAction":[{"@type":"SearchAction","target":{"@type":"EntryPoint","urlTemplate":"https:\/\/puntohabitat.es\/ca\/?s={search_term_string}"},"query-input":{"@type":"PropertyValueSpecification","valueRequired":true,"valueName":"search_term_string"}}],"inLanguage":"ca"},{"@type":"Organization","@id":"https:\/\/puntohabitat.es\/ca\/#organization","name":"PUNTO HABITAT","url":"https:\/\/puntohabitat.es\/ca\/","logo":{"@type":"ImageObject","inLanguage":"ca","@id":"https:\/\/puntohabitat.es\/ca\/#\/schema\/logo\/image\/","url":"https:\/\/puntohabitat.es\/wp-content\/uploads\/2022\/06\/icono-apple-ipad-retina.jpg","contentUrl":"https:\/\/puntohabitat.es\/wp-content\/uploads\/2022\/06\/icono-apple-ipad-retina.jpg","width":145,"height":145,"caption":"PUNTO HABITAT"},"image":{"@id":"https:\/\/puntohabitat.es\/ca\/#\/schema\/logo\/image\/"},"sameAs":["https:\/\/www.facebook.com\/puntohabitat","https:\/\/x.com\/puntohabitat","https:\/\/www.instagram.com\/puntohabitat\/","https:\/\/www.linkedin.com\/in\/puntohabitat\/","https:\/\/www.youtube.com\/c\/puntohabitatinmobiliariaBarcelona","https:\/\/www.tiktok.com\/@puntohabitat"]}]}},"_links":{"self":[{"href":"https:\/\/puntohabitat.es\/ca\/wp-json\/wp\/v2\/pages\/88559","targetHints":{"allow":["GET"]}}],"collection":[{"href":"https:\/\/puntohabitat.es\/ca\/wp-json\/wp\/v2\/pages"}],"about":[{"href":"https:\/\/puntohabitat.es\/ca\/wp-json\/wp\/v2\/types\/page"}],"author":[{"embeddable":true,"href":"https:\/\/puntohabitat.es\/ca\/wp-json\/wp\/v2\/users\/2"}],"replies":[{"embeddable":true,"href":"https:\/\/puntohabitat.es\/ca\/wp-json\/wp\/v2\/comments?post=88559"}],"version-history":[{"count":0,"href":"https:\/\/puntohabitat.es\/ca\/wp-json\/wp\/v2\/pages\/88559\/revisions"}],"wp:featuredmedia":[{"embeddable":true,"href":"https:\/\/puntohabitat.es\/ca\/wp-json\/wp\/v2\/media\/85767"}],"wp:attachment":[{"href":"https:\/\/puntohabitat.es\/ca\/wp-json\/wp\/v2\/media?parent=88559"}],"curies":[{"name":"wp","href":"https:\/\/api.w.org\/{rel}","templated":true}]}}