{"id":90088,"date":"2025-08-04T15:43:56","date_gmt":"2025-08-04T13:43:56","guid":{"rendered":"https:\/\/puntohabitat.es\/immobiliaria-eixample\/"},"modified":"2025-08-20T18:58:41","modified_gmt":"2025-08-20T16:58:41","slug":"immobiliaria-eixample","status":"publish","type":"page","link":"https:\/\/puntohabitat.es\/ca\/immobiliaria-eixample\/","title":{"rendered":"Immobili\u00e0ria Eixample"},"content":{"rendered":"\t\t<div data-elementor-type=\"wp-page\" data-elementor-id=\"90088\" class=\"elementor elementor-90088 elementor-89821\" data-elementor-post-type=\"page\">\n\t\t\t\t\t\t<section data-particle_enable=\"false\" data-particle-mobile-disabled=\"false\" class=\"elementor-section elementor-top-section elementor-element elementor-element-2d44f40b elementor-section-height-min-height elementor-section-boxed elementor-section-height-default elementor-section-items-middle\" data-id=\"2d44f40b\" data-element_type=\"section\" data-e-type=\"section\" data-settings=\"{&quot;background_background&quot;:&quot;gradient&quot;,&quot;shape_divider_bottom&quot;:&quot;waves&quot;}\">\n\t\t\t\t\t\t\t<div class=\"elementor-background-overlay\"><\/div>\n\t\t\t\t\t\t<div class=\"elementor-shape elementor-shape-bottom\" aria-hidden=\"true\" data-negative=\"false\">\n\t\t\t<svg xmlns=\"http:\/\/www.w3.org\/2000\/svg\" viewBox=\"0 0 1000 100\" preserveAspectRatio=\"none\">\n\t<path class=\"elementor-shape-fill\" d=\"M421.9,6.5c22.6-2.5,51.5,0.4,75.5,5.3c23.6,4.9,70.9,23.5,100.5,35.7c75.8,32.2,133.7,44.5,192.6,49.7\n\tc23.6,2.1,48.7,3.5,103.4-2.5c54.7-6,106.2-25.6,106.2-25.6V0H0v30.3c0,0,72,32.6,158.4,30.5c39.2-0.7,92.8-6.7,134-22.4\n\tc21.2-8.1,52.2-18.2,79.7-24.2C399.3,7.9,411.6,7.5,421.9,6.5z\"\/>\n<\/svg>\t\t<\/div>\n\t\t\t\t\t<div class=\"elementor-container elementor-column-gap-default\">\n\t\t\t\t\t<div class=\"elementor-column elementor-col-50 elementor-top-column elementor-element elementor-element-74fc1e4\" data-id=\"74fc1e4\" data-element_type=\"column\" data-e-type=\"column\">\n\t\t\t<div class=\"elementor-widget-wrap elementor-element-populated\">\n\t\t\t\t\t\t<div class=\"elementor-element elementor-element-45a395a elementor-widget elementor-widget-image\" data-id=\"45a395a\" data-element_type=\"widget\" data-e-type=\"widget\" data-widget_type=\"image.default\">\n\t\t\t\t<div class=\"elementor-widget-container\">\n\t\t\t\t\t\t\t\t\t\t\t\t\t\t\t<img decoding=\"async\" width=\"300\" height=\"20\" src=\"https:\/\/puntohabitat.es\/wp-content\/uploads\/2022\/05\/logo-transparente-0-300x20.png\" class=\"attachment-medium size-medium wp-image-67888\" alt=\"\" srcset=\"https:\/\/puntohabitat.es\/wp-content\/uploads\/2022\/05\/logo-transparente-0-300x20.png 300w, https:\/\/puntohabitat.es\/wp-content\/uploads\/2022\/05\/logo-transparente-0-1024x70.png 1024w, https:\/\/puntohabitat.es\/wp-content\/uploads\/2022\/05\/logo-transparente-0-768x52.png 768w, https:\/\/puntohabitat.es\/wp-content\/uploads\/2022\/05\/logo-transparente-0-1536x104.png 1536w, https:\/\/puntohabitat.es\/wp-content\/uploads\/2022\/05\/logo-transparente-0-2048x139.png 2048w, https:\/\/puntohabitat.es\/wp-content\/uploads\/2022\/05\/logo-transparente-0-150x10.png 150w, https:\/\/puntohabitat.es\/wp-content\/uploads\/2022\/05\/logo-transparente-0-350x24.png 350w\" sizes=\"(max-width: 300px) 100vw, 300px\" \/>\t\t\t\t\t\t\t\t\t\t\t\t\t\t\t<\/div>\n\t\t\t\t<\/div>\n\t\t\t\t<div class=\"elementor-element elementor-element-4ec164fb elementor-widget elementor-widget-heading\" data-id=\"4ec164fb\" data-element_type=\"widget\" data-e-type=\"widget\" data-widget_type=\"heading.default\">\n\t\t\t\t<div class=\"elementor-widget-container\">\n\t\t\t\t\t<h1 class=\"elementor-heading-title elementor-size-default\">Immobili\u00e0ria a l\u2019Eixample <br>de Barcelona<\/h1>\t\t\t\t<\/div>\n\t\t\t\t<\/div>\n\t\t\t\t<div class=\"elementor-element elementor-element-62dcfa86 elementor-widget elementor-widget-text-editor\" data-id=\"62dcfa86\" data-element_type=\"widget\" data-e-type=\"widget\" data-widget_type=\"text-editor.default\">\n\t\t\t\t<div class=\"elementor-widget-container\">\n\t\t\t\t\t\t\t\t\t<p data-start=\"0\" data-end=\"94\">30 anys d\u2019experi\u00e8ncia, dues oficines f\u00edsiques i un equip que coneix cada carrer de l\u2019Eixample.<\/p>\n<p><\/p>\n<p data-start=\"96\" data-end=\"142\" data-is-last-node=\"\" data-is-only-node=\"\">Si est\u00e0s pensant a vendre o llogar, parlem-ne.<\/p>\n\t\t\t\t\t\t\t\t<\/div>\n\t\t\t\t<\/div>\n\t\t\t\t<div class=\"elementor-element elementor-element-2b3811f4 elementor-mobile-align-center elementor-widget elementor-widget-button\" data-id=\"2b3811f4\" data-element_type=\"widget\" data-e-type=\"widget\" data-widget_type=\"button.default\">\n\t\t\t\t<div class=\"elementor-widget-container\">\n\t\t\t\t\t\t\t\t\t<div class=\"elementor-button-wrapper\">\n\t\t\t\t\t<a class=\"elementor-button elementor-button-link elementor-size-md\" href=\"#about\">\n\t\t\t\t\t\t<span class=\"elementor-button-content-wrapper\">\n\t\t\t\t\t\t<span class=\"elementor-button-icon\">\n\t\t\t\t<i aria-hidden=\"true\" class=\"fas fa-arrow-down\"><\/i>\t\t\t<\/span>\n\t\t\t\t\t\t\t\t\t<span class=\"elementor-button-text\">Sol\u00b7licita assessorament<\/span>\n\t\t\t\t\t<\/span>\n\t\t\t\t\t<\/a>\n\t\t\t\t<\/div>\n\t\t\t\t\t\t\t\t<\/div>\n\t\t\t\t<\/div>\n\t\t\t\t\t<\/div>\n\t\t<\/div>\n\t\t\t\t<div class=\"elementor-column elementor-col-50 elementor-top-column elementor-element elementor-element-213cf1e9\" data-id=\"213cf1e9\" data-element_type=\"column\" data-e-type=\"column\">\n\t\t\t<div class=\"elementor-widget-wrap elementor-element-populated\">\n\t\t\t\t\t\t<div class=\"elementor-element elementor-element-1987b967 elementor-widget elementor-widget-image\" data-id=\"1987b967\" data-element_type=\"widget\" data-e-type=\"widget\" data-settings=\"{&quot;motion_fx_motion_fx_scrolling&quot;:&quot;yes&quot;,&quot;motion_fx_translateY_effect&quot;:&quot;yes&quot;,&quot;motion_fx_translateY_speed&quot;:{&quot;unit&quot;:&quot;px&quot;,&quot;size&quot;:&quot;1&quot;,&quot;sizes&quot;:[]},&quot;_animation&quot;:&quot;none&quot;,&quot;motion_fx_translateY_affectedRange&quot;:{&quot;unit&quot;:&quot;%&quot;,&quot;size&quot;:&quot;&quot;,&quot;sizes&quot;:{&quot;start&quot;:0,&quot;end&quot;:100}},&quot;motion_fx_devices&quot;:[&quot;desktop&quot;,&quot;tablet&quot;,&quot;mobile&quot;]}\" data-widget_type=\"image.default\">\n\t\t\t\t<div class=\"elementor-widget-container\">\n\t\t\t\t\t\t\t\t\t\t\t\t\t\t\t<img fetchpriority=\"high\" decoding=\"async\" width=\"1200\" height=\"900\" src=\"https:\/\/puntohabitat.es\/wp-content\/uploads\/2025\/03\/Inmobiliaria-Barcelona-PUNTO-HABITAT.jpg\" class=\"attachment-full size-full wp-image-85868\" alt=\"Inmobiliaria-Barcelona-PUNTO-HABITAT\" srcset=\"https:\/\/puntohabitat.es\/wp-content\/uploads\/2025\/03\/Inmobiliaria-Barcelona-PUNTO-HABITAT.jpg 1200w, https:\/\/puntohabitat.es\/wp-content\/uploads\/2025\/03\/Inmobiliaria-Barcelona-PUNTO-HABITAT-300x225.jpg 300w, https:\/\/puntohabitat.es\/wp-content\/uploads\/2025\/03\/Inmobiliaria-Barcelona-PUNTO-HABITAT-1024x768.jpg 1024w, https:\/\/puntohabitat.es\/wp-content\/uploads\/2025\/03\/Inmobiliaria-Barcelona-PUNTO-HABITAT-768x576.jpg 768w, https:\/\/puntohabitat.es\/wp-content\/uploads\/2025\/03\/Inmobiliaria-Barcelona-PUNTO-HABITAT-592x444.jpg 592w, https:\/\/puntohabitat.es\/wp-content\/uploads\/2025\/03\/Inmobiliaria-Barcelona-PUNTO-HABITAT-584x438.jpg 584w, https:\/\/puntohabitat.es\/wp-content\/uploads\/2025\/03\/Inmobiliaria-Barcelona-PUNTO-HABITAT-800x600.jpg 800w, https:\/\/puntohabitat.es\/wp-content\/uploads\/2025\/03\/Inmobiliaria-Barcelona-PUNTO-HABITAT-120x90.jpg 120w, https:\/\/puntohabitat.es\/wp-content\/uploads\/2025\/03\/Inmobiliaria-Barcelona-PUNTO-HABITAT-496x372.jpg 496w\" sizes=\"(max-width: 1200px) 100vw, 1200px\" \/>\t\t\t\t\t\t\t\t\t\t\t\t\t\t\t<\/div>\n\t\t\t\t<\/div>\n\t\t\t\t\t<\/div>\n\t\t<\/div>\n\t\t\t\t\t<\/div>\n\t\t<\/section>\n\t\t\t\t<section data-particle_enable=\"false\" data-particle-mobile-disabled=\"false\" class=\"elementor-section elementor-top-section elementor-element elementor-element-6a3c2d0e elementor-section-boxed elementor-section-height-default elementor-section-height-default\" data-id=\"6a3c2d0e\" data-element_type=\"section\" data-e-type=\"section\" data-settings=\"{&quot;background_background&quot;:&quot;classic&quot;}\">\n\t\t\t\t\t\t\t<div class=\"elementor-background-overlay\"><\/div>\n\t\t\t\t\t\t\t<div class=\"elementor-container elementor-column-gap-default\">\n\t\t\t\t\t<div class=\"elementor-column elementor-col-100 elementor-top-column elementor-element elementor-element-47523a89\" data-id=\"47523a89\" data-element_type=\"column\" data-e-type=\"column\">\n\t\t\t<div class=\"elementor-widget-wrap elementor-element-populated\">\n\t\t\t\t\t\t<div class=\"elementor-element elementor-element-6f887af elementor-widget elementor-widget-heading\" data-id=\"6f887af\" data-element_type=\"widget\" data-e-type=\"widget\" data-widget_type=\"heading.default\">\n\t\t\t\t<div class=\"elementor-widget-container\">\n\t\t\t\t\t<h2 class=\"elementor-heading-title elementor-size-default\">Per qu\u00e8 confiar en PUNTO HABITAT si busques immobili\u00e0ria a l\u2019Eixample<\/h2>\t\t\t\t<\/div>\n\t\t\t\t<\/div>\n\t\t\t\t<section data-particle_enable=\"false\" data-particle-mobile-disabled=\"false\" class=\"elementor-section elementor-inner-section elementor-element elementor-element-24b29598 elementor-section-boxed elementor-section-height-default elementor-section-height-default\" data-id=\"24b29598\" data-element_type=\"section\" data-e-type=\"section\" data-settings=\"{&quot;motion_fx_motion_fx_scrolling&quot;:&quot;yes&quot;,&quot;motion_fx_translateY_effect&quot;:&quot;yes&quot;,&quot;motion_fx_translateY_speed&quot;:{&quot;unit&quot;:&quot;px&quot;,&quot;size&quot;:&quot;1&quot;,&quot;sizes&quot;:[]},&quot;motion_fx_translateY_affectedRange&quot;:{&quot;unit&quot;:&quot;%&quot;,&quot;size&quot;:&quot;&quot;,&quot;sizes&quot;:{&quot;start&quot;:&quot;0&quot;,&quot;end&quot;:&quot;50&quot;}},&quot;motion_fx_opacity_effect&quot;:&quot;yes&quot;,&quot;motion_fx_opacity_range&quot;:{&quot;unit&quot;:&quot;%&quot;,&quot;size&quot;:&quot;&quot;,&quot;sizes&quot;:{&quot;start&quot;:&quot;0&quot;,&quot;end&quot;:&quot;50&quot;}},&quot;motion_fx_devices&quot;:[&quot;desktop&quot;,&quot;tablet&quot;],&quot;background_background&quot;:&quot;classic&quot;,&quot;motion_fx_opacity_direction&quot;:&quot;out-in&quot;,&quot;motion_fx_opacity_level&quot;:{&quot;unit&quot;:&quot;px&quot;,&quot;size&quot;:10,&quot;sizes&quot;:[]}}\">\n\t\t\t\t\t\t<div class=\"elementor-container elementor-column-gap-default\">\n\t\t\t\t\t<div class=\"elementor-column elementor-col-33 elementor-inner-column elementor-element elementor-element-a685868\" data-id=\"a685868\" data-element_type=\"column\" data-e-type=\"column\" data-settings=\"{&quot;background_background&quot;:&quot;classic&quot;}\">\n\t\t\t<div class=\"elementor-widget-wrap elementor-element-populated\">\n\t\t\t\t\t\t<div class=\"elementor-element elementor-element-1ebae3ff elementor-position-top elementor-widget elementor-widget-image-box\" data-id=\"1ebae3ff\" data-element_type=\"widget\" data-e-type=\"widget\" data-widget_type=\"image-box.default\">\n\t\t\t\t<div class=\"elementor-widget-container\">\n\t\t\t\t\t<div class=\"elementor-image-box-wrapper\"><figure class=\"elementor-image-box-img\"><img decoding=\"async\" width=\"500\" height=\"500\" src=\"https:\/\/puntohabitat.es\/wp-content\/uploads\/2025\/08\/20250803_2046_Cuadrados-Marron-Oscuro_simple_compose_01k1rm06kwet99md96m76029yy.webp\" class=\"attachment-full size-full wp-image-89953\" alt=\"\" srcset=\"https:\/\/puntohabitat.es\/wp-content\/uploads\/2025\/08\/20250803_2046_Cuadrados-Marron-Oscuro_simple_compose_01k1rm06kwet99md96m76029yy.webp 500w, https:\/\/puntohabitat.es\/wp-content\/uploads\/2025\/08\/20250803_2046_Cuadrados-Marron-Oscuro_simple_compose_01k1rm06kwet99md96m76029yy-150x150.webp 150w, https:\/\/puntohabitat.es\/wp-content\/uploads\/2025\/08\/20250803_2046_Cuadrados-Marron-Oscuro_simple_compose_01k1rm06kwet99md96m76029yy-300x300.webp 300w, https:\/\/puntohabitat.es\/wp-content\/uploads\/2025\/08\/20250803_2046_Cuadrados-Marron-Oscuro_simple_compose_01k1rm06kwet99md96m76029yy-496x496.webp 496w\" sizes=\"(max-width: 500px) 100vw, 500px\" \/><\/figure><div class=\"elementor-image-box-content\"><h3 class=\"elementor-image-box-title\">M\u00e9s de 30 anys a l\u2019Eixample<\/h3><p class=\"elementor-image-box-description\">Coneixem cada finca, cada illa de cases. La nostra experi\u00e8ncia es tradueix en resultats r\u00e0pids i efica\u00e7os.<\/p><\/div><\/div>\t\t\t\t<\/div>\n\t\t\t\t<\/div>\n\t\t\t\t\t<\/div>\n\t\t<\/div>\n\t\t\t\t<div class=\"elementor-column elementor-col-33 elementor-inner-column elementor-element elementor-element-44a40767\" data-id=\"44a40767\" data-element_type=\"column\" data-e-type=\"column\" data-settings=\"{&quot;background_background&quot;:&quot;classic&quot;}\">\n\t\t\t<div class=\"elementor-widget-wrap elementor-element-populated\">\n\t\t\t\t\t\t<div class=\"elementor-element elementor-element-7faa1d11 elementor-position-top elementor-widget elementor-widget-image-box\" data-id=\"7faa1d11\" data-element_type=\"widget\" data-e-type=\"widget\" data-widget_type=\"image-box.default\">\n\t\t\t\t<div class=\"elementor-widget-container\">\n\t\t\t\t\t<div class=\"elementor-image-box-wrapper\"><figure class=\"elementor-image-box-img\"><img loading=\"lazy\" decoding=\"async\" width=\"500\" height=\"500\" src=\"https:\/\/puntohabitat.es\/wp-content\/uploads\/2025\/08\/Captura-de-pantalla-2025-08-03-a-las-19.48.06.webp\" class=\"attachment-full size-full wp-image-89929\" alt=\"\" srcset=\"https:\/\/puntohabitat.es\/wp-content\/uploads\/2025\/08\/Captura-de-pantalla-2025-08-03-a-las-19.48.06.webp 500w, https:\/\/puntohabitat.es\/wp-content\/uploads\/2025\/08\/Captura-de-pantalla-2025-08-03-a-las-19.48.06-150x150.webp 150w, https:\/\/puntohabitat.es\/wp-content\/uploads\/2025\/08\/Captura-de-pantalla-2025-08-03-a-las-19.48.06-300x300.webp 300w, https:\/\/puntohabitat.es\/wp-content\/uploads\/2025\/08\/Captura-de-pantalla-2025-08-03-a-las-19.48.06-496x496.webp 496w\" sizes=\"(max-width: 500px) 100vw, 500px\" \/><\/figure><div class=\"elementor-image-box-content\"><h3 class=\"elementor-image-box-title\">Dues oficines f\u00edsiques<\/h3><p class=\"elementor-image-box-description\">Atenci\u00f3 personalitzada a l\u2019ESPAI SANT JOAN \u2013 Passeig de Sant Joan 150 i a l\u2019ESPAI GAUD\u00cd \u2013 Ind\u00fastria 137. Visita\u2019ns.<\/p><\/div><\/div>\t\t\t\t<\/div>\n\t\t\t\t<\/div>\n\t\t\t\t\t<\/div>\n\t\t<\/div>\n\t\t\t\t<div class=\"elementor-column elementor-col-33 elementor-inner-column elementor-element elementor-element-2018791d\" data-id=\"2018791d\" data-element_type=\"column\" data-e-type=\"column\" data-settings=\"{&quot;background_background&quot;:&quot;classic&quot;}\">\n\t\t\t<div class=\"elementor-widget-wrap elementor-element-populated\">\n\t\t\t\t\t\t<div class=\"elementor-element elementor-element-72ed33b3 elementor-position-top elementor-widget elementor-widget-image-box\" data-id=\"72ed33b3\" data-element_type=\"widget\" data-e-type=\"widget\" data-widget_type=\"image-box.default\">\n\t\t\t\t<div class=\"elementor-widget-container\">\n\t\t\t\t\t<div class=\"elementor-image-box-wrapper\"><figure class=\"elementor-image-box-img\"><img loading=\"lazy\" decoding=\"async\" width=\"500\" height=\"500\" src=\"https:\/\/puntohabitat.es\/wp-content\/uploads\/2025\/08\/20250803_1950_Profesional-Abstracto_simple_compose_01k1rgqwjgffg995bvyyyd0m1m.png\" class=\"attachment-full size-full wp-image-89932\" alt=\"\" srcset=\"https:\/\/puntohabitat.es\/wp-content\/uploads\/2025\/08\/20250803_1950_Profesional-Abstracto_simple_compose_01k1rgqwjgffg995bvyyyd0m1m.png 500w, https:\/\/puntohabitat.es\/wp-content\/uploads\/2025\/08\/20250803_1950_Profesional-Abstracto_simple_compose_01k1rgqwjgffg995bvyyyd0m1m-150x150.png 150w, https:\/\/puntohabitat.es\/wp-content\/uploads\/2025\/08\/20250803_1950_Profesional-Abstracto_simple_compose_01k1rgqwjgffg995bvyyyd0m1m-300x300.png 300w, https:\/\/puntohabitat.es\/wp-content\/uploads\/2025\/08\/20250803_1950_Profesional-Abstracto_simple_compose_01k1rgqwjgffg995bvyyyd0m1m-496x496.png 496w\" sizes=\"(max-width: 500px) 100vw, 500px\" \/><\/figure><div class=\"elementor-image-box-content\"><h3 class=\"elementor-image-box-title\">Assessorament professional i personalitzat<\/h3><p class=\"elementor-image-box-description\">No nom\u00e9s venem i lloguem pisos. Et guiem durant tot el proc\u00e9s amb experts que t\u2019ofereixen solucions.<\/p><\/div><\/div>\t\t\t\t<\/div>\n\t\t\t\t<\/div>\n\t\t\t\t\t<\/div>\n\t\t<\/div>\n\t\t\t\t\t<\/div>\n\t\t<\/section>\n\t\t\t\t<section data-particle_enable=\"false\" data-particle-mobile-disabled=\"false\" class=\"elementor-section elementor-inner-section elementor-element elementor-element-90b2976 elementor-section-boxed elementor-section-height-default elementor-section-height-default\" data-id=\"90b2976\" data-element_type=\"section\" data-e-type=\"section\" data-settings=\"{&quot;motion_fx_motion_fx_scrolling&quot;:&quot;yes&quot;,&quot;motion_fx_translateY_effect&quot;:&quot;yes&quot;,&quot;motion_fx_translateY_speed&quot;:{&quot;unit&quot;:&quot;px&quot;,&quot;size&quot;:&quot;1&quot;,&quot;sizes&quot;:[]},&quot;motion_fx_translateY_affectedRange&quot;:{&quot;unit&quot;:&quot;%&quot;,&quot;size&quot;:&quot;&quot;,&quot;sizes&quot;:{&quot;start&quot;:&quot;0&quot;,&quot;end&quot;:&quot;50&quot;}},&quot;motion_fx_opacity_effect&quot;:&quot;yes&quot;,&quot;motion_fx_opacity_range&quot;:{&quot;unit&quot;:&quot;%&quot;,&quot;size&quot;:&quot;&quot;,&quot;sizes&quot;:{&quot;start&quot;:&quot;0&quot;,&quot;end&quot;:&quot;50&quot;}},&quot;motion_fx_devices&quot;:[&quot;desktop&quot;,&quot;tablet&quot;],&quot;motion_fx_opacity_direction&quot;:&quot;out-in&quot;,&quot;motion_fx_opacity_level&quot;:{&quot;unit&quot;:&quot;px&quot;,&quot;size&quot;:10,&quot;sizes&quot;:[]}}\">\n\t\t\t\t\t\t<div class=\"elementor-container elementor-column-gap-default\">\n\t\t\t\t\t<div class=\"elementor-column elementor-col-33 elementor-inner-column elementor-element elementor-element-1453b678\" data-id=\"1453b678\" data-element_type=\"column\" data-e-type=\"column\" data-settings=\"{&quot;background_background&quot;:&quot;classic&quot;}\">\n\t\t\t<div class=\"elementor-widget-wrap elementor-element-populated\">\n\t\t\t\t\t\t<div class=\"elementor-element elementor-element-4d0f264b elementor-position-top elementor-widget elementor-widget-image-box\" data-id=\"4d0f264b\" data-element_type=\"widget\" data-e-type=\"widget\" data-widget_type=\"image-box.default\">\n\t\t\t\t<div class=\"elementor-widget-container\">\n\t\t\t\t\t<div class=\"elementor-image-box-wrapper\"><figure class=\"elementor-image-box-img\"><img loading=\"lazy\" decoding=\"async\" width=\"500\" height=\"500\" src=\"https:\/\/puntohabitat.es\/wp-content\/uploads\/2025\/08\/20250803_1956_Valoracion-Inmobiliaria-Ilustrada_simple_compose_01k1rh63yyege8vbtf512f2n0s.webp\" class=\"attachment-full size-full wp-image-89935\" alt=\"\" srcset=\"https:\/\/puntohabitat.es\/wp-content\/uploads\/2025\/08\/20250803_1956_Valoracion-Inmobiliaria-Ilustrada_simple_compose_01k1rh63yyege8vbtf512f2n0s.webp 500w, https:\/\/puntohabitat.es\/wp-content\/uploads\/2025\/08\/20250803_1956_Valoracion-Inmobiliaria-Ilustrada_simple_compose_01k1rh63yyege8vbtf512f2n0s-150x150.webp 150w, https:\/\/puntohabitat.es\/wp-content\/uploads\/2025\/08\/20250803_1956_Valoracion-Inmobiliaria-Ilustrada_simple_compose_01k1rh63yyege8vbtf512f2n0s-300x300.webp 300w, https:\/\/puntohabitat.es\/wp-content\/uploads\/2025\/08\/20250803_1956_Valoracion-Inmobiliaria-Ilustrada_simple_compose_01k1rh63yyege8vbtf512f2n0s-496x496.webp 496w\" sizes=\"(max-width: 500px) 100vw, 500px\" \/><\/figure><div class=\"elementor-image-box-content\"><h3 class=\"elementor-image-box-title\">Valoraci\u00f3 gratu\u00efta y realista<\/h3><p class=\"elementor-image-box-description\">Sense comprom\u00eds. Et diem quant val el teu pis avui segons dades reals del mercat a l\u2019Eixample.<\/p><\/div><\/div>\t\t\t\t<\/div>\n\t\t\t\t<\/div>\n\t\t\t\t\t<\/div>\n\t\t<\/div>\n\t\t\t\t<div class=\"elementor-column elementor-col-33 elementor-inner-column elementor-element elementor-element-2790dbaf\" data-id=\"2790dbaf\" data-element_type=\"column\" data-e-type=\"column\" data-settings=\"{&quot;background_background&quot;:&quot;classic&quot;}\">\n\t\t\t<div class=\"elementor-widget-wrap elementor-element-populated\">\n\t\t\t\t\t\t<div class=\"elementor-element elementor-element-2f68290a elementor-position-top elementor-widget elementor-widget-image-box\" data-id=\"2f68290a\" data-element_type=\"widget\" data-e-type=\"widget\" data-widget_type=\"image-box.default\">\n\t\t\t\t<div class=\"elementor-widget-container\">\n\t\t\t\t\t<div class=\"elementor-image-box-wrapper\"><figure class=\"elementor-image-box-img\"><img loading=\"lazy\" decoding=\"async\" width=\"500\" height=\"500\" src=\"https:\/\/puntohabitat.es\/wp-content\/uploads\/2025\/08\/20250803_2003_Sagrada-Familia-Estilizada_simple_compose_01k1rhgcr8ex9ras2rz7a2kvgk.webp\" class=\"attachment-full size-full wp-image-89938\" alt=\"\" srcset=\"https:\/\/puntohabitat.es\/wp-content\/uploads\/2025\/08\/20250803_2003_Sagrada-Familia-Estilizada_simple_compose_01k1rhgcr8ex9ras2rz7a2kvgk.webp 500w, https:\/\/puntohabitat.es\/wp-content\/uploads\/2025\/08\/20250803_2003_Sagrada-Familia-Estilizada_simple_compose_01k1rhgcr8ex9ras2rz7a2kvgk-150x150.webp 150w, https:\/\/puntohabitat.es\/wp-content\/uploads\/2025\/08\/20250803_2003_Sagrada-Familia-Estilizada_simple_compose_01k1rhgcr8ex9ras2rz7a2kvgk-300x300.webp 300w, https:\/\/puntohabitat.es\/wp-content\/uploads\/2025\/08\/20250803_2003_Sagrada-Familia-Estilizada_simple_compose_01k1rhgcr8ex9ras2rz7a2kvgk-496x496.webp 496w\" sizes=\"(max-width: 500px) 100vw, 500px\" \/><\/figure><div class=\"elementor-image-box-content\"><h3 class=\"elementor-image-box-title\">Experts a cada barri de l\u2019Eixample<\/h3><p class=\"elementor-image-box-description\">Treballem a la Dreta i l'Esquerra de l\u2019Eixample, Sagrada Fam\u00edlia, Fort Pienc, Sant Antoni i la Nova Esquerra de l\u2019Eixample<\/p><\/div><\/div>\t\t\t\t<\/div>\n\t\t\t\t<\/div>\n\t\t\t\t\t<\/div>\n\t\t<\/div>\n\t\t\t\t<div class=\"elementor-column elementor-col-33 elementor-inner-column elementor-element elementor-element-7fedf5e6\" data-id=\"7fedf5e6\" data-element_type=\"column\" data-e-type=\"column\" data-settings=\"{&quot;background_background&quot;:&quot;classic&quot;}\">\n\t\t\t<div class=\"elementor-widget-wrap elementor-element-populated\">\n\t\t\t\t\t\t<div class=\"elementor-element elementor-element-2633fcc4 elementor-position-top elementor-widget elementor-widget-image-box\" data-id=\"2633fcc4\" data-element_type=\"widget\" data-e-type=\"widget\" data-widget_type=\"image-box.default\">\n\t\t\t\t<div class=\"elementor-widget-container\">\n\t\t\t\t\t<div class=\"elementor-image-box-wrapper\"><figure class=\"elementor-image-box-img\"><img loading=\"lazy\" decoding=\"async\" width=\"500\" height=\"500\" src=\"https:\/\/puntohabitat.es\/wp-content\/uploads\/2025\/08\/20250803_2009_Llave-Estilizada-Minimalista_simple_compose_01k1rhtct6ehnr75axrkm85k6r.webp\" class=\"attachment-full size-full wp-image-89941\" alt=\"\" srcset=\"https:\/\/puntohabitat.es\/wp-content\/uploads\/2025\/08\/20250803_2009_Llave-Estilizada-Minimalista_simple_compose_01k1rhtct6ehnr75axrkm85k6r.webp 500w, https:\/\/puntohabitat.es\/wp-content\/uploads\/2025\/08\/20250803_2009_Llave-Estilizada-Minimalista_simple_compose_01k1rhtct6ehnr75axrkm85k6r-150x150.webp 150w, https:\/\/puntohabitat.es\/wp-content\/uploads\/2025\/08\/20250803_2009_Llave-Estilizada-Minimalista_simple_compose_01k1rhtct6ehnr75axrkm85k6r-300x300.webp 300w, https:\/\/puntohabitat.es\/wp-content\/uploads\/2025\/08\/20250803_2009_Llave-Estilizada-Minimalista_simple_compose_01k1rhtct6ehnr75axrkm85k6r-496x496.webp 496w\" sizes=\"(max-width: 500px) 100vw, 500px\" \/><\/figure><div class=\"elementor-image-box-content\"><h3 class=\"elementor-image-box-title\">Gesti\u00f3 integral del lloguer<\/h3><p class=\"elementor-image-box-description\">Ens ocupem de tot: promoci\u00f3, selecci\u00f3 d\u2019inquilins, contractes, cobraments i manteniment. Tu cobres sense preocupar-te.<\/p><\/div><\/div>\t\t\t\t<\/div>\n\t\t\t\t<\/div>\n\t\t\t\t\t<\/div>\n\t\t<\/div>\n\t\t\t\t\t<\/div>\n\t\t<\/section>\n\t\t\t\t\t<\/div>\n\t\t<\/div>\n\t\t\t\t\t<\/div>\n\t\t<\/section>\n\t\t\t\t<section data-particle_enable=\"false\" data-particle-mobile-disabled=\"false\" class=\"elementor-section elementor-top-section elementor-element elementor-element-465bde71 elementor-section-boxed elementor-section-height-default elementor-section-height-default\" data-id=\"465bde71\" data-element_type=\"section\" data-e-type=\"section\" data-settings=\"{&quot;background_background&quot;:&quot;classic&quot;}\">\n\t\t\t\t\t\t<div class=\"elementor-container elementor-column-gap-default\">\n\t\t\t\t\t<div class=\"elementor-column elementor-col-100 elementor-top-column elementor-element elementor-element-6d5afaa7\" data-id=\"6d5afaa7\" data-element_type=\"column\" data-e-type=\"column\">\n\t\t\t<div class=\"elementor-widget-wrap elementor-element-populated\">\n\t\t\t\t\t\t<div class=\"elementor-element elementor-element-648d83ca elementor-widget elementor-widget-menu-anchor\" data-id=\"648d83ca\" data-element_type=\"widget\" data-e-type=\"widget\" data-widget_type=\"menu-anchor.default\">\n\t\t\t\t<div class=\"elementor-widget-container\">\n\t\t\t\t\t\t\t<div class=\"elementor-menu-anchor\" id=\"about\"><\/div>\n\t\t\t\t\t\t<\/div>\n\t\t\t\t<\/div>\n\t\t\t\t\t<\/div>\n\t\t<\/div>\n\t\t\t\t\t<\/div>\n\t\t<\/section>\n\t\t\t\t<section data-particle_enable=\"false\" data-particle-mobile-disabled=\"false\" class=\"elementor-section elementor-top-section elementor-element elementor-element-ada7922 elementor-section-boxed elementor-section-height-default elementor-section-height-default\" data-id=\"ada7922\" data-element_type=\"section\" data-e-type=\"section\" data-settings=\"{&quot;background_background&quot;:&quot;classic&quot;}\">\n\t\t\t\t\t\t\t<div class=\"elementor-background-overlay\"><\/div>\n\t\t\t\t\t\t\t<div class=\"elementor-container elementor-column-gap-default\">\n\t\t\t\t\t<div class=\"elementor-column elementor-col-50 elementor-top-column elementor-element elementor-element-898ed9e\" data-id=\"898ed9e\" data-element_type=\"column\" data-e-type=\"column\">\n\t\t\t<div class=\"elementor-widget-wrap elementor-element-populated\">\n\t\t\t\t\t\t<div class=\"elementor-element elementor-element-55e25999 elementor-widget__width-initial elementor-widget elementor-widget-image\" data-id=\"55e25999\" data-element_type=\"widget\" data-e-type=\"widget\" data-settings=\"{&quot;motion_fx_translateY_effect&quot;:&quot;yes&quot;,&quot;motion_fx_translateY_direction&quot;:&quot;negative&quot;,&quot;motion_fx_translateY_speed&quot;:{&quot;unit&quot;:&quot;px&quot;,&quot;size&quot;:&quot;1&quot;,&quot;sizes&quot;:[]},&quot;motion_fx_motion_fx_scrolling&quot;:&quot;yes&quot;,&quot;motion_fx_translateY_affectedRange&quot;:{&quot;unit&quot;:&quot;%&quot;,&quot;size&quot;:&quot;&quot;,&quot;sizes&quot;:{&quot;start&quot;:0,&quot;end&quot;:100}},&quot;motion_fx_devices&quot;:[&quot;desktop&quot;,&quot;tablet&quot;,&quot;mobile&quot;]}\" data-widget_type=\"image.default\">\n\t\t\t\t<div class=\"elementor-widget-container\">\n\t\t\t\t\t\t\t\t\t\t\t\t\t\t\t<img loading=\"lazy\" decoding=\"async\" width=\"1200\" height=\"800\" src=\"https:\/\/puntohabitat.es\/wp-content\/uploads\/2023\/10\/Vender-tu-Piso-en-Eixample-Barcelona-1.jpeg\" class=\"attachment-full size-full wp-image-70524\" alt=\"Vender tu piso en el Eixample Barcelona\" srcset=\"https:\/\/puntohabitat.es\/wp-content\/uploads\/2023\/10\/Vender-tu-Piso-en-Eixample-Barcelona-1.jpeg 1200w, https:\/\/puntohabitat.es\/wp-content\/uploads\/2023\/10\/Vender-tu-Piso-en-Eixample-Barcelona-1-300x200.jpeg 300w, https:\/\/puntohabitat.es\/wp-content\/uploads\/2023\/10\/Vender-tu-Piso-en-Eixample-Barcelona-1-1024x683.jpeg 1024w, https:\/\/puntohabitat.es\/wp-content\/uploads\/2023\/10\/Vender-tu-Piso-en-Eixample-Barcelona-1-768x512.jpeg 768w, https:\/\/puntohabitat.es\/wp-content\/uploads\/2023\/10\/Vender-tu-Piso-en-Eixample-Barcelona-1-900x600.jpeg 900w, https:\/\/puntohabitat.es\/wp-content\/uploads\/2023\/10\/Vender-tu-Piso-en-Eixample-Barcelona-1-496x331.jpeg 496w\" sizes=\"(max-width: 1200px) 100vw, 1200px\" \/>\t\t\t\t\t\t\t\t\t\t\t\t\t\t\t<\/div>\n\t\t\t\t<\/div>\n\t\t\t\t\t<\/div>\n\t\t<\/div>\n\t\t\t\t<div class=\"elementor-column elementor-col-50 elementor-top-column elementor-element elementor-element-aac2081\" data-id=\"aac2081\" data-element_type=\"column\" data-e-type=\"column\">\n\t\t\t<div class=\"elementor-widget-wrap elementor-element-populated\">\n\t\t\t\t\t\t<div class=\"elementor-element elementor-element-471079a1 elementor-widget elementor-widget-heading\" data-id=\"471079a1\" data-element_type=\"widget\" data-e-type=\"widget\" data-widget_type=\"heading.default\">\n\t\t\t\t<div class=\"elementor-widget-container\">\n\t\t\t\t\t<h3 class=\"elementor-heading-title elementor-size-default\">Immobili\u00e0ria Venda i Lloguer a l\u2019Eixample<\/h3>\t\t\t\t<\/div>\n\t\t\t\t<\/div>\n\t\t\t\t<div class=\"elementor-element elementor-element-3ede0091 elementor-widget elementor-widget-heading\" data-id=\"3ede0091\" data-element_type=\"widget\" data-e-type=\"widget\" data-widget_type=\"heading.default\">\n\t\t\t\t<div class=\"elementor-widget-container\">\n\t\t\t\t\t<h2 class=\"elementor-heading-title elementor-size-default\">Quin tipus de servei necessites?<\/h2>\t\t\t\t<\/div>\n\t\t\t\t<\/div>\n\t\t\t\t<div class=\"elementor-element elementor-element-3dbd86ca elementor-mobile-align-center elementor-align-center elementor-widget elementor-widget-button\" data-id=\"3dbd86ca\" data-element_type=\"widget\" data-e-type=\"widget\" data-widget_type=\"button.default\">\n\t\t\t\t<div class=\"elementor-widget-container\">\n\t\t\t\t\t\t\t\t\t<div class=\"elementor-button-wrapper\">\n\t\t\t\t\t<a class=\"elementor-button elementor-button-link elementor-size-md\" href=\"https:\/\/puntohabitat.es\/ca\/vendre-pis-barcelona\/eixample\/\">\n\t\t\t\t\t\t<span class=\"elementor-button-content-wrapper\">\n\t\t\t\t\t\t<span class=\"elementor-button-icon\">\n\t\t\t\t<i aria-hidden=\"true\" class=\"fas fa-arrow-right\"><\/i>\t\t\t<\/span>\n\t\t\t\t\t\t\t\t\t<span class=\"elementor-button-text\">Vull vendre el meu pis<\/span>\n\t\t\t\t\t<\/span>\n\t\t\t\t\t<\/a>\n\t\t\t\t<\/div>\n\t\t\t\t\t\t\t\t<\/div>\n\t\t\t\t<\/div>\n\t\t\t\t<div class=\"elementor-element elementor-element-996159a elementor-mobile-align-center elementor-align-center elementor-widget elementor-widget-button\" data-id=\"996159a\" data-element_type=\"widget\" data-e-type=\"widget\" data-widget_type=\"button.default\">\n\t\t\t\t<div class=\"elementor-widget-container\">\n\t\t\t\t\t\t\t\t\t<div class=\"elementor-button-wrapper\">\n\t\t\t\t\t<a class=\"elementor-button elementor-button-link elementor-size-md\" href=\"https:\/\/puntohabitat.es\/ca\/llogar-el-teu-pis-a-barcelona\/\">\n\t\t\t\t\t\t<span class=\"elementor-button-content-wrapper\">\n\t\t\t\t\t\t<span class=\"elementor-button-icon\">\n\t\t\t\t<i aria-hidden=\"true\" class=\"fas fa-arrow-right\"><\/i>\t\t\t<\/span>\n\t\t\t\t\t\t\t\t\t<span class=\"elementor-button-text\">Vull llogar el meu pis<\/span>\n\t\t\t\t\t<\/span>\n\t\t\t\t\t<\/a>\n\t\t\t\t<\/div>\n\t\t\t\t\t\t\t\t<\/div>\n\t\t\t\t<\/div>\n\t\t\t\t<div class=\"elementor-element elementor-element-38d3f70 elementor-mobile-align-center elementor-align-center elementor-widget elementor-widget-button\" data-id=\"38d3f70\" data-element_type=\"widget\" data-e-type=\"widget\" data-widget_type=\"button.default\">\n\t\t\t\t<div class=\"elementor-widget-container\">\n\t\t\t\t\t\t\t\t\t<div class=\"elementor-button-wrapper\">\n\t\t\t\t\t<a class=\"elementor-button elementor-button-link elementor-size-md\" href=\"https:\/\/puntohabitat.es\/ca\/valorar-pis-a-barcelona\/\">\n\t\t\t\t\t\t<span class=\"elementor-button-content-wrapper\">\n\t\t\t\t\t\t<span class=\"elementor-button-icon\">\n\t\t\t\t<i aria-hidden=\"true\" class=\"fas fa-arrow-right\"><\/i>\t\t\t<\/span>\n\t\t\t\t\t\t\t\t\t<span class=\"elementor-button-text\">Valoraci\u00f3 presencial del meu pis<\/span>\n\t\t\t\t\t<\/span>\n\t\t\t\t\t<\/a>\n\t\t\t\t<\/div>\n\t\t\t\t\t\t\t\t<\/div>\n\t\t\t\t<\/div>\n\t\t\t\t<div class=\"elementor-element elementor-element-1177d60 elementor-mobile-align-center elementor-align-center elementor-widget elementor-widget-button\" data-id=\"1177d60\" data-element_type=\"widget\" data-e-type=\"widget\" data-widget_type=\"button.default\">\n\t\t\t\t<div class=\"elementor-widget-container\">\n\t\t\t\t\t\t\t\t\t<div class=\"elementor-button-wrapper\">\n\t\t\t\t\t<a class=\"elementor-button elementor-button-link elementor-size-md\" href=\"https:\/\/puntohabitat.es\/ca\/valoracio-online\/\">\n\t\t\t\t\t\t<span class=\"elementor-button-content-wrapper\">\n\t\t\t\t\t\t<span class=\"elementor-button-icon\">\n\t\t\t\t<i aria-hidden=\"true\" class=\"fas fa-arrow-right\"><\/i>\t\t\t<\/span>\n\t\t\t\t\t\t\t\t\t<span class=\"elementor-button-text\">Valoraci\u00f3 online del meu pis<\/span>\n\t\t\t\t\t<\/span>\n\t\t\t\t\t<\/a>\n\t\t\t\t<\/div>\n\t\t\t\t\t\t\t\t<\/div>\n\t\t\t\t<\/div>\n\t\t\t\t<div class=\"elementor-element elementor-element-c145d2b elementor-mobile-align-center elementor-align-center elementor-widget elementor-widget-button\" data-id=\"c145d2b\" data-element_type=\"widget\" data-e-type=\"widget\" data-widget_type=\"button.default\">\n\t\t\t\t<div class=\"elementor-widget-container\">\n\t\t\t\t\t\t\t\t\t<div class=\"elementor-button-wrapper\">\n\t\t\t\t\t<a class=\"elementor-button elementor-button-link elementor-size-md\" href=\"https:\/\/puntohabitat.es\/ca\/pisos-venda-barcelona\/\">\n\t\t\t\t\t\t<span class=\"elementor-button-content-wrapper\">\n\t\t\t\t\t\t<span class=\"elementor-button-icon\">\n\t\t\t\t<i aria-hidden=\"true\" class=\"fas fa-arrow-right\"><\/i>\t\t\t<\/span>\n\t\t\t\t\t\t\t\t\t<span class=\"elementor-button-text\">Vull comprar un pis<\/span>\n\t\t\t\t\t<\/span>\n\t\t\t\t\t<\/a>\n\t\t\t\t<\/div>\n\t\t\t\t\t\t\t\t<\/div>\n\t\t\t\t<\/div>\n\t\t\t\t<div class=\"elementor-element elementor-element-de8aae1 elementor-mobile-align-center elementor-align-center elementor-widget elementor-widget-button\" data-id=\"de8aae1\" data-element_type=\"widget\" data-e-type=\"widget\" data-widget_type=\"button.default\">\n\t\t\t\t<div class=\"elementor-widget-container\">\n\t\t\t\t\t\t\t\t\t<div class=\"elementor-button-wrapper\">\n\t\t\t\t\t<a class=\"elementor-button elementor-button-link elementor-size-md\" href=\"https:\/\/puntohabitat.es\/ca\/propietats-en-lloguer\/\">\n\t\t\t\t\t\t<span class=\"elementor-button-content-wrapper\">\n\t\t\t\t\t\t<span class=\"elementor-button-icon\">\n\t\t\t\t<i aria-hidden=\"true\" class=\"fas fa-arrow-right\"><\/i>\t\t\t<\/span>\n\t\t\t\t\t\t\t\t\t<span class=\"elementor-button-text\">Busco pis de lloguer<\/span>\n\t\t\t\t\t<\/span>\n\t\t\t\t\t<\/a>\n\t\t\t\t<\/div>\n\t\t\t\t\t\t\t\t<\/div>\n\t\t\t\t<\/div>\n\t\t\t\t\t<\/div>\n\t\t<\/div>\n\t\t\t\t\t<\/div>\n\t\t<\/section>\n\t\t\t\t<section data-particle_enable=\"false\" data-particle-mobile-disabled=\"false\" class=\"elementor-section elementor-top-section elementor-element elementor-element-5538969 elementor-section-boxed elementor-section-height-default elementor-section-height-default\" data-id=\"5538969\" data-element_type=\"section\" data-e-type=\"section\" data-settings=\"{&quot;background_background&quot;:&quot;classic&quot;}\">\n\t\t\t\t\t\t\t<div class=\"elementor-background-overlay\"><\/div>\n\t\t\t\t\t\t\t<div class=\"elementor-container elementor-column-gap-default\">\n\t\t\t\t\t<div class=\"elementor-column elementor-col-100 elementor-top-column elementor-element elementor-element-d7d27de\" data-id=\"d7d27de\" data-element_type=\"column\" data-e-type=\"column\">\n\t\t\t<div class=\"elementor-widget-wrap elementor-element-populated\">\n\t\t\t\t\t\t<div class=\"elementor-element elementor-element-f803e96 elementor-widget elementor-widget-heading\" data-id=\"f803e96\" data-element_type=\"widget\" data-e-type=\"widget\" data-widget_type=\"heading.default\">\n\t\t\t\t<div class=\"elementor-widget-container\">\n\t\t\t\t\t<h2 class=\"elementor-heading-title elementor-size-default\">Dades actualitzades de venda i lloguer de pisos a l\u2019Eixample<\/h2>\t\t\t\t<\/div>\n\t\t\t\t<\/div>\n\t\t\t\t<div class=\"elementor-element elementor-element-39266e1 elementor-widget elementor-widget-text-editor\" data-id=\"39266e1\" data-element_type=\"widget\" data-e-type=\"widget\" data-widget_type=\"text-editor.default\">\n\t\t\t\t<div class=\"elementor-widget-container\">\n\t\t\t\t\t\t\t\t\t<p>Dades actualitzades a l\u2019agost de 2025. Fonts: Portal de Dades Ajuntament de Barcelona i Idealista<\/p>\n\t\t\t\t\t\t\t\t<\/div>\n\t\t\t\t<\/div>\n\t\t\t\t<section data-particle_enable=\"false\" data-particle-mobile-disabled=\"false\" class=\"elementor-section elementor-inner-section elementor-element elementor-element-5ce527b elementor-section-boxed elementor-section-height-default elementor-section-height-default\" data-id=\"5ce527b\" data-element_type=\"section\" data-e-type=\"section\" data-settings=\"{&quot;motion_fx_motion_fx_scrolling&quot;:&quot;yes&quot;,&quot;motion_fx_translateY_effect&quot;:&quot;yes&quot;,&quot;motion_fx_translateY_speed&quot;:{&quot;unit&quot;:&quot;px&quot;,&quot;size&quot;:&quot;1&quot;,&quot;sizes&quot;:[]},&quot;motion_fx_translateY_affectedRange&quot;:{&quot;unit&quot;:&quot;%&quot;,&quot;size&quot;:&quot;&quot;,&quot;sizes&quot;:{&quot;start&quot;:&quot;0&quot;,&quot;end&quot;:&quot;50&quot;}},&quot;motion_fx_opacity_effect&quot;:&quot;yes&quot;,&quot;motion_fx_opacity_range&quot;:{&quot;unit&quot;:&quot;%&quot;,&quot;size&quot;:&quot;&quot;,&quot;sizes&quot;:{&quot;start&quot;:&quot;0&quot;,&quot;end&quot;:&quot;50&quot;}},&quot;motion_fx_devices&quot;:[&quot;desktop&quot;,&quot;tablet&quot;],&quot;background_background&quot;:&quot;classic&quot;,&quot;motion_fx_opacity_direction&quot;:&quot;out-in&quot;,&quot;motion_fx_opacity_level&quot;:{&quot;unit&quot;:&quot;px&quot;,&quot;size&quot;:10,&quot;sizes&quot;:[]}}\">\n\t\t\t\t\t\t<div class=\"elementor-container elementor-column-gap-default\">\n\t\t\t\t\t<div class=\"elementor-column elementor-col-33 elementor-inner-column elementor-element elementor-element-e1fe72d\" data-id=\"e1fe72d\" data-element_type=\"column\" data-e-type=\"column\" data-settings=\"{&quot;background_background&quot;:&quot;classic&quot;}\">\n\t\t\t<div class=\"elementor-widget-wrap elementor-element-populated\">\n\t\t\t\t\t\t<div class=\"elementor-element elementor-element-ff8b55e elementor-widget elementor-widget-heading\" data-id=\"ff8b55e\" data-element_type=\"widget\" data-e-type=\"widget\" data-widget_type=\"heading.default\">\n\t\t\t\t<div class=\"elementor-widget-container\">\n\t\t\t\t\t<h2 class=\"elementor-heading-title elementor-size-default\">Preu mitj\u00e0 de venda a l\u2019Eixample<\/h2>\t\t\t\t<\/div>\n\t\t\t\t<\/div>\n\t\t\t\t<div class=\"elementor-element elementor-element-84ac78c elementor-widget elementor-widget-counter\" data-id=\"84ac78c\" data-element_type=\"widget\" data-e-type=\"widget\" data-widget_type=\"counter.default\">\n\t\t\t\t<div class=\"elementor-widget-container\">\n\t\t\t\t\t\t\t<div class=\"elementor-counter\">\n\t\t\t\t\t\t<div class=\"elementor-counter-number-wrapper\">\n\t\t\t\t<span class=\"elementor-counter-number-prefix\"><\/span>\n\t\t\t\t<span class=\"elementor-counter-number\" data-duration=\"200\" data-to-value=\"6.212\" data-from-value=\"0\" data-delimiter=\".\">0<\/span>\n\t\t\t\t<span class=\"elementor-counter-number-suffix\">\u20ac\/m\u00b2<\/span>\n\t\t\t<\/div>\n\t\t<\/div>\n\t\t\t\t\t\t<\/div>\n\t\t\t\t<\/div>\n\t\t\t\t\t<\/div>\n\t\t<\/div>\n\t\t\t\t<div class=\"elementor-column elementor-col-33 elementor-inner-column elementor-element elementor-element-4c21c4b\" data-id=\"4c21c4b\" data-element_type=\"column\" data-e-type=\"column\" data-settings=\"{&quot;background_background&quot;:&quot;classic&quot;}\">\n\t\t\t<div class=\"elementor-widget-wrap elementor-element-populated\">\n\t\t\t\t\t\t<div class=\"elementor-element elementor-element-293357d elementor-widget elementor-widget-heading\" data-id=\"293357d\" data-element_type=\"widget\" data-e-type=\"widget\" data-widget_type=\"heading.default\">\n\t\t\t\t<div class=\"elementor-widget-container\">\n\t\t\t\t\t<h2 class=\"elementor-heading-title elementor-size-default\">Variaci\u00f3 anual del preu de venda a l\u2019Eixample<\/h2>\t\t\t\t<\/div>\n\t\t\t\t<\/div>\n\t\t\t\t<div class=\"elementor-element elementor-element-a3f2638 elementor-widget elementor-widget-counter\" data-id=\"a3f2638\" data-element_type=\"widget\" data-e-type=\"widget\" data-widget_type=\"counter.default\">\n\t\t\t\t<div class=\"elementor-widget-container\">\n\t\t\t\t\t\t\t<div class=\"elementor-counter\">\n\t\t\t\t\t\t<div class=\"elementor-counter-number-wrapper\">\n\t\t\t\t<span class=\"elementor-counter-number-prefix\">+<\/span>\n\t\t\t\t<span class=\"elementor-counter-number\" data-duration=\"200\" data-to-value=\"13.4\" data-from-value=\"0\" data-delimiter=\".\">0<\/span>\n\t\t\t\t<span class=\"elementor-counter-number-suffix\">%<\/span>\n\t\t\t<\/div>\n\t\t<\/div>\n\t\t\t\t\t\t<\/div>\n\t\t\t\t<\/div>\n\t\t\t\t\t<\/div>\n\t\t<\/div>\n\t\t\t\t<div class=\"elementor-column elementor-col-33 elementor-inner-column elementor-element elementor-element-2199a53\" data-id=\"2199a53\" data-element_type=\"column\" data-e-type=\"column\" data-settings=\"{&quot;background_background&quot;:&quot;classic&quot;}\">\n\t\t\t<div class=\"elementor-widget-wrap elementor-element-populated\">\n\t\t\t\t\t\t<div class=\"elementor-element elementor-element-39bd5e0 elementor-widget elementor-widget-heading\" data-id=\"39bd5e0\" data-element_type=\"widget\" data-e-type=\"widget\" data-widget_type=\"heading.default\">\n\t\t\t\t<div class=\"elementor-widget-container\">\n\t\t\t\t\t<h2 class=\"elementor-heading-title elementor-size-default\">Preu mitj\u00e0 de lloguer mensual per m\u00b2<\/h2>\t\t\t\t<\/div>\n\t\t\t\t<\/div>\n\t\t\t\t<div class=\"elementor-element elementor-element-277e6a7 elementor-widget elementor-widget-counter\" data-id=\"277e6a7\" data-element_type=\"widget\" data-e-type=\"widget\" data-widget_type=\"counter.default\">\n\t\t\t\t<div class=\"elementor-widget-container\">\n\t\t\t\t\t\t\t<div class=\"elementor-counter\">\n\t\t\t\t\t\t<div class=\"elementor-counter-number-wrapper\">\n\t\t\t\t<span class=\"elementor-counter-number-prefix\"><\/span>\n\t\t\t\t<span class=\"elementor-counter-number\" data-duration=\"200\" data-to-value=\"25.9\" data-from-value=\"0\" data-delimiter=\".\">0<\/span>\n\t\t\t\t<span class=\"elementor-counter-number-suffix\">\u20ac\/m\u00b2<\/span>\n\t\t\t<\/div>\n\t\t<\/div>\n\t\t\t\t\t\t<\/div>\n\t\t\t\t<\/div>\n\t\t\t\t\t<\/div>\n\t\t<\/div>\n\t\t\t\t\t<\/div>\n\t\t<\/section>\n\t\t\t\t<section data-particle_enable=\"false\" data-particle-mobile-disabled=\"false\" class=\"elementor-section elementor-inner-section elementor-element elementor-element-7afc628 elementor-section-boxed elementor-section-height-default elementor-section-height-default\" data-id=\"7afc628\" data-element_type=\"section\" data-e-type=\"section\" data-settings=\"{&quot;motion_fx_motion_fx_scrolling&quot;:&quot;yes&quot;,&quot;motion_fx_translateY_effect&quot;:&quot;yes&quot;,&quot;motion_fx_translateY_speed&quot;:{&quot;unit&quot;:&quot;px&quot;,&quot;size&quot;:&quot;1&quot;,&quot;sizes&quot;:[]},&quot;motion_fx_translateY_affectedRange&quot;:{&quot;unit&quot;:&quot;%&quot;,&quot;size&quot;:&quot;&quot;,&quot;sizes&quot;:{&quot;start&quot;:&quot;0&quot;,&quot;end&quot;:&quot;50&quot;}},&quot;motion_fx_opacity_effect&quot;:&quot;yes&quot;,&quot;motion_fx_opacity_range&quot;:{&quot;unit&quot;:&quot;%&quot;,&quot;size&quot;:&quot;&quot;,&quot;sizes&quot;:{&quot;start&quot;:&quot;0&quot;,&quot;end&quot;:&quot;50&quot;}},&quot;motion_fx_devices&quot;:[&quot;desktop&quot;,&quot;tablet&quot;],&quot;motion_fx_opacity_direction&quot;:&quot;out-in&quot;,&quot;motion_fx_opacity_level&quot;:{&quot;unit&quot;:&quot;px&quot;,&quot;size&quot;:10,&quot;sizes&quot;:[]}}\">\n\t\t\t\t\t\t<div class=\"elementor-container elementor-column-gap-default\">\n\t\t\t\t\t<div class=\"elementor-column elementor-col-33 elementor-inner-column elementor-element elementor-element-9da16c3\" data-id=\"9da16c3\" data-element_type=\"column\" data-e-type=\"column\" data-settings=\"{&quot;background_background&quot;:&quot;classic&quot;}\">\n\t\t\t<div class=\"elementor-widget-wrap elementor-element-populated\">\n\t\t\t\t\t\t<div class=\"elementor-element elementor-element-65877a0 elementor-widget elementor-widget-heading\" data-id=\"65877a0\" data-element_type=\"widget\" data-e-type=\"widget\" data-widget_type=\"heading.default\">\n\t\t\t\t<div class=\"elementor-widget-container\">\n\t\t\t\t\t<h2 class=\"elementor-heading-title elementor-size-default\">Temps mitj\u00e0 per vendre un pis a l\u2019Eixample<\/h2>\t\t\t\t<\/div>\n\t\t\t\t<\/div>\n\t\t\t\t<div class=\"elementor-element elementor-element-ef8c58e elementor-widget elementor-widget-counter\" data-id=\"ef8c58e\" data-element_type=\"widget\" data-e-type=\"widget\" data-widget_type=\"counter.default\">\n\t\t\t\t<div class=\"elementor-widget-container\">\n\t\t\t\t\t\t\t<div class=\"elementor-counter\">\n\t\t\t\t\t\t<div class=\"elementor-counter-number-wrapper\">\n\t\t\t\t<span class=\"elementor-counter-number-prefix\"><\/span>\n\t\t\t\t<span class=\"elementor-counter-number\" data-duration=\"200\" data-to-value=\"62\" data-from-value=\"0\" data-delimiter=\".\">0<\/span>\n\t\t\t\t<span class=\"elementor-counter-number-suffix\"> dies<\/span>\n\t\t\t<\/div>\n\t\t<\/div>\n\t\t\t\t\t\t<\/div>\n\t\t\t\t<\/div>\n\t\t\t\t\t<\/div>\n\t\t<\/div>\n\t\t\t\t<div class=\"elementor-column elementor-col-33 elementor-inner-column elementor-element elementor-element-4e366f6\" data-id=\"4e366f6\" data-element_type=\"column\" data-e-type=\"column\" data-settings=\"{&quot;background_background&quot;:&quot;classic&quot;}\">\n\t\t\t<div class=\"elementor-widget-wrap elementor-element-populated\">\n\t\t\t\t\t\t<div class=\"elementor-element elementor-element-9281ca9 elementor-widget elementor-widget-heading\" data-id=\"9281ca9\" data-element_type=\"widget\" data-e-type=\"widget\" data-widget_type=\"heading.default\">\n\t\t\t\t<div class=\"elementor-widget-container\">\n\t\t\t\t\t<h2 class=\"elementor-heading-title elementor-size-default\">Temps mitj\u00e0 per llogar un pis a l\u2019Eixample<\/h2>\t\t\t\t<\/div>\n\t\t\t\t<\/div>\n\t\t\t\t<div class=\"elementor-element elementor-element-9985068 elementor-widget elementor-widget-counter\" data-id=\"9985068\" data-element_type=\"widget\" data-e-type=\"widget\" data-widget_type=\"counter.default\">\n\t\t\t\t<div class=\"elementor-widget-container\">\n\t\t\t\t\t\t\t<div class=\"elementor-counter\">\n\t\t\t\t\t\t<div class=\"elementor-counter-number-wrapper\">\n\t\t\t\t<span class=\"elementor-counter-number-prefix\"><\/span>\n\t\t\t\t<span class=\"elementor-counter-number\" data-duration=\"200\" data-to-value=\"12\" data-from-value=\"0\" data-delimiter=\".\">0<\/span>\n\t\t\t\t<span class=\"elementor-counter-number-suffix\"> dies<\/span>\n\t\t\t<\/div>\n\t\t<\/div>\n\t\t\t\t\t\t<\/div>\n\t\t\t\t<\/div>\n\t\t\t\t\t<\/div>\n\t\t<\/div>\n\t\t\t\t<div class=\"elementor-column elementor-col-33 elementor-inner-column elementor-element elementor-element-a0c4b78\" data-id=\"a0c4b78\" data-element_type=\"column\" data-e-type=\"column\" data-settings=\"{&quot;background_background&quot;:&quot;classic&quot;}\">\n\t\t\t<div class=\"elementor-widget-wrap elementor-element-populated\">\n\t\t\t\t\t\t<div class=\"elementor-element elementor-element-d69f26a elementor-widget elementor-widget-heading\" data-id=\"d69f26a\" data-element_type=\"widget\" data-e-type=\"widget\" data-widget_type=\"heading.default\">\n\t\t\t\t<div class=\"elementor-widget-container\">\n\t\t\t\t\t<h2 class=\"elementor-heading-title elementor-size-default\">Rendibilitat bruta del lloguer a l\u2019Eixample<\/h2>\t\t\t\t<\/div>\n\t\t\t\t<\/div>\n\t\t\t\t<div class=\"elementor-element elementor-element-e761048 elementor-widget elementor-widget-counter\" data-id=\"e761048\" data-element_type=\"widget\" data-e-type=\"widget\" data-widget_type=\"counter.default\">\n\t\t\t\t<div class=\"elementor-widget-container\">\n\t\t\t\t\t\t\t<div class=\"elementor-counter\">\n\t\t\t\t\t\t<div class=\"elementor-counter-number-wrapper\">\n\t\t\t\t<span class=\"elementor-counter-number-prefix\"><\/span>\n\t\t\t\t<span class=\"elementor-counter-number\" data-duration=\"200\" data-to-value=\"4.8\" data-from-value=\"0\" data-delimiter=\".\">0<\/span>\n\t\t\t\t<span class=\"elementor-counter-number-suffix\">%<\/span>\n\t\t\t<\/div>\n\t\t<\/div>\n\t\t\t\t\t\t<\/div>\n\t\t\t\t<\/div>\n\t\t\t\t\t<\/div>\n\t\t<\/div>\n\t\t\t\t\t<\/div>\n\t\t<\/section>\n\t\t\t\t\t<\/div>\n\t\t<\/div>\n\t\t\t\t\t<\/div>\n\t\t<\/section>\n\t\t\t\t<section data-particle_enable=\"false\" data-particle-mobile-disabled=\"false\" class=\"elementor-section elementor-top-section elementor-element elementor-element-2a0d14d elementor-section-height-min-height elementor-section-boxed elementor-section-height-default elementor-section-items-middle\" data-id=\"2a0d14d\" data-element_type=\"section\" data-e-type=\"section\" data-settings=\"{&quot;background_background&quot;:&quot;classic&quot;}\">\n\t\t\t\t\t\t\t<div class=\"elementor-background-overlay\"><\/div>\n\t\t\t\t\t\t\t<div class=\"elementor-container elementor-column-gap-default\">\n\t\t\t\t\t<div class=\"elementor-column elementor-col-33 elementor-top-column elementor-element elementor-element-5adccbb3\" data-id=\"5adccbb3\" data-element_type=\"column\" data-e-type=\"column\">\n\t\t\t<div class=\"elementor-widget-wrap elementor-element-populated\">\n\t\t\t\t\t\t<div class=\"elementor-element elementor-element-4d79172a elementor-widget elementor-widget-heading\" data-id=\"4d79172a\" data-element_type=\"widget\" data-e-type=\"widget\" data-widget_type=\"heading.default\">\n\t\t\t\t<div class=\"elementor-widget-container\">\n\t\t\t\t\t<h3 class=\"elementor-heading-title elementor-size-default\">Experi\u00e8ncies reals a cada barri de l\u2019Eixample<\/h3>\t\t\t\t<\/div>\n\t\t\t\t<\/div>\n\t\t\t\t<div class=\"elementor-element elementor-element-4f443daa elementor-widget elementor-widget-heading\" data-id=\"4f443daa\" data-element_type=\"widget\" data-e-type=\"widget\" data-settings=\"{&quot;motion_fx_motion_fx_scrolling&quot;:&quot;yes&quot;,&quot;motion_fx_translateY_effect&quot;:&quot;yes&quot;,&quot;motion_fx_translateY_speed&quot;:{&quot;unit&quot;:&quot;px&quot;,&quot;size&quot;:&quot;0.5&quot;,&quot;sizes&quot;:[]},&quot;motion_fx_translateY_affectedRange&quot;:{&quot;unit&quot;:&quot;%&quot;,&quot;size&quot;:&quot;&quot;,&quot;sizes&quot;:{&quot;start&quot;:&quot;0&quot;,&quot;end&quot;:&quot;50&quot;}},&quot;motion_fx_opacity_effect&quot;:&quot;yes&quot;,&quot;motion_fx_opacity_range&quot;:{&quot;unit&quot;:&quot;%&quot;,&quot;size&quot;:&quot;&quot;,&quot;sizes&quot;:{&quot;start&quot;:&quot;0&quot;,&quot;end&quot;:&quot;50&quot;}},&quot;motion_fx_opacity_direction&quot;:&quot;out-in&quot;,&quot;motion_fx_opacity_level&quot;:{&quot;unit&quot;:&quot;px&quot;,&quot;size&quot;:10,&quot;sizes&quot;:[]},&quot;motion_fx_devices&quot;:[&quot;desktop&quot;,&quot;tablet&quot;,&quot;mobile&quot;]}\" data-widget_type=\"heading.default\">\n\t\t\t\t<div class=\"elementor-widget-container\">\n\t\t\t\t\t<h2 class=\"elementor-heading-title elementor-size-default\">El que diuen els nostres clients<\/h2>\t\t\t\t<\/div>\n\t\t\t\t<\/div>\n\t\t\t\t\t<\/div>\n\t\t<\/div>\n\t\t\t\t<div class=\"elementor-column elementor-col-66 elementor-top-column elementor-element elementor-element-7ba2a150\" data-id=\"7ba2a150\" data-element_type=\"column\" data-e-type=\"column\">\n\t\t\t<div class=\"elementor-widget-wrap elementor-element-populated\">\n\t\t\t\t\t\t<div class=\"elementor-element elementor-element-6088b61 elementor-testimonial--layout-image_left elementor-testimonial--align-left elementor-testimonial--skin-default elementor-widget elementor-widget-testimonial-carousel\" data-id=\"6088b61\" data-element_type=\"widget\" data-e-type=\"widget\" data-settings=\"{&quot;slides_to_scroll&quot;:&quot;1&quot;,&quot;autoplay_speed&quot;:5500,&quot;space_between&quot;:{&quot;unit&quot;:&quot;px&quot;,&quot;size&quot;:&quot;&quot;,&quot;sizes&quot;:[]},&quot;slides_per_view_tablet&quot;:&quot;1&quot;,&quot;slides_per_view_mobile&quot;:&quot;1&quot;,&quot;lazyload&quot;:&quot;yes&quot;,&quot;speed&quot;:500,&quot;autoplay&quot;:&quot;yes&quot;,&quot;loop&quot;:&quot;yes&quot;,&quot;pause_on_hover&quot;:&quot;yes&quot;,&quot;pause_on_interaction&quot;:&quot;yes&quot;,&quot;space_between_tablet&quot;:{&quot;unit&quot;:&quot;px&quot;,&quot;size&quot;:10,&quot;sizes&quot;:[]},&quot;space_between_mobile&quot;:{&quot;unit&quot;:&quot;px&quot;,&quot;size&quot;:10,&quot;sizes&quot;:[]}}\" data-widget_type=\"testimonial-carousel.default\">\n\t\t\t\t<div class=\"elementor-widget-container\">\n\t\t\t\t\t\t\t\t\t<div class=\"elementor-swiper\">\n\t\t\t\t\t<div class=\"elementor-main-swiper swiper\" role=\"region\" aria-roledescription=\"carousel\" aria-label=\"Diapositivas\">\n\t\t\t\t<div class=\"swiper-wrapper\">\n\t\t\t\t\t\t\t\t\t\t\t<div class=\"swiper-slide\" role=\"group\" aria-roledescription=\"slide\">\n\t\t\t\t\t\t\t\t\t<div class=\"elementor-testimonial\">\n\t\t\t\t\t\t\t<div class=\"elementor-testimonial__content\">\n\t\t\t\t\t<div class=\"elementor-testimonial__text\">\n\t\t\t\t\t\t<p>He comprat el meu pis amb ells. Ha estat un proc\u00e9s molt \u00e0gil des de la primera visita. Molt content amb el tracte rebut en tot moment. Han estat sempre pendents, resolent qualsevol dubte amb un tracte excepcional.<\/p>\n\t\t\t\t\t<\/div>\n\t\t\t\t\t<cite class=\"elementor-testimonial__cite\"><span class=\"elementor-testimonial__name\">Iv\u00e1n Gonz\u00e1lez<\/span><\/cite>\t\t\t\t<\/div>\n\t\t\t\t\t\t<div class=\"elementor-testimonial__footer\">\n\t\t\t\t\t\t\t\t\t<div class=\"elementor-testimonial__image\">\n\t\t\t\t\t\t<img class=\"swiper-lazy\" data-src=\"https:\/\/puntohabitat.es\/wp-content\/uploads\/2025\/08\/20250804_0933_Hombre-Natural-con-Polo-Azul_simple_compose_01k1szyrs9evn90qz9j2hpvm87.webp\" alt=\"Iv\u00e1n Gonz\u00e1lez\">\n\t\t\t\t\t\t\t\t\t\t\t\t\t<div class=\"swiper-lazy-preloader\"><\/div>\n\t\t\t\t\t\t\t\t\t\t\t<\/div>\n\t\t\t\t\t\t\t\t\t\t\t<\/div>\n\t\t<\/div>\n\t\t\t\t\t\t\t\t<\/div>\n\t\t\t\t\t\t\t\t\t\t\t<div class=\"swiper-slide\" role=\"group\" aria-roledescription=\"slide\">\n\t\t\t\t\t\t\t\t\t<div class=\"elementor-testimonial\">\n\t\t\t\t\t\t\t<div class=\"elementor-testimonial__content\">\n\t\t\t\t\t<div class=\"elementor-testimonial__text\">\n\t\t\t\t\t\t<p>Experi\u00e8ncia 10\/10. Des del primer moment van transmetre professionalitat, seguretat i proximitat. Em vaig sentir acompanyat durant tot el proc\u00e9s de venda del meu pis, amb una gesti\u00f3 impecable i un tracte excel\u00b7lent en tot moment. Totalment recomanables.<\/p>\n\t\t\t\t\t<\/div>\n\t\t\t\t\t<cite class=\"elementor-testimonial__cite\"><span class=\"elementor-testimonial__name\">Gerard Mart\u00edn<\/span><\/cite>\t\t\t\t<\/div>\n\t\t\t\t\t\t<div class=\"elementor-testimonial__footer\">\n\t\t\t\t\t\t\t\t\t<div class=\"elementor-testimonial__image\">\n\t\t\t\t\t\t<img class=\"swiper-lazy\" data-src=\"https:\/\/puntohabitat.es\/wp-content\/uploads\/2025\/08\/20250804_1055_Hombre-Maduro-con-Gafas_simple_compose_01k1t4nk4jfm9s7yqkjykrx4pc.webp\" alt=\"Gerard Mart\u00edn\">\n\t\t\t\t\t\t\t\t\t\t\t\t\t<div class=\"swiper-lazy-preloader\"><\/div>\n\t\t\t\t\t\t\t\t\t\t\t<\/div>\n\t\t\t\t\t\t\t\t\t\t\t<\/div>\n\t\t<\/div>\n\t\t\t\t\t\t\t\t<\/div>\n\t\t\t\t\t\t\t\t\t\t\t<div class=\"swiper-slide\" role=\"group\" aria-roledescription=\"slide\">\n\t\t\t\t\t\t\t\t\t<div class=\"elementor-testimonial\">\n\t\t\t\t\t\t\t<div class=\"elementor-testimonial__content\">\n\t\t\t\t\t<div class=\"elementor-testimonial__text\">\n\t\t\t\t\t\t<p>Excel\u00b7lents professionals, molt eficients i atents. Van llogar el nostre pis en molt pocs dies i amb el perfil d\u2019inquil\u00ed que els vam indicar. Volem destacar la seva amabilitat i atenci\u00f3. Estem molt contents i satisfets amb la gesti\u00f3 i tornarem a sol\u00b7licitar els seus serveis sense dubtar-ho.<\/p>\n\t\t\t\t\t<\/div>\n\t\t\t\t\t<cite class=\"elementor-testimonial__cite\"><span class=\"elementor-testimonial__name\">Encarna Dur\u00e1n<\/span><\/cite>\t\t\t\t<\/div>\n\t\t\t\t\t\t<div class=\"elementor-testimonial__footer\">\n\t\t\t\t\t\t\t\t\t<div class=\"elementor-testimonial__image\">\n\t\t\t\t\t\t<img class=\"swiper-lazy\" data-src=\"https:\/\/puntohabitat.es\/wp-content\/uploads\/2025\/08\/20250804_1109_Mujer-en-la-Calle_simple_compose_01k1t5cdwde9x8b6wyk3ddkwmw.webp\" alt=\"Encarna Dur\u00e1n\">\n\t\t\t\t\t\t\t\t\t\t\t\t\t<div class=\"swiper-lazy-preloader\"><\/div>\n\t\t\t\t\t\t\t\t\t\t\t<\/div>\n\t\t\t\t\t\t\t\t\t\t\t<\/div>\n\t\t<\/div>\n\t\t\t\t\t\t\t\t<\/div>\n\t\t\t\t\t\t\t\t\t\t\t<div class=\"swiper-slide\" role=\"group\" aria-roledescription=\"slide\">\n\t\t\t\t\t\t\t\t\t<div class=\"elementor-testimonial\">\n\t\t\t\t\t\t\t<div class=\"elementor-testimonial__content\">\n\t\t\t\t\t<div class=\"elementor-testimonial__text\">\n\t\t\t\t\t\t<p>Estic encantada! Amb ells vam trobar pis en 3 dies. El tracte va ser meravell\u00f3s, estem molt agra\u00efts. Sempre van estar disposats i atents a qualsevol consulta. Repetiria l\u2019experi\u00e8ncia sens dubte.<\/p>\n\t\t\t\t\t<\/div>\n\t\t\t\t\t<cite class=\"elementor-testimonial__cite\"><span class=\"elementor-testimonial__name\">Helena Rodr\u00edguez<\/span><\/cite>\t\t\t\t<\/div>\n\t\t\t\t\t\t<div class=\"elementor-testimonial__footer\">\n\t\t\t\t\t\t\t\t\t<div class=\"elementor-testimonial__image\">\n\t\t\t\t\t\t<img class=\"swiper-lazy\" data-src=\"https:\/\/puntohabitat.es\/wp-content\/uploads\/2025\/08\/20250804_1056_Mujer-de-Aspecto-Natural_simple_compose_01k1t4q97ke9w8ww9v0g5gz5ps.webp\" alt=\"Helena Rodr\u00edguez\">\n\t\t\t\t\t\t\t\t\t\t\t\t\t<div class=\"swiper-lazy-preloader\"><\/div>\n\t\t\t\t\t\t\t\t\t\t\t<\/div>\n\t\t\t\t\t\t\t\t\t\t\t<\/div>\n\t\t<\/div>\n\t\t\t\t\t\t\t\t<\/div>\n\t\t\t\t\t\t\t\t\t\t\t<div class=\"swiper-slide\" role=\"group\" aria-roledescription=\"slide\">\n\t\t\t\t\t\t\t\t\t<div class=\"elementor-testimonial\">\n\t\t\t\t\t\t\t<div class=\"elementor-testimonial__content\">\n\t\t\t\t\t<div class=\"elementor-testimonial__text\">\n\t\t\t\t\t\t<p>Recomano 100% PUNTO HABITAT. Els vaig triar per la venda del meu pis perqu\u00e8 van fer la valoraci\u00f3 m\u00e9s real, objectiva i professional. Em van generar molta confian\u00e7a durant tot el proc\u00e9s malgrat les males experi\u00e8ncies amb el sector en el passat. Ha estat tot molt r\u00e0pid, transparent, resolutiu i efectiu. Gr\u00e0cies!<\/p>\n\t\t\t\t\t<\/div>\n\t\t\t\t\t<cite class=\"elementor-testimonial__cite\"><span class=\"elementor-testimonial__name\">Raquel Carnero<\/span><\/cite>\t\t\t\t<\/div>\n\t\t\t\t\t\t<div class=\"elementor-testimonial__footer\">\n\t\t\t\t\t\t\t\t\t<div class=\"elementor-testimonial__image\">\n\t\t\t\t\t\t<img class=\"swiper-lazy\" data-src=\"https:\/\/puntohabitat.es\/wp-content\/uploads\/2025\/08\/20250804_1112_Mujer-Sentada-en-Parque_simple_compose_01k1t5jp54exzbaw6vgbpt9072.webp\" alt=\"Raquel Carnero\">\n\t\t\t\t\t\t\t\t\t\t\t\t\t<div class=\"swiper-lazy-preloader\"><\/div>\n\t\t\t\t\t\t\t\t\t\t\t<\/div>\n\t\t\t\t\t\t\t\t\t\t\t<\/div>\n\t\t<\/div>\n\t\t\t\t\t\t\t\t<\/div>\n\t\t\t\t\t\t\t\t\t<\/div>\n\t\t\t\t\t\t\t\t\t\t\t\t\t\t\t\t\t\t\t\t\t<\/div>\n\t\t\t\t<\/div>\n\t\t\t\t\t\t\t\t<\/div>\n\t\t\t\t<\/div>\n\t\t\t\t\t<\/div>\n\t\t<\/div>\n\t\t\t\t\t<\/div>\n\t\t<\/section>\n\t\t\t\t<section data-particle_enable=\"false\" data-particle-mobile-disabled=\"false\" class=\"elementor-section elementor-top-section elementor-element elementor-element-baf1199 elementor-section-boxed elementor-section-height-default elementor-section-height-default\" data-id=\"baf1199\" data-element_type=\"section\" data-e-type=\"section\" data-settings=\"{&quot;background_background&quot;:&quot;classic&quot;}\">\n\t\t\t\t\t\t\t<div class=\"elementor-background-overlay\"><\/div>\n\t\t\t\t\t\t\t<div class=\"elementor-container elementor-column-gap-default\">\n\t\t\t\t\t<div class=\"elementor-column elementor-col-100 elementor-top-column elementor-element elementor-element-9a26920\" data-id=\"9a26920\" data-element_type=\"column\" data-e-type=\"column\">\n\t\t\t<div class=\"elementor-widget-wrap elementor-element-populated\">\n\t\t\t\t\t\t<div class=\"elementor-element elementor-element-bf3c08b elementor-widget elementor-widget-heading\" data-id=\"bf3c08b\" data-element_type=\"widget\" data-e-type=\"widget\" data-widget_type=\"heading.default\">\n\t\t\t\t<div class=\"elementor-widget-container\">\n\t\t\t\t\t<h3 class=\"elementor-heading-title elementor-size-default\">Immobili\u00e0ria Venda i Lloguer a l\u2019Eixample<\/h3>\t\t\t\t<\/div>\n\t\t\t\t<\/div>\n\t\t\t\t<div class=\"elementor-element elementor-element-2ecb881 elementor-widget elementor-widget-heading\" data-id=\"2ecb881\" data-element_type=\"widget\" data-e-type=\"widget\" data-widget_type=\"heading.default\">\n\t\t\t\t<div class=\"elementor-widget-container\">\n\t\t\t\t\t<h2 class=\"elementor-heading-title elementor-size-default\">Preguntes freq\u00fcents<\/h2>\t\t\t\t<\/div>\n\t\t\t\t<\/div>\n\t\t\t\t<div class=\"elementor-element elementor-element-71b27b7 elementor-widget elementor-widget-toggle\" data-id=\"71b27b7\" data-element_type=\"widget\" data-e-type=\"widget\" data-widget_type=\"toggle.default\">\n\t\t\t\t<div class=\"elementor-widget-container\">\n\t\t\t\t\t\t\t<div class=\"elementor-toggle\">\n\t\t\t\t\t\t\t<div class=\"elementor-toggle-item\">\n\t\t\t\t\t<div id=\"elementor-tab-title-1191\" class=\"elementor-tab-title\" data-tab=\"1\" role=\"button\" aria-controls=\"elementor-tab-content-1191\" aria-expanded=\"false\">\n\t\t\t\t\t\t\t\t\t\t\t\t<span class=\"elementor-toggle-icon elementor-toggle-icon-left\" aria-hidden=\"true\">\n\t\t\t\t\t\t\t\t\t\t\t\t\t\t\t<span class=\"elementor-toggle-icon-closed\"><i class=\"fas fa-caret-right\"><\/i><\/span>\n\t\t\t\t\t\t\t\t<span class=\"elementor-toggle-icon-opened\"><i class=\"elementor-toggle-icon-opened fas fa-caret-up\"><\/i><\/span>\n\t\t\t\t\t\t\t\t\t\t\t\t\t<\/span>\n\t\t\t\t\t\t\t\t\t\t\t\t<a class=\"elementor-toggle-title\" tabindex=\"0\">Quin tipus de pisos tenen m\u00e9s demanda a l\u2019Eixample de Barcelona?<\/a>\n\t\t\t\t\t<\/div>\n\n\t\t\t\t\t<div id=\"elementor-tab-content-1191\" class=\"elementor-tab-content elementor-clearfix\" data-tab=\"1\" role=\"region\" aria-labelledby=\"elementor-tab-title-1191\"><p>Pisos reformats de 2-3 habitacions, amb ascensor i bona orientaci\u00f3. Tamb\u00e9 hi ha molta demanda d\u2019habitatges per a inversi\u00f3 i lloguer amb rendibilitat estable.<\/p>\n<\/div>\n\t\t\t\t<\/div>\n\t\t\t\t\t\t\t<div class=\"elementor-toggle-item\">\n\t\t\t\t\t<div id=\"elementor-tab-title-1192\" class=\"elementor-tab-title\" data-tab=\"2\" role=\"button\" aria-controls=\"elementor-tab-content-1192\" aria-expanded=\"false\">\n\t\t\t\t\t\t\t\t\t\t\t\t<span class=\"elementor-toggle-icon elementor-toggle-icon-left\" aria-hidden=\"true\">\n\t\t\t\t\t\t\t\t\t\t\t\t\t\t\t<span class=\"elementor-toggle-icon-closed\"><i class=\"fas fa-caret-right\"><\/i><\/span>\n\t\t\t\t\t\t\t\t<span class=\"elementor-toggle-icon-opened\"><i class=\"elementor-toggle-icon-opened fas fa-caret-up\"><\/i><\/span>\n\t\t\t\t\t\t\t\t\t\t\t\t\t<\/span>\n\t\t\t\t\t\t\t\t\t\t\t\t<a class=\"elementor-toggle-title\" tabindex=\"0\">Quins s\u00f3n els barris de l\u2019Eixample amb m\u00e9s demanda?<\/a>\n\t\t\t\t\t<\/div>\n\n\t\t\t\t\t<div id=\"elementor-tab-content-1192\" class=\"elementor-tab-content elementor-clearfix\" data-tab=\"2\" role=\"region\" aria-labelledby=\"elementor-tab-title-1192\"><p>Els m\u00e9s demandats s\u00f3n la Dreta de l\u2019Eixample, Sant Antoni i la Sagrada Fam\u00edlia. Es valoren per la seva vida de barri, connexions de transport, zones comercials i proximitat al centre.<\/p>\n<\/div>\n\t\t\t\t<\/div>\n\t\t\t\t\t\t\t<div class=\"elementor-toggle-item\">\n\t\t\t\t\t<div id=\"elementor-tab-title-1193\" class=\"elementor-tab-title\" data-tab=\"3\" role=\"button\" aria-controls=\"elementor-tab-content-1193\" aria-expanded=\"false\">\n\t\t\t\t\t\t\t\t\t\t\t\t<span class=\"elementor-toggle-icon elementor-toggle-icon-left\" aria-hidden=\"true\">\n\t\t\t\t\t\t\t\t\t\t\t\t\t\t\t<span class=\"elementor-toggle-icon-closed\"><i class=\"fas fa-caret-right\"><\/i><\/span>\n\t\t\t\t\t\t\t\t<span class=\"elementor-toggle-icon-opened\"><i class=\"elementor-toggle-icon-opened fas fa-caret-up\"><\/i><\/span>\n\t\t\t\t\t\t\t\t\t\t\t\t\t<\/span>\n\t\t\t\t\t\t\t\t\t\t\t\t<a class=\"elementor-toggle-title\" tabindex=\"0\">Quin \u00e9s el preu mitj\u00e0 per metre quadrat a l\u2019Eixample?<\/a>\n\t\t\t\t\t<\/div>\n\n\t\t\t\t\t<div id=\"elementor-tab-content-1193\" class=\"elementor-tab-content elementor-clearfix\" data-tab=\"3\" role=\"region\" aria-labelledby=\"elementor-tab-title-1193\"><p>L\u2019agost de 2025, el preu mitj\u00e0 \u00e9s de 6.212 \u20ac\/m\u00b2, segons Idealista. Pot variar segons el barri: la Dreta supera els 6.500 \u20ac, mentre que la Nova Esquerra est\u00e0 per sota dels 5.500 \u20ac.<\/p>\n<\/div>\n\t\t\t\t<\/div>\n\t\t\t\t\t\t\t<div class=\"elementor-toggle-item\">\n\t\t\t\t\t<div id=\"elementor-tab-title-1194\" class=\"elementor-tab-title\" data-tab=\"4\" role=\"button\" aria-controls=\"elementor-tab-content-1194\" aria-expanded=\"false\">\n\t\t\t\t\t\t\t\t\t\t\t\t<span class=\"elementor-toggle-icon elementor-toggle-icon-left\" aria-hidden=\"true\">\n\t\t\t\t\t\t\t\t\t\t\t\t\t\t\t<span class=\"elementor-toggle-icon-closed\"><i class=\"fas fa-caret-right\"><\/i><\/span>\n\t\t\t\t\t\t\t\t<span class=\"elementor-toggle-icon-opened\"><i class=\"elementor-toggle-icon-opened fas fa-caret-up\"><\/i><\/span>\n\t\t\t\t\t\t\t\t\t\t\t\t\t<\/span>\n\t\t\t\t\t\t\t\t\t\t\t\t<a class=\"elementor-toggle-title\" tabindex=\"0\">Quina rendibilitat ofereix un pis en lloguer a l\u2019Eixample?<\/a>\n\t\t\t\t\t<\/div>\n\n\t\t\t\t\t<div id=\"elementor-tab-content-1194\" class=\"elementor-tab-content elementor-clearfix\" data-tab=\"4\" role=\"region\" aria-labelledby=\"elementor-tab-title-1194\"><p>La rendibilitat bruta mitjana ronda el 4,8\u202f% anual. En barris com la Sagrada Fam\u00edlia o la Nova Esquerra pot superar el 5\u202f%, especialment en pisos ben reformats i ben ubicats.<\/p>\n<\/div>\n\t\t\t\t<\/div>\n\t\t\t\t\t\t\t<div class=\"elementor-toggle-item\">\n\t\t\t\t\t<div id=\"elementor-tab-title-1195\" class=\"elementor-tab-title\" data-tab=\"5\" role=\"button\" aria-controls=\"elementor-tab-content-1195\" aria-expanded=\"false\">\n\t\t\t\t\t\t\t\t\t\t\t\t<span class=\"elementor-toggle-icon elementor-toggle-icon-left\" aria-hidden=\"true\">\n\t\t\t\t\t\t\t\t\t\t\t\t\t\t\t<span class=\"elementor-toggle-icon-closed\"><i class=\"fas fa-caret-right\"><\/i><\/span>\n\t\t\t\t\t\t\t\t<span class=\"elementor-toggle-icon-opened\"><i class=\"elementor-toggle-icon-opened fas fa-caret-up\"><\/i><\/span>\n\t\t\t\t\t\t\t\t\t\t\t\t\t<\/span>\n\t\t\t\t\t\t\t\t\t\t\t\t<a class=\"elementor-toggle-title\" tabindex=\"0\">Com ha evolucionat el mercat immobiliari a l\u2019Eixample en els \u00faltims anys?<\/a>\n\t\t\t\t\t<\/div>\n\n\t\t\t\t\t<div id=\"elementor-tab-content-1195\" class=\"elementor-tab-content elementor-clearfix\" data-tab=\"5\" role=\"region\" aria-labelledby=\"elementor-tab-title-1195\"><p>En els \u00faltims anys, els preus han pujat de forma constant. El 2025, el valor per metre quadrat ha crescut un 13,4\u202f% respecte a l\u2019any anterior. La zona mant\u00e9 alta liquiditat i rotaci\u00f3 d\u2019immobles.<\/p>\n<\/div>\n\t\t\t\t<\/div>\n\t\t\t\t\t\t\t<div class=\"elementor-toggle-item\">\n\t\t\t\t\t<div id=\"elementor-tab-title-1196\" class=\"elementor-tab-title\" data-tab=\"6\" role=\"button\" aria-controls=\"elementor-tab-content-1196\" aria-expanded=\"false\">\n\t\t\t\t\t\t\t\t\t\t\t\t<span class=\"elementor-toggle-icon elementor-toggle-icon-left\" aria-hidden=\"true\">\n\t\t\t\t\t\t\t\t\t\t\t\t\t\t\t<span class=\"elementor-toggle-icon-closed\"><i class=\"fas fa-caret-right\"><\/i><\/span>\n\t\t\t\t\t\t\t\t<span class=\"elementor-toggle-icon-opened\"><i class=\"elementor-toggle-icon-opened fas fa-caret-up\"><\/i><\/span>\n\t\t\t\t\t\t\t\t\t\t\t\t\t<\/span>\n\t\t\t\t\t\t\t\t\t\t\t\t<a class=\"elementor-toggle-title\" tabindex=\"0\">L\u2019Eixample \u00e9s una bona zona per invertir en habitatge?<\/a>\n\t\t\t\t\t<\/div>\n\n\t\t\t\t\t<div id=\"elementor-tab-content-1196\" class=\"elementor-tab-content elementor-clearfix\" data-tab=\"6\" role=\"region\" aria-labelledby=\"elementor-tab-title-1196\"><article class=\"text-token-text-primary w-full focus:outline-none scroll-mt-[calc(var(--header-height)+min(200px,max(70px,20svh)))]\" dir=\"auto\" tabindex=\"-1\" data-testid=\"conversation-turn-224\" data-scroll-anchor=\"false\" data-turn=\"assistant\">\n<div class=\"text-base my-auto mx-auto [--thread-content-margin:--spacing(4)] @[37rem]:[--thread-content-margin:--spacing(6)] @[72rem]:[--thread-content-margin:--spacing(16)] px-(--thread-content-margin)\">\n<div class=\"[--thread-content-max-width:32rem] @[34rem]:[--thread-content-max-width:40rem] @[64rem]:[--thread-content-max-width:48rem] mx-auto max-w-(--thread-content-max-width) flex-1 group\/turn-messages focus-visible:outline-hidden relative flex w-full min-w-0 flex-col agent-turn\" tabindex=\"-1\">\n<div class=\"flex max-w-full flex-col grow\">\n<div class=\"min-h-8 text-message relative flex w-full flex-col items-end gap-2 text-start break-words whitespace-normal [.text-message+&amp;]:mt-5\" dir=\"auto\" data-message-author-role=\"assistant\" data-message-id=\"c741852d-ea57-4af6-9b33-d8c77ca2c471\" data-message-model-slug=\"gpt-4-1-mini\">\n<div class=\"flex w-full flex-col gap-1 empty:hidden first:pt-[3px]\">\n<div class=\"markdown prose dark:prose-invert w-full break-words light\">\n<p data-start=\"0\" data-end=\"194\" data-is-last-node=\"\" data-is-only-node=\"\">S\u00ed. L\u2019Eixample t\u00e9 una alta demanda tant de compra com de lloguer, estabilitat de preus, bona rendibilitat i un perfil d\u2019inquil\u00ed solvent. \u00c9s una de les zones m\u00e9s segures per invertir a Barcelona.<\/p>\n<\/div>\n<\/div>\n<\/div>\n<\/div>\n<\/div>\n<\/div>\n<\/article>\n<\/div>\n\t\t\t\t<\/div>\n\t\t\t\t\t\t\t<div class=\"elementor-toggle-item\">\n\t\t\t\t\t<div id=\"elementor-tab-title-1197\" class=\"elementor-tab-title\" data-tab=\"7\" role=\"button\" aria-controls=\"elementor-tab-content-1197\" aria-expanded=\"false\">\n\t\t\t\t\t\t\t\t\t\t\t\t<span class=\"elementor-toggle-icon elementor-toggle-icon-left\" aria-hidden=\"true\">\n\t\t\t\t\t\t\t\t\t\t\t\t\t\t\t<span class=\"elementor-toggle-icon-closed\"><i class=\"fas fa-caret-right\"><\/i><\/span>\n\t\t\t\t\t\t\t\t<span class=\"elementor-toggle-icon-opened\"><i class=\"elementor-toggle-icon-opened fas fa-caret-up\"><\/i><\/span>\n\t\t\t\t\t\t\t\t\t\t\t\t\t<\/span>\n\t\t\t\t\t\t\t\t\t\t\t\t<a class=\"elementor-toggle-title\" tabindex=\"0\">\u00c9s un bon moment per vendre un pis a l\u2019Eixample?<\/a>\n\t\t\t\t\t<\/div>\n\n\t\t\t\t\t<div id=\"elementor-tab-content-1197\" class=\"elementor-tab-content elementor-clearfix\" data-tab=\"7\" role=\"region\" aria-labelledby=\"elementor-tab-title-1197\"><p>S\u00ed, l\u2019Eixample continua sent una zona molt demandada. El 2025, els preus han pujat un 13,4\u202f% i el temps mitj\u00e0 de venda \u00e9s de 62 dies. A PUNTO HABITAT, els nostres pisos es venen en una mitjana de 33 dies gr\u00e0cies a una valoraci\u00f3 precisa i una estrat\u00e8gia de comercialitzaci\u00f3 efica\u00e7. T\u2019assessorem sense comprom\u00eds per decidir si \u00e9s el moment adequat en el teu cas.<\/p>\n<\/div>\n\t\t\t\t<\/div>\n\t\t\t\t\t\t\t<div class=\"elementor-toggle-item\">\n\t\t\t\t\t<div id=\"elementor-tab-title-1198\" class=\"elementor-tab-title\" data-tab=\"8\" role=\"button\" aria-controls=\"elementor-tab-content-1198\" aria-expanded=\"false\">\n\t\t\t\t\t\t\t\t\t\t\t\t<span class=\"elementor-toggle-icon elementor-toggle-icon-left\" aria-hidden=\"true\">\n\t\t\t\t\t\t\t\t\t\t\t\t\t\t\t<span class=\"elementor-toggle-icon-closed\"><i class=\"fas fa-caret-right\"><\/i><\/span>\n\t\t\t\t\t\t\t\t<span class=\"elementor-toggle-icon-opened\"><i class=\"elementor-toggle-icon-opened fas fa-caret-up\"><\/i><\/span>\n\t\t\t\t\t\t\t\t\t\t\t\t\t<\/span>\n\t\t\t\t\t\t\t\t\t\t\t\t<a class=\"elementor-toggle-title\" tabindex=\"0\">Quin perfil de comprador busca pis actualment a l\u2019Eixample?<\/a>\n\t\t\t\t\t<\/div>\n\n\t\t\t\t\t<div id=\"elementor-tab-content-1198\" class=\"elementor-tab-content elementor-clearfix\" data-tab=\"8\" role=\"region\" aria-labelledby=\"elementor-tab-title-1198\"><p>Principalment parelles joves, professionals i fam\u00edlies locals o estrangeres que valoren la ubicaci\u00f3, els serveis i els edificis amb car\u00e0cter. Tamb\u00e9 hi ha inversors per a lloguer.<\/p>\n<\/div>\n\t\t\t\t<\/div>\n\t\t\t\t\t\t\t<div class=\"elementor-toggle-item\">\n\t\t\t\t\t<div id=\"elementor-tab-title-1199\" class=\"elementor-tab-title\" data-tab=\"9\" role=\"button\" aria-controls=\"elementor-tab-content-1199\" aria-expanded=\"false\">\n\t\t\t\t\t\t\t\t\t\t\t\t<span class=\"elementor-toggle-icon elementor-toggle-icon-left\" aria-hidden=\"true\">\n\t\t\t\t\t\t\t\t\t\t\t\t\t\t\t<span class=\"elementor-toggle-icon-closed\"><i class=\"fas fa-caret-right\"><\/i><\/span>\n\t\t\t\t\t\t\t\t<span class=\"elementor-toggle-icon-opened\"><i class=\"elementor-toggle-icon-opened fas fa-caret-up\"><\/i><\/span>\n\t\t\t\t\t\t\t\t\t\t\t\t\t<\/span>\n\t\t\t\t\t\t\t\t\t\t\t\t<a class=\"elementor-toggle-title\" tabindex=\"0\">Quina documentaci\u00f3 es necessita per vendre un habitatge a l\u2019Eixample?<\/a>\n\t\t\t\t\t<\/div>\n\n\t\t\t\t\t<div id=\"elementor-tab-content-1199\" class=\"elementor-tab-content elementor-clearfix\" data-tab=\"9\" role=\"region\" aria-labelledby=\"elementor-tab-title-1199\"><p>Necessitar\u00e0s DNI, escriptura, c\u00e8dula d\u2019habitabilitat, certificat energ\u00e8tic, \u00faltima ITE si aplica, i rebuts al dia de l\u2019IBI i comunitat. Nosaltres t\u2019ajudem a recopilar-ho tot.<\/p>\n<\/div>\n\t\t\t\t<\/div>\n\t\t\t\t\t\t\t<div class=\"elementor-toggle-item\">\n\t\t\t\t\t<div id=\"elementor-tab-title-11910\" class=\"elementor-tab-title\" data-tab=\"10\" role=\"button\" aria-controls=\"elementor-tab-content-11910\" aria-expanded=\"false\">\n\t\t\t\t\t\t\t\t\t\t\t\t<span class=\"elementor-toggle-icon elementor-toggle-icon-left\" aria-hidden=\"true\">\n\t\t\t\t\t\t\t\t\t\t\t\t\t\t\t<span class=\"elementor-toggle-icon-closed\"><i class=\"fas fa-caret-right\"><\/i><\/span>\n\t\t\t\t\t\t\t\t<span class=\"elementor-toggle-icon-opened\"><i class=\"elementor-toggle-icon-opened fas fa-caret-up\"><\/i><\/span>\n\t\t\t\t\t\t\t\t\t\t\t\t\t<\/span>\n\t\t\t\t\t\t\t\t\t\t\t\t<a class=\"elementor-toggle-title\" tabindex=\"0\">Quins passos cal seguir per vendre un pis a l\u2019Eixample amb PUNTO HABITAT?<\/a>\n\t\t\t\t\t<\/div>\n\n\t\t\t\t\t<div id=\"elementor-tab-content-11910\" class=\"elementor-tab-content elementor-clearfix\" data-tab=\"10\" role=\"region\" aria-labelledby=\"elementor-tab-title-11910\"><p>Primer valorem el teu pis, despr\u00e9s acordem el pla de comercialitzaci\u00f3. Ens encarreguem de tot: fotos, visites, filtratge de compradors, negociaci\u00f3 i documentaci\u00f3 fins a la signatura davant notari.<\/p>\n<\/div>\n\t\t\t\t<\/div>\n\t\t\t\t\t\t\t<div class=\"elementor-toggle-item\">\n\t\t\t\t\t<div id=\"elementor-tab-title-11911\" class=\"elementor-tab-title\" data-tab=\"11\" role=\"button\" aria-controls=\"elementor-tab-content-11911\" aria-expanded=\"false\">\n\t\t\t\t\t\t\t\t\t\t\t\t<span class=\"elementor-toggle-icon elementor-toggle-icon-left\" aria-hidden=\"true\">\n\t\t\t\t\t\t\t\t\t\t\t\t\t\t\t<span class=\"elementor-toggle-icon-closed\"><i class=\"fas fa-caret-right\"><\/i><\/span>\n\t\t\t\t\t\t\t\t<span class=\"elementor-toggle-icon-opened\"><i class=\"elementor-toggle-icon-opened fas fa-caret-up\"><\/i><\/span>\n\t\t\t\t\t\t\t\t\t\t\t\t\t<\/span>\n\t\t\t\t\t\t\t\t\t\t\t\t<a class=\"elementor-toggle-title\" tabindex=\"0\">PUNTO HABITAT ofereix valoracions gratu\u00eftes de pisos?<\/a>\n\t\t\t\t\t<\/div>\n\n\t\t\t\t\t<div id=\"elementor-tab-content-11911\" class=\"elementor-tab-content elementor-clearfix\" data-tab=\"11\" role=\"region\" aria-labelledby=\"elementor-tab-title-11911\"><p>S\u00ed. Fem valoracions professionals sense comprom\u00eds perqu\u00e8 coneguis el preu real del teu pis en el mercat actual de l\u2019Eixample. Pots demanar-la online o presencialment.<\/p>\n<\/div>\n\t\t\t\t<\/div>\n\t\t\t\t\t\t\t<div class=\"elementor-toggle-item\">\n\t\t\t\t\t<div id=\"elementor-tab-title-11912\" class=\"elementor-tab-title\" data-tab=\"12\" role=\"button\" aria-controls=\"elementor-tab-content-11912\" aria-expanded=\"false\">\n\t\t\t\t\t\t\t\t\t\t\t\t<span class=\"elementor-toggle-icon elementor-toggle-icon-left\" aria-hidden=\"true\">\n\t\t\t\t\t\t\t\t\t\t\t\t\t\t\t<span class=\"elementor-toggle-icon-closed\"><i class=\"fas fa-caret-right\"><\/i><\/span>\n\t\t\t\t\t\t\t\t<span class=\"elementor-toggle-icon-opened\"><i class=\"elementor-toggle-icon-opened fas fa-caret-up\"><\/i><\/span>\n\t\t\t\t\t\t\t\t\t\t\t\t\t<\/span>\n\t\t\t\t\t\t\t\t\t\t\t\t<a class=\"elementor-toggle-title\" tabindex=\"0\">Quins avantatges t\u00e9 confiar en una immobili\u00e0ria local de l\u2019Eixample com PUNTO HABITAT?<\/a>\n\t\t\t\t\t<\/div>\n\n\t\t\t\t\t<div id=\"elementor-tab-content-11912\" class=\"elementor-tab-content elementor-clearfix\" data-tab=\"12\" role=\"region\" aria-labelledby=\"elementor-tab-title-11912\"><p>Coneixem cada carrer, finca i perfil de comprador. La nostra experi\u00e8ncia local permet valorar amb precisi\u00f3 i tancar operacions m\u00e9s r\u00e0pid, amb menys riscos i millor rendibilitat.<\/p>\n<\/div>\n\t\t\t\t<\/div>\n\t\t\t\t\t\t\t<div class=\"elementor-toggle-item\">\n\t\t\t\t\t<div id=\"elementor-tab-title-11913\" class=\"elementor-tab-title\" data-tab=\"13\" role=\"button\" aria-controls=\"elementor-tab-content-11913\" aria-expanded=\"false\">\n\t\t\t\t\t\t\t\t\t\t\t\t<span class=\"elementor-toggle-icon elementor-toggle-icon-left\" aria-hidden=\"true\">\n\t\t\t\t\t\t\t\t\t\t\t\t\t\t\t<span class=\"elementor-toggle-icon-closed\"><i class=\"fas fa-caret-right\"><\/i><\/span>\n\t\t\t\t\t\t\t\t<span class=\"elementor-toggle-icon-opened\"><i class=\"elementor-toggle-icon-opened fas fa-caret-up\"><\/i><\/span>\n\t\t\t\t\t\t\t\t\t\t\t\t\t<\/span>\n\t\t\t\t\t\t\t\t\t\t\t\t<a class=\"elementor-toggle-title\" tabindex=\"0\">PUNTO HABITAT t\u00e9 oficines f\u00edsiques a l\u2019Eixample?<\/a>\n\t\t\t\t\t<\/div>\n\n\t\t\t\t\t<div id=\"elementor-tab-content-11913\" class=\"elementor-tab-content elementor-clearfix\" data-tab=\"13\" role=\"region\" aria-labelledby=\"elementor-tab-title-11913\"><p>S\u00ed. Comptem amb dues oficines a l\u2019Eixample: una al Passeig de Sant Joan 150 i una altra al carrer Ind\u00fastria 137. Pots visitar-nos sense cita pr\u00e8via o demanar assessorament en l\u00ednia.<\/p>\n<\/div>\n\t\t\t\t<\/div>\n\t\t\t\t\t\t\t<div class=\"elementor-toggle-item\">\n\t\t\t\t\t<div id=\"elementor-tab-title-11914\" class=\"elementor-tab-title\" data-tab=\"14\" role=\"button\" aria-controls=\"elementor-tab-content-11914\" aria-expanded=\"false\">\n\t\t\t\t\t\t\t\t\t\t\t\t<span class=\"elementor-toggle-icon elementor-toggle-icon-left\" aria-hidden=\"true\">\n\t\t\t\t\t\t\t\t\t\t\t\t\t\t\t<span class=\"elementor-toggle-icon-closed\"><i class=\"fas fa-caret-right\"><\/i><\/span>\n\t\t\t\t\t\t\t\t<span class=\"elementor-toggle-icon-opened\"><i class=\"elementor-toggle-icon-opened fas fa-caret-up\"><\/i><\/span>\n\t\t\t\t\t\t\t\t\t\t\t\t\t<\/span>\n\t\t\t\t\t\t\t\t\t\t\t\t<a class=\"elementor-toggle-title\" tabindex=\"0\">Quant cobra una immobili\u00e0ria per vendre un pis a l\u2019Eixample?<\/a>\n\t\t\t\t\t<\/div>\n\n\t\t\t\t\t<div id=\"elementor-tab-content-11914\" class=\"elementor-tab-content elementor-clearfix\" data-tab=\"14\" role=\"region\" aria-labelledby=\"elementor-tab-title-11914\"><p>Hi ha diferents tipus de comissi\u00f3 immobili\u00e0ria. A l\u2019Eixample, els honoraris solen estar entre el 3\u202f% i el 6\u202f% del preu de venda. Algunes ag\u00e8ncies tamb\u00e9 cobren al comprador. A PUNTO HABITAT cobrem nom\u00e9s si es ven, amb una comissi\u00f3 ajustada al valor de l\u2019immoble. Els nostres honoraris s\u00f3n competitius, sense costos ocults i amb total transpar\u00e8ncia des del primer moment.<\/p>\n<\/div>\n\t\t\t\t<\/div>\n\t\t\t\t\t\t\t\t<\/div>\n\t\t\t\t\t\t<\/div>\n\t\t\t\t<\/div>\n\t\t\t\t\t<\/div>\n\t\t<\/div>\n\t\t\t\t\t<\/div>\n\t\t<\/section>\n\t\t\t\t<section data-particle_enable=\"false\" data-particle-mobile-disabled=\"false\" class=\"elementor-section elementor-top-section elementor-element elementor-element-2277c67a elementor-section-boxed elementor-section-height-default elementor-section-height-default\" data-id=\"2277c67a\" data-element_type=\"section\" data-e-type=\"section\" data-settings=\"{&quot;background_background&quot;:&quot;gradient&quot;,&quot;shape_divider_top&quot;:&quot;waves&quot;}\">\n\t\t\t\t\t\t\t<div class=\"elementor-background-overlay\"><\/div>\n\t\t\t\t\t\t<div class=\"elementor-shape elementor-shape-top\" aria-hidden=\"true\" data-negative=\"false\">\n\t\t\t<svg xmlns=\"http:\/\/www.w3.org\/2000\/svg\" viewBox=\"0 0 1000 100\" preserveAspectRatio=\"none\">\n\t<path class=\"elementor-shape-fill\" d=\"M421.9,6.5c22.6-2.5,51.5,0.4,75.5,5.3c23.6,4.9,70.9,23.5,100.5,35.7c75.8,32.2,133.7,44.5,192.6,49.7\n\tc23.6,2.1,48.7,3.5,103.4-2.5c54.7-6,106.2-25.6,106.2-25.6V0H0v30.3c0,0,72,32.6,158.4,30.5c39.2-0.7,92.8-6.7,134-22.4\n\tc21.2-8.1,52.2-18.2,79.7-24.2C399.3,7.9,411.6,7.5,421.9,6.5z\"\/>\n<\/svg>\t\t<\/div>\n\t\t\t\t\t<div class=\"elementor-container elementor-column-gap-default\">\n\t\t\t\t\t<div class=\"elementor-column elementor-col-50 elementor-top-column elementor-element elementor-element-28ab105d\" data-id=\"28ab105d\" data-element_type=\"column\" data-e-type=\"column\">\n\t\t\t<div class=\"elementor-widget-wrap elementor-element-populated\">\n\t\t\t\t\t\t<div class=\"elementor-element elementor-element-1691e98 elementor-widget elementor-widget-image\" data-id=\"1691e98\" data-element_type=\"widget\" data-e-type=\"widget\" data-widget_type=\"image.default\">\n\t\t\t\t<div class=\"elementor-widget-container\">\n\t\t\t\t\t\t\t\t\t\t\t\t\t\t\t<img loading=\"lazy\" decoding=\"async\" width=\"300\" height=\"20\" src=\"https:\/\/puntohabitat.es\/wp-content\/uploads\/2022\/11\/logo-transparente-0-e1668325384188-300x20.png\" class=\"attachment-medium size-medium wp-image-67946\" alt=\"PUNTO HABITAT inmobiliaria Barcelona\" srcset=\"https:\/\/puntohabitat.es\/wp-content\/uploads\/2022\/11\/logo-transparente-0-e1668325384188-300x20.png 300w, https:\/\/puntohabitat.es\/wp-content\/uploads\/2022\/11\/logo-transparente-0-e1668325384188-768x52.png 768w, https:\/\/puntohabitat.es\/wp-content\/uploads\/2022\/11\/logo-transparente-0-e1668325384188-496x34.png 496w, https:\/\/puntohabitat.es\/wp-content\/uploads\/2022\/11\/logo-transparente-0-e1668325384188.png 1000w\" sizes=\"(max-width: 300px) 100vw, 300px\" \/>\t\t\t\t\t\t\t\t\t\t\t\t\t\t\t<\/div>\n\t\t\t\t<\/div>\n\t\t\t\t<div class=\"elementor-element elementor-element-157981be elementor-widget elementor-widget-heading\" data-id=\"157981be\" data-element_type=\"widget\" data-e-type=\"widget\" data-widget_type=\"heading.default\">\n\t\t\t\t<div class=\"elementor-widget-container\">\n\t\t\t\t\t<h2 class=\"elementor-heading-title elementor-size-default\">La teva immobili\u00e0ria a l\u2019<br>Eixample <br>de Barcelona<\/h2>\t\t\t\t<\/div>\n\t\t\t\t<\/div>\n\t\t\t\t<div class=\"elementor-element elementor-element-512b8c38 elementor-widget elementor-widget-heading\" data-id=\"512b8c38\" data-element_type=\"widget\" data-e-type=\"widget\" data-widget_type=\"heading.default\">\n\t\t\t\t<div class=\"elementor-widget-container\">\n\t\t\t\t\t<h3 class=\"elementor-heading-title elementor-size-default\">Est\u00e0s pensant a vendre o llogar <br>el teu pis a l\u2019Eixample? <br>Parlem-ne<\/h3>\t\t\t\t<\/div>\n\t\t\t\t<\/div>\n\t\t\t\t<div class=\"elementor-element elementor-element-3a56372e elementor-mobile-align-center elementor-align-left elementor-widget elementor-widget-button\" data-id=\"3a56372e\" data-element_type=\"widget\" data-e-type=\"widget\" data-widget_type=\"button.default\">\n\t\t\t\t<div class=\"elementor-widget-container\">\n\t\t\t\t\t\t\t\t\t<div class=\"elementor-button-wrapper\">\n\t\t\t\t\t<a class=\"elementor-button elementor-button-link elementor-size-md\" href=\"tel:+34934558535\">\n\t\t\t\t\t\t<span class=\"elementor-button-content-wrapper\">\n\t\t\t\t\t\t<span class=\"elementor-button-icon\">\n\t\t\t\t<i aria-hidden=\"true\" class=\"fas fa-arrow-right\"><\/i>\t\t\t<\/span>\n\t\t\t\t\t\t\t\t\t<span class=\"elementor-button-text\">Vull parlar amb un agent<\/span>\n\t\t\t\t\t<\/span>\n\t\t\t\t\t<\/a>\n\t\t\t\t<\/div>\n\t\t\t\t\t\t\t\t<\/div>\n\t\t\t\t<\/div>\n\t\t\t\t\t<\/div>\n\t\t<\/div>\n\t\t\t\t<div class=\"elementor-column elementor-col-50 elementor-top-column elementor-element elementor-element-308b5c77\" data-id=\"308b5c77\" data-element_type=\"column\" data-e-type=\"column\">\n\t\t\t<div class=\"elementor-widget-wrap elementor-element-populated\">\n\t\t\t\t\t\t<div class=\"elementor-element elementor-element-24e6e070 elementor-widget elementor-widget-image\" data-id=\"24e6e070\" data-element_type=\"widget\" data-e-type=\"widget\" data-settings=\"{&quot;motion_fx_motion_fx_scrolling&quot;:&quot;yes&quot;,&quot;motion_fx_translateY_effect&quot;:&quot;yes&quot;,&quot;motion_fx_translateY_direction&quot;:&quot;negative&quot;,&quot;motion_fx_translateY_speed&quot;:{&quot;unit&quot;:&quot;px&quot;,&quot;size&quot;:&quot;1&quot;,&quot;sizes&quot;:[]},&quot;motion_fx_devices&quot;:[&quot;desktop&quot;,&quot;tablet&quot;],&quot;motion_fx_translateY_affectedRange&quot;:{&quot;unit&quot;:&quot;%&quot;,&quot;size&quot;:&quot;&quot;,&quot;sizes&quot;:{&quot;start&quot;:&quot;0&quot;,&quot;end&quot;:&quot;50&quot;}}}\" data-widget_type=\"image.default\">\n\t\t\t\t<div class=\"elementor-widget-container\">\n\t\t\t\t\t\t\t\t\t\t\t\t\t\t\t<img loading=\"lazy\" decoding=\"async\" width=\"2560\" height=\"1920\" src=\"https:\/\/puntohabitat.es\/wp-content\/uploads\/2023\/10\/IMG_0694-scaled.jpeg\" class=\"attachment-full size-full wp-image-70603\" alt=\"PUNTO HABITAT Sant Joan\" srcset=\"https:\/\/puntohabitat.es\/wp-content\/uploads\/2023\/10\/IMG_0694-scaled.jpeg 2560w, https:\/\/puntohabitat.es\/wp-content\/uploads\/2023\/10\/IMG_0694-300x225.jpeg 300w, https:\/\/puntohabitat.es\/wp-content\/uploads\/2023\/10\/IMG_0694-1024x768.jpeg 1024w, https:\/\/puntohabitat.es\/wp-content\/uploads\/2023\/10\/IMG_0694-768x576.jpeg 768w, https:\/\/puntohabitat.es\/wp-content\/uploads\/2023\/10\/IMG_0694-1536x1152.jpeg 1536w, https:\/\/puntohabitat.es\/wp-content\/uploads\/2023\/10\/IMG_0694-2048x1536.jpeg 2048w, https:\/\/puntohabitat.es\/wp-content\/uploads\/2023\/10\/IMG_0694-592x444.jpeg 592w, https:\/\/puntohabitat.es\/wp-content\/uploads\/2023\/10\/IMG_0694-584x438.jpeg 584w, https:\/\/puntohabitat.es\/wp-content\/uploads\/2023\/10\/IMG_0694-800x600.jpeg 800w, https:\/\/puntohabitat.es\/wp-content\/uploads\/2023\/10\/IMG_0694-120x90.jpeg 120w, https:\/\/puntohabitat.es\/wp-content\/uploads\/2023\/10\/IMG_0694-496x372.jpeg 496w\" sizes=\"(max-width: 2560px) 100vw, 2560px\" \/>\t\t\t\t\t\t\t\t\t\t\t\t\t\t\t<\/div>\n\t\t\t\t<\/div>\n\t\t\t\t<div class=\"elementor-element elementor-element-f87b506 elementor-widget elementor-widget-html\" data-id=\"f87b506\" data-element_type=\"widget\" data-e-type=\"widget\" data-widget_type=\"html.default\">\n\t\t\t\t<div class=\"elementor-widget-container\">\n\t\t\t\t\t<div style=\"color: white; font-family: 'Inter', sans-serif; font-size: 16px; text-align: center;\">\r\n  Descobreix tot el que PUNTO HABITAT ofereix com a immobili\u00e0ria a Barcelona: \r\n  <a href=\"https:\/\/puntohabitat.es\/ca\/\" title=\"Immobili\u00e0ria a Barcelona\" style=\"color: #ffffff; font-weight: bold; text-decoration: none;\">\r\n    Visita la nostra p\u00e0gina principal\r\n  <\/a>\r\n<\/div><br><br>\t\t\t\t<\/div>\n\t\t\t\t<\/div>\n\t\t\t\t\t<\/div>\n\t\t<\/div>\n\t\t\t\t\t<\/div>\n\t\t<\/section>\n\t\t\t\t<section data-particle_enable=\"false\" data-particle-mobile-disabled=\"false\" class=\"elementor-section elementor-top-section elementor-element elementor-element-9262f1d elementor-section-boxed elementor-section-height-default elementor-section-height-default\" data-id=\"9262f1d\" data-element_type=\"section\" data-e-type=\"section\">\n\t\t\t\t\t\t<div class=\"elementor-container elementor-column-gap-default\">\n\t\t\t\t\t<div class=\"elementor-column elementor-col-100 elementor-top-column elementor-element elementor-element-8471bba\" data-id=\"8471bba\" data-element_type=\"column\" data-e-type=\"column\">\n\t\t\t<div class=\"elementor-widget-wrap elementor-element-populated\">\n\t\t\t\t\t\t<div class=\"elementor-element elementor-element-c0eff84 elementor-widget elementor-widget-html\" data-id=\"c0eff84\" data-element_type=\"widget\" data-e-type=\"widget\" data-widget_type=\"html.default\">\n\t\t\t\t<div class=\"elementor-widget-container\">\n\t\t\t\t\t<script type=\"application\/ld+json\">{\"@context\":\"https:\/\/schema.org\",\"@graph\":[{\"@type\":\"WebPage\",\"@id\":\"https:\/\/puntohabitat.es\/ca\/immobiliaria-eixample\/\",\"name\":\"Immobili\u00e0ria a Barcelona: Venda i Lloguer de Pisos | PUNTO HABITAT\",\"url\":\"https:\/\/puntohabitat.es\/ca\/immobiliaria-eixample\/\",\"description\":\"Immobili\u00e0ria a Barcelona. Des de 1995 ajudem propietaris a vendre i llogar el seu pis amb efic\u00e0cia, experi\u00e8ncia i atenci\u00f3 personalitzada.\",\"inLanguage\":\"ca\",\"hasPart\":[{\"@type\":\"WebPage\",\"url\":\"https:\/\/puntohabitat.es\/inmobiliaria-eixample\/\",\"inLanguage\":\"es\"},{\"@type\":\"WebPage\",\"url\":\"https:\/\/puntohabitat.es\/en\/eixample-real-estate\/\",\"inLanguage\":\"en\"}]},{\"@type\":\"RealEstateAgent\",\"name\":\"PUNTO HABITAT\",\"alternateName\":[\"PUNTO HABITAT Immobiliaris\",\"PUNTO HABITAT serveis immobiliaris\",\"PUNTO HABITAT Lloguer\",\"PUNTO HABITAT Immobili\u00e0ria\"],\"url\":\"https:\/\/puntohabitat.es\/ca\/immobiliaria-eixample\/\",\"logo\":\"https:\/\/puntohabitat.es\/wp-content\/uploads\/2023\/12\/logo-ph-oscuro.svg\",\"founder\":\"Daniel Egea\",\"foundingLocation\":{\"@type\":\"Place\",\"address\":{\"@type\":\"PostalAddress\",\"addressLocality\":\"Barcelona\",\"addressCountry\":\"ES\"}},\"foundingDate\":\"1995\",\"memberOf\":[{\"@type\":\"Organization\",\"name\":\"Col\u00b7legi d\u2019Agents de la Propietat Immobili\u00e0ria de Barcelona\"},{\"@type\":\"Organization\",\"name\":\"AICAT\"}],\"identifier\":\"5508\",\"email\":\"info@puntohabitat.es\",\"telephone\":\"+34 934 558 535\",\"areaServed\":\"Barcelona\",\"address\":[{\"@type\":\"PostalAddress\",\"streetAddress\":\"Carrer de la Ind\u00fastria 137\",\"addressLocality\":\"Barcelona\",\"postalCode\":\"08025\",\"addressCountry\":\"ES\"},{\"@type\":\"PostalAddress\",\"streetAddress\":\"Passeig de Sant Joan 150\",\"addressLocality\":\"Barcelona\",\"postalCode\":\"08037\",\"addressCountry\":\"ES\"}],\"geo\":[{\"@type\":\"GeoCoordinates\",\"latitude\":41.409343912078156,\"longitude\":2.1664022858535353},{\"@type\":\"GeoCoordinates\",\"latitude\":41.40232171710191,\"longitude\":2.16603913}],\"aggregateRating\":{\"@type\":\"AggregateRating\",\"ratingValue\":\"4.7\",\"reviewCount\":416,\"name\":\"PUNTO HABITAT Barcelona\"},\"openingHoursSpecification\":[{\"@type\":\"OpeningHoursSpecification\",\"dayOfWeek\":[\"Monday\",\"Tuesday\",\"Wednesday\",\"Thursday\"],\"opens\":\"09:00\",\"closes\":\"14:00\"},{\"@type\":\"OpeningHoursSpecification\",\"dayOfWeek\":[\"Monday\",\"Tuesday\",\"Wednesday\",\"Thursday\"],\"opens\":\"16:00\",\"closes\":\"19:00\"},{\"@type\":\"OpeningHoursSpecification\",\"dayOfWeek\":\"Friday\",\"opens\":\"09:00\",\"closes\":\"14:00\"}],\"sameAs\":[\"https:\/\/www.facebook.com\/puntohabitat\/?locale=es_ES\",\"https:\/\/www.instagram.com\/puntohabitat\/\",\"https:\/\/www.tiktok.com\/@puntohabitat\",\"https:\/\/www.youtube.com\/@puntohabitat\",\"https:\/\/www.idealista.com\/pro\/punto-habitat\/\",\"https:\/\/www.fotocasa.es\/es\/inmobiliaria-punto-habitat\/comprar\/inmuebles\/espana\/todas-las-zonas\/?clientId=94-308&cod_e=6012\",\"https:\/\/www.habitaclia.com\/inmobiliaria-punto_habitat_38188_1\/\",\"https:\/\/www.yaencontre.com\/inmobiliarias\/punto-habitat-50997\",\"https:\/\/realadvisor.es\/es\/agencias-inmobiliarias\/agencia-punto-habitat\",\"https:\/\/jobtodoby.com\/es\/company\/inmobiliaria-punto-habitat-J5aSYILang\",\"https:\/\/www.google.com\/maps\/place\/PUNTO+HABITAT+Inmobiliaria\/@41.4089577,2.1734368\",\"https:\/\/www.google.com\/maps\/place\/PUNTO+HABITAT+Inmobiliaria\/@41.4021447,2.1663913\"],\"review\":[{\"@type\":\"Review\",\"reviewBody\":\"Experi\u00e8ncia 10\/10. Des del primer moment van transmetre professionalitat, seguretat i proximitat. Em vaig sentir acompanyat durant tot el proc\u00e9s de venda del meu pis, amb una gesti\u00f3 impecable i un tracte excel\u00b7lent en tot moment. Totalment recomanables.\",\"author\":{\"@type\":\"Person\",\"name\":\"Gerard Mart\u00edn\"}},{\"@type\":\"Review\",\"reviewBody\":\"Recomano 100% a PUNTO HABITAT. Els vaig triar per vendre el meu pis perqu\u00e8 van fer la valoraci\u00f3 m\u00e9s realista, objectiva i professional. Em van generar molta confian\u00e7a durant tot el proc\u00e9s tot i les males experi\u00e8ncies anteriors amb el sector. Ha estat tot molt r\u00e0pid, transparent, resolutiu i efectiu. Gr\u00e0cies!\",\"author\":{\"@type\":\"Person\",\"name\":\"Raquel Carnero\"}},{\"@type\":\"Review\",\"reviewBody\":\"Excel\u00b7lents professionals, molt eficients i atents. Van llogar el nostre pis en pocs dies i amb el perfil d'inquil\u00ed que nosaltres els vam indicar. Volem destacar la seva amabilitat i atenci\u00f3. Vam quedar molt contents i satisfets amb la gesti\u00f3 i tornarem a sol\u00b7licitar els seus serveis sense dubtar-ho.\",\"author\":{\"@type\":\"Person\",\"name\":\"Encarna Dur\u00e1n\"}},{\"@type\":\"Review\",\"reviewBody\":\"He comprat el meu habitatge amb ells. Ha estat un proc\u00e9s molt \u00e0gil des de la primera visita. Molt content amb el tracte rebut en tot moment. Han estat sempre pendents, resolent qualsevol dubte amb un tracte excepcional.\",\"author\":{\"@type\":\"Person\",\"name\":\"Iv\u00e1n Gonz\u00e1lez\"}}]},{\"@type\":\"Dataset\",\"name\":\"Dades del mercat immobiliari a l\u2019Eixample de Barcelona - Agost 2025\",\"description\":\"Dades actualitzades sobre preu mitj\u00e0 de venda, lloguer, rendibilitat i terminis a l\u2019Eixample, extretes del Portal de Dades de l\u2019Ajuntament de Barcelona i Idealista.\",\"url\":\"https:\/\/puntohabitat.es\/ca\/immobiliaria-eixample\/\",\"creator\":{\"@type\":\"Organization\",\"name\":\"PUNTO HABITAT\"},\"dateModified\":\"2025-08-01\",\"distribution\":{\"@type\":\"DataDownload\",\"encodingFormat\":\"text\/html\",\"contentUrl\":\"https:\/\/puntohabitat.es\/ca\/immobiliaria-eixample\/\"},\"variableMeasured\":[{\"@type\":\"PropertyValue\",\"name\":\"Preu mitj\u00e0 de venda per m\u00b2\",\"value\":6212,\"unitCode\":\"MTK\"},{\"@type\":\"PropertyValue\",\"name\":\"Variaci\u00f3 anual del preu de venda\",\"value\":13.4,\"unitText\":\"%\"},{\"@type\":\"PropertyValue\",\"name\":\"Preu mitj\u00e0 de lloguer per m\u00b2\/mes\",\"value\":25.9,\"unitCode\":\"MTK\"},{\"@type\":\"PropertyValue\",\"name\":\"Rendibilitat bruta del lloguer\",\"value\":4.8,\"unitText\":\"%\"},{\"@type\":\"PropertyValue\",\"name\":\"Temps mitj\u00e0 per vendre\",\"value\":62,\"unitText\":\"dies\"},{\"@type\":\"PropertyValue\",\"name\":\"Temps mitj\u00e0 per llogar\",\"value\":12,\"unitText\":\"dies\"}]},{\"@type\":\"FAQPage\",\"mainEntity\":[{\"@type\":\"Question\",\"name\":\"Quins tipus de pisos tenen m\u00e9s demanda a l\u2019Eixample de Barcelona?\",\"acceptedAnswer\":{\"@type\":\"Answer\",\"text\":\"Pisos reformats de 2-3 habitacions, amb ascensor i bona orientaci\u00f3. Tamb\u00e9 hi ha molta demanda de vivendes per inversi\u00f3 i lloguer amb rendibilitat estable.\"}},{\"@type\":\"Question\",\"name\":\"Quins barris de l\u2019Eixample tenen m\u00e9s demanda?\",\"acceptedAnswer\":{\"@type\":\"Answer\",\"text\":\"Els m\u00e9s demandats s\u00f3n la Dreta de l\u2019Eixample, Sant Antoni i la Sagrada Fam\u00edlia. Es valoren per la seva vida de barri, connexions de transport, zones comercials i proximitat al centre.\"}},{\"@type\":\"Question\",\"name\":\"Quin \u00e9s el preu mitj\u00e0 per metre quadrat a l\u2019Eixample?\",\"acceptedAnswer\":{\"@type\":\"Answer\",\"text\":\"A l\u2019agost del 2025, el preu mitj\u00e0 \u00e9s de 6.212 \u20ac\/m\u00b2, segons Idealista. Pot variar segons el barri: la Dreta supera els 6.500 \u20ac, mentre que la Nova Esquerra est\u00e0 per sota dels 5.500 \u20ac.\"}},{\"@type\":\"Question\",\"name\":\"Quina rendibilitat ofereix un pis de lloguer a l\u2019Eixample?\",\"acceptedAnswer\":{\"@type\":\"Answer\",\"text\":\"La rendibilitat bruta mitjana ronda el 4,8 % anual. En barris com la Sagrada Fam\u00edlia o la Nova Esquerra pot superar el 5 %, especialment en pisos ben reformats i ben situats.\"}},{\"@type\":\"Question\",\"name\":\"Com ha evolucionat el mercat immobiliari a l\u2019Eixample els \u00faltims anys?\",\"acceptedAnswer\":{\"@type\":\"Answer\",\"text\":\"Els darrers anys, els preus han augmentat de manera constant. El 2025, el valor per metre quadrat ha crescut un 13,4 % respecte a l\u2019any anterior. La zona mant\u00e9 una alta liquiditat i rotaci\u00f3 d\u2019immobles.\"}},{\"@type\":\"Question\",\"name\":\"\u00c9s un bon moment per vendre un pis a l\u2019Eixample?\",\"acceptedAnswer\":{\"@type\":\"Answer\",\"text\":\"S\u00ed, l\u2019Eixample continua sent una zona molt demandada. El 2025, els preus han pujat un 13,4 % i el temps mitj\u00e0 de venda \u00e9s de 62 dies. A PUNTO HABITAT, els nostres pisos es venen en una mitjana de 33 dies gr\u00e0cies a una valoraci\u00f3 precisa i una estrat\u00e8gia comercial efica\u00e7. T\u2019assessorem sense comprom\u00eds perqu\u00e8 decideixis si \u00e9s el moment adequat en el teu cas.\"}},{\"@type\":\"Question\",\"name\":\"Quin perfil de comprador busca pis actualment a l\u2019Eixample?\",\"acceptedAnswer\":{\"@type\":\"Answer\",\"text\":\"Principalment parelles joves, professionals i fam\u00edlies locals o estrangeres que valoren la ubicaci\u00f3, serveis i edificis amb car\u00e0cter. Tamb\u00e9 inversors per a lloguer.\"}},{\"@type\":\"Question\",\"name\":\"Quina documentaci\u00f3 cal per vendre un habitatge a l\u2019Eixample?\",\"acceptedAnswer\":{\"@type\":\"Answer\",\"text\":\"Necessitar\u00e0s DNI, escriptura, c\u00e8dula d\u2019habitabilitat, certificat energ\u00e8tic, darrera ITE si s\u2019escau, i rebuts al dia de l\u2019IBI i de la comunitat. Nosaltres t\u2019ajudem a recopilar-ho tot.\"}},{\"@type\":\"Question\",\"name\":\"Quins passos cal seguir per vendre un pis a l\u2019Eixample amb PUNTO HABITAT?\",\"acceptedAnswer\":{\"@type\":\"Answer\",\"text\":\"Primer valorem el teu pis, despr\u00e9s acordem el pla de comercialitzaci\u00f3. Ens encarreguem de tot: fotos, visites, selecci\u00f3 de compradors, negociaci\u00f3 i documentaci\u00f3 fins a la signatura davant notari.\"}},{\"@type\":\"Question\",\"name\":\"PUNTO HABITAT ofereix valoracions gratu\u00eftes de pisos?\",\"acceptedAnswer\":{\"@type\":\"Answer\",\"text\":\"S\u00ed. Fem valoracions professionals sense comprom\u00eds perqu\u00e8 coneguis el preu real del teu pis al mercat actual de l\u2019Eixample. Pots sol\u00b7licitar-la en l\u00ednia o presencialment.\"}},{\"@type\":\"Question\",\"name\":\"Quins avantatges t\u00e9 confiar en una immobili\u00e0ria local de l\u2019Eixample com PUNTO HABITAT?\",\"acceptedAnswer\":{\"@type\":\"Answer\",\"text\":\"Coneixem cada carrer, finca i perfil de comprador. La nostra experi\u00e8ncia local permet valorar amb precisi\u00f3 i tancar operacions m\u00e9s r\u00e0pidament, amb menys riscos i millor rendibilitat.\"}},{\"@type\":\"Question\",\"name\":\"PUNTO HABITAT t\u00e9 oficines f\u00edsiques a l\u2019Eixample?\",\"acceptedAnswer\":{\"@type\":\"Answer\",\"text\":\"S\u00ed. Comptem amb dues oficines a l\u2019Eixample: una al Passeig de Sant Joan 150 i una altra al carrer Ind\u00fastria 137. Pots visitar-nos sense cita pr\u00e8via o demanar assessorament en l\u00ednia.\"}},{\"@type\":\"Question\",\"name\":\"Quant cobra una immobili\u00e0ria per vendre un pis a l\u2019Eixample?\",\"acceptedAnswer\":{\"@type\":\"Answer\",\"text\":\"Hi ha diferents tipus de comissions. A l\u2019Eixample, els honoraris solen estar entre el 3 % i el 6 % del preu de venda. Algunes ag\u00e8ncies tamb\u00e9 cobren al comprador. A PUNTO HABITAT nom\u00e9s cobrem si es ven, amb una comissi\u00f3 ajustada al valor de l\u2019immoble. Els nostres honoraris s\u00f3n competitius, sense costos ocults i amb total transpar\u00e8ncia des del primer moment.\"}}]}]}<\/script><br><br><br>\t\t\t\t<\/div>\n\t\t\t\t<\/div>\n\t\t\t\t\t<\/div>\n\t\t<\/div>\n\t\t\t\t\t<\/div>\n\t\t<\/section>\n\t\t\t\t<\/div>\n\t\t","protected":false},"excerpt":{"rendered":"<p>Immobili\u00e0ria a l\u2019Eixample de Barcelona 30 anys d\u2019experi\u00e8ncia, dues oficines f\u00edsiques i un equip que coneix cada carrer de l\u2019Eixample. Si est\u00e0s pensant a vendre o llogar, parlem-ne. Sol\u00b7licita assessorament Per qu\u00e8 confiar en PUNTO HABITAT si busques immobili\u00e0ria a l\u2019Eixample M\u00e9s de 30 anys a l\u2019Eixample Coneixem cada finca, cada illa de cases. La [&hellip;]<\/p>\n","protected":false},"author":2,"featured_media":88637,"parent":0,"menu_order":0,"comment_status":"closed","ping_status":"closed","template":"","meta":{"footnotes":""},"class_list":["post-90088","page","type-page","status-publish","has-post-thumbnail","hentry"],"yoast_head":"<!-- This site is optimized with the Yoast SEO plugin v27.5 - https:\/\/yoast.com\/product\/yoast-seo-wordpress\/ -->\n<title>Immobili\u00e0ria Eixample Barcelona | Venda i Lloguer des del 1995<\/title>\n<meta name=\"description\" content=\"Immobili\u00e0ria a l\u2019Eixample de Barcelona amb m\u00e9s de 30 anys d\u2019experi\u00e8ncia. Venda i gesti\u00f3 de lloguer de pisos. Sol\u00b7licita valoraci\u00f3 gratu\u00efta\" \/>\n<meta name=\"robots\" content=\"index, follow, max-snippet:-1, max-image-preview:large, max-video-preview:-1\" \/>\n<link rel=\"canonical\" href=\"https:\/\/puntohabitat.es\/ca\/immobiliaria-eixample\/\" \/>\n<meta property=\"og:locale\" content=\"ca_ES\" \/>\n<meta property=\"og:type\" content=\"article\" \/>\n<meta property=\"og:title\" content=\"Immobili\u00e0ria Eixample Barcelona | Venda i Lloguer des del 1995\" \/>\n<meta property=\"og:description\" content=\"Immobili\u00e0ria a l\u2019Eixample de Barcelona amb m\u00e9s de 30 anys d\u2019experi\u00e8ncia. Venda i gesti\u00f3 de lloguer de pisos. Sol\u00b7licita valoraci\u00f3 gratu\u00efta\" \/>\n<meta property=\"og:url\" content=\"https:\/\/puntohabitat.es\/ca\/immobiliaria-eixample\/\" \/>\n<meta property=\"og:site_name\" content=\"PUNTO HABITAT\" \/>\n<meta property=\"article:publisher\" content=\"https:\/\/www.facebook.com\/puntohabitat\" \/>\n<meta property=\"article:modified_time\" content=\"2025-08-20T16:58:41+00:00\" \/>\n<meta property=\"og:image\" content=\"https:\/\/puntohabitat.es\/wp-content\/uploads\/2022\/05\/logo-transparente-0-scaled.png\" \/>\n\t<meta property=\"og:image:width\" content=\"2560\" \/>\n\t<meta property=\"og:image:height\" content=\"174\" \/>\n\t<meta property=\"og:image:type\" content=\"image\/png\" \/>\n<meta name=\"twitter:card\" content=\"summary_large_image\" \/>\n<meta name=\"twitter:site\" content=\"@puntohabitat\" \/>\n<meta name=\"twitter:label1\" content=\"Temps estimat de lectura\" \/>\n\t<meta name=\"twitter:data1\" content=\"6 minuts\" \/>\n<script type=\"application\/ld+json\" class=\"yoast-schema-graph\">{\"@context\":\"https:\\\/\\\/schema.org\",\"@graph\":[{\"@type\":\"WebPage\",\"@id\":\"https:\\\/\\\/puntohabitat.es\\\/ca\\\/immobiliaria-eixample\\\/\",\"url\":\"https:\\\/\\\/puntohabitat.es\\\/ca\\\/immobiliaria-eixample\\\/\",\"name\":\"Immobili\u00e0ria Eixample Barcelona | Venda i Lloguer des del 1995\",\"isPartOf\":{\"@id\":\"https:\\\/\\\/puntohabitat.es\\\/ca\\\/#website\"},\"primaryImageOfPage\":{\"@id\":\"https:\\\/\\\/puntohabitat.es\\\/ca\\\/immobiliaria-eixample\\\/#primaryimage\"},\"image\":{\"@id\":\"https:\\\/\\\/puntohabitat.es\\\/ca\\\/immobiliaria-eixample\\\/#primaryimage\"},\"thumbnailUrl\":\"https:\\\/\\\/puntohabitat.es\\\/wp-content\\\/uploads\\\/2025\\\/07\\\/Captura-de-pantalla-2025-06-27-a-las-8.09.02.png\",\"datePublished\":\"2025-08-04T13:43:56+00:00\",\"dateModified\":\"2025-08-20T16:58:41+00:00\",\"description\":\"Immobili\u00e0ria a l\u2019Eixample de Barcelona amb m\u00e9s de 30 anys d\u2019experi\u00e8ncia. Venda i gesti\u00f3 de lloguer de pisos. Sol\u00b7licita valoraci\u00f3 gratu\u00efta\",\"breadcrumb\":{\"@id\":\"https:\\\/\\\/puntohabitat.es\\\/ca\\\/immobiliaria-eixample\\\/#breadcrumb\"},\"inLanguage\":\"ca\",\"potentialAction\":[{\"@type\":\"ReadAction\",\"target\":[\"https:\\\/\\\/puntohabitat.es\\\/ca\\\/immobiliaria-eixample\\\/\"]}]},{\"@type\":\"ImageObject\",\"inLanguage\":\"ca\",\"@id\":\"https:\\\/\\\/puntohabitat.es\\\/ca\\\/immobiliaria-eixample\\\/#primaryimage\",\"url\":\"https:\\\/\\\/puntohabitat.es\\\/wp-content\\\/uploads\\\/2025\\\/07\\\/Captura-de-pantalla-2025-06-27-a-las-8.09.02.png\",\"contentUrl\":\"https:\\\/\\\/puntohabitat.es\\\/wp-content\\\/uploads\\\/2025\\\/07\\\/Captura-de-pantalla-2025-06-27-a-las-8.09.02.png\",\"width\":1072,\"height\":946,\"caption\":\"Inmobiliaria Eixample\"},{\"@type\":\"BreadcrumbList\",\"@id\":\"https:\\\/\\\/puntohabitat.es\\\/ca\\\/immobiliaria-eixample\\\/#breadcrumb\",\"itemListElement\":[{\"@type\":\"ListItem\",\"position\":1,\"name\":\"Inicio\",\"item\":\"https:\\\/\\\/puntohabitat.es\\\/ca\\\/\"},{\"@type\":\"ListItem\",\"position\":2,\"name\":\"Immobili\u00e0ria Eixample\"}]},{\"@type\":\"WebSite\",\"@id\":\"https:\\\/\\\/puntohabitat.es\\\/ca\\\/#website\",\"url\":\"https:\\\/\\\/puntohabitat.es\\\/ca\\\/\",\"name\":\"PUNTO HABITAT\",\"description\":\"Inmobiliaria Barcelona | Venta y alquiler de pisos Barcelona | Gesti\u00f3n de alquiler\",\"publisher\":{\"@id\":\"https:\\\/\\\/puntohabitat.es\\\/ca\\\/#organization\"},\"potentialAction\":[{\"@type\":\"SearchAction\",\"target\":{\"@type\":\"EntryPoint\",\"urlTemplate\":\"https:\\\/\\\/puntohabitat.es\\\/ca\\\/?s={search_term_string}\"},\"query-input\":{\"@type\":\"PropertyValueSpecification\",\"valueRequired\":true,\"valueName\":\"search_term_string\"}}],\"inLanguage\":\"ca\"},{\"@type\":\"Organization\",\"@id\":\"https:\\\/\\\/puntohabitat.es\\\/ca\\\/#organization\",\"name\":\"PUNTO HABITAT\",\"url\":\"https:\\\/\\\/puntohabitat.es\\\/ca\\\/\",\"logo\":{\"@type\":\"ImageObject\",\"inLanguage\":\"ca\",\"@id\":\"https:\\\/\\\/puntohabitat.es\\\/ca\\\/#\\\/schema\\\/logo\\\/image\\\/\",\"url\":\"https:\\\/\\\/puntohabitat.es\\\/wp-content\\\/uploads\\\/2022\\\/06\\\/icono-apple-ipad-retina.jpg\",\"contentUrl\":\"https:\\\/\\\/puntohabitat.es\\\/wp-content\\\/uploads\\\/2022\\\/06\\\/icono-apple-ipad-retina.jpg\",\"width\":145,\"height\":145,\"caption\":\"PUNTO HABITAT\"},\"image\":{\"@id\":\"https:\\\/\\\/puntohabitat.es\\\/ca\\\/#\\\/schema\\\/logo\\\/image\\\/\"},\"sameAs\":[\"https:\\\/\\\/www.facebook.com\\\/puntohabitat\",\"https:\\\/\\\/x.com\\\/puntohabitat\",\"https:\\\/\\\/www.instagram.com\\\/puntohabitat\\\/\",\"https:\\\/\\\/www.linkedin.com\\\/in\\\/puntohabitat\\\/\",\"https:\\\/\\\/www.youtube.com\\\/c\\\/puntohabitatinmobiliariaBarcelona\",\"https:\\\/\\\/www.tiktok.com\\\/@puntohabitat\"]}]}<\/script>\n<!-- \/ Yoast SEO plugin. -->","yoast_head_json":{"title":"Immobili\u00e0ria Eixample Barcelona | Venda i Lloguer des del 1995","description":"Immobili\u00e0ria a l\u2019Eixample de Barcelona amb m\u00e9s de 30 anys d\u2019experi\u00e8ncia. Venda i gesti\u00f3 de lloguer de pisos. Sol\u00b7licita valoraci\u00f3 gratu\u00efta","robots":{"index":"index","follow":"follow","max-snippet":"max-snippet:-1","max-image-preview":"max-image-preview:large","max-video-preview":"max-video-preview:-1"},"canonical":"https:\/\/puntohabitat.es\/ca\/immobiliaria-eixample\/","og_locale":"ca_ES","og_type":"article","og_title":"Immobili\u00e0ria Eixample Barcelona | Venda i Lloguer des del 1995","og_description":"Immobili\u00e0ria a l\u2019Eixample de Barcelona amb m\u00e9s de 30 anys d\u2019experi\u00e8ncia. Venda i gesti\u00f3 de lloguer de pisos. Sol\u00b7licita valoraci\u00f3 gratu\u00efta","og_url":"https:\/\/puntohabitat.es\/ca\/immobiliaria-eixample\/","og_site_name":"PUNTO HABITAT","article_publisher":"https:\/\/www.facebook.com\/puntohabitat","article_modified_time":"2025-08-20T16:58:41+00:00","og_image":[{"width":2560,"height":174,"url":"https:\/\/puntohabitat.es\/wp-content\/uploads\/2022\/05\/logo-transparente-0-scaled.png","type":"image\/png"}],"twitter_card":"summary_large_image","twitter_site":"@puntohabitat","twitter_misc":{"Temps estimat de lectura":"6 minuts"},"schema":{"@context":"https:\/\/schema.org","@graph":[{"@type":"WebPage","@id":"https:\/\/puntohabitat.es\/ca\/immobiliaria-eixample\/","url":"https:\/\/puntohabitat.es\/ca\/immobiliaria-eixample\/","name":"Immobili\u00e0ria Eixample Barcelona | Venda i Lloguer des del 1995","isPartOf":{"@id":"https:\/\/puntohabitat.es\/ca\/#website"},"primaryImageOfPage":{"@id":"https:\/\/puntohabitat.es\/ca\/immobiliaria-eixample\/#primaryimage"},"image":{"@id":"https:\/\/puntohabitat.es\/ca\/immobiliaria-eixample\/#primaryimage"},"thumbnailUrl":"https:\/\/puntohabitat.es\/wp-content\/uploads\/2025\/07\/Captura-de-pantalla-2025-06-27-a-las-8.09.02.png","datePublished":"2025-08-04T13:43:56+00:00","dateModified":"2025-08-20T16:58:41+00:00","description":"Immobili\u00e0ria a l\u2019Eixample de Barcelona amb m\u00e9s de 30 anys d\u2019experi\u00e8ncia. Venda i gesti\u00f3 de lloguer de pisos. Sol\u00b7licita valoraci\u00f3 gratu\u00efta","breadcrumb":{"@id":"https:\/\/puntohabitat.es\/ca\/immobiliaria-eixample\/#breadcrumb"},"inLanguage":"ca","potentialAction":[{"@type":"ReadAction","target":["https:\/\/puntohabitat.es\/ca\/immobiliaria-eixample\/"]}]},{"@type":"ImageObject","inLanguage":"ca","@id":"https:\/\/puntohabitat.es\/ca\/immobiliaria-eixample\/#primaryimage","url":"https:\/\/puntohabitat.es\/wp-content\/uploads\/2025\/07\/Captura-de-pantalla-2025-06-27-a-las-8.09.02.png","contentUrl":"https:\/\/puntohabitat.es\/wp-content\/uploads\/2025\/07\/Captura-de-pantalla-2025-06-27-a-las-8.09.02.png","width":1072,"height":946,"caption":"Inmobiliaria Eixample"},{"@type":"BreadcrumbList","@id":"https:\/\/puntohabitat.es\/ca\/immobiliaria-eixample\/#breadcrumb","itemListElement":[{"@type":"ListItem","position":1,"name":"Inicio","item":"https:\/\/puntohabitat.es\/ca\/"},{"@type":"ListItem","position":2,"name":"Immobili\u00e0ria Eixample"}]},{"@type":"WebSite","@id":"https:\/\/puntohabitat.es\/ca\/#website","url":"https:\/\/puntohabitat.es\/ca\/","name":"PUNTO HABITAT","description":"Inmobiliaria Barcelona | Venta y alquiler de pisos Barcelona | Gesti\u00f3n de alquiler","publisher":{"@id":"https:\/\/puntohabitat.es\/ca\/#organization"},"potentialAction":[{"@type":"SearchAction","target":{"@type":"EntryPoint","urlTemplate":"https:\/\/puntohabitat.es\/ca\/?s={search_term_string}"},"query-input":{"@type":"PropertyValueSpecification","valueRequired":true,"valueName":"search_term_string"}}],"inLanguage":"ca"},{"@type":"Organization","@id":"https:\/\/puntohabitat.es\/ca\/#organization","name":"PUNTO HABITAT","url":"https:\/\/puntohabitat.es\/ca\/","logo":{"@type":"ImageObject","inLanguage":"ca","@id":"https:\/\/puntohabitat.es\/ca\/#\/schema\/logo\/image\/","url":"https:\/\/puntohabitat.es\/wp-content\/uploads\/2022\/06\/icono-apple-ipad-retina.jpg","contentUrl":"https:\/\/puntohabitat.es\/wp-content\/uploads\/2022\/06\/icono-apple-ipad-retina.jpg","width":145,"height":145,"caption":"PUNTO HABITAT"},"image":{"@id":"https:\/\/puntohabitat.es\/ca\/#\/schema\/logo\/image\/"},"sameAs":["https:\/\/www.facebook.com\/puntohabitat","https:\/\/x.com\/puntohabitat","https:\/\/www.instagram.com\/puntohabitat\/","https:\/\/www.linkedin.com\/in\/puntohabitat\/","https:\/\/www.youtube.com\/c\/puntohabitatinmobiliariaBarcelona","https:\/\/www.tiktok.com\/@puntohabitat"]}]}},"_links":{"self":[{"href":"https:\/\/puntohabitat.es\/ca\/wp-json\/wp\/v2\/pages\/90088","targetHints":{"allow":["GET"]}}],"collection":[{"href":"https:\/\/puntohabitat.es\/ca\/wp-json\/wp\/v2\/pages"}],"about":[{"href":"https:\/\/puntohabitat.es\/ca\/wp-json\/wp\/v2\/types\/page"}],"author":[{"embeddable":true,"href":"https:\/\/puntohabitat.es\/ca\/wp-json\/wp\/v2\/users\/2"}],"replies":[{"embeddable":true,"href":"https:\/\/puntohabitat.es\/ca\/wp-json\/wp\/v2\/comments?post=90088"}],"version-history":[{"count":0,"href":"https:\/\/puntohabitat.es\/ca\/wp-json\/wp\/v2\/pages\/90088\/revisions"}],"wp:featuredmedia":[{"embeddable":true,"href":"https:\/\/puntohabitat.es\/ca\/wp-json\/wp\/v2\/media\/88637"}],"wp:attachment":[{"href":"https:\/\/puntohabitat.es\/ca\/wp-json\/wp\/v2\/media?parent=90088"}],"curies":[{"name":"wp","href":"https:\/\/api.w.org\/{rel}","templated":true}]}}